{"id":1319,"date":"2024-08-23T10:41:08","date_gmt":"2024-08-23T13:41:08","guid":{"rendered":"https:\/\/eventos.uepb.edu.br\/congressouniversitario\/?page_id=1319"},"modified":"2024-10-15T14:31:20","modified_gmt":"2024-10-15T17:31:20","slug":"ii-maratona-de-programacao-da-uepb","status":"publish","type":"page","link":"https:\/\/eventos.uepb.edu.br\/congressouniversitario\/ii-maratona-de-programacao-da-uepb\/","title":{"rendered":"II Maratona de Programa\u00e7\u00e3o da UEPB"},"content":{"rendered":"<div class=\"wpb-content-wrapper\"><p>[vc_row][vc_column][vc_tta_tour][vc_tta_section title=&#8221;Apresenta\u00e7\u00e3o&#8221; tab_id=&#8221;1723051350484-74ca6583-f13f&#8221;][vc_column_text css=&#8221;&#8221;]<img loading=\"lazy\" decoding=\"async\" class=\"alignleft size-medium wp-image-1617 img-responsive\" src=\"https:\/\/eventos.uepb.edu.br\/congressouniversitario\/wp-content\/uploads\/sites\/7\/2024\/09\/logo_maratona-Janderson-Jason-Barbosa-Aguiar-242x300.png\" alt=\"\" width=\"242\" height=\"300\" srcset=\"https:\/\/eventos.uepb.edu.br\/congressouniversitario\/wp-content\/uploads\/sites\/7\/2024\/09\/logo_maratona-Janderson-Jason-Barbosa-Aguiar-242x300.png 242w, https:\/\/eventos.uepb.edu.br\/congressouniversitario\/wp-content\/uploads\/sites\/7\/2024\/09\/logo_maratona-Janderson-Jason-Barbosa-Aguiar-642x796.png 642w, https:\/\/eventos.uepb.edu.br\/congressouniversitario\/wp-content\/uploads\/sites\/7\/2024\/09\/logo_maratona-Janderson-Jason-Barbosa-Aguiar.png 1191w\" sizes=\"auto, (max-width: 242px) 100vw, 242px\" \/><\/p>\n<p>&nbsp;<\/p>\n<p>&nbsp;<\/p>\n<p>&nbsp;<\/p>\n<p>&nbsp;<\/p>\n<p>&nbsp;<\/p>\n<p>&nbsp;<\/p>\n<p>&nbsp;<\/p>\n<p>&nbsp;<\/p>\n<p>&nbsp;<\/p>\n<p>A &#8220;II Maratona de Programa\u00e7\u00e3o do C\u00e2mpus VII da UEPB&#8221; \u00e9 uma competi\u00e7\u00e3o destinada a jovens e adultos interessados em programa\u00e7\u00e3o, sejam eles estudantes ou n\u00e3o dos cursos de Computa\u00e7\u00e3o da Universidade Estadual da Para\u00edba (UEPB). A primeira edi\u00e7\u00e3o ocorreu no dia 21 de maio de 2024, durante o VI SERCOMP &#8211; Congresso Sertanejo de Computa\u00e7\u00e3o (https:\/\/sercomppb.com.br\/programming-marathon). A competi\u00e7\u00e3o acontecer\u00e1 na manh\u00e3 do dia 6 de novembro de 2024, no Laborat\u00f3rio de Inform\u00e1tica do C\u00e2mpus VII (Patos), sendo dividida em tr\u00eas fases: prepara\u00e7\u00e3o, resolu\u00e7\u00e3o de problemas e finaliza\u00e7\u00e3o. As equipes, compostas por tr\u00eas integrantes, ter\u00e3o um computador \u00e0 disposi\u00e7\u00e3o para desenvolver solu\u00e7\u00f5es em linguagens de programa\u00e7\u00e3o como C, C++, Python ou Java. O uso de outros recursos digitais e o acesso \u00e0 Internet para o desenvolvimento das solu\u00e7\u00f5es \u00e9 proibido. Equipes que utilizarem dispositivos eletr\u00f4nicos al\u00e9m do computador fornecido, como celulares, smartwatches e fones de ouvido, ser\u00e3o desclassificadas. Ap\u00f3s a competi\u00e7\u00e3o, est\u00e1 previsto um momento remoto (via Google Meet), na tarde do dia 8 de novembro de 2024, para discutir solu\u00e7\u00f5es para as quest\u00f5es e promover o aprendizado cont\u00ednuo. O evento visa desenvolver talentos para competi\u00e7\u00f5es, complementar a forma\u00e7\u00e3o dos participantes e fomentar o interesse em computa\u00e7\u00e3o.<\/p>\n<p><strong>Formato:<\/strong> H\u00edbrido<\/p>\n<p><strong>P\u00fablico-alvo:<\/strong> Jovens e adultos interessados em programa\u00e7\u00e3o, sejam estudantes ou n\u00e3o do curso de Ci\u00eancia da Computa\u00e7\u00e3o do C\u00e2mpus VII da UEPB.<\/p>\n<p><strong>Local:<\/strong><\/p>\n<ul>\n<li>Competi\u00e7\u00e3o \u2013 Maratona de Programa\u00e7\u00e3o: Laborat\u00f3rio de Inform\u00e1tica do CCEA &#8211; C\u00e2mpus VII (R. Alfredo Lustosa Cabral, s\/n &#8211; Salgadinho, Patos &#8211; PB, 58706-550)<\/li>\n<li>Minicurso \u2013 Resolu\u00e7\u00e3o das Quest\u00f5es da Maratona: Sala virtual (Google Meet).<\/li>\n<\/ul>\n<p>[\/vc_column_text][\/vc_tta_section][vc_tta_section title=&#8221;Comiss\u00e3o Organizadora&#8221; tab_id=&#8221;1723051372044-4de7e0c8-ac23&#8243;][vc_column_text css=&#8221;&#8221;]<strong>Coordenador:<\/strong> Janderson Jason Barbosa Aguiar, C\u00e2mpus VII, CC-CCEA.<\/p>\n<p><strong>Organizadores(as):<\/strong><\/p>\n<ul>\n<li>Cau\u00e3 Eudes Da Silva De Sousa, C\u00e2mpus VII, CC-CCEA;<br \/>\nCaio Henrique Barbosa da Silva, C\u00e2mpus I, DC-CCT;<br \/>\nGabriel Arcanjo Guimar\u00e3es Bezerra Nascimento, C\u00e2mpus VII, CC-CCEA;<br \/>\nJanderson Jason Barbosa Aguiar, C\u00e2mpus VII, CC-CCEA;<br \/>\nKaio Vin\u00edcius Cordeiro Batista, C\u00e2mpus VII, CC-CCEA;<br \/>\nLuciano Claudio Alves da Silva Segundo, C\u00e2mpus VII, CC-CCEA;<br \/>\nPedro Gabriel Gir\u00e3o Almeida, C\u00e2mpus I, DC-CCT;<br \/>\nTa\u00e9lis Costa de Holanda, C\u00e2mpus VII, CC-CCEA.<\/li>\n<\/ul>\n<p>[\/vc_column_text][\/vc_tta_section][vc_tta_section title=&#8221;Programa\u00e7\u00e3o&#8221; tab_id=&#8221;1723051406819-7e54b22e-71d5&#8243;][vc_column_text css=&#8221;&#8221;]<\/p>\n<p align=\"left\"><span style=\"font-family: Times New Roman, serif\"><span style=\"font-size: medium\"><span style=\"color: #202124\"><span style=\"font-family: Roboto, serif\"><span style=\"font-size: small\"><b>Competi\u00e7\u00e3o \u2013 Maratona de Programa\u00e7\u00e3o<\/b><\/span><\/span><\/span><\/span><\/span><\/p>\n<p><span style=\"font-family: Times New Roman, serif\"><span style=\"font-size: medium\"><span style=\"color: #202124\"><span style=\"font-family: Roboto, serif\"><span style=\"font-size: small\">Data (dd\/mm\/aaaa): <\/span><\/span><\/span><span style=\"color: #202124\"><span style=\"font-family: Roboto, serif\"><span style=\"font-size: small\"><b>06\/11\/2024<\/b><\/span><\/span><\/span><\/span><\/span><\/p>\n<p><span style=\"font-family: Times New Roman, serif\"><span style=\"font-size: medium\"><span style=\"color: #202124\"><span style=\"font-family: Roboto, serif\"><span style=\"font-size: small\">Hora de in\u00edcio da atividade: <\/span><\/span><\/span><span style=\"color: #202124\"><span style=\"font-family: Roboto, serif\"><span style=\"font-size: small\"><b>08:00<\/b><\/span><\/span><\/span><\/span><\/span><\/p>\n<p><span style=\"font-family: Times New Roman, serif\"><span style=\"font-size: medium\"><span style=\"color: #202124\"><span style=\"font-family: Roboto, serif\"><span style=\"font-size: small\">Hora de fim da atividade: <\/span><\/span><\/span><span style=\"color: #202124\"><span style=\"font-family: Roboto, serif\"><span style=\"font-size: small\"><b>12:00<\/b><\/span><\/span><\/span><\/span><\/span><\/p>\n<p><span style=\"font-family: Times New Roman, serif\"><span style=\"font-size: medium\"><span style=\"color: #202124\"><span style=\"font-family: Roboto, serif\"><span style=\"font-size: small\">Carga Hor\u00e1ria: <\/span><\/span><\/span><span style=\"color: #202124\"><span style=\"font-family: Roboto, serif\"><span style=\"font-size: small\"><b>4 horas<\/b><\/span><\/span><\/span><\/span><\/span><\/p>\n<p><span style=\"font-family: Times New Roman, serif\"><span style=\"font-size: medium\"><span style=\"color: #202124\"><span style=\"font-family: Roboto, serif\"><span style=\"font-size: small\">Limite de Inscri\u00e7\u00f5es (quantidade de vagas): <\/span><\/span><\/span><span style=\"color: #202124\"><span style=\"font-family: Roboto, serif\"><span style=\"font-size: small\"><b>10 equipes, sendo cada equipe composta por 3 integrantes.<\/b><\/span><\/span><\/span><\/span><\/span><\/p>\n<p><span style=\"font-family: Times New Roman, serif\"><span style=\"font-size: medium\"><span style=\"color: #202124\"><span style=\"font-family: Roboto, serif\"><span style=\"font-size: small\"><b>ATEN\u00c7\u00c3O: <\/b><\/span><\/span><\/span><span style=\"color: #000000\"><span style=\"font-family: Roboto, serif\"><span style=\"font-size: small\">Todos os integrantes das equipes se inscrevem no evento, e <\/span><\/span><\/span><span style=\"color: #000000\"><span style=\"font-family: Roboto, serif\"><span style=\"font-size: small\">a conclus\u00e3o da inscri\u00e7\u00e3o <\/span><\/span><\/span><span style=\"color: #000000\"><span style=\"font-family: Roboto, serif\"><span style=\"font-size: small\">na Maratona <\/span><\/span><\/span><span style=\"color: #000000\"><span style=\"font-family: Roboto, serif\"><span style=\"font-size: small\">deve ser realizada via e-mail <a href=\"mailto:janderson@servidor.uepb.edu.br\">janderson@servidor.uepb.edu.br<\/a> <\/span><\/span><\/span><span style=\"color: #000000\"><span style=\"font-family: Roboto, serif\"><span style=\"font-size: small\">devendo ser indicado o nome completo dos tr\u00eas integrantes da equipe.<\/span><\/span><\/span><\/span><\/span><\/p>\n<p>&nbsp;<\/p>\n<p>&nbsp;<\/p>\n<p><span style=\"font-family: Times New Roman, serif\"><span style=\"font-size: medium\"><span style=\"color: #202124\"><span style=\"font-family: Roboto, serif\"><span style=\"font-size: small\"><b>Minicurso \u2013 Resolu\u00e7\u00e3o das Quest\u00f5es da Maratona<\/b><\/span><\/span><\/span><\/span><\/span><\/p>\n<p><span style=\"font-family: Times New Roman, serif\"><span style=\"font-size: medium\"><span style=\"color: #202124\"><span style=\"font-family: Roboto, serif\"><span style=\"font-size: small\">Data (dd\/mm\/aaaa): <\/span><\/span><\/span><span style=\"color: #202124\"><span style=\"font-family: Roboto, serif\"><span style=\"font-size: small\"><b>08\/11\/2024<\/b><\/span><\/span><\/span><\/span><\/span><\/p>\n<p><span style=\"font-family: Times New Roman, serif\"><span style=\"font-size: medium\"><span style=\"color: #202124\"><span style=\"font-family: Roboto, serif\"><span style=\"font-size: small\">Hora de in\u00edcio da atividade: <\/span><\/span><\/span><span style=\"color: #202124\"><span style=\"font-family: Roboto, serif\"><span style=\"font-size: small\"><b>14:00<\/b><\/span><\/span><\/span><\/span><\/span><\/p>\n<p><span style=\"font-family: Times New Roman, serif\"><span style=\"font-size: medium\"><span style=\"color: #202124\"><span style=\"font-family: Roboto, serif\"><span style=\"font-size: small\">Hora de fim da atividade: <\/span><\/span><\/span><span style=\"color: #202124\"><span style=\"font-family: Roboto, serif\"><span style=\"font-size: small\"><b>18:00<\/b><\/span><\/span><\/span><\/span><\/span><\/p>\n<p><span style=\"font-family: Times New Roman, serif\"><span style=\"font-size: medium\"><span style=\"color: #202124\"><span style=\"font-family: Roboto, serif\"><span style=\"font-size: small\">Carga Hor\u00e1ria: <\/span><\/span><\/span><span style=\"color: #202124\"><span style=\"font-family: Roboto, serif\"><span style=\"font-size: small\"><b>4 horas<\/b><\/span><\/span><\/span><\/span><\/span><\/p>\n<p><span style=\"font-family: Times New Roman, serif\"><span style=\"font-size: medium\"><span style=\"color: #202124\"><span style=\"font-family: Roboto, serif\"><span style=\"font-size: small\">Limite de Inscri\u00e7\u00f5es (quantidade de vagas): <\/span><\/span><\/span><span style=\"color: #202124\"><span style=\"font-family: Roboto, serif\"><span style=\"font-size: small\"><b>80 pessoas (via Google Meet)<\/b><\/span><\/span><\/span><\/span><\/span>[\/vc_column_text][\/vc_tta_section][vc_tta_section title=&#8221;Inscri\u00e7\u00f5es e Credenciamento&#8221; tab_id=&#8221;1723056810590-d369a7e8-5186&#8243;][vc_column_text css=&#8221;&#8221;]<\/p>\n<p class=\"western\" align=\"justify\"><span style=\"color: #2a6099\"><span style=\"font-family: Arial, serif\"><span style=\"font-size: small\">Normas para Inscri\u00e7\u00e3o e Credenciamento<\/span><\/span><\/span><\/p>\n<p class=\"western\" align=\"justify\"><span style=\"font-family: Arial, serif\"><span style=\"font-size: small\">Prazo para inscri\u00e7\u00e3o \u2013 at\u00e9 <\/span><\/span><span style=\"font-family: Arial, serif\"><span style=\"font-size: small\"><b><del>15 DE OUTUBRO DE 2024<\/del>\u00a0 <\/b><strong><span style=\"color: #0000ff\">20 DE OUTUBRO DE 2024<\/span><\/strong><\/span><\/span><\/p>\n<p class=\"western\" align=\"justify\"><span style=\"font-family: Arial, serif\"><span style=\"font-size: small\"><b>ATEN\u00c7\u00c3O:<\/b><\/span><\/span><span style=\"font-family: Arial, serif\"><span style=\"font-size: small\"> n\u00e3o haver\u00e1 inscri\u00e7\u00f5es ap\u00f3s essa data e o credenciamento s\u00f3 ser\u00e1 realizado para os inscritos.<\/span><\/span><\/p>\n<p class=\"western\" align=\"justify\"><span style=\"font-family: Arial, serif\"><span style=\"font-size: small\">Siga as normas, inscreva-se e participe conosco!<\/span><\/span><\/p>\n<p class=\"western\" align=\"justify\"><span style=\"color: #2a6099\"><span style=\"font-family: Arial, serif\"><span style=\"font-size: small\">Regras gerais sobre as inscri\u00e7\u00f5es<\/span><\/span><\/span><\/p>\n<p class=\"western\" align=\"justify\"><span style=\"font-family: Arial, serif\"><span style=\"font-size: small\">Todos(as) os(as) participantes dever\u00e3o realizar inscri\u00e7\u00f5es no <strong>II Maratona de Programa\u00e7\u00e3o da UEPB<\/strong>.<\/span><\/span><\/p>\n<p class=\"western\" align=\"justify\"><span style=\"font-family: Arial, serif\"><span style=\"font-size: small\">As inscri\u00e7\u00f5es dever\u00e3o ser efetuadas por meio do preenchimento do formul\u00e1rio on-line, observando-se os prazos estabelecidos para cada modalidade de inscri\u00e7\u00e3o.<\/span><\/span><\/p>\n<p class=\"western\" align=\"justify\"><span style=\"font-family: Arial, serif\"><span style=\"font-size: small\">No menu, escolha a op\u00e7\u00e3o \u201cRealizar inscri\u00e7\u00e3o no evento\u201d e preencha as informa\u00e7\u00f5es solicitadas.<\/span><\/span><\/p>\n<p class=\"western\" align=\"justify\"><span style=\"font-family: Arial, serif\"><span style=\"font-size: small\">No item \u201cPerfil\u201d, escolha uma das op\u00e7\u00f5es segundo o seu v\u00ednculo com a UEPB:<\/span><\/span><\/p>\n<p class=\"western\" align=\"justify\">\u2022 <span style=\"font-family: Arial, serif\"><span style=\"font-size: small\">SERVIDOR (docente ou t\u00e9cnico administrativo);<\/span><\/span><\/p>\n<p class=\"western\" align=\"justify\">\u2022 <span style=\"font-family: Arial, serif\"><span style=\"font-size: small\">ALUNO (gradua\u00e7\u00e3o ou p\u00f3s).<\/span><\/span><\/p>\n<p class=\"western\" align=\"justify\">\u2022 <span style=\"font-family: Arial, serif\"><span style=\"font-size: small\">P\u00daBLICO EXTERNO \u2013 refere-se a toda e qualquer pessoa <\/span><\/span><span style=\"font-family: Arial, serif\"><span style=\"font-size: small\"><b>sem v\u00ednculo com a UEPB<\/b><\/span><\/span><span style=\"font-family: Arial, serif\"><span style=\"font-size: small\"> que deseja participar do Evento.<\/span><\/span><\/p>\n<p class=\"western\" align=\"justify\"><span style=\"font-family: Arial, serif\"><span style=\"font-size: small\">Para a finaliza\u00e7\u00e3o da inscri\u00e7\u00e3o, faz-se necess\u00e1rio optar por pelo menos uma atividade (MINICURSOS OU OFICINAS).<\/span><\/span><\/p>\n<p class=\"western\" align=\"justify\"><span style=\"font-family: Arial, serif\"><span style=\"font-size: small\">Caso <\/span><\/span><span style=\"font-family: Arial, serif\"><span style=\"font-size: small\"><b>N\u00c3O DESEJE <\/b><\/span><\/span><span style=\"font-family: Arial, serif\"><span style=\"font-size: small\">participar de nenhuma atividade (minicursos ou oficinas) escolher a op\u00e7\u00e3o MINICURSO: N\u00c3O DESEJO PARTICIPAR DE NENHUMA ATIVIDADE (MINICURSO E\/OU OFICINA) QUERO PARTICIPAR COM OUVINTE DA <strong>II Maratona de Programa\u00e7\u00e3o da UEPB<\/strong>.<\/span><\/span><\/p>\n<p class=\"western\" align=\"justify\"><span style=\"font-family: Arial, serif\"><span style=\"font-size: small\"><b>OBS:<\/b><\/span><\/span><span style=\"font-family: Arial, serif\"><span style=\"font-size: small\"> Depois de escolhidas as atividades (minicursos e\/ou oficinas), e finalizada a inscri\u00e7\u00e3o, n\u00e3o ser\u00e1 poss\u00edvel acrescentar nem trocar de atividade, portanto, al\u00e9m do formato, observe dias e hor\u00e1rios dispon\u00edveis.<\/span><\/span><\/p>\n<p class=\"western\" align=\"justify\"><span style=\"font-family: Arial, serif\"><span style=\"font-size: small\">Na aba \u201cPrograma\u00e7\u00e3o\u201d ser\u00e3o disponibilizados os links de acesso \u00e0s atividades remotas e a localiza\u00e7\u00e3o das atividades presenciais.<\/span><\/span><\/p>\n<p class=\"western\" align=\"justify\"><span style=\"font-family: Arial, serif\"><span style=\"font-size: small\"><b>Minicursos e Oficinas<\/b><\/span><\/span><\/p>\n<p class=\"western\" align=\"justify\"><span style=\"font-family: Arial, serif\"><span style=\"font-size: small\">Os minicursos e oficinas possuem vagas limitadas disponibilizadas no sistema e s\u00f3 poder\u00e3o participar os que optarem pela atividade no momento da inscri\u00e7\u00e3o.<\/span><\/span><\/p>\n<p class=\"western\" align=\"justify\"><span style=\"font-family: Arial, serif\"><span style=\"font-size: small\">S\u00f3 poder\u00e1 participar dos minicursos e oficinas quem realizar inscri\u00e7\u00e3o pr\u00e9via nos mesmos.<\/span><\/span><\/p>\n<p class=\"western\" align=\"justify\"><span style=\"font-family: Arial, serif\"><span style=\"font-size: small\"><b>Credenciamento<\/b><\/span><\/span><\/p>\n<p class=\"western\" align=\"justify\"><span style=\"font-family: Arial, serif\"><span style=\"font-size: small\">O credenciamento s\u00f3 ser\u00e1 efetuado com a apresenta\u00e7\u00e3o de um documento oficial com foto (RG, CNH ou documento oficial expedido por \u00f3rg\u00e3os federais).<\/span><\/span><\/p>\n<p class=\"western\" align=\"justify\"><span style=\"font-family: Arial, serif\"><span style=\"font-size: small\">N\u00e3o ser\u00e1 permitido o credenciamento por terceiros, exceto atrav\u00e9s de procura\u00e7\u00e3o. A entrega do material do evento ser\u00e1 realizada apenas ao participante presente ou ao seu procurador.<\/span><\/span><\/p>\n<p class=\"western\" align=\"justify\"><span style=\"font-family: Arial, serif\"><span style=\"font-size: small\">O credenciamento (entrega do material \u2013 pasta, crach\u00e1, bloco e caneta) ocorrer\u00e1 no local do evento;<\/span><\/span><\/p>\n<p class=\"western\" align=\"justify\"><span style=\"font-family: Arial, serif\"><span style=\"font-size: small\">Haver\u00e1 lista de presen\u00e7a em todas as atividades.<\/span><\/span><\/p>\n<p class=\"western\" align=\"justify\"><span style=\"font-family: Arial, serif;color: #0000ff\"><span style=\"font-size: small\"><b>Fa\u00e7a Sua Inscri\u00e7\u00e3o<\/b><\/span><\/span><\/p>\n<p class=\"western\" align=\"justify\"><span style=\"font-family: Arial, serif\"><span style=\"font-size: small\">Acesse o link: <a href=\"https:\/\/suap.uepb.edu.br\/eventos\/inscricao\/61\/\">https:\/\/suap.uepb.edu.br\/eventos\/inscricao\/61\/<\/a><\/span><\/span><\/p>\n<p>[\/vc_column_text][\/vc_tta_section][vc_tta_section title=&#8221;Certificados&#8221; tab_id=&#8221;1723056893961-23202c5a-7142&#8243;][vc_column_text css=&#8221;&#8221;]<\/p>\n<ul>\n<li>\n<p class=\"western\" align=\"justify\"><span style=\"font-family: Arial, serif\"><span style=\"font-size: small\">Informamos aos participantes do <strong>II Maratona de Programa\u00e7\u00e3o da UEPB<\/strong><\/span><\/span><span style=\"font-family: Arial, serif\"><span style=\"font-size: small\">\u00a0que\u00a0os certificados ser\u00e3o enviados para o e-mail dos inscritos que estiveram presentes no evento, favor buscar, na caixa de entrada ou no SPAM, pelo assunto: [SUAP] Certificado de Participa\u00e7\u00e3o;<\/span><\/span><\/p>\n<\/li>\n<li>\n<p class=\"western\" align=\"justify\"><span style=\"font-family: Arial, serif\"><span style=\"font-size: small\">O certificado de Participa\u00e7\u00e3o no <strong>II Maratona de Programa\u00e7\u00e3o da UEPB<\/strong><\/span><\/span><span style=\"font-family: Arial, serif\"><span style=\"font-size: small\">\u00a0ser\u00e1 emitido com <strong>8 horas<\/strong> para todos os participantes inscritos e que assinaram as listas de presen\u00e7a;<\/span><\/span><\/p>\n<\/li>\n<li>\n<p class=\"western\" align=\"justify\"><span style=\"font-family: Arial, serif\"><span style=\"font-size: small\">Os certificados de\u00a0participa\u00e7\u00e3o e<span style=\"color: #000000\">m <\/span><\/span><\/span><span style=\"color: #000000\"><span style=\"font-family: Arial, serif\"><span style=\"font-size: small\">Minicurso e Oficina<\/span><\/span><\/span><span style=\"font-family: Arial, serif\"><span style=\"font-size: small\"><span style=\"color: #000000\">\u00a0ser\u00e3o e<\/span>mitidos com a carga hor\u00e1ria conforme a atividade desenvolvida, desde que tenha sido constatada a inscri\u00e7\u00e3o e presen\u00e7a, mediante assinatura das listas;<\/span><\/span><\/p>\n<\/li>\n<li>\n<p class=\"western\" align=\"justify\"><span style=\"font-family: Arial, serif\"><span style=\"font-size: small\">Os certificados de Ministrantes de atividades ser\u00e3o enviados para o e-mail informado no ato da inscri\u00e7\u00e3o.<\/span><\/span><\/p>\n<\/li>\n<\/ul>\n<p>[\/vc_column_text][\/vc_tta_section][\/vc_tta_tour][\/vc_column][\/vc_row]<\/p>\n<\/div>","protected":false},"excerpt":{"rendered":"<p>[vc_row][vc_column][vc_tta_tour][vc_tta_section title=&#8221;Apresenta\u00e7\u00e3o&#8221; tab_id=&#8221;1723051350484-74ca6583-f13f&#8221;][vc_column_text css=&#8221;&#8221;] &nbsp; &nbsp; &nbsp; &nbsp; &nbsp; &nbsp; &nbsp; &nbsp; &nbsp; A &#8220;II Maratona de Programa\u00e7\u00e3o do C\u00e2mpus VII da UEPB&#8221; \u00e9 uma competi\u00e7\u00e3o destinada a jovens e adultos interessados em programa\u00e7\u00e3o, sejam eles estudantes ou n\u00e3o dos cursos de Computa\u00e7\u00e3o da Universidade Estadual da Para\u00edba (UEPB). A primeira edi\u00e7\u00e3o ocorreu no dia <a class=\"leiamais\" href=\"https:\/\/eventos.uepb.edu.br\/congressouniversitario\/ii-maratona-de-programacao-da-uepb\/\">Leia Mais&#8230;<\/a><\/p>\n","protected":false},"author":4,"featured_media":0,"parent":0,"menu_order":0,"comment_status":"closed","ping_status":"closed","template":"","meta":{"footnotes":""},"class_list":["post-1319","page","type-page","status-publish","hentry"],"_links":{"self":[{"href":"https:\/\/eventos.uepb.edu.br\/congressouniversitario\/wp-json\/wp\/v2\/pages\/1319","targetHints":{"allow":["GET"]}}],"collection":[{"href":"https:\/\/eventos.uepb.edu.br\/congressouniversitario\/wp-json\/wp\/v2\/pages"}],"about":[{"href":"https:\/\/eventos.uepb.edu.br\/congressouniversitario\/wp-json\/wp\/v2\/types\/page"}],"author":[{"embeddable":true,"href":"https:\/\/eventos.uepb.edu.br\/congressouniversitario\/wp-json\/wp\/v2\/users\/4"}],"replies":[{"embeddable":true,"href":"https:\/\/eventos.uepb.edu.br\/congressouniversitario\/wp-json\/wp\/v2\/comments?post=1319"}],"version-history":[{"count":14,"href":"https:\/\/eventos.uepb.edu.br\/congressouniversitario\/wp-json\/wp\/v2\/pages\/1319\/revisions"}],"predecessor-version":[{"id":2077,"href":"https:\/\/eventos.uepb.edu.br\/congressouniversitario\/wp-json\/wp\/v2\/pages\/1319\/revisions\/2077"}],"wp:attachment":[{"href":"https:\/\/eventos.uepb.edu.br\/congressouniversitario\/wp-json\/wp\/v2\/media?parent=1319"}],"curies":[{"name":"wp","href":"https:\/\/api.w.org\/{rel}","templated":true}]}}