{"id":1315,"date":"2024-08-23T10:40:35","date_gmt":"2024-08-23T13:40:35","guid":{"rendered":"https:\/\/eventos.uepb.edu.br\/congressouniversitario\/?page_id=1315"},"modified":"2024-11-01T18:58:16","modified_gmt":"2024-11-01T21:58:16","slug":"semana-do-contador-secon","status":"publish","type":"page","link":"https:\/\/eventos.uepb.edu.br\/congressouniversitario\/semana-do-contador-secon\/","title":{"rendered":"I SEMANA DO CONTADOR &#8211; SECON"},"content":{"rendered":"<div class=\"wpb-content-wrapper\"><p>[vc_row][vc_column][vc_tta_tour][vc_tta_section title=&#8221;Apresenta\u00e7\u00e3o&#8221; tab_id=&#8221;1723051350484-74ca6583-f13f&#8221;][vc_column_text css=&#8221;&#8221;]<img loading=\"lazy\" decoding=\"async\" class=\"alignleft size-medium wp-image-1411 img-responsive\" src=\"https:\/\/eventos.uepb.edu.br\/congressouniversitario\/wp-content\/uploads\/sites\/7\/2024\/09\/Semana-do-Contador-SECON-300x105.png\" alt=\"\" width=\"300\" height=\"105\" srcset=\"https:\/\/eventos.uepb.edu.br\/congressouniversitario\/wp-content\/uploads\/sites\/7\/2024\/09\/Semana-do-Contador-SECON-300x105.png 300w, https:\/\/eventos.uepb.edu.br\/congressouniversitario\/wp-content\/uploads\/sites\/7\/2024\/09\/Semana-do-Contador-SECON-1536x539.png 1536w, https:\/\/eventos.uepb.edu.br\/congressouniversitario\/wp-content\/uploads\/sites\/7\/2024\/09\/Semana-do-Contador-SECON-1120x393.png 1120w, https:\/\/eventos.uepb.edu.br\/congressouniversitario\/wp-content\/uploads\/sites\/7\/2024\/09\/Semana-do-Contador-SECON.png 1734w\" sizes=\"auto, (max-width: 300px) 100vw, 300px\" \/><\/p>\n<p>&nbsp;<\/p>\n<p>&nbsp;<\/p>\n<p>&nbsp;<\/p>\n<p>&nbsp;<\/p>\n<p>&nbsp;<\/p>\n<p><strong>I Semana do Contador &#8211; SECON<\/strong><\/p>\n<p>Tem\u00e1tica: Desafios contempor\u00e2neos da contabilidade: tecnologia, mercado de trabalho, pesquisa e educa\u00e7\u00e3o continuada<\/p>\n<p>A Primeira Semana do Contador (SECON) \u00e9 um evento voltado para estudantes e profissionais da \u00e1rea cont\u00e1bil, com foco em discutir as inova\u00e7\u00f5es e desafios contempor\u00e2neos da profiss\u00e3o. O evento \u00e9 destinado a profissionais de contabilidade, estudantes de Ci\u00eancias Cont\u00e1beis, professores, pesquisadores, e interessados em temas cont\u00e1beis. Tamb\u00e9m \u00e9 relevante para empres\u00e1rios e gestores que desejam compreender melhor as tend\u00eancias e desafios da contabilidade no cen\u00e1rio atual. O evento ser\u00e1 realizado em um formato h\u00edbrido, com atividades ocorrendo tanto em salas virtuais quanto presencialmente na Universidade Estadual da Para\u00edba (UEPB), C\u00e2mpus Monteiro, no Centro de Ci\u00eancias Humanas e Exatas (CCHE), Sede Altiplano, Monteiro, PB.[\/vc_column_text][\/vc_tta_section][vc_tta_section title=&#8221;Comiss\u00e3o Organizadora&#8221; tab_id=&#8221;1723051372044-4de7e0c8-ac23&#8243;][vc_column_text css=&#8221;&#8221;]<strong>Comiss\u00e3o Organizadora<\/strong><\/p>\n<p>Jocykleber Meireles de Souza, 6313582, Campus 6, Coordena\u00e7\u00e3o do Curso de Ci\u00eancias Cont\u00e1beis &#8211; CCHE &#8211; CCC &#8211; CCHE (Presidente)<br \/>\n\u00c1dria Tayllo Alves Oliveira, 6309534,Campus 6, Coordena\u00e7\u00e3o do Curso de Ci\u00eancias Cont\u00e1beis &#8211; CCHE &#8211; CCC &#8211; CCHE<br \/>\nAllisson Silva Dos Santos, 6310850,Campus 6, Coordena\u00e7\u00e3o do Curso de Ci\u00eancias Cont\u00e1beis &#8211; CCHE &#8211; CCC &#8211; CCHE<br \/>\nIsabella Christina Dantas Valentim, 6309496,Campus 6, Coordena\u00e7\u00e3o do Curso de Ci\u00eancias Cont\u00e1beis &#8211; CCHE &#8211; CCC &#8211; CCHE<br \/>\nJos\u00e9 Hilton Santos Aguiar, 6309550,Campus 6, Coordena\u00e7\u00e3o do Curso de Ci\u00eancias Cont\u00e1beis &#8211; CCHE &#8211; CCC &#8211; CCHE[\/vc_column_text][\/vc_tta_section][vc_tta_section title=&#8221;Comiss\u00e3o Cient\u00edfica e Avaliadora&#8221; tab_id=&#8221;1723051393227-dd34a073-4930&#8243;][vc_column_text css=&#8221;&#8221;]<\/p>\n<p class=\"western\" align=\"justify\"><span style=\"font-family: Arial, sans-serif\"><span style=\"font-size: small\"><b>Comiss\u00e3o Cient\u00edfica e Avaliadora<\/b><\/span><\/span><\/p>\n<p class=\"western\" align=\"justify\"><span style=\"font-family: Arial, sans-serif\"><span style=\"font-size: small\">Jocykleber Meireles de Souza, 6313582, Campus 6, Coordena\u00e7\u00e3o do Curso de C<\/span><\/span><span style=\"font-family: Arial, sans-serif\"><span style=\"font-size: small\">i\u00ea<\/span><\/span><span style=\"font-family: Arial, sans-serif\"><span style=\"font-size: small\">ncias <\/span><\/span><span style=\"font-family: Arial, sans-serif\"><span style=\"font-size: small\">Cont\u00e1beis<\/span><\/span><span style=\"font-family: Arial, sans-serif\"><span style=\"font-size: small\"> &#8211; CCHE &#8211; CCC <\/span><\/span><span style=\"font-family: Arial, sans-serif\"><span style=\"font-size: small\">\u2013<\/span><\/span><span style=\"font-family: Arial, sans-serif\"><span style=\"font-size: small\"> CCHE<\/span><\/span><\/p>\n<p class=\"western\" align=\"justify\"><span style=\"font-family: Arial, sans-serif\"><span style=\"font-size: small\">\u00c1dria Tayllo Alves Oliveira, 6309534,<\/span><\/span> <span style=\"font-family: Arial, sans-serif\"><span style=\"font-size: small\">Campus 6, Coordena\u00e7\u00e3o do Curso de C<\/span><\/span><span style=\"font-family: Arial, sans-serif\"><span style=\"font-size: small\">i\u00ea<\/span><\/span><span style=\"font-family: Arial, sans-serif\"><span style=\"font-size: small\">ncias <\/span><\/span><span style=\"font-family: Arial, sans-serif\"><span style=\"font-size: small\">Cont\u00e1beis<\/span><\/span><span style=\"font-family: Arial, sans-serif\"><span style=\"font-size: small\"> &#8211; CCHE &#8211; CCC &#8211; CCHE<\/span><\/span><\/p>\n<p class=\"western\" align=\"justify\"><span style=\"font-family: Arial, sans-serif\"><span style=\"font-size: small\">Allisson Silva Dos Santos, 6310850,<\/span><\/span> <span style=\"font-family: Arial, sans-serif\"><span style=\"font-size: small\">Campus 6, Coordena\u00e7\u00e3o do Curso de C<\/span><\/span><span style=\"font-family: Arial, sans-serif\"><span style=\"font-size: small\">i\u00ea<\/span><\/span><span style=\"font-family: Arial, sans-serif\"><span style=\"font-size: small\">ncias <\/span><\/span><span style=\"font-family: Arial, sans-serif\"><span style=\"font-size: small\">Cont\u00e1beis<\/span><\/span><span style=\"font-family: Arial, sans-serif\"><span style=\"font-size: small\"> &#8211; CCHE &#8211; CCC &#8211; CCHE<\/span><\/span><\/p>\n<p class=\"western\" align=\"justify\"><span style=\"font-family: Arial, sans-serif\"><span style=\"font-size: small\">Isabella Christina Dantas Valentim, 6309496,<\/span><\/span> <span style=\"font-family: Arial, sans-serif\"><span style=\"font-size: small\">Campus 6, Coordena\u00e7\u00e3o do Curso de C<\/span><\/span><span style=\"font-family: Arial, sans-serif\"><span style=\"font-size: small\">i\u00ea<\/span><\/span><span style=\"font-family: Arial, sans-serif\"><span style=\"font-size: small\">ncias <\/span><\/span><span style=\"font-family: Arial, sans-serif\"><span style=\"font-size: small\">Cont\u00e1beis<\/span><\/span><span style=\"font-family: Arial, sans-serif\"><span style=\"font-size: small\"> &#8211; CCHE &#8211; CCC &#8211; CCHE<\/span><\/span><\/p>\n<p class=\"western\" align=\"justify\"><span style=\"font-family: Arial, sans-serif\"><span style=\"font-size: small\">Jo<\/span><\/span><span style=\"font-family: Arial, sans-serif\"><span style=\"font-size: small\">s\u00e9<\/span><\/span><span style=\"font-family: Arial, sans-serif\"><span style=\"font-size: small\"> Hilton Santos Aguiar, 6309550,<\/span><\/span> <span style=\"font-family: Arial, sans-serif\"><span style=\"font-size: small\">Campus 6, Coordena\u00e7\u00e3o do Curso de C<\/span><\/span><span style=\"font-family: Arial, sans-serif\"><span style=\"font-size: small\">i\u00ea<\/span><\/span><span style=\"font-family: Arial, sans-serif\"><span style=\"font-size: small\">ncias <\/span><\/span><span style=\"font-family: Arial, sans-serif\"><span style=\"font-size: small\">Cont\u00e1beis<\/span><\/span><span style=\"font-family: Arial, sans-serif\"><span style=\"font-size: small\"> &#8211; CCHE &#8211; CCC <\/span><\/span><span style=\"font-family: Arial, sans-serif\"><span style=\"font-size: small\">\u2013<\/span><\/span><span style=\"font-family: Arial, sans-serif\"><span style=\"font-size: small\"> CCHE<\/span><\/span><\/p>\n<p class=\"western\" align=\"justify\"><span style=\"font-family: Arial, sans-serif\"><span style=\"font-size: small\">Josimar Faria Cordeiro<\/span><\/span><span style=\"font-family: Arial, sans-serif\"><span style=\"font-size: small\">,<\/span><\/span><span style=\"font-family: Arial, sans-serif\"><span style=\"font-size: small\"> 6253071, <\/span><\/span><span style=\"font-family: Arial, sans-serif\"><span style=\"font-size: small\">Campus 6, Coordena\u00e7\u00e3o do Curso de C<\/span><\/span><span style=\"font-family: Arial, sans-serif\"><span style=\"font-size: small\">i\u00ea<\/span><\/span><span style=\"font-family: Arial, sans-serif\"><span style=\"font-size: small\">ncias <\/span><\/span><span style=\"font-family: Arial, sans-serif\"><span style=\"font-size: small\">Cont\u00e1beis<\/span><\/span><span style=\"font-family: Arial, sans-serif\"><span style=\"font-size: small\"> &#8211; CCHE &#8211; CCC &#8211; CCHE<\/span><\/span><\/p>\n<p>[\/vc_column_text][\/vc_tta_section][vc_tta_section title=&#8221;Programa\u00e7\u00e3o&#8221; tab_id=&#8221;1723051406819-7e54b22e-71d5&#8243;][vc_column_text css=&#8221;&#8221;]<strong>Dia 06\/11\/2024<\/strong><\/p>\n<p><strong>\u00a0<\/strong><\/p>\n<p><strong>Manh\u00e3<\/strong><\/p>\n<p><strong>\u00a0<\/strong><\/p>\n<p><strong>Minicursos: Elabora\u00e7\u00e3o da Declara\u00e7\u00e3o de Imposto de Renda Pessoa F\u00edsica<\/strong><\/p>\n<p>Hora de in\u00edcio da atividade: 08h:00<\/p>\n<p>Hora de fim da atividade: 12h:00<\/p>\n<p>Limite de Inscri\u00e7\u00f5es (quantidade de vagas): 25<\/p>\n<p>Local: Sala (A02 \u2013 Sede Altiplano)<\/p>\n<p><strong>\u00a0<\/strong><\/p>\n<p><strong>Noite<\/strong><\/p>\n<p><strong>\u00a0<\/strong><\/p>\n<p><strong>Palestras: P\u00f3s-Gradua\u00e7\u00e3o em Contabilidade e Desenvolvimento Profissional<\/strong><\/p>\n<p>Hora de in\u00edcio da atividade: 18h:00<\/p>\n<p>Hora de fim da atividade: 20h:00<\/p>\n<p>Local: O link ser\u00e1 disponibilizado no Instagram do curso (@contabeisccheuepb) e enviado ao e-mail cadastrado pelo participante<\/p>\n<p><strong><em>\u00a0<\/em><\/strong><\/p>\n<p><strong><em>Dividend Investing<\/em>: Uso da metodologia para obter lucros com ganhos de capital e dividendos na bolsa de valores<\/strong><\/p>\n<p>Hora de in\u00edcio da atividade: 20h:00<\/p>\n<p>Hora de fim da atividade: 22h:00<\/p>\n<p>Local: O link ser\u00e1 disponibilizado no Instagram do curso (@contabeisccheuepb) e enviado ao e-mail cadastrado pelo participante<\/p>\n<p>&nbsp;<\/p>\n<p><strong>Dia 07\/11\/2024<\/strong><\/p>\n<p><strong>\u00a0<\/strong><\/p>\n<p><strong>Manh\u00e3<\/strong><\/p>\n<p><strong>\u00a0<\/strong><\/p>\n<p><strong>Mesa-redonda: Mercado de trabalho na \u00e1rea cont\u00e1bil<\/strong><\/p>\n<p>Hora de in\u00edcio da atividade: 08h:00<\/p>\n<p>Hora de fim da atividade: 10h:00<\/p>\n<p>Local: Hall \u2013 Sede Altiplano<\/p>\n<p><strong>\u00a0<\/strong><\/p>\n<p><strong>Apresenta\u00e7\u00e3o de Trabalhos Cient\u00edficos <\/strong><\/p>\n<p>Hora de in\u00edcio da atividade: 10h:00<\/p>\n<p>Hora de fim da atividade: 12h:00<\/p>\n<p>Local: Salas(A11, A12 e A13 \u2013 Sede Altiplano)<\/p>\n<p>&nbsp;<\/p>\n<p>&nbsp;<\/p>\n<p><strong>Noite<\/strong><\/p>\n<p><strong>\u00a0<\/strong><\/p>\n<p><strong>Palestra: Transforma\u00e7\u00e3o Digital nos Escrit\u00f3rios de Contabilidade: Tecnologia e Efici\u00eancia no Dia a Dia<\/strong><\/p>\n<p>Hora de in\u00edcio da atividade: 18h:00<\/p>\n<p>Hora de fim da atividade: 20h:00<\/p>\n<p>Local: Hall \u2013 Sede Altiplano<\/p>\n<p><strong>\u00a0<\/strong><\/p>\n<p><strong>Palestra: Declara\u00e7\u00e3o de Ganhos de Capital (GCAP<\/strong><\/p>\n<p>Hora de in\u00edcio da atividade: 20h:00<\/p>\n<p>Hora de fim da atividade: 22h:00<\/p>\n<p>Local: Hall \u2013 Sede Altiplano<\/p>\n<p>&nbsp;<\/p>\n<p><strong>Dia 08\/11\/2024<\/strong><\/p>\n<p><strong>\u00a0<\/strong><\/p>\n<p><strong>Manh\u00e3<\/strong><\/p>\n<p><strong>\u00a0<\/strong><\/p>\n<p><strong>Minicurso: Introdu\u00e7\u00e3o \u00e0 Pesquisa em Contabilidade<\/strong><\/p>\n<p>Hora de in\u00edcio da atividade: 08h:00<\/p>\n<p>Hora de fim da atividade: 12h:00<\/p>\n<p>Limite de Inscri\u00e7\u00f5es (quantidade de vagas): 30<\/p>\n<p>Local: Sala (A13 \u2013 Sede Altiplano)<\/p>\n<p><strong>\u00a0<\/strong><\/p>\n<p><strong>Noite<\/strong><\/p>\n<p><strong>\u00a0<\/strong><\/p>\n<p><strong>Minicurso: Desvendando o R: Transformando N\u00fameros em<em>\u00a0Insights<\/em>\u00a0Financeiros<\/strong><\/p>\n<p>Hora de in\u00edcio da atividade: 18h:00<\/p>\n<p>Hora de fim da atividade: 22h:00<\/p>\n<p>Limite de Inscri\u00e7\u00f5es (quantidade de vagas): 25<\/p>\n<p>Local: Sala (A02 \u2013 Sede Altiplano)<\/p>\n<p><strong>\u00a0<\/strong><\/p>\n<p><strong>Minicurso: Os novos padr\u00f5es internacionais para sustentabilidade na \u00e1rea Cont\u00e1bil<\/strong><\/p>\n<p>Hora de in\u00edcio da atividade: 18h:00<\/p>\n<p>Hora de fim da atividade: 22h:00<\/p>\n<p>Limite de Inscri\u00e7\u00f5es (quantidade de vagas): 30<\/p>\n<p>Local: Sala (A13 \u2013 Sede Altiplano)[\/vc_column_text][\/vc_tta_section][vc_tta_section title=&#8221;Inscri\u00e7\u00f5es e Credenciamento&#8221; tab_id=&#8221;1723056810590-d369a7e8-5186&#8243;][vc_column_text css=&#8221;&#8221;]<\/p>\n<p class=\"western\" align=\"justify\"><strong><span style=\"color: #0000ff\"><span style=\"font-family: Arial, sans-serif\"><span style=\"font-size: small\">Normas para Inscri\u00e7\u00e3o e Credenciamento<\/span><\/span><\/span><\/strong><\/p>\n<p class=\"western\" align=\"justify\"><span style=\"font-family: Arial, sans-serif\"><span style=\"font-size: small\">Prazo para inscri\u00e7\u00e3o \u2013 at\u00e9 <\/span><\/span><span style=\"font-family: Arial, sans-serif\"><span style=\"font-size: small\"><b><del>15 DE OUTUBRO DE 2024<\/del>\u00a0 <span style=\"color: #0000ff\">20\u00a0DE OUTUBRO DE 2024<\/span><\/b><\/span><\/span><\/p>\n<p class=\"western\" align=\"justify\"><span style=\"font-family: Arial, sans-serif\"><span style=\"font-size: small\"><b>ATEN\u00c7\u00c3O:<\/b><\/span><\/span><span style=\"font-family: Arial, sans-serif\"><span style=\"font-size: small\"> n\u00e3o haver\u00e1 inscri\u00e7\u00f5es ap\u00f3s essa data e o credenciamento s\u00f3 ser\u00e1 realizado para os inscritos.<\/span><\/span><\/p>\n<p class=\"western\" align=\"justify\"><span style=\"font-family: Arial, sans-serif\"><span style=\"font-size: small\">Siga as normas, inscreva-se e participe conosco!<\/span><\/span><\/p>\n<p class=\"western\" align=\"justify\"><strong><span style=\"color: #0000ff\"><span style=\"font-family: Arial, sans-serif\"><span style=\"font-size: small\">Regras gerais sobre as inscri\u00e7\u00f5es<\/span><\/span><\/span><\/strong><\/p>\n<p class=\"western\" align=\"justify\"><span style=\"font-family: Arial, sans-serif\"><span style=\"font-size: small\">Todos(as) os(as) participantes dever\u00e3o realizar inscri\u00e7\u00f5es no <\/span><\/span><strong><span style=\"color: #000000\"><span style=\"font-family: Arial, sans-serif\"><span style=\"font-size: small\">PRIMEIRA SEMANA DO CONTADOR \u2013 SECON<\/span><\/span><\/span><\/strong><\/p>\n<p class=\"western\" align=\"justify\"><span style=\"font-family: Arial, sans-serif\"><span style=\"font-size: small\">As inscri\u00e7\u00f5es dever\u00e3o ser efetuadas por meio do preenchimento do formul\u00e1rio on-line, observando-se os prazos estabelecidos para cada modalidade de inscri\u00e7\u00e3o.<\/span><\/span><\/p>\n<p class=\"western\" align=\"justify\"><span style=\"font-family: Arial, sans-serif\"><span style=\"font-size: small\">No menu, escolha a op\u00e7\u00e3o \u201cRealizar inscri\u00e7\u00e3o no evento\u201d e preencha as informa\u00e7\u00f5es solicitadas.<\/span><\/span><\/p>\n<p class=\"western\" align=\"justify\"><span style=\"font-family: Arial, sans-serif\"><span style=\"font-size: small\">No item \u201cPerfil\u201d, escolha uma das op\u00e7\u00f5es segundo o seu v\u00ednculo com a UEPB:<\/span><\/span><\/p>\n<p class=\"western\" align=\"justify\">\u2022 <span style=\"font-family: Arial, sans-serif\"><span style=\"font-size: small\">SERVIDOR (docente ou t\u00e9cnico administrativo);<\/span><\/span><\/p>\n<p class=\"western\" align=\"justify\">\u2022 <span style=\"font-family: Arial, sans-serif\"><span style=\"font-size: small\">ALUNO (gradua\u00e7\u00e3o ou p\u00f3s).<\/span><\/span><\/p>\n<p class=\"western\" align=\"justify\">\u2022 <span style=\"font-family: Arial, sans-serif\"><span style=\"font-size: small\">P\u00daBLICO EXTERNO \u2013 refere-se a toda e qualquer pessoa <\/span><\/span><span style=\"font-family: Arial, sans-serif\"><span style=\"font-size: small\"><b>sem v\u00ednculo com a UEPB<\/b><\/span><\/span><span style=\"font-family: Arial, sans-serif\"><span style=\"font-size: small\"> que deseja participar do Evento.<\/span><\/span><\/p>\n<p class=\"western\" align=\"justify\"><span style=\"font-family: Arial, sans-serif\"><span style=\"font-size: small\">Para a finaliza\u00e7\u00e3o da inscri\u00e7\u00e3o, faz-se necess\u00e1rio optar por pelo menos uma atividade (MINICURSOS OU OFICINAS).<\/span><\/span><\/p>\n<p class=\"western\" align=\"justify\"><span style=\"font-family: Arial, sans-serif\"><span style=\"font-size: small\">Caso <\/span><\/span><span style=\"font-family: Arial, sans-serif\"><span style=\"font-size: small\"><b>N\u00c3O DESEJE <\/b><\/span><\/span><span style=\"font-family: Arial, sans-serif\"><span style=\"font-size: small\">participar de nenhuma atividade (minicursos ou oficinas) escolher a op\u00e7\u00e3o MINICURSO: N\u00c3O DESEJO PARTICIPAR DE NENHUMA ATIVIDADE (MINICURSO E\/OU OFICINA) QUERO PARTICIPAR COM OUVINTE DO III CONGRESSO UNIVERSIT\u00c1RIO DA UEPB.<\/span><\/span><\/p>\n<p class=\"western\" align=\"justify\"><span style=\"font-family: Arial, sans-serif\"><span style=\"font-size: small\"><b>OBS:<\/b><\/span><\/span><span style=\"font-family: Arial, sans-serif\"><span style=\"font-size: small\"> Depois de escolhidas as atividades (minicursos e\/ou oficinas), e finalizada a inscri\u00e7\u00e3o, n\u00e3o ser\u00e1 poss\u00edvel acrescentar nem trocar de atividade, portanto, al\u00e9m do formato, observe dias e hor\u00e1rios dispon\u00edveis.<\/span><\/span><\/p>\n<p class=\"western\" align=\"justify\"><span style=\"font-family: Arial, sans-serif\"><span style=\"font-size: small\">Na aba \u201cPrograma\u00e7\u00e3o\u201d ser\u00e3o disponibilizados os links de acesso \u00e0s atividades remotas e a localiza\u00e7\u00e3o das atividades presenciais.<\/span><\/span><\/p>\n<p class=\"western\" align=\"justify\"><span style=\"font-family: Arial, sans-serif;color: #0000ff\"><span style=\"font-size: small\"><b>Minicursos e Oficinas<\/b><\/span><\/span><\/p>\n<p class=\"western\" align=\"justify\"><span style=\"font-family: Arial, sans-serif\"><span style=\"font-size: small\">Os minicursos e oficinas possuem vagas limitadas disponibilizadas no sistema e s\u00f3 poder\u00e3o participar os que optarem pela atividade no momento da inscri\u00e7\u00e3o.<\/span><\/span><\/p>\n<p class=\"western\" align=\"justify\"><span style=\"font-family: Arial, sans-serif\"><span style=\"font-size: small\">S\u00f3 poder\u00e1 participar dos minicursos e oficinas quem realizar inscri\u00e7\u00e3o pr\u00e9via nos mesmos.<\/span><\/span><\/p>\n<p class=\"western\" align=\"justify\"><span style=\"font-family: Arial, sans-serif;color: #0000ff\"><span style=\"font-size: small\"><b>Submiss\u00e3o de Trabalhos<\/b><\/span><\/span><\/p>\n<p class=\"western\" align=\"justify\"><span style=\"font-family: Arial, sans-serif\"><span style=\"font-size: small\">Para submiss\u00e3o de trabalhos \u00e9 necess\u00e1ria a inscri\u00e7\u00e3o no <\/span><\/span><strong><span style=\"color: #000000\"><span style=\"font-family: Arial, sans-serif\"><span style=\"font-size: small\">PRIMEIRA SEMANA DO CONTADOR \u2013 SECON <\/span><\/span><\/span><\/strong><span style=\"font-family: Arial, sans-serif\"><span style=\"font-size: small\">e em seguida acessar a aba \u201cSubmiss\u00e3o de trabalhos\u201d.<\/span><\/span><\/p>\n<p class=\"western\" align=\"justify\"><span style=\"font-family: Arial, sans-serif;color: #0000ff\"><span style=\"font-size: small\"><b>Credenciamento<\/b><\/span><\/span><\/p>\n<p class=\"western\" align=\"justify\"><span style=\"font-family: Arial, sans-serif\"><span style=\"font-size: small\">O credenciamento s\u00f3 ser\u00e1 efetuado com a apresenta\u00e7\u00e3o de um documento oficial com foto (RG, CNH ou documento oficial expedido por \u00f3rg\u00e3os federais).<\/span><\/span><\/p>\n<p class=\"western\" align=\"justify\"><span style=\"font-family: Arial, sans-serif\"><span style=\"font-size: small\">N\u00e3o ser\u00e1 permitido o credenciamento por terceiros, exceto atrav\u00e9s de procura\u00e7\u00e3o. A entrega do material do evento ser\u00e1 realizada apenas ao participante presente ou ao seu procurador.<\/span><\/span><\/p>\n<p class=\"western\" align=\"justify\"><span style=\"font-family: Arial, sans-serif\"><span style=\"font-size: small\">O credenciamento (entrega do material \u2013 pasta, crach\u00e1, bloco e caneta) ocorrer\u00e1 em todos os C\u00e2mpus;<\/span><\/span><\/p>\n<p class=\"western\" align=\"justify\"><span style=\"font-family: Arial, sans-serif\"><span style=\"font-size: small\">Haver\u00e1 lista de presen\u00e7a em todas as atividades, tanto <\/span><\/span><span style=\"font-family: Arial, sans-serif\"><span style=\"font-size: small\">presenciais <\/span><\/span><span style=\"font-family: Arial, sans-serif\"><span style=\"font-size: small\">quanto <\/span><\/span><span style=\"font-family: Arial, sans-serif\"><span style=\"font-size: small\">remotas<\/span><\/span><span style=\"font-family: Arial, sans-serif\"><span style=\"font-size: small\">.<\/span><\/span><\/p>\n<p class=\"western\" align=\"justify\"><span style=\"font-family: Arial, sans-serif;color: #0000ff\"><span style=\"font-size: small\"><b>Fa\u00e7a Sua Inscri\u00e7\u00e3o<\/b><\/span><\/span><\/p>\n<p class=\"western\" align=\"justify\"><span style=\"font-family: Arial, sans-serif\"><span style=\"font-size: small\">Acesse o link: <a href=\"https:\/\/suap.uepb.edu.br\/eventos\/inscricao\/79\/\">https:\/\/suap.uepb.edu.br\/eventos\/inscricao\/79\/<\/a><\/span><\/span><\/p>\n<p>[\/vc_column_text][\/vc_tta_section][vc_tta_section title=&#8221;Submiss\u00e3o de Trabalhos&#8221; tab_id=&#8221;1723056827084-d333db5f-2eaf&#8221;][vc_column_text css=&#8221;&#8221;]<\/p>\n<p class=\"western\" align=\"justify\"><span style=\"font-family: Arial, sans-serif;color: #0000ff\"><span style=\"font-size: small\"><b>Normas para submiss\u00e3o de trabalhos<\/b><\/span><\/span><\/p>\n<p class=\"western\" align=\"justify\"><strong><span style=\"font-family: Arial, sans-serif\"><span style=\"font-size: small\">COMUNICA\u00c7\u00c3O ORAL<\/span><\/span><\/strong><\/p>\n<p class=\"western\" align=\"justify\"><span style=\"font-family: Arial, sans-serif\"><span style=\"font-size: small\">A COMUNICA\u00c7\u00c3O ORAL servi<\/span><\/span><span style=\"font-family: Arial, sans-serif\"><span style=\"font-size: small\">r\u00e1<\/span><\/span><span style=\"font-family: Arial, sans-serif\"><span style=\"font-size: small\"> para <\/span><\/span><span style=\"font-family: Arial, sans-serif\"><span style=\"font-size: small\">apresentar trabalhos acad\u00eamicos e projetos de pesquisa que contribuam para o desenvolvimento da \u00e1rea cont\u00e1bil, proporcionando um espa\u00e7o de discuss\u00e3o e troca de conhecimentos entre estudantes, pesquisadores e profissionais da \u00e1rea.<\/span><\/span><\/p>\n<p class=\"western\" align=\"justify\"><span style=\"font-family: Arial, sans-serif\"><span style=\"font-size: small\">Participar\u00e3o dessa modalidade<\/span><\/span><span style=\"font-family: Arial, sans-serif\"><span style=\"font-size: small\"> trabalhos selecionados pela comiss\u00e3o cient\u00edfica, considerando a originalidade, relev\u00e2ncia e qualidade acad\u00eamica das submiss\u00f5es. Os autores ter\u00e3o a oportunidade de apresentar suas pesquisas e debater com o p\u00fablico presente, favorecendo o<\/span><\/span><span style=\"font-family: Arial, sans-serif\"><span style=\"font-size: small\"><i> networking<\/i><\/span><\/span><span style=\"font-family: Arial, sans-serif\"><span style=\"font-size: small\"> e a dissemina\u00e7\u00e3o de ideias inovadoras.<\/span><\/span><\/p>\n<p class=\"western\" align=\"justify\"><span style=\"font-family: Arial, sans-serif\"><span style=\"font-size: small\"><b>SUBMISS\u00c3O <\/b><\/span><\/span><\/p>\n<p class=\"western\" align=\"justify\"><span style=\"font-family: Arial, sans-serif\"><span style=\"font-size: small\">Para submiss\u00e3o, o(a) apresentador(a)\/autor(a) dever\u00e1 efetuar a inscri\u00e7\u00e3o no <\/span><\/span><span style=\"font-family: Arial, sans-serif\"><span style=\"font-size: small\">PRIMEIRA SEMANA DO CONTADOR \u2013 SECON <\/span><\/span><span style=\"font-family: Arial, sans-serif\"><span style=\"font-size: small\">e disponibilizar para a organiza\u00e7\u00e3o do evento um <\/span><\/span><span style=\"font-family: Arial, sans-serif\"><span style=\"font-size: small\"><b>arquivo.<\/b><\/span><\/span><span style=\"font-family: Arial, sans-serif\"><span style=\"font-size: small\">\u00a0<\/span><\/span><span style=\"font-family: Arial, sans-serif\"><span style=\"font-size: small\">Todos os trabalhos devem ser submetidos em PDF, sem qualquer identifica\u00e7\u00e3o dos autores ou da institui\u00e7\u00e3o. Trabalhos que apresentarem qualquer tipo de identifica\u00e7\u00e3o ter\u00e3o rejei\u00e7\u00e3o sum\u00e1ria.\u00a0<\/span><\/span><span style=\"font-family: Arial, sans-serif\"><span style=\"font-size: small\"><b>S\u00f3 \u00e9 permitido anexar um arquivo. <\/b>Um limite m\u00e1ximo de 9.000 palavras.<\/span><\/span><\/p>\n<p class=\"western\" align=\"justify\"><span style=\"font-family: Arial, sans-serif\"><span style=\"font-size: small\">As submiss\u00f5es ocorrer\u00e3o exclusivamente no pe<\/span><\/span><span style=\"font-family: Arial, sans-serif\"><span style=\"font-size: small\">r\u00ed<\/span><\/span><span style=\"font-family: Arial, sans-serif\"><span style=\"font-size: small\">odo que se estende dos dias <\/span><\/span><span style=\"font-family: Arial, sans-serif\"><span style=\"font-size: small\">01<\/span><\/span><span style=\"font-family: Arial, sans-serif\"><span style=\"font-size: small\"> de <\/span><\/span><span style=\"font-family: Arial, sans-serif\"><span style=\"font-size: small\">OUTUBRO<\/span><\/span><span style=\"font-family: Arial, sans-serif\"><span style=\"font-size: small\"> a <\/span><\/span><span style=\"font-family: Arial, sans-serif\"><span style=\"font-size: small\">20<\/span><\/span><span style=\"font-family: Arial, sans-serif\"><span style=\"font-size: small\"> DE OUTUBRO DE 202<\/span><\/span><span style=\"font-family: Arial, sans-serif\"><span style=\"font-size: small\">4<\/span><\/span><span style=\"font-family: Arial, sans-serif\"><span style=\"font-size: small\">.<\/span><\/span><\/p>\n<p class=\"western\" align=\"justify\"><span style=\"font-family: Arial, sans-serif\"><span style=\"font-size: small\">O resumo<\/span><\/span><span style=\"font-family: Arial, sans-serif\"><span style=\"font-size: small\"> expandido ou artigo completo<\/span><\/span><span style=\"font-family: Arial, sans-serif\"><span style=\"font-size: small\"> se<\/span><\/span><span style=\"font-family: Arial, sans-serif\"><span style=\"font-size: small\">r\u00e1<\/span><\/span><span style=\"font-family: Arial, sans-serif\"><span style=\"font-size: small\"> disponibilizado previamente para a Comiss\u00e3o <\/span><\/span><span style=\"font-family: Arial, sans-serif\"><span style=\"font-size: small\">Cient\u00edfica<\/span><\/span><span style=\"font-family: Arial, sans-serif\"><span style=\"font-size: small\"> formada pelos(as) moderadores(as) que tam<\/span><\/span><span style=\"font-family: Arial, sans-serif\"><span style=\"font-size: small\">b\u00e9m<\/span><\/span><span style=\"font-family: Arial, sans-serif\"><span style=\"font-size: small\"> avaliar\u00e3o as apresenta\u00e7\u00f5es em COMUNICA\u00c7\u00c3O ORAL;<\/span><\/span><\/p>\n<p class=\"western\" align=\"justify\"><span style=\"font-family: Arial, sans-serif\"><span style=\"font-size: small\">Os <\/span><\/span><span style=\"font-family: Arial, sans-serif\"><span style=\"font-size: small\">resumos expandidos ou artigos completos<\/span><\/span><span style=\"font-family: Arial, sans-serif\"><span style=\"font-size: small\"> ser\u00e3o publicados nos Anais do evento conforme o<\/span><\/span><span style=\"font-family: Arial, sans-serif\"><span style=\"font-size: small\">\u00a0arquivo submetido<\/span><\/span><span style=\"font-family: Arial, sans-serif\"><span style=\"font-size: small\">, de inteira responsabilidade dos autores;<\/span><\/span><\/p>\n<p class=\"western\" align=\"justify\"><span style=\"font-family: Arial, sans-serif\"><span style=\"font-size: small\">T\u00edtulo com no<\/span><\/span><span style=\"font-family: Arial, sans-serif\"><span style=\"font-size: small\"> m\u00e1<\/span><\/span><span style=\"font-family: Arial, sans-serif\"><span style=\"font-size: small\">ximo 250 caracteres<\/span><\/span><span style=\"font-family: Arial, sans-serif\"><span style=\"font-size: small\">;<\/span><\/span><\/p>\n<p class=\"western\" align=\"justify\"><span style=\"font-family: Arial, sans-serif\"><span style=\"font-size: small\">Nome dos autores e institui\u00e7\u00e3o a que est\u00e3o vinculados: bolsista como autor(a)<\/span><\/span><span style=\"font-family: Arial, sans-serif\"><span style=\"font-size: small\"> e <\/span><\/span><span style=\"font-family: Arial, sans-serif\"><span style=\"font-size: small\">coautores(as), nesta ordem.<\/span><\/span><\/p>\n<p class=\"western\" align=\"justify\"><span style=\"font-family: Arial, sans-serif\"><span style=\"font-size: small\">\u00c1rea:<\/span><\/span><span style=\"font-family: Arial, sans-serif\"><span style=\"font-size: small\"> Contabilidade: Abrange estudos e pr\u00e1ticas relacionados \u00e0 an\u00e1lise, gest\u00e3o e controle das finan\u00e7as de organiza\u00e7\u00f5es p\u00fablicas e privadas. Isso inclui temas como contabilidade gerencial, financeira, tribut\u00e1ria, auditoria, per\u00edcia cont\u00e1bil, governan\u00e7a corporativa, sustentabilidade, inova\u00e7\u00e3o tecnol\u00f3gica, al\u00e9m de aspectos normativos e educacionais, entre outros.<\/span><\/span><span style=\"font-family: Arial, sans-serif\"><span style=\"font-size: small\">;<\/span><\/span><\/p>\n<p class=\"western\" align=\"justify\"><span style=\"font-family: Arial, sans-serif\"><span style=\"font-size: small\">Os resumos<\/span><\/span><span style=\"font-family: Arial, sans-serif\"><span style=\"font-size: small\"> expandidos ou artigo completo<\/span><\/span><span style=\"font-family: Arial, sans-serif\"><span style=\"font-size: small\"> dever\u00e3o vir acompanhados de tr\u00eas palavras-chave, separadas entre si por ponto e v\u00edrgula;<\/span><\/span><\/p>\n<p class=\"western\" align=\"justify\">\u2022 <span style=\"font-family: Arial, sans-serif\"><span style=\"font-size: small\">N\u00e3o ser\u00e1 permitido inserir imagens, gr\u00e1ficos, tabelas ou refer\u00eancias no corpo do texto do resumo.<\/span><\/span><\/p>\n<p>&nbsp;<\/p>\n<p><span style=\"color: #0000ff\"><strong>REGRAS DE SUBMISS\u00c3O<\/strong><\/span><\/p>\n<p>Os participantes poder\u00e3o submeter seus trabalhos em duas modalidades: Resumo Expandido ou Trabalho Completo.<\/p>\n<p><strong>1. Formata\u00e7\u00e3o e Estrutura<\/strong><\/p>\n<p><span style=\"color: #0000ff\">Modalidade 1: Resumo Expandido<\/span><\/p>\n<p>&nbsp;<\/p>\n<p>O resumo expandido deve ter no m\u00e1ximo 5 p\u00e1ginas, incluindo introdu\u00e7\u00e3o, metodologia, resultados, discuss\u00e3o, considera\u00e7\u00f5es finais e refer\u00eancias. O trabalho deve ser submetido em PDF, sem qualquer identifica\u00e7\u00e3o dos autores ou da institui\u00e7\u00e3o no corpo do texto.<\/p>\n<p>Formato do documento:<br \/>\n\u2713 Tamanho do papel: A4<br \/>\n\u2713 Fonte: Times New Roman, tamanho 12<br \/>\n\u2713 Margens: Superior e esquerda de 3 cm; direita e inferior de 2 cm<br \/>\n\u2713 Espa\u00e7amento: Simples<br \/>\n\u2713 Normas de formata\u00e7\u00e3o: ABNT<\/p>\n<p><span style=\"color: #0000ff\">Modalidade 2: Trabalho Completo<\/span><\/p>\n<p>O trabalho completo deve ter entre 10 e 20 p\u00e1ginas e um limite de 9.000 palavras, seguindo as mesmas diretrizes de formata\u00e7\u00e3o do resumo expandido (Times New Roman, tamanho 12, margens e espa\u00e7amento).<\/p>\n<p>Estrutura do trabalho completo:<br \/>\n\u2713 T\u00edtulo<br \/>\n\u2713 Introdu\u00e7\u00e3o (incluindo problema de pesquisa, objetivos e justificativa)<br \/>\n\u2713 Metodologia<br \/>\n\u2713 Resultados<br \/>\n\u2713 Conclus\u00e3o<br \/>\n\u2713 Refer\u00eancias<\/p>\n<p><strong>2. Quantidade de Submiss\u00f5es<\/strong><\/p>\n<p>Cada autor poder\u00e1 submeter at\u00e9 3 trabalhos como autor principal. N\u00e3o h\u00e1 limite para participa\u00e7\u00e3o como coautor.<\/p>\n<p><strong>3. Prazo de Submiss\u00e3o<\/strong><\/p>\n<p>As submiss\u00f5es devem ser realizadas entre 01\/10\/2024 e 20\/10\/2024. Trabalhos submetidos fora deste per\u00edodo n\u00e3o ser\u00e3o aceitos.<\/p>\n<p><strong>4. Formato do Arquivo<\/strong><\/p>\n<p>Todos os trabalhos devem ser submetidos em PDF, sem qualquer identifica\u00e7\u00e3o dos autores ou da institui\u00e7\u00e3o. Trabalhos que apresentarem qualquer tipo de identifica\u00e7\u00e3o ter\u00e3o rejei\u00e7\u00e3o sum\u00e1ria.<\/p>\n<p><strong>5. Autoria<\/strong><\/p>\n<p>Cada trabalho poder\u00e1 conter, no m\u00e1ximo, 5 autores.<\/p>\n<p><strong>6. Submiss\u00e3o<\/strong><\/p>\n<p>Os trabalhos dever\u00e3o ser enviados por meio do site oficial do evento.<\/p>\n<p><span style=\"color: #800080\"><b>LINK PARA SUBMISS\u00c3O DE TRABALHO:<span style=\"font-family: Arial, sans-serif\"><span style=\"font-size: small\">\u00a0<a href=\"https:\/\/suap.uepb.edu.br\/eventos\/inscricao\/79\/\">https:\/\/suap.uepb.edu.br\/eventos\/inscricao\/79\/<\/a><\/span><\/span><\/b><\/span><\/p>\n<p>&nbsp;<\/p>\n<p><span style=\"color: #0000ff\"><strong>REGRAS DE AVALIA\u00c7\u00c3O<\/strong><\/span><\/p>\n<p>Cada trabalho ser\u00e1 avaliado por dois pesquisadores qualificados, com base na escala de pontua\u00e7\u00e3o descrita na se\u00e7\u00e3o Crit\u00e9rios de Avalia\u00e7\u00e3o. Os avaliadores dever\u00e3o fornecer coment\u00e1rios construtivos e justificativas para qualquer crit\u00e9rio em que a nota atribu\u00edda seja inferior a 7.<br \/>\nSer\u00e3o selecionados para apresenta\u00e7\u00e3o os artigos que obtiverem uma m\u00e9dia igual ou superior a 7,0 (em uma escala de 0 a 10).<\/p>\n<p><strong>Crit\u00e9rio de Avalia\u00e7\u00e3o<\/strong><\/p>\n<p><strong>Crit\u00e9rio 1:<\/strong> Originalidade e relev\u00e2ncia do tema<br \/>\nDescri\u00e7\u00e3o: Avalia o grau de inova\u00e7\u00e3o do trabalho e sua relev\u00e2ncia para o campo de estudo. Considera-se a capacidade do tema em trazer novas perspectivas ou abordar quest\u00f5es significativas.<\/p>\n<p><strong>Crit\u00e9rio 2:<\/strong> Qualidade da organiza\u00e7\u00e3o e da reda\u00e7\u00e3o do texto<br \/>\nDescri\u00e7\u00e3o: Mede a clareza e coer\u00eancia na apresenta\u00e7\u00e3o das ideias, bem como a estrutura l\u00f3gica do texto. Tamb\u00e9m avalia o uso adequado da linguagem acad\u00eamica e a fluidez da reda\u00e7\u00e3o.<\/p>\n<p><strong>Crit\u00e9rio 3:<\/strong> Introdu\u00e7\u00e3o<br \/>\nDescri\u00e7\u00e3o: Avalia a clareza da introdu\u00e7\u00e3o em apresentar o problema de pesquisa, os objetivos e a justificativa do estudo. A introdu\u00e7\u00e3o deve contextualizar o tema e capturar a import\u00e2ncia do trabalho.<\/p>\n<p><strong>Crit\u00e9rio 4:<\/strong> Revis\u00e3o da literatura<br \/>\nDescri\u00e7\u00e3o: Avalia a profundidade e relev\u00e2ncia da revis\u00e3o de literatura, considerando a adequa\u00e7\u00e3o das fontes utilizadas e a maneira como o autor relaciona as refer\u00eancias ao problema de pesquisa.<\/p>\n<p><strong>Crit\u00e9rio 5:<\/strong> Procedimentos Metodol\u00f3gicos<br \/>\nDescri\u00e7\u00e3o: Avalia a adequa\u00e7\u00e3o e a clareza na descri\u00e7\u00e3o dos m\u00e9todos utilizados no trabalho. O crit\u00e9rio tamb\u00e9m considera a consist\u00eancia entre a metodologia proposta e os objetivos do estudo.<\/p>\n<p><strong>Crit\u00e9rio 6:<\/strong> Analise dos Resultados e Conclus\u00f5es<br \/>\nDescri\u00e7\u00e3o: Avalia a an\u00e1lise dos dados e a interpreta\u00e7\u00e3o dos resultados. Considera-se a coer\u00eancia entre os resultados e os objetivos, bem como a clareza das conclus\u00f5es apresentadas.<\/p>\n<p>Em caso de empate na pontua\u00e7\u00e3o final dos trabalhos, ser\u00e3o aplicados os crit\u00e9rios de avalia\u00e7\u00e3o, em ordem de prioridade.[\/vc_column_text][\/vc_tta_section][vc_tta_section title=&#8221;Apresenta\u00e7\u00e3o de Trabalhos&#8221; tab_id=&#8221;1723056843092-3b78113b-6dca&#8221;][vc_column_text css=&#8221;&#8221;]<\/p>\n<p class=\"western\" align=\"justify\"><span style=\"font-family: Arial, sans-serif\"><span style=\"font-size: small\"><b>Apresenta\u00e7\u00e3o de trabalhos<\/b><\/span><\/span><\/p>\n<ul>\n<li>\n<p class=\"western\" align=\"justify\"><span style=\"font-family: Arial, sans-serif\"><span style=\"font-size: small\">As apresenta\u00e7\u00f5es dos trabalhos se dar\u00e3o de forma oral com o uso de slides, atrav\u00e9s de di\u00e1logo estabelecido entre os(as) autores(as) e os(as) moderadores(as) durante o dia <\/span><\/span><span style=\"font-family: Arial, sans-serif\"><span style=\"font-size: small\">xx<\/span><\/span><span style=\"font-family: Arial, sans-serif\"><span style=\"font-size: small\"> de novembro;<\/span><\/span><\/p>\n<\/li>\n<li>\n<p class=\"western\" align=\"justify\"><span style=\"font-family: Arial, sans-serif\"><span style=\"font-size: small\">As apresenta\u00e7\u00f5es ocorrer\u00e3o no formato <\/span><\/span><span style=\"font-family: Arial, sans-serif\"><span style=\"font-size: small\">h\u00edbrido, presencial ou <\/span><\/span><span style=\"font-family: Arial, sans-serif\"><span style=\"font-size: small\">remoto, em salas <\/span><\/span><span style=\"font-family: Arial, sans-serif\"><span style=\"font-size: small\">que <\/span><\/span><span style=\"font-family: Arial, sans-serif\"><span style=\"font-size: small\">ser\u00e3o previamente disponibilizados no site do Congresso<\/span><\/span><span style=\"font-family: Arial, sans-serif\"><span style=\"font-size: small\">, na aba Eventos<\/span><\/span><span style=\"font-family: Arial, sans-serif\"><span style=\"font-size: small\">;<\/span><\/span><\/p>\n<\/li>\n<li>\n<p class=\"western\" align=\"justify\"><span style=\"font-family: Arial, sans-serif\"><span style=\"font-size: small\">As apresenta\u00e7\u00f5es ser\u00e3o feitas pelo(a) respectivo(a) autor(a), ou na aus\u00eancia justificada deste(a), por coautor integrante do <\/span><\/span><span style=\"font-family: Arial, sans-serif\"><span style=\"font-size: small\">trabalho<\/span><\/span><span style=\"font-family: Arial, sans-serif\"><span style=\"font-size: small\">;<\/span><\/span><\/p>\n<\/li>\n<li>\n<p class=\"western\" align=\"justify\"><span style=\"font-family: Arial, sans-serif\"><span style=\"font-size: small\">Cada autor(a) ter\u00e1 de 07 a 10 minutos para apresentar seu trabalho e, ao final de todas as apresenta\u00e7\u00f5es por bloco, os(as) moderadores(as)\/avaliadores(as) ter\u00e1 20 minutos para suscitar e mediar o debate.<\/span><\/span><\/p>\n<\/li>\n<\/ul>\n<p>[\/vc_column_text][\/vc_tta_section][vc_tta_section title=&#8221;Aloca\u00e7\u00e3o de Trabalhos&#8221; tab_id=&#8221;1723056861459-0e2ad0e5-c9e3&#8243;][vc_column_text css=&#8221;&#8221;]As informa\u00e7\u00f5es referentes ao local e hor\u00e1rio de apresenta\u00e7\u00e3o de trabalhos ser\u00e3o disponibilizadas ap\u00f3s o encerramento das inscri\u00e7\u00f5es.[\/vc_column_text][\/vc_tta_section][vc_tta_section title=&#8221;Certificado e ANAIS&#8221; tab_id=&#8221;1723056893961-23202c5a-7142&#8243;][vc_column_text css=&#8221;&#8221;]<\/p>\n<p class=\"western\" align=\"justify\"><span style=\"font-family: Arial, sans-serif\"><span style=\"font-size: small\"><b>Certificados e ANAIS<\/b><\/span><\/span><\/p>\n<ul>\n<li>\n<p class=\"western\" align=\"justify\"><span style=\"font-family: Arial, sans-serif\"><span style=\"font-size: small\">Informamos aos\u00a0participantes do PRIMEIRA SEMANA DO CONTADOR \u2013 SECON que\u00a0os certificados <\/span><\/span><span style=\"font-family: Arial, sans-serif\"><span style=\"font-size: small\">ser\u00e3o<\/span><\/span><span style=\"font-family: Arial, sans-serif\"><span style=\"font-size: small\"> enviados para o e-mail dos inscritos que estiveram presentes no evento, favor buscar, na caixa de entrada ou no SPAM, pelo assunto: [SUAP] Certificado de Participa\u00e7\u00e3o;<\/span><\/span><\/p>\n<\/li>\n<li>\n<p class=\"western\" align=\"justify\"><span style=\"font-family: Arial, sans-serif\"><span style=\"font-size: small\">O certificado de\u00a0Participa\u00e7\u00e3o no PRIMEIRA SEMANA DO CONTADOR \u2013 SECON\u00a0<\/span><\/span><span style=\"font-family: Arial, sans-serif\"><span style=\"font-size: small\">ser\u00e1 <\/span><\/span><span style=\"font-family: Arial, sans-serif\"><span style=\"font-size: small\">emitido com <strong>30 horas<\/strong> para todos os participantes inscritos e que assinaram as listas de presen\u00e7a;<\/span><\/span><\/p>\n<\/li>\n<li>\n<p class=\"western\" align=\"justify\"><span style=\"font-family: Arial, sans-serif\"><span style=\"font-size: small\">Os certificados de\u00a0participa\u00e7\u00e3o em Minicurso e Oficina\u00a0<\/span><\/span><span style=\"font-family: Arial, sans-serif\"><span style=\"font-size: small\">se<\/span><\/span><span style=\"font-family: Arial, sans-serif\"><span style=\"font-size: small\">r<\/span><\/span><span style=\"font-family: Arial, sans-serif\"><span style=\"font-size: small\">\u00e3o<\/span><\/span><span style=\"font-family: Arial, sans-serif\"><span style=\"font-size: small\"> emitidos com a carga hor\u00e1ria conforme a atividade desenvolvida, desde que tenha sido constatada a inscri\u00e7\u00e3o e presen\u00e7a, mediante assinatura das listas (f\u00edsicas ou virtuais);<\/span><\/span><\/p>\n<\/li>\n<li>\n<p class=\"western\" align=\"justify\"><span style=\"font-family: Arial, sans-serif\"><span style=\"font-size: small\">Os certificados de apresenta\u00e7\u00e3o de trabalhos, Comiss\u00e3o Cient\u00edfica e Avaliadora, Palestrante, Debatedor e Moderador de mesa-redonda, Ministrante de atividade ser\u00e3o enviados para o e-mail informado no ato da inscri\u00e7\u00e3o; <\/span><\/span><\/p>\n<\/li>\n<li>\n<p class=\"western\" align=\"justify\"><span style=\"font-family: Arial, sans-serif\"><span style=\"font-size: small\">Os ANAIS a medida que forem publicados ser\u00e3o divulgados.<\/span><\/span><\/p>\n<\/li>\n<\/ul>\n<p>[\/vc_column_text][\/vc_tta_section][\/vc_tta_tour][\/vc_column][\/vc_row]<\/p>\n<\/div>","protected":false},"excerpt":{"rendered":"<p>[vc_row][vc_column][vc_tta_tour][vc_tta_section title=&#8221;Apresenta\u00e7\u00e3o&#8221; tab_id=&#8221;1723051350484-74ca6583-f13f&#8221;][vc_column_text css=&#8221;&#8221;] &nbsp; &nbsp; &nbsp; &nbsp; &nbsp; I Semana do Contador &#8211; SECON Tem\u00e1tica: Desafios contempor\u00e2neos da contabilidade: tecnologia, mercado de trabalho, pesquisa e educa\u00e7\u00e3o continuada A Primeira Semana do Contador (SECON) \u00e9 um evento voltado para estudantes e profissionais da \u00e1rea cont\u00e1bil, com foco em discutir as inova\u00e7\u00f5es e desafios contempor\u00e2neos da <a class=\"leiamais\" href=\"https:\/\/eventos.uepb.edu.br\/congressouniversitario\/semana-do-contador-secon\/\">Leia Mais&#8230;<\/a><\/p>\n","protected":false},"author":4,"featured_media":0,"parent":0,"menu_order":0,"comment_status":"closed","ping_status":"closed","template":"","meta":{"footnotes":""},"class_list":["post-1315","page","type-page","status-publish","hentry"],"_links":{"self":[{"href":"https:\/\/eventos.uepb.edu.br\/congressouniversitario\/wp-json\/wp\/v2\/pages\/1315","targetHints":{"allow":["GET"]}}],"collection":[{"href":"https:\/\/eventos.uepb.edu.br\/congressouniversitario\/wp-json\/wp\/v2\/pages"}],"about":[{"href":"https:\/\/eventos.uepb.edu.br\/congressouniversitario\/wp-json\/wp\/v2\/types\/page"}],"author":[{"embeddable":true,"href":"https:\/\/eventos.uepb.edu.br\/congressouniversitario\/wp-json\/wp\/v2\/users\/4"}],"replies":[{"embeddable":true,"href":"https:\/\/eventos.uepb.edu.br\/congressouniversitario\/wp-json\/wp\/v2\/comments?post=1315"}],"version-history":[{"count":20,"href":"https:\/\/eventos.uepb.edu.br\/congressouniversitario\/wp-json\/wp\/v2\/pages\/1315\/revisions"}],"predecessor-version":[{"id":2178,"href":"https:\/\/eventos.uepb.edu.br\/congressouniversitario\/wp-json\/wp\/v2\/pages\/1315\/revisions\/2178"}],"wp:attachment":[{"href":"https:\/\/eventos.uepb.edu.br\/congressouniversitario\/wp-json\/wp\/v2\/media?parent=1315"}],"curies":[{"name":"wp","href":"https:\/\/api.w.org\/{rel}","templated":true}]}}