{"id":1309,"date":"2024-08-23T10:39:34","date_gmt":"2024-08-23T13:39:34","guid":{"rendered":"https:\/\/eventos.uepb.edu.br\/congressouniversitario\/?page_id=1309"},"modified":"2024-10-15T16:20:44","modified_gmt":"2024-10-15T19:20:44","slug":"vi-ciclo-de-debates-multiplos-olhares-sobre-as-questoes-ambientais-e-as-relacoes-internacionais","status":"publish","type":"page","link":"https:\/\/eventos.uepb.edu.br\/congressouniversitario\/vi-ciclo-de-debates-multiplos-olhares-sobre-as-questoes-ambientais-e-as-relacoes-internacionais\/","title":{"rendered":"VI Ciclo de debates &#8211; M\u00faltiplos olhares sobre as quest\u00f5es ambientais e as Rela\u00e7\u00f5es Internacionais"},"content":{"rendered":"<div class=\"wpb-content-wrapper\"><p>[vc_row][vc_column][vc_tta_tour][vc_tta_section title=&#8221;Apresenta\u00e7\u00e3o&#8221; tab_id=&#8221;1723051350484-74ca6583-f13f&#8221;][vc_column_text css=&#8221;&#8221;]Este evento d\u00e1 continuidade a uma s\u00e9rie de outros cinco semin\u00e1rios anteriores, com o mesmo grupo de organiza\u00e7\u00e3o, que trataram de tem\u00e1ticas relevantes e cr\u00edticas para as rela\u00e7\u00f5es internacionais, como por exemplo, discutindo g\u00eanero, diversidade direitos humanos e meio ambiente, p\u00f3s-colonialismo e ex-col\u00f4nias e Timor-Leste.[\/vc_column_text][\/vc_tta_section][vc_tta_section title=&#8221;Comiss\u00e3o Organizadora&#8221; tab_id=&#8221;1723051372044-4de7e0c8-ac23&#8243;][vc_column_text css=&#8221;&#8221;]Giuliana Dias Vieira<br \/>\nSilvia Garcia Nogueira<br \/>\nLucila Gabriella Maciel Carneiro Vilhena<br \/>\nM\u00f4nica de Lourdes Neves Santana[\/vc_column_text][\/vc_tta_section][vc_tta_section title=&#8221;Programa\u00e7\u00e3o&#8221; tab_id=&#8221;1723051406819-7e54b22e-71d5&#8243;][vc_column_text css=&#8221;&#8221;]<span style=\"font-size: large\"><b>VI \u00a0 Ciclo de Debates- M\u00faltiplos Olhares sobre Quest\u00f5es Ambientais nas Rela\u00e7\u00f5es Internacionais (palestras)<\/b><\/span><\/p>\n<p><span style=\"font-size: large\">Data (dd\/mm\/aaaa) <\/span><span style=\"font-size: large\"><b>06 de novembro\u00a0<\/b><\/span><\/p>\n<p><span style=\"font-size: large\">Hora de in\u00edcio da atividade: <\/span><span style=\"font-size: large\"><b>14 h<\/b><\/span><\/p>\n<p><span style=\"font-size: large\">Hora de fim da atividade: <\/span><span style=\"font-size: large\"><b>18h<\/b><\/span><\/p>\n<p><span style=\"font-size: large\">Limite de Inscri\u00e7\u00f5es (quantidade de vagas): 100<\/span>[\/vc_column_text][\/vc_tta_section][vc_tta_section title=&#8221;Inscri\u00e7\u00f5es e Credenciamento&#8221; tab_id=&#8221;1723056810590-d369a7e8-5186&#8243;][vc_column_text css=&#8221;&#8221;]<\/p>\n<p class=\"western\" align=\"justify\"><span style=\"color: #2a6099\"><span style=\"font-family: Arial, serif\"><span style=\"font-size: small\">Normas para Inscri\u00e7\u00e3o e Credenciamento<\/span><\/span><\/span><\/p>\n<p class=\"western\" align=\"justify\"><span style=\"font-family: Arial, serif\"><span style=\"font-size: small\">Prazo para inscri\u00e7\u00e3o \u2013 at\u00e9 <\/span><\/span><span style=\"font-family: Arial, serif\"><span style=\"font-size: small\"><b><del>15 DE OUTUBRO DE 2024<\/del>\u00a0 <span style=\"color: #0000ff\">20\u00a0DE OUTUBRO DE 2024<\/span><\/b><\/span><\/span><\/p>\n<p class=\"western\" align=\"justify\"><span style=\"font-family: Arial, serif\"><span style=\"font-size: small\"><b>ATEN\u00c7\u00c3O:<\/b><\/span><\/span><span style=\"font-family: Arial, serif\"><span style=\"font-size: small\"> n\u00e3o haver\u00e1 inscri\u00e7\u00f5es ap\u00f3s essa data e o credenciamento s\u00f3 ser\u00e1 realizado para os inscritos.<\/span><\/span><\/p>\n<p class=\"western\" align=\"justify\"><span style=\"font-family: Arial, serif\"><span style=\"font-size: small\">Siga as normas, inscreva-se e participe conosco!<\/span><\/span><\/p>\n<p class=\"western\" align=\"justify\"><span style=\"color: #2a6099\"><span style=\"font-family: Arial, serif\"><span style=\"font-size: small\">Regras gerais sobre as inscri\u00e7\u00f5es<\/span><\/span><\/span><\/p>\n<p class=\"western\" align=\"justify\"><span style=\"font-family: Arial, serif\"><span style=\"font-size: small\">Todos(as) os(as) participantes dever\u00e3o realizar inscri\u00e7\u00f5es no <strong>VI Ciclo de debates \u2013 M\u00faltiplos olhares sobre as quest\u00f5es ambientais e as Rela\u00e7\u00f5es Internacionais.<\/strong><\/span><\/span><\/p>\n<p class=\"western\" align=\"justify\"><span style=\"font-family: Arial, serif\"><span style=\"font-size: small\">As inscri\u00e7\u00f5es dever\u00e3o ser efetuadas por meio do preenchimento do formul\u00e1rio on-line, observando-se os prazos estabelecidos para cada modalidade de inscri\u00e7\u00e3o.<\/span><\/span><\/p>\n<p class=\"western\" align=\"justify\"><span style=\"font-family: Arial, serif\"><span style=\"font-size: small\">No item \u201cPerfil\u201d, escolha uma das op\u00e7\u00f5es segundo o seu v\u00ednculo com a UEPB:<\/span><\/span><\/p>\n<p class=\"western\" align=\"justify\">\u2022 <span style=\"font-family: Arial, serif\"><span style=\"font-size: small\">SERVIDOR (docente ou t\u00e9cnico administrativo);<\/span><\/span><\/p>\n<p class=\"western\" align=\"justify\">\u2022 <span style=\"font-family: Arial, serif\"><span style=\"font-size: small\">ALUNO (gradua\u00e7\u00e3o ou p\u00f3s).<\/span><\/span><\/p>\n<p class=\"western\" align=\"justify\">\u2022 <span style=\"font-family: Arial, serif\"><span style=\"font-size: small\">P\u00daBLICO EXTERNO \u2013 refere-se a toda e qualquer pessoa <\/span><\/span><span style=\"font-family: Arial, serif\"><span style=\"font-size: small\"><b>sem v\u00ednculo com a UEPB<\/b><\/span><\/span><span style=\"font-family: Arial, serif\"><span style=\"font-size: small\"> que deseja participar do Evento.<\/span><\/span><\/p>\n<p class=\"western\" align=\"justify\"><span style=\"font-family: Arial, serif\"><span style=\"font-size: small\">Para a finaliza\u00e7\u00e3o da inscri\u00e7\u00e3o, faz-se necess\u00e1rio <\/span><\/span><span style=\"font-family: Arial, serif\"><span style=\"font-size: small\">escolher a op\u00e7\u00e3o DEBATE: <strong>VI Ciclo de debates \u2013 M\u00faltiplos olhares sobre as quest\u00f5es ambientais e as Rela\u00e7\u00f5es Internacionais<\/strong>.<\/span><\/span><\/p>\n<p class=\"western\" align=\"justify\"><span style=\"font-family: Arial, serif\"><span style=\"font-size: small\"><b>OBS:<\/b><\/span><\/span><span style=\"font-family: Arial, serif\"><span style=\"font-size: small\"> Depois de escolhidas as atividades (minicursos e\/ou oficinas), e finalizada a inscri\u00e7\u00e3o, n\u00e3o ser\u00e1 poss\u00edvel acrescentar nem trocar de atividade, portanto, al\u00e9m do formato, observe dias e hor\u00e1rios dispon\u00edveis.<\/span><\/span><\/p>\n<p class=\"western\" align=\"justify\"><span style=\"font-family: Arial, serif\"><span style=\"font-size: small\">Na aba \u201cPrograma\u00e7\u00e3o\u201d ser\u00e3o disponibilizados os links de acesso \u00e0s atividades remotas e a localiza\u00e7\u00e3o das atividades presenciais.<\/span><\/span><\/p>\n<p class=\"western\" align=\"justify\"><span style=\"font-family: Arial, serif\"><span style=\"font-size: small\"><b>Credenciamento<\/b><\/span><\/span><\/p>\n<p class=\"western\" align=\"justify\"><span style=\"font-family: Arial, serif\"><span style=\"font-size: small\">O credenciamento s\u00f3 ser\u00e1 efetuado com a apresenta\u00e7\u00e3o de um documento oficial com foto (RG, CNH ou documento oficial expedido por \u00f3rg\u00e3os federais).<\/span><\/span><\/p>\n<p class=\"western\" align=\"justify\"><span style=\"font-family: Arial, serif\"><span style=\"font-size: small\">N\u00e3o ser\u00e1 permitido o credenciamento por terceiros, exceto atrav\u00e9s de procura\u00e7\u00e3o. A entrega do material do evento ser\u00e1 realizada apenas ao participante presente ou ao seu procurador.<\/span><\/span><\/p>\n<p class=\"western\" align=\"justify\"><span style=\"font-family: Arial, serif\"><span style=\"font-size: small\">O credenciamento (entrega do material \u2013 pasta, crach\u00e1, bloco e caneta) ocorrer\u00e1 no local do evento;<\/span><\/span><\/p>\n<p class=\"western\" align=\"justify\"><span style=\"font-family: Arial, serif\"><span style=\"font-size: small\">Haver\u00e1 lista de presen\u00e7a em todas as atividades.<\/span><\/span><\/p>\n<p class=\"western\" align=\"justify\"><span style=\"font-family: Arial, serif;color: #0000ff\"><span style=\"font-size: small\"><b>Fa\u00e7a Sua Inscri\u00e7\u00e3o<\/b><\/span><\/span><\/p>\n<p class=\"western\" align=\"justify\"><span style=\"font-family: Arial, serif\"><span style=\"font-size: small\">Acesse o link: <a href=\"https:\/\/suap.uepb.edu.br\/eventos\/inscricao\/89\/\">https:\/\/suap.uepb.edu.br\/eventos\/inscricao\/89\/<\/a><\/span><\/span><\/p>\n<p>[\/vc_column_text][\/vc_tta_section][vc_tta_section title=&#8221;Certificados&#8221; tab_id=&#8221;1723056893961-23202c5a-7142&#8243;][vc_column_text css=&#8221;&#8221;]<\/p>\n<ul>\n<li>\n<p class=\"western\" align=\"justify\"><span style=\"font-family: Arial, serif\"><span style=\"font-size: small\">Informamos aos participantes do <strong>VI Ciclo de debates \u2013 M\u00faltiplos olhares sobre as quest\u00f5es ambientais e as Rela\u00e7\u00f5es Internacionais<\/strong><\/span><\/span><span style=\"font-family: Arial, serif\"><span style=\"font-size: small\">\u00a0que\u00a0os certificados ser\u00e3o enviados para o e-mail dos inscritos que estiveram presentes no evento, favor buscar, na caixa de entrada ou no SPAM, pelo assunto: [SUAP] Certificado de Participa\u00e7\u00e3o;<\/span><\/span><\/p>\n<\/li>\n<li>\n<p class=\"western\" align=\"justify\"><span style=\"font-family: Arial, serif\"><span style=\"font-size: small\">O certificado de Participa\u00e7\u00e3o no <strong>VI Ciclo de debates \u2013 M\u00faltiplos olhares sobre as quest\u00f5es ambientais e as Rela\u00e7\u00f5es Internacionais<\/strong><\/span><\/span><span style=\"font-family: Arial, serif\"><span style=\"font-size: small\">\u00a0ser\u00e1 emitido com x horas para todos os participantes inscritos e que assinaram as listas de presen\u00e7a;<\/span><\/span><\/p>\n<\/li>\n<li>\n<p class=\"western\" align=\"justify\"><span style=\"font-family: Arial, serif\"><span style=\"font-size: small\">Os certificados de Ministrantes de atividades ser\u00e3o enviados para o e-mail informado no ato da inscri\u00e7\u00e3o.<\/span><\/span><\/p>\n<\/li>\n<\/ul>\n<p>[\/vc_column_text][\/vc_tta_section][\/vc_tta_tour][\/vc_column][\/vc_row]<\/p>\n<\/div>","protected":false},"excerpt":{"rendered":"<p>[vc_row][vc_column][vc_tta_tour][vc_tta_section title=&#8221;Apresenta\u00e7\u00e3o&#8221; tab_id=&#8221;1723051350484-74ca6583-f13f&#8221;][vc_column_text css=&#8221;&#8221;]Este evento d\u00e1 continuidade a uma s\u00e9rie de outros cinco semin\u00e1rios anteriores, com o mesmo grupo de organiza\u00e7\u00e3o, que trataram de tem\u00e1ticas relevantes e cr\u00edticas para as rela\u00e7\u00f5es internacionais, como por exemplo, discutindo g\u00eanero, diversidade direitos humanos e meio ambiente, p\u00f3s-colonialismo e ex-col\u00f4nias e Timor-Leste.[\/vc_column_text][\/vc_tta_section][vc_tta_section title=&#8221;Comiss\u00e3o Organizadora&#8221; tab_id=&#8221;1723051372044-4de7e0c8-ac23&#8243;][vc_column_text css=&#8221;&#8221;]Giuliana Dias Vieira Silvia <a class=\"leiamais\" href=\"https:\/\/eventos.uepb.edu.br\/congressouniversitario\/vi-ciclo-de-debates-multiplos-olhares-sobre-as-questoes-ambientais-e-as-relacoes-internacionais\/\">Leia Mais&#8230;<\/a><\/p>\n","protected":false},"author":4,"featured_media":0,"parent":0,"menu_order":0,"comment_status":"closed","ping_status":"closed","template":"","meta":{"footnotes":""},"class_list":["post-1309","page","type-page","status-publish","hentry"],"_links":{"self":[{"href":"https:\/\/eventos.uepb.edu.br\/congressouniversitario\/wp-json\/wp\/v2\/pages\/1309","targetHints":{"allow":["GET"]}}],"collection":[{"href":"https:\/\/eventos.uepb.edu.br\/congressouniversitario\/wp-json\/wp\/v2\/pages"}],"about":[{"href":"https:\/\/eventos.uepb.edu.br\/congressouniversitario\/wp-json\/wp\/v2\/types\/page"}],"author":[{"embeddable":true,"href":"https:\/\/eventos.uepb.edu.br\/congressouniversitario\/wp-json\/wp\/v2\/users\/4"}],"replies":[{"embeddable":true,"href":"https:\/\/eventos.uepb.edu.br\/congressouniversitario\/wp-json\/wp\/v2\/comments?post=1309"}],"version-history":[{"count":9,"href":"https:\/\/eventos.uepb.edu.br\/congressouniversitario\/wp-json\/wp\/v2\/pages\/1309\/revisions"}],"predecessor-version":[{"id":2095,"href":"https:\/\/eventos.uepb.edu.br\/congressouniversitario\/wp-json\/wp\/v2\/pages\/1309\/revisions\/2095"}],"wp:attachment":[{"href":"https:\/\/eventos.uepb.edu.br\/congressouniversitario\/wp-json\/wp\/v2\/media?parent=1309"}],"curies":[{"name":"wp","href":"https:\/\/api.w.org\/{rel}","templated":true}]}}