{"id":1297,"date":"2024-08-23T10:37:41","date_gmt":"2024-08-23T13:37:41","guid":{"rendered":"https:\/\/eventos.uepb.edu.br\/congressouniversitario\/?page_id=1297"},"modified":"2024-10-16T14:18:21","modified_gmt":"2024-10-16T17:18:21","slug":"iii-semana-de-agronomia-iii-seagro","status":"publish","type":"page","link":"https:\/\/eventos.uepb.edu.br\/congressouniversitario\/iii-semana-de-agronomia-iii-seagro\/","title":{"rendered":"III SEMANA DE AGRONOMIA &#8211; III SEAGRO"},"content":{"rendered":"<div class=\"wpb-content-wrapper\"><p>[vc_row][vc_column][vc_tta_tour][vc_tta_section title=&#8221;Apresenta\u00e7\u00e3o&#8221; tab_id=&#8221;1723051350484-74ca6583-f13f&#8221;][vc_column_text css=&#8221;&#8221;]<img loading=\"lazy\" decoding=\"async\" class=\"alignleft size-medium wp-image-1578 img-responsive\" src=\"https:\/\/eventos.uepb.edu.br\/congressouniversitario\/wp-content\/uploads\/sites\/7\/2024\/09\/Logomarca-2024-Felipe-Queiroga-Cartaxo-300x123.jpeg\" alt=\"\" width=\"300\" height=\"123\" srcset=\"https:\/\/eventos.uepb.edu.br\/congressouniversitario\/wp-content\/uploads\/sites\/7\/2024\/09\/Logomarca-2024-Felipe-Queiroga-Cartaxo-300x123.jpeg 300w, https:\/\/eventos.uepb.edu.br\/congressouniversitario\/wp-content\/uploads\/sites\/7\/2024\/09\/Logomarca-2024-Felipe-Queiroga-Cartaxo.jpeg 761w\" sizes=\"auto, (max-width: 300px) 100vw, 300px\" \/><\/p>\n<p>&nbsp;<\/p>\n<p>&nbsp;<\/p>\n<p>&nbsp;<\/p>\n<p>&nbsp;<\/p>\n<p>&nbsp;<\/p>\n<p><strong>Tem\u00e1tica:<\/strong> Produ\u00e7\u00e3o agr\u00edcola e pecu\u00e1ria no semi\u00e1rido.<\/p>\n<p>O evento \u00e9 denominado III Semana de Agronomia (III SEAGRO), que compreender\u00e1 uma palestra e seis minicursos.<\/p>\n<p><strong>Formato:<\/strong> Presencial<\/p>\n<p><strong>P\u00fablico-alvo:<\/strong> Alunos dos cursos de agronomia e t\u00e9cnico em agropecu\u00e1ria da UEPB &#8211; Campus IV.<\/p>\n<p><strong>Local:<\/strong> Campus IV, audit\u00f3rio no pr\u00e9dio de agr\u00e1rias e sala de aula no pr\u00e9dio de agr\u00e1rias, Sitio Cajueiro, s\/n, Zona Rural, Catol\u00e9 do Rocha, PB, 58884-000. Centro de Ci\u00eancias Humanas e Agr\u00e1rias &#8211; CCHA.[\/vc_column_text][\/vc_tta_section][vc_tta_section title=&#8221;Comiss\u00e3o Organizadora&#8221; tab_id=&#8221;1723051372044-4de7e0c8-ac23&#8243;][vc_column_text css=&#8221;&#8221;]<strong>Coordenador:<\/strong> Felipe Queiroga Cartaxo, Campus IV, DAE.<\/p>\n<p><strong>Organizadores(as):<\/strong><\/p>\n<p>Edivan da Silva Nunes J\u00fanior, Campus IV, DAE<\/p>\n<p>Ros\u00e2ngela da Silva Figueredo, Campus IV, DAE<\/p>\n<p>Mathews Henrique Marinho Gurgel, Campus IV, CCHA<\/p>\n<p>Albaneide de Almeida Formiga, Campus IV, CCHA<\/p>\n<p>Francisco Vanies da Silva S\u00e1, Campus IV, DAE<\/p>\n<p>Rayane Nunes Gomes, Campus IV, DAE<\/p>\n<p>Irton Miranda dos Anjos, Campus IV, DAE[\/vc_column_text][\/vc_tta_section][vc_tta_section title=&#8221;Programa\u00e7\u00e3o&#8221; tab_id=&#8221;1723051406819-7e54b22e-71d5&#8243;][vc_column_text css=&#8221;&#8221;]<\/p>\n<p class=\"western\" lang=\"pt-PT\"><span style=\"font-family: Calibri, sans-serif\"><span style=\"font-size: medium\"><b><span style=\"color: #1f2023\">06\/11\/2024 <\/span><\/b><\/span><\/span><\/p>\n<p class=\"western\" lang=\"pt-PT\"><span style=\"font-family: Calibri, sans-serif\"><span style=\"font-size: medium\"><b>Solenidade de abertura da III Semana de Agronomia &#8211; III SEAGRO <\/b><\/span><\/span><\/p>\n<p class=\"western\" lang=\"pt-PT\"><span style=\"font-family: Calibri, sans-serif\"><span style=\"font-size: medium\"><span style=\"color: #1f2023\">Hora<\/span> <span style=\"color: #1f2023\">de<\/span> <span style=\"color: #1f2023\">in\u00edcio<\/span> <span style=\"color: #1f2023\">da<\/span> <span style=\"color: #1f2023\">atividade:<\/span> <span style=\"color: #1f2023\">08:30<\/span> <\/span><\/span><\/p>\n<p class=\"western\" lang=\"pt-PT\"><span style=\"font-family: Calibri, sans-serif\"><span style=\"font-size: medium\"><span style=\"color: #1f2023\">Hora<\/span> <span style=\"color: #1f2023\">de<\/span> <span style=\"color: #1f2023\">fim<\/span> <span style=\"color: #1f2023\">da<\/span> <span style=\"color: #1f2023\">atividade:<\/span> <span style=\"color: #1f2023\">09:30<\/span> <\/span><\/span><\/p>\n<p class=\"western\" lang=\"pt-PT\"><span style=\"font-family: Calibri, sans-serif\"><span style=\"font-size: medium\"><span style=\"color: #1f2023\">Limite<\/span> <span style=\"color: #1f2023\">de<\/span> <span style=\"color: #1f2023\">Inscri\u00e7\u00f5es<\/span> <span style=\"color: #1f2023\">(quantidade<\/span> <span style=\"color: #1f2023\">de<\/span> <span style=\"color: #1f2023\">vagas):<\/span> <span style=\"color: #1f2023\">180<\/span><\/span><\/span><\/p>\n<p class=\"western\" lang=\"pt-PT\"><span style=\"font-family: Calibri, sans-serif\"><span style=\"font-size: medium\"><b>Palestra<\/b>: <b>Atribui\u00e7\u00f5es <\/b><b>profissionais do engenheiro agr\u00f4nomo vinculadas ao CREA<\/b><b> <\/b><\/span><\/span><\/p>\n<p class=\"western\" lang=\"pt-PT\"><span style=\"font-family: Calibri, sans-serif\"><span style=\"font-size: medium\"><span style=\"color: #1f2023\">Palestrante: Eng. Agr\u00f4nomo Guilherme S\u00e1 Abrantes de Sena e a Prof\u00aa Eng\u00aa Agr\u00edcola Aline<br \/>\nCosta<\/span><\/span><\/span><\/p>\n<p class=\"western\" lang=\"pt-PT\"><span style=\"font-family: Calibri, sans-serif\"><span style=\"font-size: medium\"><span style=\"color: #1f2023\">Hora<\/span> <span style=\"color: #1f2023\">de<\/span> <span style=\"color: #1f2023\">in\u00edcio<\/span> <span style=\"color: #1f2023\">da<\/span> <span style=\"color: #1f2023\">atividade:<\/span> <span style=\"color: #1f2023\">09:30<\/span> <\/span><\/span><\/p>\n<p class=\"western\" lang=\"pt-PT\"><span style=\"font-family: Calibri, sans-serif\"><span style=\"font-size: medium\"><span style=\"color: #1f2023\">Hora<\/span> <span style=\"color: #1f2023\">de<\/span> <span style=\"color: #1f2023\">fim<\/span> <span style=\"color: #1f2023\">da<\/span> <span style=\"color: #1f2023\">atividade:<\/span> <span style=\"color: #1f2023\">10:30<\/span> <\/span><\/span><\/p>\n<p class=\"western\" lang=\"pt-PT\"><span style=\"font-family: Calibri, sans-serif\"><span style=\"font-size: medium\"><span style=\"color: #1f2023\">Limite<\/span> <span style=\"color: #1f2023\">de<\/span> <span style=\"color: #1f2023\">Inscri\u00e7\u00f5es<\/span> <span style=\"color: #1f2023\">(quantidade<\/span> <span style=\"color: #1f2023\">de<\/span> <span style=\"color: #1f2023\">vagas):<\/span> <span style=\"color: #1f2023\">180<\/span><\/span><\/span><\/p>\n<p class=\"western\" lang=\"pt-PT\"><span style=\"font-family: Calibri, sans-serif\"><span style=\"font-size: medium\"><b>Minicur<\/b><b>so:<\/b><b> <\/b><b>Boas<\/b><b> <\/b><b>pr\u00e1ticas<\/b><b> <\/b><b>de<\/b><b> <\/b><b>manejo<\/b><b> <\/b><b>na<\/b><b> <\/b><b>ordenha<\/b><\/span><\/span><\/p>\n<p class=\"western\" lang=\"pt-PT\"><span style=\"font-family: Calibri, sans-serif\"><span style=\"font-size: medium\">Ministrante: Profa. Dra. Rayane Nunes Gomes (UEPB \u2013 Campus IV) <\/span><\/span><\/p>\n<p class=\"western\" lang=\"pt-PT\"><span style=\"font-family: Calibri, sans-serif\"><span style=\"font-size: medium\"><span style=\"color: #1f2023\">Hora<\/span> <span style=\"color: #1f2023\">de<\/span> <span style=\"color: #1f2023\">in\u00edcio<\/span> <span style=\"color: #1f2023\">da<\/span> <span style=\"color: #1f2023\">atividade:<\/span> <span style=\"color: #1f2023\">13:30<\/span> <\/span><\/span><\/p>\n<p class=\"western\" lang=\"pt-PT\"><span style=\"font-family: Calibri, sans-serif\"><span style=\"font-size: medium\"><span style=\"color: #1f2023\">Hora<\/span> <span style=\"color: #1f2023\">de<\/span> <span style=\"color: #1f2023\">fim<\/span> <span style=\"color: #1f2023\">da<\/span> <span style=\"color: #1f2023\">atividade:<\/span> <span style=\"color: #1f2023\">17:30<\/span><\/span><\/span><\/p>\n<p class=\"western\" lang=\"pt-PT\"><span style=\"font-family: Calibri, sans-serif\"><span style=\"font-size: medium\"><span style=\"color: #1f2023\">Limite<\/span> <span style=\"color: #1f2023\">de<\/span> <span style=\"color: #1f2023\">Inscri\u00e7\u00f5es<\/span> <span style=\"color: #1f2023\">(quantidade<\/span> <span style=\"color: #1f2023\">de<\/span> <span style=\"color: #1f2023\">vagas):<\/span> <span style=\"color: #1f2023\">30<\/span><\/span><\/span><\/p>\n<p class=\"western\" lang=\"pt-PT\"><span style=\"font-family: Calibri, sans-serif\"><span style=\"font-size: medium\"><b>Minicurso<\/b>:<b> <\/b><b>Qualidade<\/b><b> <\/b><b>de<\/b><b> <\/b><b>\u00e1gua<\/b><b> <\/b><b>para<\/b><b> <\/b><b>irriga\u00e7\u00e3o<\/b><\/span><\/span><\/p>\n<p class=\"western\" lang=\"pt-PT\"><span style=\"font-family: Calibri, sans-serif\"><span style=\"font-size: medium\">Ministrante: Prof. Dr. Francisco Vanies da Silva S\u00e1 (UEPB \u2013 Campus IV) <\/span><\/span><\/p>\n<p class=\"western\" lang=\"pt-PT\"><span style=\"font-family: Calibri, sans-serif\"><span style=\"font-size: medium\"><span style=\"color: #1f2023\">Hora<\/span> <span style=\"color: #1f2023\">de<\/span> <span style=\"color: #1f2023\">in\u00edcio<\/span> <span style=\"color: #1f2023\">da<\/span> <span style=\"color: #1f2023\">atividade:<\/span> <span style=\"color: #1f2023\">13:30<\/span> <\/span><\/span><\/p>\n<p class=\"western\" lang=\"pt-PT\"><span style=\"font-family: Calibri, sans-serif\"><span style=\"font-size: medium\"><span style=\"color: #1f2023\">Hora<\/span> <span style=\"color: #1f2023\">de<\/span> <span style=\"color: #1f2023\">fim<\/span> <span style=\"color: #1f2023\">da<\/span> <span style=\"color: #1f2023\">atividade:<\/span> <span style=\"color: #1f2023\">17:30<\/span> <\/span><\/span><\/p>\n<p class=\"western\" lang=\"pt-PT\"><span style=\"font-family: Calibri, sans-serif\"><span style=\"font-size: medium\"><span style=\"color: #1f2023\">Limite<\/span> <span style=\"color: #1f2023\">de<\/span> <span style=\"color: #1f2023\">Inscri\u00e7\u00f5es<\/span> <span style=\"color: #1f2023\">(quantidade<\/span> <span style=\"color: #1f2023\">de<\/span> <span style=\"color: #1f2023\">vagas):<\/span> <span style=\"color: #1f2023\">30<\/span><\/span><\/span><\/p>\n<p class=\"western\" lang=\"pt-PT\"><span style=\"font-family: Calibri, sans-serif\"><span style=\"font-size: medium\"><span style=\"color: #1f2023\"><b>07\/11\/2024 <\/b><\/span><\/span><\/span><\/p>\n<p class=\"western\" lang=\"pt-PT\"><span style=\"font-family: Calibri, sans-serif\"><span style=\"font-size: medium\"><b>Minicurso<\/b><b>:<\/b><b> <\/b><b>M\u00e1quinas<\/b><b> <\/b><b>e<\/b><b> <\/b><b>mecaniza\u00e7\u00e3o<\/b><b> <\/b><b>agr\u00edcola<\/b><\/span><\/span><\/p>\n<p class=\"western\" lang=\"pt-PT\" align=\"left\"><span style=\"font-family: Calibri, sans-serif\"><span style=\"font-size: medium\">Ministrante: Prof. Me. Alcides Almeida Ferreira (UEPB \u2013 Campus IV) <\/span><\/span><\/p>\n<p class=\"western\" lang=\"pt-PT\"><span style=\"font-family: Calibri, sans-serif\"><span style=\"font-size: medium\"><span style=\"color: #1f2023\">Hora<\/span> <span style=\"color: #1f2023\">de<\/span> <span style=\"color: #1f2023\">in\u00edcio<\/span> <span style=\"color: #1f2023\">da<\/span> <span style=\"color: #1f2023\">atividade:<\/span> <span style=\"color: #1f2023\">07:30<\/span> <span style=\"color: #1f2023\">Hora<\/span> <span style=\"color: #1f2023\">de<\/span> <span style=\"color: #1f2023\">fim<\/span> <span style=\"color: #1f2023\">da<\/span> <span style=\"color: #1f2023\">atividade:<\/span> <span style=\"color: #1f2023\">11:30<\/span> <span style=\"color: #1f2023\">Carga<\/span><\/span><\/span><\/p>\n<p class=\"western\" lang=\"pt-PT\"><span style=\"font-family: Calibri, sans-serif\"><span style=\"font-size: medium\"><span style=\"color: #1f2023\">Limite<\/span> <span style=\"color: #1f2023\">de<\/span> <span style=\"color: #1f2023\">Inscri\u00e7\u00f5es<\/span> <span style=\"color: #1f2023\">(quantidade<\/span> <span style=\"color: #1f2023\">de<\/span> <span style=\"color: #1f2023\">vagas):<\/span> <span style=\"color: #1f2023\">30<\/span><\/span><\/span><\/p>\n<p class=\"western\" lang=\"pt-PT\"><span style=\"font-family: Calibri, sans-serif\"><span style=\"font-size: medium\"><b>Minicurso<\/b><b>:<\/b><b> <\/b><b>Compostagem<\/b><b> <\/b><b>pr\u00e1tica:<\/b><b> <\/b><b>t\u00e9cnicas eficientes<\/b><b> <\/b><b>para<\/b><b> <\/b><b>montagem<\/b><b> <\/b><b>e<\/b><b> <\/b><b>manuten\u00e7\u00e3o<\/b><b> <\/b><b>de<\/b><b> <\/b><b>composteiras<\/b><\/span><\/span><\/p>\n<p class=\"western\" lang=\"pt-PT\"><span style=\"font-family: Calibri, sans-serif\"><span style=\"font-size: medium\">Ministrantes: <\/span><\/span><\/p>\n<p class=\"western\" lang=\"pt-PT\"><span style=\"font-family: Calibri, sans-serif\"><span style=\"font-size: medium\">Profa. Dra. Danielly da Silva Lucena (UEPB \u2013 Campus IV) <\/span><\/span><\/p>\n<p class=\"western\" lang=\"pt-PT\"><span style=\"font-family: Calibri, sans-serif\"><span style=\"font-size: medium\">Prof. Dr. Danilo Dantas da Silva (UEPB \u2013 Campus IV)<\/span><\/span><\/p>\n<p class=\"western\" lang=\"pt-PT\"><span style=\"font-family: Calibri, sans-serif\"><span style=\"font-size: medium\"><span style=\"color: #1f2023\">Hora<\/span> <span style=\"color: #1f2023\">de<\/span> <span style=\"color: #1f2023\">in\u00edcio<\/span> <span style=\"color: #1f2023\">da<\/span> <span style=\"color: #1f2023\">atividade:<\/span> <span style=\"color: #1f2023\">07:30<\/span> <\/span><\/span><\/p>\n<p class=\"western\" lang=\"pt-PT\"><span style=\"font-family: Calibri, sans-serif\"><span style=\"font-size: medium\"><span style=\"color: #1f2023\">Hora<\/span> <span style=\"color: #1f2023\">de<\/span> <span style=\"color: #1f2023\">fim<\/span> <span style=\"color: #1f2023\">da<\/span> <span style=\"color: #1f2023\">atividade:<\/span> <span style=\"color: #1f2023\">11:30<\/span> <\/span><\/span><\/p>\n<p class=\"western\" lang=\"pt-PT\"><span style=\"font-family: Calibri, sans-serif\"><span style=\"font-size: medium\"><span style=\"color: #1f2023\">Limite<\/span> <span style=\"color: #1f2023\">de<\/span> <span style=\"color: #1f2023\">Inscri\u00e7\u00f5es<\/span> <span style=\"color: #1f2023\">(quantidade<\/span> <span style=\"color: #1f2023\">de<\/span> <span style=\"color: #1f2023\">vagas):<\/span> <span style=\"color: #1f2023\">30<\/span><\/span><\/span><\/p>\n<p class=\"western\" lang=\"pt-PT\" align=\"left\"><span style=\"font-family: Calibri, sans-serif\"><span style=\"font-size: medium\"><b>Minicurso<\/b><b>:<\/b><b> <\/b><b>Agricultura<\/b><b> <\/b><b>org\u00e2nica<\/b><\/span><\/span><\/p>\n<p class=\"western\" lang=\"pt-PT\" align=\"left\"><span style=\"font-family: Calibri, sans-serif\"><span style=\"font-size: medium\">Ministrante: Prof. Dr. Jos\u00e9 Geraldo Rodrigues dos Santos (UEPB \u2013 Campus IV) <\/span><\/span><\/p>\n<p class=\"western\" lang=\"pt-PT\" align=\"left\"><span style=\"font-family: Calibri, sans-serif\"><span style=\"font-size: medium\"><span style=\"color: #1f2023\">Hora<\/span> <span style=\"color: #1f2023\">de<\/span> <span style=\"color: #1f2023\">in\u00edcio<\/span> <span style=\"color: #1f2023\">da<\/span> <span style=\"color: #1f2023\">atividade:<\/span> <span style=\"color: #1f2023\">13:30<\/span> <\/span><\/span><\/p>\n<p class=\"western\" lang=\"pt-PT\" align=\"left\"><span style=\"font-family: Calibri, sans-serif\"><span style=\"font-size: medium\"><span style=\"color: #1f2023\">Hora<\/span> <span style=\"color: #1f2023\">de<\/span> <span style=\"color: #1f2023\">fim<\/span> <span style=\"color: #1f2023\">da<\/span> <span style=\"color: #1f2023\">atividade:<\/span> <span style=\"color: #1f2023\">17:30<\/span> <\/span><\/span><\/p>\n<p class=\"western\" lang=\"pt-PT\"><span style=\"font-family: Calibri, sans-serif\"><span style=\"font-size: medium\"><span style=\"color: #1f2023\">Limite<\/span> <span style=\"color: #1f2023\">de<\/span> <span style=\"color: #1f2023\">Inscri\u00e7\u00f5es<\/span> <span style=\"color: #1f2023\">(quantidade<\/span> <span style=\"color: #1f2023\">de<\/span> <span style=\"color: #1f2023\">vagas):<\/span> <span style=\"color: #1f2023\">30<\/span><\/span><\/span><\/p>\n<p class=\"western\" lang=\"pt-PT\"><span style=\"font-family: Calibri, sans-serif\"><span style=\"font-size: medium\"><b>Minicurso<\/b>:<b> <\/b><b>Multiplica\u00e7\u00e3o<\/b><b> <\/b><b>de<\/b><b> <\/b><b>palma<\/b><b> <\/b><b>forrageira<\/b><b> <\/b><b>em<\/b><b> <\/b><b>forma<\/b><b> <\/b><b>de<\/b><b> <\/b><b>tablete<\/b><b> <\/b><b>Ministrante:<\/b><b> <\/b><b>Dr.<\/b><b> <\/b><b>Josimar<\/b><b> <\/b><b>Gomes<\/b><b> <\/b><b>Torres<\/b><b> <\/b><b>(SENAR-RN)<\/b><\/span><\/span><\/p>\n<p class=\"western\" lang=\"pt-PT\"><span style=\"font-family: Calibri, sans-serif\"><span style=\"font-size: medium\"><span style=\"color: #1f2023\">Hora<\/span> <span style=\"color: #1f2023\">de<\/span> <span style=\"color: #1f2023\">in\u00edcio<\/span> <span style=\"color: #1f2023\">da<\/span> <span style=\"color: #1f2023\">atividade:<\/span> <span style=\"color: #1f2023\">13:30<\/span> <\/span><\/span><\/p>\n<p class=\"western\" lang=\"pt-PT\"><span style=\"font-family: Calibri, sans-serif\"><span style=\"font-size: medium\"><span style=\"color: #1f2023\">Hora<\/span> <span style=\"color: #1f2023\">de<\/span> <span style=\"color: #1f2023\">fim<\/span> <span style=\"color: #1f2023\">da<\/span> <span style=\"color: #1f2023\">atividade:<\/span> <span style=\"color: #1f2023\">17:30<\/span> <\/span><\/span><\/p>\n<p class=\"western\" lang=\"pt-PT\"><span style=\"font-family: Calibri, sans-serif\"><span style=\"font-size: medium\"><span style=\"color: #1f2023\">Limite<\/span> <span style=\"color: #1f2023\">de<\/span> <span style=\"color: #1f2023\">Inscri\u00e7\u00f5es<\/span> <span style=\"color: #1f2023\">(quantidade<\/span> <span style=\"color: #1f2023\">de<\/span> <span style=\"color: #1f2023\">vagas):<\/span> <span style=\"color: #1f2023\">30<\/span><\/span><\/span><\/p>\n<h1 class=\"western\" lang=\"pt-PT\" align=\"left\"><span style=\"font-family: Calibri, sans-serif\"><span style=\"font-size: medium\">OBS: CADA ALUNO PODER\u00c1 SE INSCREVER NO M\u00c1XIMO EM DOIS MINICURSOS<\/span><\/span><\/h1>\n<p class=\"western\" lang=\"pt-PT\"><span style=\"font-family: Calibri, sans-serif\"><span style=\"font-size: medium\"><b>Solenidade de encerramento da III Semana de Agronomia &#8211; III SEAGRO <\/b><\/span><\/span><\/p>\n<p class=\"western\" lang=\"pt-PT\"><span style=\"font-family: Calibri, sans-serif\"><span style=\"font-size: medium\"><span style=\"color: #1f2023\">Hora<\/span> <span style=\"color: #1f2023\">de<\/span> <span style=\"color: #1f2023\">in\u00edcio<\/span> <span style=\"color: #1f2023\">da<\/span> <span style=\"color: #1f2023\">atividade:<\/span> <span style=\"color: #1f2023\">18:00<\/span> <\/span><\/span><\/p>\n<p class=\"western\" lang=\"pt-PT\"><span style=\"font-family: Calibri, sans-serif\"><span style=\"font-size: medium\"><span style=\"color: #1f2023\">Hora<\/span> <span style=\"color: #1f2023\">de<\/span> <span style=\"color: #1f2023\">fim<\/span> <span style=\"color: #1f2023\">da<\/span> <span style=\"color: #1f2023\">atividade:<\/span> <span style=\"color: #1f2023\">19:00<\/span> <\/span><\/span><\/p>\n<p class=\"western\" lang=\"pt-PT\"><span style=\"font-family: Calibri, sans-serif\"><span style=\"font-size: medium\"><span style=\"color: #1f2023\">Limite<\/span> <span style=\"color: #1f2023\">de<\/span> <span style=\"color: #1f2023\">Inscri\u00e7\u00f5es<\/span> <span style=\"color: #1f2023\">(quantidade<\/span> <span style=\"color: #1f2023\">de<\/span> <span style=\"color: #1f2023\">vagas):<\/span> <span style=\"color: #1f2023\">180<\/span><\/span><\/span><\/p>\n<p>[\/vc_column_text][\/vc_tta_section][vc_tta_section title=&#8221;Inscri\u00e7\u00f5es e Credenciamento&#8221; tab_id=&#8221;1723056810590-d369a7e8-5186&#8243;][vc_column_text css=&#8221;&#8221;]<\/p>\n<p class=\"western\" align=\"justify\"><span style=\"color: #2a6099\"><span style=\"font-family: Arial, sans-serif\"><span style=\"font-size: small\">Normas para Inscri\u00e7\u00e3o e Credenciamento<\/span><\/span><\/span><\/p>\n<p class=\"western\" align=\"justify\"><span style=\"font-family: Arial, sans-serif\"><span style=\"font-size: small\">Prazo para inscri\u00e7\u00e3o \u2013 at\u00e9 <\/span><\/span><span style=\"font-family: Arial, sans-serif\"><span style=\"font-size: small\"><b><del>15 DE OUTUBRO DE 2024<\/del>\u00a0 <span style=\"color: #0000ff\">20\u00a0DE OUTUBRO DE 2024<\/span><\/b><\/span><\/span><\/p>\n<p class=\"western\" align=\"justify\"><span style=\"font-family: Arial, sans-serif\"><span style=\"font-size: small\"><b>ATEN\u00c7\u00c3O:<\/b><\/span><\/span><span style=\"font-family: Arial, sans-serif\"><span style=\"font-size: small\"> n\u00e3o haver\u00e1 inscri\u00e7\u00f5es ap\u00f3s essa data e o credenciamento s\u00f3 ser\u00e1 realizado para os inscritos.<\/span><\/span><\/p>\n<p class=\"western\" align=\"justify\"><span style=\"font-family: Arial, sans-serif\"><span style=\"font-size: small\">Siga as normas, inscreva-se e participe conosco!<\/span><\/span><\/p>\n<p class=\"western\" align=\"justify\"><span style=\"color: #2a6099\"><span style=\"font-family: Arial, sans-serif\"><span style=\"font-size: small\">Regras gerais sobre as inscri\u00e7\u00f5es<\/span><\/span><\/span><\/p>\n<p class=\"western\" align=\"justify\"><span style=\"font-family: Arial, sans-serif\"><span style=\"font-size: small\">Todos(as) os(as) participantes dever\u00e3o realizar inscri\u00e7\u00f5es no <strong>III SEMANA DE AGRONOMIA \u2013 III SEAGRO<\/strong><\/span><\/span><\/p>\n<p class=\"western\" align=\"justify\"><span style=\"font-family: Arial, sans-serif\"><span style=\"font-size: small\">As inscri\u00e7\u00f5es dever\u00e3o ser efetuadas por meio do preenchimento do formul\u00e1rio on-line, observando-se os prazos estabelecidos para cada modalidade de inscri\u00e7\u00e3o.<\/span><\/span><\/p>\n<p class=\"western\" align=\"justify\"><span style=\"font-family: Arial, sans-serif\"><span style=\"font-size: small\">No item \u201cPerfil\u201d, escolha uma das op\u00e7\u00f5es segundo o seu v\u00ednculo com a UEPB:<\/span><\/span><\/p>\n<p class=\"western\" align=\"justify\">\u2022 <span style=\"font-family: Arial, sans-serif\"><span style=\"font-size: small\">SERVIDOR (docente ou t\u00e9cnico administrativo);<\/span><\/span><\/p>\n<p class=\"western\" align=\"justify\">\u2022 <span style=\"font-family: Arial, sans-serif\"><span style=\"font-size: small\">ALUNO (gradua\u00e7\u00e3o ou p\u00f3s).<\/span><\/span><\/p>\n<p class=\"western\" align=\"justify\">\u2022 <span style=\"font-family: Arial, sans-serif\"><span style=\"font-size: small\">P\u00daBLICO EXTERNO \u2013 refere-se a toda e qualquer pessoa <\/span><\/span><span style=\"font-family: Arial, sans-serif\"><span style=\"font-size: small\"><b>sem v\u00ednculo com a UEPB<\/b><\/span><\/span><span style=\"font-family: Arial, sans-serif\"><span style=\"font-size: small\"> que deseja participar do Evento.<\/span><\/span><\/p>\n<p class=\"western\" align=\"justify\"><span style=\"font-family: Arial, sans-serif\"><span style=\"font-size: small\">Para a finaliza\u00e7\u00e3o da inscri\u00e7\u00e3o, faz-se necess\u00e1rio optar por pelo menos uma atividade (MINICURSO).<\/span><\/span><\/p>\n<p class=\"western\" align=\"justify\"><span style=\"font-family: Arial, sans-serif\"><span style=\"font-size: small\">Caso <\/span><\/span><span style=\"font-family: Arial, sans-serif\"><span style=\"font-size: small\"><b>N\u00c3O DESEJE <\/b><\/span><\/span><span style=\"font-family: Arial, sans-serif\"><span style=\"font-size: small\">participar de nenhuma atividade (minicursos ou oficinas) escolher a op\u00e7\u00e3o MINICURSO: N\u00c3O DESEJO PARTICIPAR DE NENHUMA ATIVIDADE (MINICURSO) QUERO PARTICIPAR COM OUVINTE DO <strong>III SEMANA DE AGRONOMIA \u2013 III SEAGRO<\/strong>.<\/span><\/span><\/p>\n<p class=\"western\" align=\"justify\"><span style=\"font-family: Arial, sans-serif\"><span style=\"font-size: small\"><b>OBS:<\/b><\/span><\/span><span style=\"font-family: Arial, sans-serif\"><span style=\"font-size: small\"> Depois de escolhidas as atividades (minicursos), e finalizada a inscri\u00e7\u00e3o, n\u00e3o ser\u00e1 poss\u00edvel acrescentar nem trocar de atividade, portanto, al\u00e9m do formato, observe dias e hor\u00e1rios dispon\u00edveis.<\/span><\/span><\/p>\n<p class=\"western\" align=\"justify\"><span style=\"font-family: Arial, sans-serif\"><span style=\"font-size: small\">Na aba \u201cPrograma\u00e7\u00e3o\u201d ser\u00e3o disponibilizadas a localiza\u00e7\u00e3o das atividades presenciais.<\/span><\/span><\/p>\n<p class=\"western\" align=\"justify\"><span style=\"font-family: Arial, sans-serif\"><span style=\"font-size: small\"><b>Minicursos<\/b><\/span><\/span><\/p>\n<p class=\"western\" align=\"justify\"><span style=\"font-family: Arial, sans-serif\"><span style=\"font-size: small\">Os minicursos possuem vagas limitadas disponibilizadas no sistema e s\u00f3 poder\u00e3o participar os que optarem pela atividade no momento da inscri\u00e7\u00e3o.<\/span><\/span><\/p>\n<p class=\"western\" align=\"justify\"><span style=\"font-family: Arial, sans-serif\"><span style=\"font-size: small\">S\u00f3 poder\u00e1 participar dos minicursos quem realizar inscri\u00e7\u00e3o pr\u00e9via nos mesmos.<\/span><\/span><\/p>\n<p class=\"western\" align=\"justify\"><span style=\"font-family: Arial, sans-serif\"><span style=\"font-size: small\">O credenciamento s\u00f3 ser\u00e1 efetuado com a apresenta\u00e7\u00e3o de um documento oficial com foto (RG, CNH ou documento oficial expedido por \u00f3rg\u00e3os federais).<\/span><\/span><\/p>\n<p class=\"western\" align=\"justify\"><span style=\"font-family: Arial, sans-serif\"><span style=\"font-size: small\">N\u00e3o ser\u00e1 permitido o credenciamento por terceiros, exceto atrav\u00e9s de procura\u00e7\u00e3o. A entrega do material do evento ser\u00e1 realizada apenas ao participante presente ou ao seu procurador.<\/span><\/span><\/p>\n<p class=\"western\" align=\"justify\"><span style=\"font-family: Arial, sans-serif\"><span style=\"font-size: small\">O credenciamento (entrega do material \u2013 pasta, crach\u00e1, bloco e caneta) ocorrer\u00e1 no C\u00e2mpus IV, Sitio Cajueiro, s\/n, Zona Rural, Catol\u00e9 do Rocha;<\/span><\/span><\/p>\n<p class=\"western\" align=\"justify\"><span style=\"font-family: Arial, sans-serif\"><span style=\"font-size: small\">Haver\u00e1 lista de presen\u00e7a em todas as atividades<\/span><\/span><span style=\"font-family: Arial, sans-serif\"><span style=\"font-size: small\">.<\/span><\/span><\/p>\n<p class=\"western\" align=\"justify\"><span style=\"font-family: Arial, sans-serif\"><span style=\"font-size: small\"><b>Fa\u00e7a Sua Inscri\u00e7\u00e3o<\/b><\/span><\/span><\/p>\n<p class=\"western\" align=\"justify\"><span style=\"font-family: Arial, sans-serif\"><span style=\"font-size: small\">Acesse o link: <a href=\"https:\/\/suap.uepb.edu.br\/eventos\/inscricao\/67\/\">https:\/\/suap.uepb.edu.br\/eventos\/inscricao\/67\/<\/a><\/span><\/span><\/p>\n<p>[\/vc_column_text][\/vc_tta_section][vc_tta_section title=&#8221;Certificados&#8221; tab_id=&#8221;1723056893961-23202c5a-7142&#8243;][vc_column_text css=&#8221;&#8221;]<\/p>\n<ul>\n<li>\n<p class=\"western\" align=\"justify\"><span style=\"font-family: Arial, sans-serif\"><span style=\"font-size: small\">Informamos aos participantes do <strong>III SEMANA DE AGRONOMIA \u2013 III SEAGRO<\/strong><\/span><\/span><span style=\"font-family: Arial, sans-serif\"><span style=\"font-size: small\">\u00a0que\u00a0os certificados <\/span><\/span><span style=\"font-family: Arial, sans-serif\"><span style=\"font-size: small\">ser\u00e3o<\/span><\/span><span style=\"font-family: Arial, sans-serif\"><span style=\"font-size: small\"> enviados para o e-mail dos inscritos que estiveram presentes no evento, favor buscar, na caixa de entrada ou no SPAM, pelo assunto: [SUAP] Certificado de Participa\u00e7\u00e3o;<\/span><\/span><\/p>\n<\/li>\n<li>\n<p class=\"western\" align=\"justify\"><span style=\"font-family: Arial, sans-serif\"><span style=\"font-size: small\">O certificado de Participa\u00e7\u00e3o no <strong>III SEMANA DE AGRONOMIA \u2013 III SEAGRO<\/strong><\/span><\/span><span style=\"font-family: Arial, sans-serif\"><span style=\"font-size: small\">\u00a0<\/span><\/span><span style=\"font-family: Arial, sans-serif\"><span style=\"font-size: small\">ser\u00e1<\/span><\/span><span style=\"font-family: Arial, sans-serif\"><span style=\"font-size: small\"> emitido com 26<\/span><\/span><span style=\"font-family: Arial, sans-serif\"><span style=\"font-size: small\"> horas para todos os participantes inscritos e que assinaram as listas de presen\u00e7a;<\/span><\/span><\/p>\n<\/li>\n<li>\n<p class=\"western\" align=\"justify\"><span style=\"font-family: Arial, sans-serif\"><span style=\"font-size: small\">Os certificados de\u00a0participa\u00e7\u00e3o em <\/span><\/span><span style=\"font-family: Arial, sans-serif\"><span style=\"font-size: small\">Minicurso <\/span><\/span><span style=\"font-family: Arial, sans-serif\"><span style=\"font-size: small\">ser\u00e3o<\/span><\/span><span style=\"font-family: Arial, sans-serif\"><span style=\"font-size: small\"> emitidos com a carga hor\u00e1ria conforme a atividade desenvolvida, desde que tenha sido constatada a inscri\u00e7\u00e3o e presen\u00e7a, mediante assinatura das listas;<\/span><\/span><\/p>\n<\/li>\n<li>\n<p class=\"western\" align=\"justify\"><span style=\"font-family: Arial, sans-serif\"><span style=\"font-size: small\">Os certificados de <\/span><\/span><span style=\"font-family: Arial, sans-serif\"><span style=\"font-size: small\">Palestrante, Debatedor e Moderador de mesa-redonda, Ministrante de atividade <\/span><\/span><span style=\"font-family: Arial, sans-serif\"><span style=\"font-size: small\">ser\u00e3o enviados para o e-mail informado no ato da inscri\u00e7\u00e3o.<\/span><\/span><\/p>\n<\/li>\n<\/ul>\n<p>[\/vc_column_text][\/vc_tta_section][\/vc_tta_tour][\/vc_column][\/vc_row]<\/p>\n<\/div>","protected":false},"excerpt":{"rendered":"<p>[vc_row][vc_column][vc_tta_tour][vc_tta_section title=&#8221;Apresenta\u00e7\u00e3o&#8221; tab_id=&#8221;1723051350484-74ca6583-f13f&#8221;][vc_column_text css=&#8221;&#8221;] &nbsp; &nbsp; &nbsp; &nbsp; &nbsp; Tem\u00e1tica: Produ\u00e7\u00e3o agr\u00edcola e pecu\u00e1ria no semi\u00e1rido. O evento \u00e9 denominado III Semana de Agronomia (III SEAGRO), que compreender\u00e1 uma palestra e seis minicursos. Formato: Presencial P\u00fablico-alvo: Alunos dos cursos de agronomia e t\u00e9cnico em agropecu\u00e1ria da UEPB &#8211; Campus IV. Local: Campus IV, audit\u00f3rio no <a class=\"leiamais\" href=\"https:\/\/eventos.uepb.edu.br\/congressouniversitario\/iii-semana-de-agronomia-iii-seagro\/\">Leia Mais&#8230;<\/a><\/p>\n","protected":false},"author":4,"featured_media":0,"parent":0,"menu_order":0,"comment_status":"closed","ping_status":"closed","template":"","meta":{"footnotes":""},"class_list":["post-1297","page","type-page","status-publish","hentry"],"_links":{"self":[{"href":"https:\/\/eventos.uepb.edu.br\/congressouniversitario\/wp-json\/wp\/v2\/pages\/1297","targetHints":{"allow":["GET"]}}],"collection":[{"href":"https:\/\/eventos.uepb.edu.br\/congressouniversitario\/wp-json\/wp\/v2\/pages"}],"about":[{"href":"https:\/\/eventos.uepb.edu.br\/congressouniversitario\/wp-json\/wp\/v2\/types\/page"}],"author":[{"embeddable":true,"href":"https:\/\/eventos.uepb.edu.br\/congressouniversitario\/wp-json\/wp\/v2\/users\/4"}],"replies":[{"embeddable":true,"href":"https:\/\/eventos.uepb.edu.br\/congressouniversitario\/wp-json\/wp\/v2\/comments?post=1297"}],"version-history":[{"count":13,"href":"https:\/\/eventos.uepb.edu.br\/congressouniversitario\/wp-json\/wp\/v2\/pages\/1297\/revisions"}],"predecessor-version":[{"id":2111,"href":"https:\/\/eventos.uepb.edu.br\/congressouniversitario\/wp-json\/wp\/v2\/pages\/1297\/revisions\/2111"}],"wp:attachment":[{"href":"https:\/\/eventos.uepb.edu.br\/congressouniversitario\/wp-json\/wp\/v2\/media?parent=1297"}],"curies":[{"name":"wp","href":"https:\/\/api.w.org\/{rel}","templated":true}]}}