{"id":1293,"date":"2024-08-23T10:37:07","date_gmt":"2024-08-23T13:37:07","guid":{"rendered":"https:\/\/eventos.uepb.edu.br\/congressouniversitario\/?page_id=1293"},"modified":"2024-10-21T16:33:32","modified_gmt":"2024-10-21T19:33:32","slug":"i-mostra-de-atividades-do-centro-de-humanidades-i-match","status":"publish","type":"page","link":"https:\/\/eventos.uepb.edu.br\/congressouniversitario\/i-mostra-de-atividades-do-centro-de-humanidades-i-match\/","title":{"rendered":"I Mostra de Atividades do Centro de Humanidades &#8211; I MATCH"},"content":{"rendered":"<div class=\"wpb-content-wrapper\"><p>[vc_row][vc_column][vc_tta_tour][vc_tta_section title=&#8221;Apresenta\u00e7\u00e3o&#8221; tab_id=&#8221;1723051350484-74ca6583-f13f&#8221;][vc_column_text css=&#8221;&#8221;]<img loading=\"lazy\" decoding=\"async\" class=\"alignleft size-medium wp-image-1475 img-responsive\" src=\"https:\/\/eventos.uepb.edu.br\/congressouniversitario\/wp-content\/uploads\/sites\/7\/2024\/09\/Marca-do-MATCH-nova-versao-Centro-de-Humanidades-CH-300x239.png\" alt=\"\" width=\"300\" height=\"239\" srcset=\"https:\/\/eventos.uepb.edu.br\/congressouniversitario\/wp-content\/uploads\/sites\/7\/2024\/09\/Marca-do-MATCH-nova-versao-Centro-de-Humanidades-CH-300x239.png 300w, https:\/\/eventos.uepb.edu.br\/congressouniversitario\/wp-content\/uploads\/sites\/7\/2024\/09\/Marca-do-MATCH-nova-versao-Centro-de-Humanidades-CH-1000x796.png 1000w, https:\/\/eventos.uepb.edu.br\/congressouniversitario\/wp-content\/uploads\/sites\/7\/2024\/09\/Marca-do-MATCH-nova-versao-Centro-de-Humanidades-CH.png 1114w\" sizes=\"auto, (max-width: 300px) 100vw, 300px\" \/><\/p>\n<p>&nbsp;<\/p>\n<p>&nbsp;<\/p>\n<p>&nbsp;<\/p>\n<p>&nbsp;<\/p>\n<p>&nbsp;<\/p>\n<p>&nbsp;<\/p>\n<p>&nbsp;<\/p>\n<p>&nbsp;<\/p>\n<p class=\"western\" align=\"justify\"><span style=\"font-family: Arial, serif\">A <strong>I Mostra de Atividades do Centro de Humanidades &#8211; I MATCH<\/strong>, evento que compartilha os saberes e conhecimentos das humanidades. Durante este evento, ter-se-\u00e1 oportunidade de explorar uma ampla gama de projetos e atividades desenvolvidos por docentes, discentes e t\u00e9cnicos administrativos do Centro de Humanidades da UEPB. O I MATCH oferecer\u00e1 uma vis\u00e3o abrangente do impacto que nosso centro tem na forma\u00e7\u00e3o de profissionais competentes e comprometidos com a sociedade<\/span><\/p>\n<p class=\"western\" align=\"justify\"><strong><span style=\"font-family: Arial, serif\">Formato: <\/span><\/strong><span style=\"font-family: Arial, serif\">presencial<\/span><\/p>\n<p class=\"western\" align=\"justify\"><strong><span style=\"font-family: Arial, serif\">P\u00fablico-alv<\/span><span style=\"font-family: Arial, serif\">o: <\/span><\/strong><span style=\"font-family: Arial, serif\">Alunos, professores da educa\u00e7\u00e3o b\u00e1sica, professores universit\u00e1rio, t\u00e9cnicos e o comunidade em geral.<\/span><\/p>\n<p class=\"western\" align=\"justify\"><span style=\"font-family: Arial, serif\"><b>Local: <\/b><\/span><span style=\"font-family: Arial, serif\">Campus III, R. Gov. Ant\u00f4nio Mariz, S\/N &#8211; Areia Branca, Guarabira &#8211; PB, 58200-000<\/span><\/p>\n<p>[\/vc_column_text][\/vc_tta_section][vc_tta_section title=&#8221;Comiss\u00e3o Organizadora&#8221; tab_id=&#8221;1723051372044-4de7e0c8-ac23&#8243;][vc_column_text css=&#8221;&#8221;]<\/p>\n<p class=\"western\" align=\"justify\"><span style=\"font-family: Arial, serif;color: #008080\"><b>Coordena\u00e7\u00e3o e Organiza\u00e7\u00e3o<\/b><\/span><\/p>\n<p class=\"western\" align=\"justify\"><span style=\"font-family: Arial, serif;color: #ff6600\"><b>Coordena\u00e7\u00e3o<\/b><\/span><\/p>\n<ul>\n<li class=\"western\"><span style=\"font-family: Arial, serif\">Leandro Paiva do Monte Rodrigues, Campus III &#8211; Centro de Humanidades, Dire\u00e7\u00e3o de Centro.<\/span><\/li>\n<li class=\"western\"><span style=\"font-family: Arial, serif\">Marcos Vinicius Santos de Santana Feitoza, Campus III &#8211; Centro de Humanidades, Dire\u00e7\u00e3o de Centro.<\/span><\/li>\n<li class=\"western\"><span style=\"font-family: Arial, serif\">Maria de F\u00e1tima de Souza Aquino, Campus III &#8211; Centro de Humanidades, Dire\u00e7\u00e3o de Centro.<\/span><\/li>\n<\/ul>\n<p class=\"western\" align=\"justify\"><span style=\"font-family: Arial, serif;color: #ff6600\"><b>Organiza\u00e7\u00e3o<\/b><\/span><\/p>\n<ul>\n<li class=\"western\"><span style=\"font-family: Arial, serif\">Al\u00f4mia Abrantes da Silva, Campus III &#8211; Centro de Humanidades, Departamento de Hist\u00f3ria.<\/span><\/li>\n<li class=\"western\"><span style=\"font-family: Arial, serif\">Belarmino Mariano Neto, Campus III &#8211; Centro de Humanidades, Departamento de Geografia.<\/span><\/li>\n<li class=\"western\"><span style=\"font-family: Arial, serif\">Crizeuda Farias da Silva Dias, Campus III &#8211; Centro de Humanidades, Departamento de Direito.<\/span><\/li>\n<li class=\"western\"><span style=\"font-family: Arial, serif\">Joseane Mendes Ferreira, Campus III &#8211; Centro de Humanidades, Departamento de Letras.<\/span><\/li>\n<li class=\"western\"><span style=\"font-family: Arial, serif\">Sueli Meira Liebig, Campus III &#8211; Centro de Humanidades, Departamento de Letras.<\/span><\/li>\n<li class=\"western\"><span style=\"font-family: Arial, serif\">Taises Araujo da Silva Alves, Campus III &#8211; Centro de Humanidades, Departamento de Educa\u00e7\u00e3o.<\/span><\/li>\n<\/ul>\n<p>[\/vc_column_text][\/vc_tta_section][vc_tta_section title=&#8221;Comiss\u00e3o Cient\u00edfica e Avaliadora&#8221; tab_id=&#8221;1723051393227-dd34a073-4930&#8243;][vc_column_text css=&#8221;&#8221;]Em constru\u00e7\u00e3o.[\/vc_column_text][\/vc_tta_section][vc_tta_section title=&#8221;Programa\u00e7\u00e3o&#8221; tab_id=&#8221;1723051406819-7e54b22e-71d5&#8243;][vc_column_text css=&#8221;&#8221;]<span style=\"font-family: Arial, sans-serif;color: #ff6600\"><span style=\"font-size: medium\"><b>0<\/b><b>6<\/b><b>\/11\/2024 <\/b><\/span><\/span><\/p>\n<p><b><span style=\"font-family: Arial, serif\"><span style=\"font-size: medium\">M<\/span><\/span><span style=\"font-family: Arial, serif\"><span style=\"font-size: medium\">esa redonda:<\/span><\/span> <span style=\"font-family: Arial, serif\"><span style=\"font-size: medium\">Direito e atualidades<\/span><\/span><\/b><\/p>\n<p><span style=\"font-family: Arial, serif\"><span style=\"font-size: medium\">Hora de in\u00edcio da atividade: 08:00<\/span><\/span><\/p>\n<p><span style=\"font-family: Arial, serif\"><span style=\"font-size: medium\">Hora de fim da atividade: 11:00<\/span><\/span><\/p>\n<p>&nbsp;<\/p>\n<p><strong>Minicurso: Acessibilidade e inclus\u00e3o escolar: desafios e possibilidades<\/strong><\/p>\n<p>Hora de in\u00edcio da atividade: 08:00<\/p>\n<p>Hora de fim da atividade: 10:00<\/p>\n<p>Limite de Inscri\u00e7\u00f5es (quantidade de vagas): 25 (vinte e cinco) vagas<\/p>\n<p>&nbsp;<\/p>\n<p><b><span style=\"font-family: Arial, serif\"><span style=\"font-size: medium\">P<\/span><\/span><span style=\"font-family: Arial, serif\"><span style=\"font-size: medium\">alestra:<\/span><\/span> <span style=\"font-family: Arial, serif\"><span style=\"font-size: medium\">Projeto \u00dcbermenschen: artificialidade uterina e implica\u00e7\u00f5es jur\u00eddicas<\/span><\/span><\/b><\/p>\n<p><span style=\"font-family: Arial, serif\"><span style=\"font-size: medium\">Hora de in\u00edcio da atividade: 09:30<\/span><\/span><\/p>\n<p><span style=\"font-family: Arial, serif\"><span style=\"font-size: medium\">Hora de fim da atividade: 11:30<\/span><\/span><\/p>\n<p>&nbsp;<\/p>\n<p><b><span style=\"font-family: Arial, serif\"><span style=\"font-size: medium\">M<\/span><\/span><span style=\"font-family: Arial, serif\"><span style=\"font-size: medium\">esa <\/span><\/span><span style=\"font-family: Arial, serif\"><span style=\"font-size: medium\"> redonda<\/span><\/span><span style=\"font-family: Arial, serif\"><span style=\"font-size: medium\">:<\/span><\/span> <span style=\"font-family: Arial, serif\"><span style=\"font-size: medium\">Programa HBCB\/CH\/UEPB \u2013 contribui\u00e7\u00f5es de cada projeto para a Agenda 2030<\/span><\/span><\/b><\/p>\n<p><span style=\"font-family: Arial, serif\"><span style=\"font-size: medium\">Hora de in\u00edcio da atividade: 13:30<\/span><\/span><\/p>\n<p><span style=\"font-family: Arial, serif\"><span style=\"font-size: medium\">Hora de fim da atividade:16:30<\/span><\/span><\/p>\n<p>&nbsp;<\/p>\n<p style=\"font-weight: 400\"><strong>Mostra: Combate \u00e0 desinforma\u00e7\u00e3o atrav\u00e9s do jogo Fato ou Fake?<\/strong><\/p>\n<p style=\"font-weight: 400\">Hora de in\u00edcio da atividade: 13:30<\/p>\n<p style=\"font-weight: 400\">Hora de fim da atividade: 16:30<\/p>\n<p>&nbsp;<\/p>\n<p><span style=\"font-family: Arial, sans-serif\"><span style=\"font-size: medium\"><b><span style=\"font-family: Arial, sans-serif\">Minicurso<\/span>: A Para\u00edba ao longo do II Reinado: temas e acervos<\/b><\/span><\/span><\/p>\n<p><span style=\"font-family: Arial, sans-serif\"><span style=\"font-size: medium\">Hora de in\u00edcio da atividade: 13:30<\/span><\/span><\/p>\n<p><span style=\"font-family: Arial, sans-serif\"><span style=\"font-size: medium\">Hora de fim da atividade: 16:30<\/span><\/span><\/p>\n<p><span style=\"font-family: Arial, sans-serif\"><span style=\"font-size: medium\">Limite de Inscri\u00e7\u00f5es (quantidade de vagas): 30 (trinta) vagas<\/span><\/span><\/p>\n<p>&nbsp;<\/p>\n<p><span style=\"font-family: Arial, sans-serif\"><span style=\"font-size: medium\"><b>Minicurso: Trabalhadores, movimentos sociais e usos das fontes (arquivos e hist\u00f3ria oral) &#8211; Parte I<\/b><\/span><\/span><\/p>\n<p><span style=\"font-family: Arial, sans-serif\"><span style=\"font-size: medium\">Hora de in\u00edcio da atividade: 19:00<\/span><\/span><\/p>\n<p><span style=\"font-family: Arial, sans-serif\"><span style=\"font-size: medium\">Hora de fim da atividade: 21:30<\/span><\/span><\/p>\n<p><span style=\"font-family: Arial, sans-serif\"><span style=\"font-size: medium\">Limite de Inscri\u00e7\u00f5es (quantidade de vagas): 30 (trinta) vagas<\/span><\/span><\/p>\n<p>&nbsp;<\/p>\n<p><span style=\"font-family: Arial, sans-serif\"><span style=\"font-size: medium\"><b>Minicurso: Mapas tem\u00e1ticos no QGIS &#8211; Parte I<\/b><\/span><\/span><\/p>\n<p><span style=\"font-family: Arial, sans-serif\"><span style=\"font-size: medium\">Hora de in\u00edcio da atividade: 19:30<\/span><\/span><\/p>\n<p><span style=\"font-family: Arial, sans-serif\"><span style=\"font-size: medium\">Hora de fim da atividade: 21:30<\/span><\/span><\/p>\n<p><span style=\"font-family: Arial, sans-serif\"><span style=\"font-size: medium\">Limite de Inscri\u00e7\u00f5es (quantidade de vagas): 20 (trinta) vagas<\/span><\/span><\/p>\n<p>&nbsp;<\/p>\n<p><strong><span style=\"font-family: Arial, serif\"><span style=\"font-size: medium\">M<\/span><\/span><span style=\"font-family: Arial, serif\"><span style=\"font-size: medium\">esa redonda:<\/span><\/span> <span style=\"font-family: Arial, serif\"><span style=\"font-size: medium\">O Ensino de Hist\u00f3ria: reformas, desafios e tend\u00eancias<\/span><\/span><\/strong><\/p>\n<p><span style=\"font-family: Arial, serif\"><span style=\"font-size: medium\">Hora de in\u00edcio da atividade: 19:30<\/span><\/span><\/p>\n<p><span style=\"font-family: Arial, serif\"><span style=\"font-size: medium\">Hora de fim da atividade: 21:30<\/span><\/span><\/p>\n<p>&nbsp;<\/p>\n<p><span style=\"font-family: Arial, sans-serif;color: #ff6600\"><span style=\"font-size: medium\"><b>07\/11\/2024 <\/b><\/span><\/span><\/p>\n<p>&nbsp;<\/p>\n<p><b><span style=\"font-family: Arial, serif\"><span style=\"font-size: medium\">P<\/span><\/span><span style=\"font-family: Arial, serif\"><span style=\"font-size: medium\">alestra:<\/span><\/span> <span style=\"font-family: Arial, serif\"><span style=\"font-size: medium\">Se defender de ass\u00e9dio \u00e9 defender a pr\u00f3pria dignidade<\/span><\/span><\/b><\/p>\n<p><span style=\"font-family: Arial, serif\"><span style=\"font-size: medium\">Hora de in\u00edcio da atividade: 07:30<\/span><\/span><\/p>\n<p><span style=\"font-family: Arial, serif\"><span style=\"font-size: medium\">Hora de fim da atividade: 09:30<\/span><\/span><\/p>\n<p>&nbsp;<\/p>\n<p><b><span style=\"font-family: Arial, serif\"><span style=\"font-size: medium\">Mostra: II MOSTRA DE ARTE E EDUCA\u00c7\u00c3O<\/span><\/span><\/b><\/p>\n<p><span style=\"font-family: Arial, serif\"><span style=\"font-size: medium\">Hora de in\u00edcio da atividade: 08:00<\/span><\/span><\/p>\n<p><span style=\"font-family: Arial, serif\"><span style=\"font-size: medium\">Hora de fim da atividade: 20:00<\/span><\/span><\/p>\n<p>&nbsp;<\/p>\n<p><span style=\"font-family: Arial, sans-serif\"><span style=\"font-size: medium\"><b>Minicurso: \u201cDireito do Trabalho e o Contrato de Est\u00e1gio N\u00e3o Obrigat\u00f3rio: uma forma de adquirir conhecimento para uma profiss\u00e3o ou de precarizar o trabalho do estagi\u00e1rio?\u201d<\/b><\/span><\/span><\/p>\n<p><span style=\"font-family: Arial, sans-serif\"><span style=\"font-size: medium\">Hora de in\u00edcio da atividade: 8:00<\/span><\/span><\/p>\n<p><span style=\"font-family: Arial, sans-serif\"><span style=\"font-size: medium\">Hora de fim da atividade: 10:00<\/span><\/span><\/p>\n<p><span style=\"font-family: Arial, sans-serif\"><span style=\"font-size: medium\">Limite de Inscri\u00e7\u00f5es (quantidade de vagas): 30 (trinta) vagas<\/span><\/span><\/p>\n<p>&nbsp;<\/p>\n<p><span style=\"font-family: Arial, sans-serif\"><span style=\"font-size: medium\"><b>Minicurso: \u201cCarl Schmitt e a eugenia na Constitui\u00e7\u00e3o de 1934\u201d<\/b><\/span><\/span><\/p>\n<p><span style=\"font-family: Arial, sans-serif\"><span style=\"font-size: medium\">Hora de in\u00edcio da atividade: 8:00<\/span><\/span><\/p>\n<p><span style=\"font-family: Arial, sans-serif\"><span style=\"font-size: medium\">Hora de fim da atividade: 12:00<\/span><\/span><\/p>\n<p><span style=\"font-family: Arial, sans-serif\"><span style=\"font-size: medium\">Limite de Inscri\u00e7\u00f5es (quantidade de vagas): 30 (trinta) vagas<\/span><\/span><\/p>\n<p>&nbsp;<\/p>\n<p><span style=\"font-family: Arial, sans-serif\"><span style=\"font-size: medium\"><b>Minicurso: \u201cCadastro e atualiza\u00e7\u00e3o do curr\u00edculo lattes: aprendendo a registrar nossas atividades acad\u00eamicas e profissionais\u201d<\/b><\/span><\/span><\/p>\n<p><span style=\"font-family: Arial, sans-serif\"><span style=\"font-size: medium\">Hora de in\u00edcio da atividade: 08:00<\/span><\/span><\/p>\n<p><span style=\"font-family: Arial, sans-serif\"><span style=\"font-size: medium\">Hora de fim da atividade: 11:00<\/span><\/span><\/p>\n<p><span style=\"font-family: Arial, sans-serif\"><span style=\"font-size: medium\">Limite de Inscri\u00e7\u00f5es (quantidade de vagas): 30 (trinta) vagas<\/span><\/span><\/p>\n<p>&nbsp;<\/p>\n<p><span style=\"font-family: Arial, sans-serif\"><span style=\"font-size: medium\"><b>Minicurso: &#8220;Lit\u00edgios Estruturais&#8221;<\/b><\/span><\/span><\/p>\n<p><span style=\"font-family: Arial, sans-serif\"><span style=\"font-size: medium\">Hora de in\u00edcio da atividade: 09:00<\/span><\/span><\/p>\n<p><span style=\"font-family: Arial, sans-serif\"><span style=\"font-size: medium\">Hora de fim da atividade: 11:00<\/span><\/span><\/p>\n<p><span style=\"font-family: Arial, sans-serif\"><span style=\"font-size: medium\">Limite de Inscri\u00e7\u00f5es (quantidade de vagas): 30 (trinta) vagas<\/span><\/span><\/p>\n<p>&nbsp;<\/p>\n<p><b><span style=\"font-family: Arial, serif\"><span style=\"font-size: medium\">M<\/span><\/span><span style=\"font-family: Arial, serif\"><span style=\"font-size: medium\">esa redonda:<\/span><\/span> <span style=\"font-family: Arial, serif\"><span style=\"font-size: medium\">As linguagens historiogr\u00e1ficas e a narrativa hist\u00f3rica<\/span><\/span><\/b><\/p>\n<p><span style=\"font-family: Arial, serif\"><span style=\"font-size: medium\">Hora de in\u00edcio da atividade: 13:30<\/span><\/span><\/p>\n<p><span style=\"font-family: Arial, serif\"><span style=\"font-size: medium\">Hora de fim da atividade: 15:30<\/span><\/span><\/p>\n<p>&nbsp;<\/p>\n<p><b><span style=\"font-family: Arial, serif\"><span style=\"font-size: medium\">P<\/span><\/span><span style=\"font-family: Arial, serif\"><span style=\"font-size: medium\">alestra:<\/span><\/span> <span style=\"font-family: Arial, serif\"><span style=\"font-size: medium\">Como identificar o ativismo judicial na pr\u00e1tica decis\u00f3ria do STF<\/span><\/span><\/b><\/p>\n<p><span style=\"font-family: Arial, serif\"><span style=\"font-size: medium\">Hora de in\u00edcio da atividade: 13:30<\/span><\/span><\/p>\n<p><span style=\"font-family: Arial, serif\"><span style=\"font-size: medium\">Hora de fim da atividade: 16:30<\/span><\/span><\/p>\n<p>&nbsp;<\/p>\n<p><b><span style=\"font-family: Arial, serif\"><span style=\"font-size: medium\">M<\/span><\/span><span style=\"font-family: Arial, serif\"><span style=\"font-size: medium\">esa redonda: O Plano Diretor Participativo de Guarabira: Aspecto para uma cidade mais sustent\u00e1vel<\/span><\/span><\/b><\/p>\n<p><span style=\"font-family: Arial, serif\"><span style=\"font-size: medium\">Hora de in\u00edcio da atividade: 14:00<\/span><\/span><\/p>\n<p><span style=\"font-family: Arial, serif\"><span style=\"font-size: medium\">Hora de fim da atividade: 17:00<\/span><\/span><\/p>\n<p>&nbsp;<\/p>\n<p><b><span style=\"font-family: Arial, serif\"><span style=\"font-size: medium\">Lan\u00e7amento de livro:<\/span><\/span> <span style=\"font-family: Arial, serif\"><span style=\"font-size: medium\">Cat\u00e1logo de Quadrinhos: contribui\u00e7\u00f5es das leituras de HQs para o ensino de Hist\u00f3ria do Brasil e Literatura<\/span><\/span><\/b><\/p>\n<p><span style=\"font-family: Arial, serif\"><span style=\"font-size: medium\">Hora de in\u00edcio da atividade: 15:30<\/span><\/span><\/p>\n<p><span style=\"font-family: Arial, serif\"><span style=\"font-size: medium\">Hora de fim da atividade: 16:30<\/span><\/span><\/p>\n<p>&nbsp;<\/p>\n<p><strong>Palestra: Mudan\u00e7as clim\u00e1ticas no ensino de Literatura: Uma discuss\u00e3o urgente!<\/strong><br \/>\nHora de in\u00edcio da atividade: 15:30<br \/>\nHora de fim da atividade: 17:30<\/p>\n<p>&nbsp;<\/p>\n<p><strong>Simp\u00f3sio Tem\u00e1tico: Manifesta\u00e7\u00f5es do Colorismo na Literatura feminina afro-americana<\/strong><br \/>\nHora de in\u00edcio da atividade: 13:30<br \/>\nHora de fim da atividade: 15:30<br \/>\nLimite de Inscri\u00e7\u00f5es (quantidade de vagas): 40 (quarenta) vagas<\/p>\n<p>&nbsp;<\/p>\n<p><span style=\"font-family: Arial, sans-serif\"><span style=\"font-size: medium\"><b>Minicurso: &#8220;A educa\u00e7\u00e3o de jovens e adultos: uma epistemologia em constru\u00e7\u00e3o&#8221;<\/b><\/span><\/span><\/p>\n<p><span style=\"font-family: Arial, sans-serif\"><span style=\"font-size: medium\">Hora de in\u00edcio da atividade: 14:00<\/span><\/span><\/p>\n<p><span style=\"font-family: Arial, sans-serif\"><span style=\"font-size: medium\">Hora de fim da atividade: 16:00<\/span><\/span><\/p>\n<p><span style=\"font-family: Arial, sans-serif\"><span style=\"font-size: medium\">Limite de Inscri\u00e7\u00f5es (quantidade de vagas): 30 (trinta) vagas<\/span><\/span><\/p>\n<p>&nbsp;<\/p>\n<p><span style=\"font-family: Arial, sans-serif\"><span style=\"font-size: medium\"><b>Minicurso: &#8220;A Import\u00e2ncia dos M\u00e9todos Adequados de Solu\u00e7\u00e3o de Conflitos Para Advocacia Civil e Familiar&#8221;<\/b><\/span><\/span><\/p>\n<p><span style=\"font-family: Arial, sans-serif\"><span style=\"font-size: medium\">Hora de in\u00edcio da atividade: 14:00<\/span><\/span><\/p>\n<p><span style=\"font-family: Arial, sans-serif\"><span style=\"font-size: medium\">Hora de fim da atividade: 16:00<\/span><\/span><\/p>\n<p><span style=\"font-family: Arial, sans-serif\"><span style=\"font-size: medium\">Limite de Inscri\u00e7\u00f5es (quantidade de vagas): 30 (trinta) vagas<\/span><\/span><\/p>\n<p>&nbsp;<\/p>\n<p><strong>Mesa redonda: Gest\u00e3o e empreendedorismo educacional: um debate necess\u00e1rio.<\/strong><\/p>\n<p>Hora de in\u00edcio da atividade: 19:00<\/p>\n<p>Hora de fim da atividade: 21:30<\/p>\n<p>&nbsp;<\/p>\n<p><span style=\"font-family: Arial, sans-serif\"><span style=\"font-size: medium\"><b>Minicurso: Trabalhadores, movimentos sociais e usos das fontes (arquivos e hist\u00f3ria oral) &#8211; Parte II<\/b><\/span><\/span><\/p>\n<p><span style=\"font-family: Arial, sans-serif\"><span style=\"font-size: medium\">Hora de in\u00edcio da atividade: 19:00<\/span><\/span><\/p>\n<p><span style=\"font-family: Arial, sans-serif\"><span style=\"font-size: medium\">Hora de fim da atividade: 21:30<\/span><\/span><\/p>\n<p><span style=\"font-family: Arial, sans-serif\"><span style=\"font-size: medium\">Limite de Inscri\u00e7\u00f5es (quantidade de vagas): 30 (trinta) vagas<\/span><\/span><\/p>\n<p>&nbsp;<\/p>\n<p><span style=\"font-family: Arial, sans-serif\"><span style=\"font-size: medium\"><b>Minicurso: Mapas tem\u00e1ticos no QGIS &#8211; Parte II<\/b><\/span><\/span><\/p>\n<p><span style=\"font-family: Arial, sans-serif\"><span style=\"font-size: medium\">Hora de in\u00edcio da atividade: 19:30<\/span><\/span><\/p>\n<p><span style=\"font-family: Arial, sans-serif\"><span style=\"font-size: medium\">Hora de fim da atividade: 21:30<\/span><\/span><\/p>\n<p><span style=\"font-family: Arial, sans-serif\"><span style=\"font-size: medium\">Limite de Inscri\u00e7\u00f5es (quantidade de vagas): 20 (trinta) vagas<\/span><\/span><\/p>\n<p>&nbsp;<\/p>\n<p><span style=\"font-family: Arial, sans-serif;color: #ff6600\"><span style=\"font-size: medium\"><b>08\/11\/2024 <\/b><\/span><\/span><\/p>\n<p>&nbsp;<\/p>\n<p><strong>VIII Semin\u00e1rio Construindo Metodologias de Ensino com foco nas Leis 10.639\/2003 e 11.645\/2008<\/strong><\/p>\n<p>Hora de in\u00edcio da atividade: 08:00<\/p>\n<p>Hora de fim da atividade: 21:00<\/p>\n<p>Limite de Inscri\u00e7\u00f5es (quantidade de vagas): 300 (trezentas) vagas<\/p>\n<p>&nbsp;<\/p>\n<p><strong>Mesa Redonda \u2013 A Diversidade Religiosa na Forma\u00e7\u00e3o do Educador\/a<\/strong><\/p>\n<p><span style=\"font-family: Arial, serif\"><span style=\"font-size: medium\">Hora de in\u00edcio da atividade: 07:30<\/span><\/span><\/p>\n<p><span style=\"font-family: Arial, serif\"><span style=\"font-size: medium\">Hora de fim da atividade: 09:30<\/span><\/span><\/p>\n<p>&nbsp;<\/p>\n<p><b><span style=\"font-family: Arial, serif\"><span style=\"font-size: medium\">P<\/span><\/span><span style=\"font-family: Arial, serif\"><span style=\"font-size: medium\">alestra: Encontrando-se no Direito: Das t\u00e9cnicas de estudo \u00e0s perspectivas de atua\u00e7\u00e3o e o levantar do v\u00e9u de \u00cdsis<\/span><\/span><\/b><\/p>\n<p><span style=\"font-family: Arial, serif\"><span style=\"font-size: medium\">Hora de in\u00edcio da atividade: 08:00<\/span><\/span><\/p>\n<p><span style=\"font-family: Arial, serif\"><span style=\"font-size: medium\">Hora de fim da atividade: 11:00<\/span><\/span><\/p>\n<p>&nbsp;<\/p>\n<p><b><span style=\"font-family: Arial, serif\"><span style=\"font-size: medium\">Roda de di\u00e1logos: Viol\u00eancia contra as mulheres: como prevenir?<\/span><\/span><\/b><\/p>\n<p><span style=\"font-family: Arial, serif\"><span style=\"font-size: medium\">Hora de in\u00edcio da atividade: 09:40<\/span><\/span><\/p>\n<p><span style=\"font-family: Arial, serif\"><span style=\"font-size: medium\">Hora de fim da atividade: 11:40<\/span><\/span><\/p>\n<p><span style=\"font-family: Arial, serif\"><span style=\"font-size: medium\">Carga Hor\u00e1ria: 2:00<\/span><\/span><\/p>\n<p>&nbsp;<\/p>\n<p><b><span style=\"font-family: Arial, serif\"><span style=\"font-size: medium\">Lan\u00e7amento de livro: &#8220;As mulheres querem viver e&#8230;escrevem &#8221; com textos de Mulheres da U<\/span><\/span><span style=\"font-family: Arial, serif\"><span style=\"font-size: medium\">EPB<\/span><\/span><span style=\"font-family: Arial, serif\"><span style=\"font-size: medium\">.<\/span><\/span><\/b><\/p>\n<p><span style=\"font-family: Arial, serif\"><span style=\"font-size: medium\">Hora de in\u00edcio da atividade: 10:30<\/span><\/span><\/p>\n<p><span style=\"font-family: Arial, serif\"><span style=\"font-size: medium\">Hora de fim da atividade: 11:30<\/span><\/span><\/p>\n<p>&nbsp;<\/p>\n<p><strong>Palestra: Acesso \u00e0 justi\u00e7a, intelig\u00eancia artificial e seu impacto na justi\u00e7a brasileira: modelos adotados pelo STF em prol da tutela constitucional do processo.<\/strong><\/p>\n<p>Hora de in\u00edcio da atividade: 09:00<\/p>\n<p>Hora de fim da atividade: 11:30<\/p>\n<p>&nbsp;<\/p>\n<p><span style=\"font-family: Arial, sans-serif\"><span style=\"font-size: medium\"><b>Minicurso: \u201cReforma Tribut\u00e1ria e Seus Impactos\u201d<\/b><\/span><\/span><\/p>\n<p><span style=\"font-family: Arial, sans-serif\"><span style=\"font-size: medium\">Hora de in\u00edcio da atividade: 8:00<\/span><\/span><\/p>\n<p><span style=\"font-family: Arial, sans-serif\"><span style=\"font-size: medium\">Hora de fim da atividade: 11:00<\/span><\/span><\/p>\n<p><span style=\"font-family: Arial, sans-serif\"><span style=\"font-size: medium\">Limite de Inscri\u00e7\u00f5es (quantidade de vagas): 30 (trinta) vagas<\/span><\/span><\/p>\n<p>&nbsp;<\/p>\n<p><span style=\"font-family: Arial, sans-serif\"><span style=\"font-size: medium\"><b>Minicurso: A Pedagogia da escuta<\/b><\/span><\/span><\/p>\n<p><span style=\"font-family: Arial, sans-serif\"><span style=\"font-size: medium\">Hora de in\u00edcio da atividade: 8:00<\/span><\/span><\/p>\n<p><span style=\"font-family: Arial, sans-serif\"><span style=\"font-size: medium\">Hora de fim da atividade: 10:00<\/span><\/span><\/p>\n<p><span style=\"font-family: Arial, sans-serif\"><span style=\"font-size: medium\">Limite de Inscri\u00e7\u00f5es (quantidade de vagas): 30 (trinta) vagas<\/span><\/span><\/p>\n<p>&nbsp;<\/p>\n<p><b><span style=\"font-family: Arial, serif\"><span style=\"font-size: medium\">M<\/span><\/span><span style=\"font-family: Arial, serif\"><span style=\"font-size: medium\">esa redonda: Diversidade \u00c9tnicorracial no Brasil: condi\u00e7\u00e3o e educa\u00e7\u00e3o dos povos ind\u00edgenas<\/span><\/span><\/b><\/p>\n<p><span style=\"font-family: Arial, serif\"><span style=\"font-size: medium\">Hora de in\u00edcio da atividade: 13:30<\/span><\/span><\/p>\n<p><span style=\"font-family: Arial, serif\"><span style=\"font-size: medium\">Hora de fim da atividade: 16:30<\/span><\/span><\/p>\n<p>&nbsp;<\/p>\n<p><b><span style=\"font-family: Arial, serif\"><span style=\"font-size: medium\">A<\/span><\/span><span style=\"font-family: Arial, serif\"><span style=\"font-size: medium\">presenta\u00e7\u00e3o cultural: <\/span><\/span><span style=\"font-family: Arial, serif\"><span style=\"font-size: medium\">Grupo Casaca de Couro &#8211; Sap\u00e9- PB<\/span><\/span><\/b><\/p>\n<p><span style=\"font-family: Arial, serif\"><span style=\"font-size: medium\">Hora de in\u00edcio da atividade: 16:00<\/span><\/span><\/p>\n<p><span style=\"font-family: Arial, serif\"><span style=\"font-size: medium\">Hora de fim da atividade: 17:00<\/span><\/span><\/p>\n<p>&nbsp;<\/p>\n<p><span style=\"font-family: Arial, sans-serif\"><span style=\"font-size: medium\"><b>Minicurso: \u201cO uso da entrevista na abordagem de Pierre Bourdieu\u201d<\/b><\/span><\/span><\/p>\n<p><span style=\"font-family: Arial, sans-serif\"><span style=\"font-size: medium\">Hora de in\u00edcio da atividade: 13:30<\/span><\/span><\/p>\n<p><span style=\"font-family: Arial, sans-serif\"><span style=\"font-size: medium\">Hora de fim da atividade: 16:30<\/span><\/span><\/p>\n<p><span style=\"font-family: Arial, sans-serif\"><span style=\"font-size: medium\">Limite de Inscri\u00e7\u00f5es (quantidade de vagas): 30 (trinta) vagas<\/span><\/span><\/p>\n<p>&nbsp;<\/p>\n<p><span style=\"font-family: Arial, sans-serif\"><span style=\"font-size: medium\"><b>Minicurso: Plano Diretor Participativo: O que \u00e9? E o que eu tenho a ver com isso?<\/b><\/span><\/span><\/p>\n<p><span style=\"font-family: Arial, sans-serif\"><span style=\"font-size: medium\">Hora de in\u00edcio da atividade: 13:30<\/span><\/span><\/p>\n<p><span style=\"font-family: Arial, sans-serif\"><span style=\"font-size: medium\">Hora de fim da atividade: 16:30<\/span><\/span><\/p>\n<p><span style=\"font-family: Arial, sans-serif\"><span style=\"font-size: medium\">Limite de Inscri\u00e7\u00f5es (quantidade de vagas): 30 (trinta) vagas<\/span><\/span><\/p>\n<p>&nbsp;<\/p>\n<p><span style=\"font-family: Arial, sans-serif\"><span style=\"font-size: medium\"><b>Minicurso: \u201cDo Apito Inicial ao Final: o Processo Civil explicado como uma partida de futebol\u201d<\/b><\/span><\/span><\/p>\n<p><span style=\"font-family: Arial, sans-serif\"><span style=\"font-size: medium\">Hora de in\u00edcio da atividade: 14:00<\/span><\/span><\/p>\n<p><span style=\"font-family: Arial, sans-serif\"><span style=\"font-size: medium\">Hora de fim da atividade: 16:00<\/span><\/span><\/p>\n<p><span style=\"font-family: Arial, sans-serif\"><span style=\"font-size: medium\">Limite de Inscri\u00e7\u00f5es (quantidade de vagas): 30 (trinta) vagas<\/span><\/span><\/p>\n<p>&nbsp;<\/p>\n<p><b><span style=\"font-family: Arial, serif\"><span style=\"font-size: medium\">M<\/span><\/span><span style=\"font-family: Arial, serif\"><span style=\"font-size: medium\">esa redonda: Religi\u00f5es de Matriz Africana: entre pr\u00e1ticas e preconceito religioso<\/span><\/span><\/b><\/p>\n<p><span style=\"font-family: Arial, serif\"><span style=\"font-size: medium\">Hora de in\u00edcio da atividade: 19:30<\/span><\/span><\/p>\n<p><span style=\"font-family: Arial, serif\"><span style=\"font-size: medium\">Hora de fim da atividade: 21:30<\/span><\/span><\/p>\n<p>&nbsp;<\/p>\n<p><span style=\"color: #ff6600\"><b><span style=\"font-family: Arial, serif\"><span style=\"font-size: medium\">06, 07, 08 \/11\/2027 <\/span><\/span><\/b><\/span><\/p>\n<p>&nbsp;<\/p>\n<p><b><span style=\"font-family: Arial, serif\"><span style=\"font-size: medium\">Caminhadas Dirigidas: Caminhadas dirigidas ao HBCB\/CH\/UEPB<\/span><\/span><\/b><\/p>\n<p><span style=\"font-family: Arial, serif\"><span style=\"font-size: medium\">Hora de in\u00edcio da atividade: 08:00<\/span><\/span><\/p>\n<p><span style=\"font-family: Arial, serif\"><span style=\"font-size: medium\">Hora de fim da atividade: 16:00<\/span><\/span><\/p>\n<p>&nbsp;<\/p>\n<p><b><span style=\"font-family: Arial, serif\"><span style=\"font-size: medium\">Troca de Livros: Projetos: Livros Livres e Literatura Liter\u00e1ria<\/span><\/span><\/b><\/p>\n<p><span style=\"font-family: Arial, serif\"><span style=\"font-size: medium\">Hora de in\u00edcio da atividade: 08:00<\/span><\/span><\/p>\n<p><span style=\"font-family: Arial, serif\"><span style=\"font-size: medium\">Hora de fim da atividade: 16:00<\/span><\/span><\/p>\n<p>&nbsp;<\/p>\n<p><b><span style=\"font-family: Arial, serif\"><span style=\"font-size: medium\">Doa\u00e7\u00e3o de Mudas: Doa\u00e7\u00e3o de mudas vegetais no viveiro do HBCB\/CH\/UEPB<\/span><\/span><\/b><\/p>\n<p><span style=\"font-family: Arial, serif\"><span style=\"font-size: medium\">Hora de in\u00edcio da atividade: 08:00<\/span><\/span><\/p>\n<p><span style=\"font-family: Arial, serif\"><span style=\"font-size: medium\">Hora de fim da atividade: 16:00<\/span><\/span>[\/vc_column_text][\/vc_tta_section][vc_tta_section title=&#8221;Inscri\u00e7\u00f5es e Credenciamento&#8221; tab_id=&#8221;1723056810590-d369a7e8-5186&#8243;][vc_column_text css=&#8221;&#8221;]<\/p>\n<p class=\"western\" align=\"justify\"><span style=\"color: #2a6099\"><span style=\"font-family: Arial, serif\"><span style=\"font-size: small\">Normas para Inscri\u00e7\u00e3o e Credenciamento<\/span><\/span><\/span><\/p>\n<p class=\"western\" align=\"justify\"><span style=\"font-family: Arial, serif\"><span style=\"font-size: small\">Prazo para inscri\u00e7\u00e3o \u2013 at\u00e9 <\/span><\/span><span style=\"font-family: Arial, serif\"><span style=\"font-size: small\"><b><del>15 DE OUTUBRO DE 2024<\/del>\u00a0 <span style=\"color: #0000ff\">20\u00a0DE OUTUBRO DE 2024<\/span><\/b><\/span><\/span><\/p>\n<p class=\"western\" align=\"justify\"><span style=\"font-family: Arial, serif\"><span style=\"font-size: small\"><b>ATEN\u00c7\u00c3O:<\/b><\/span><\/span><span style=\"font-family: Arial, serif\"><span style=\"font-size: small\"> n\u00e3o haver\u00e1 inscri\u00e7\u00f5es ap\u00f3s essa data e o credenciamento s\u00f3 ser\u00e1 realizado para os inscritos.<\/span><\/span><\/p>\n<p class=\"western\" align=\"justify\"><span style=\"font-family: Arial, serif\"><span style=\"font-size: small\">Siga as normas, inscreva-se e participe conosco!<\/span><\/span><\/p>\n<p class=\"western\" align=\"justify\"><span style=\"color: #2a6099\"><span style=\"font-family: Arial, serif\"><span style=\"font-size: small\">Regras gerais sobre as inscri\u00e7\u00f5es<\/span><\/span><\/span><\/p>\n<p class=\"western\" align=\"justify\"><span style=\"font-family: Arial, serif\"><span style=\"font-size: small\">Todos(as) os(as) participantes dever\u00e3o realizar inscri\u00e7\u00f5es no <strong>I Mostra de Atividades do Centro de Humanidades \u2013 I MATCH<\/strong><\/span><\/span><\/p>\n<p class=\"western\" align=\"justify\"><span style=\"font-family: Arial, serif\"><span style=\"font-size: small\">As inscri\u00e7\u00f5es dever\u00e3o ser efetuadas por meio do preenchimento do formul\u00e1rio on-line, observando-se os prazos estabelecidos para cada modalidade de inscri\u00e7\u00e3o.<\/span><\/span><\/p>\n<p class=\"western\" align=\"justify\"><span style=\"font-family: Arial, serif\"><span style=\"font-size: small\">No item \u201cPerfil\u201d, escolha uma das op\u00e7\u00f5es segundo o seu v\u00ednculo com a UEPB:<\/span><\/span><\/p>\n<p class=\"western\" align=\"justify\">\u2022 <span style=\"font-family: Arial, serif\"><span style=\"font-size: small\">SERVIDOR (docente ou t\u00e9cnico administrativo);<\/span><\/span><\/p>\n<p class=\"western\" align=\"justify\">\u2022 <span style=\"font-family: Arial, serif\"><span style=\"font-size: small\">ALUNO (gradua\u00e7\u00e3o ou p\u00f3s).<\/span><\/span><\/p>\n<p class=\"western\" align=\"justify\">\u2022 <span style=\"font-family: Arial, serif\"><span style=\"font-size: small\">P\u00daBLICO EXTERNO \u2013 refere-se a toda e qualquer pessoa <\/span><\/span><span style=\"font-family: Arial, serif\"><span style=\"font-size: small\"><b>sem v\u00ednculo com a UEPB<\/b><\/span><\/span><span style=\"font-family: Arial, serif\"><span style=\"font-size: small\"> que deseja participar do Evento.<\/span><\/span><\/p>\n<p class=\"western\" align=\"justify\"><span style=\"font-family: Arial, serif\"><span style=\"font-size: small\">Para a finaliza\u00e7\u00e3o da inscri\u00e7\u00e3o, faz-se necess\u00e1rio optar por pelo menos uma atividade (MINICURSOS OU OFICINAS).<\/span><\/span><\/p>\n<p class=\"western\" align=\"justify\"><span style=\"font-family: Arial, serif\"><span style=\"font-size: small\">Caso <\/span><\/span><span style=\"font-family: Arial, serif\"><span style=\"font-size: small\"><b>N\u00c3O DESEJE <\/b><\/span><\/span><span style=\"font-family: Arial, serif\"><span style=\"font-size: small\">participar de nenhuma atividade (minicursos ou oficinas) escolher a op\u00e7\u00e3o MINICURSO: N\u00c3O DESEJO PARTICIPAR DE NENHUMA ATIVIDADE (MINICURSO E\/OU OFICINA) QUERO PARTICIPAR COM OUVINTE DA <strong>I Mostra de Atividades do Centro de Humanidades \u2013 I MATCH<\/strong>.<\/span><\/span><\/p>\n<p class=\"western\" align=\"justify\"><span style=\"font-family: Arial, serif\"><span style=\"font-size: small\"><b>OBS:<\/b><\/span><\/span><span style=\"font-family: Arial, serif\"><span style=\"font-size: small\"> Depois de escolhidas as atividades (minicursos e\/ou oficinas), e finalizada a inscri\u00e7\u00e3o, n\u00e3o ser\u00e1 poss\u00edvel acrescentar nem trocar de atividade, portanto, al\u00e9m do formato, observe dias e hor\u00e1rios dispon\u00edveis.<\/span><\/span><\/p>\n<p class=\"western\" align=\"justify\"><span style=\"font-family: Arial, serif\"><span style=\"font-size: small\">Na aba \u201cPrograma\u00e7\u00e3o\u201d ser\u00e3o disponibilizadas a localiza\u00e7\u00e3o das atividades presenciais.<\/span><\/span><\/p>\n<p class=\"western\" align=\"justify\"><span style=\"font-family: Arial, serif\"><span style=\"font-size: small\"><b>Minicursos e Oficinas<\/b><\/span><\/span><\/p>\n<p class=\"western\" align=\"justify\"><span style=\"font-family: Arial, serif\"><span style=\"font-size: small\">Os minicursos e oficinas possuem vagas limitadas disponibilizadas no sistema e s\u00f3 poder\u00e3o participar os que optarem pela atividade no momento da inscri\u00e7\u00e3o.<\/span><\/span><\/p>\n<p class=\"western\" align=\"justify\"><span style=\"font-family: Arial, serif\"><span style=\"font-size: small\">S\u00f3 poder\u00e1 participar dos minicursos e oficinas quem realizar inscri\u00e7\u00e3o pr\u00e9via nos mesmos.<\/span><\/span><\/p>\n<p class=\"western\" align=\"justify\"><span style=\"font-family: Arial, serif\"><span style=\"font-size: small\"><b>Credenciamento<\/b><\/span><\/span><\/p>\n<p class=\"western\" align=\"justify\"><span style=\"font-family: Arial, serif\"><span style=\"font-size: small\">O credenciamento s\u00f3 ser\u00e1 efetuado com a apresenta\u00e7\u00e3o de um documento oficial com foto (RG, CNH ou documento oficial expedido por \u00f3rg\u00e3os federais).<\/span><\/span><\/p>\n<p class=\"western\" align=\"justify\"><span style=\"font-family: Arial, serif\"><span style=\"font-size: small\">N\u00e3o ser\u00e1 permitido o credenciamento por terceiros, exceto atrav\u00e9s de procura\u00e7\u00e3o. A entrega do material do evento ser\u00e1 realizada apenas ao participante presente ou ao seu procurador.<\/span><\/span><\/p>\n<p class=\"western\" align=\"justify\"><span style=\"font-family: Arial, serif\"><span style=\"font-size: small\">O credenciamento (entrega do material \u2013 pasta, crach\u00e1, bloco e caneta) ocorrer\u00e1 no local do evento;<\/span><\/span><\/p>\n<p class=\"western\" align=\"justify\"><span style=\"font-family: Arial, serif\"><span style=\"font-size: small\">Haver\u00e1 lista de presen\u00e7a em todas as atividades.<\/span><\/span><\/p>\n<p class=\"western\" align=\"justify\"><span style=\"font-family: Arial, serif\"><span style=\"font-size: small\"><b>Fa\u00e7a Sua Inscri\u00e7\u00e3o<\/b><\/span><\/span><\/p>\n<p class=\"western\" align=\"justify\"><span style=\"font-family: Arial, serif\"><span style=\"font-size: small\">Acesse o link: <a href=\"https:\/\/suap.uepb.edu.br\/eventos\/inscricao\/84\/\">https:\/\/suap.uepb.edu.br\/eventos\/inscricao\/84\/<\/a><\/span><\/span><\/p>\n<p>[\/vc_column_text][\/vc_tta_section][vc_tta_section title=&#8221;Submiss\u00e3o de Trabalhos&#8221; tab_id=&#8221;1723056827084-d333db5f-2eaf&#8221;][vc_column_text css=&#8221;&#8221;]<\/p>\n<p class=\"western\" align=\"justify\"><span style=\"font-family: Arial, serif;color: #008080\"><b>Submiss\u00e3o de trabalhos para Simp\u00f3sio Tem\u00e1ticos<\/b><\/span><\/p>\n<p class=\"western\" align=\"justify\"><span style=\"font-family: Arial, serif;color: #ff6600\"><b>Normas para submiss\u00e3o de trabalhos<\/b><\/span><\/p>\n<p class=\"western\" align=\"justify\"><span style=\"font-family: Arial, serif\"><strong>Tipo de Modalidade:<\/strong> Comunica\u00e7\u00e3o Oral<\/span><\/p>\n<p class=\"western\" align=\"justify\"><span style=\"font-family: Arial, serif\"><strong>Quantidade limite de submiss\u00f5es de trabalhos:<\/strong> 1 por autor (o principal que enviar\u00e1 o arquivo)<\/span><\/p>\n<p class=\"western\" align=\"justify\"><span style=\"font-family: Arial, serif\">OS SIMP\u00d3SIOS TEM\u00c1TICOS (COMUNICA\u00c7\u00c3O ORAL):<\/span><\/p>\n<ul>\n<li>A andragogia em quest\u00e3o: itiner\u00e1rios de uma pesquisa<\/li>\n<li>A forma\u00e7\u00e3o de Pedagogo\/a em quest\u00e3o<\/li>\n<li>A Geografia e suas m\u00faltiplas \u00e1reas de pesquisa<\/li>\n<li>Doc\u00eancia na educa\u00e7\u00e3o infantil: curr\u00edculos, experi\u00eancias, diversidades e pr\u00e1ticas cotidianas<\/li>\n<\/ul>\n<p class=\"western\" align=\"justify\"><span style=\"font-family: Arial, serif\">Participar\u00e3o dessa modalidade os inscritos no I MATCH que enviarem o <strong>resumo expandido.<\/strong><\/span><\/p>\n<p class=\"western\" align=\"justify\"><span style=\"font-family: Arial, serif;color: #ff6600\"><b>SUBMISS\u00c3O <\/b><\/span><\/p>\n<p class=\"western\" align=\"justify\"><span style=\"font-family: Arial, serif\">Para submiss\u00e3o, o(a) apresentador(a)\/autor(a) dever\u00e1 efetuar a inscri\u00e7\u00e3o na I MOSTRA DE ATIVIDADES DO CENTRO DE HUMANIDADES \u2013 I MATCH e disponibilizar para a organiza\u00e7\u00e3o do evento <\/span><span style=\"font-family: Arial, serif\"><b>um arquivo (pdf, com no m\u00e1ximo 10 MB) com as normas abaixo: <\/b><\/span><\/p>\n<p class=\"western\" align=\"justify\"><span style=\"font-family: Arial, serif\">As submiss\u00f5es ocorrer\u00e3o exclusivamente no per\u00edodo que se estende dos dias <strong>15 de setembro a 10 de outubro de 2024<\/strong>.<\/span><\/p>\n<p class=\"western\" align=\"justify\"><span style=\"font-family: Arial, serif\"><b>RESUMO EXPANDIDO<\/b><\/span><\/p>\n<p class=\"western\" align=\"justify\"><span style=\"font-family: Arial, serif\">O resumo expandido ser\u00e1 disponibilizado previamente para a Comiss\u00e3o Cient\u00edfica formada pelos (as) moderadores (as) que tamb\u00e9m avaliar\u00e3o as apresenta\u00e7\u00f5es em COMUNICA\u00c7\u00c3O ORAL. Posterior a apresenta\u00e7\u00e3o ser\u00e3o solicitados os artigos completos, que ser\u00e3o publicados nos Anais do evento conforme os dados preenchidos no formul\u00e1rio ou arquivo submetido, de inteira responsabilidade dos autores.<\/span><\/p>\n<p class=\"western\" align=\"justify\"><span style=\"color: #0d0d0d\"><span style=\"font-family: CIDFont+F1, serif\"><span style=\"font-size: medium\"><span style=\"color: #000000\"><span style=\"font-family: Arial, serif\">Os resumos expandidos dever\u00e3o ser enviados em formato pdf, conforme as orienta\u00e7\u00f5es abaixo:<\/span><\/span><\/span><\/span><\/span><\/p>\n<p class=\"western\" align=\"justify\"><span style=\"color: #0d0d0d\"><span style=\"font-family: CIDFont+F1, serif\"><span style=\"font-size: medium\"><span style=\"color: #000000\"><span style=\"font-family: Arial, serif\">T\u00edtulo do trabalho proposto em mai\u00fasculo e negrito, Arial, tamanha 12 (centralizado)<\/span><\/span><\/span><\/span><\/span><\/p>\n<p class=\"western\" align=\"justify\"><span style=\"color: #0d0d0d\"><span style=\"font-family: CIDFont+F1, serif\"><span style=\"font-size: medium\"><span style=\"color: #000000\"><span style=\"font-family: Arial, serif\">Nome completo e mini curr\u00edculo (titula\u00e7\u00e3o, institui\u00e7\u00e3o e E-mail), arial, tamanho 12 (alinhado a direito).<\/span><\/span><\/span><\/span><\/span><\/p>\n<p class=\"western\" align=\"justify\"><span style=\"color: #0d0d0d\"><span style=\"font-family: CIDFont+F1, serif\"><span style=\"font-size: medium\"><span style=\"color: #000000\"><span style=\"font-family: Arial, serif\">M\u00e1ximo quatro autores<\/span><\/span><\/span><\/span><\/span><\/p>\n<p class=\"western\" align=\"justify\"><span style=\"color: #0d0d0d\"><span style=\"font-family: CIDFont+F1, serif\"><span style=\"font-size: medium\"><span style=\"color: #000000\"><span style=\"font-family: Arial, serif\">Entre 1000 e 1.500 palavras<\/span><\/span><\/span><\/span><\/span><\/p>\n<p class=\"western\" align=\"justify\"><span style=\"color: #0d0d0d\"><span style=\"font-family: CIDFont+F1, serif\"><span style=\"font-size: medium\"><span style=\"color: #000000\"><span style=\"font-family: Arial, serif\">Espa\u00e7amento entre linhas: 1,5<\/span><\/span><\/span><\/span><\/span><\/p>\n<p class=\"western\" align=\"justify\"><span style=\"color: #0d0d0d\"><span style=\"font-family: CIDFont+F1, serif\"><span style=\"font-size: medium\"><span style=\"color: #000000\"><span style=\"font-family: Arial, serif\">Espa\u00e7amento entre par\u00e1grafo (antes e depois): 0,0<\/span><\/span><\/span><\/span><\/span><\/p>\n<p class=\"western\" align=\"justify\"><span style=\"color: #0d0d0d\"><span style=\"font-family: CIDFont+F1, serif\"><span style=\"font-size: medium\"><span style=\"color: #000000\"><span style=\"font-family: Arial, serif\">Fonte de todo o trabalho (corpo do texto + rodap\u00e9) Arial<\/span><\/span><\/span><\/span><\/span><\/p>\n<p class=\"western\" align=\"justify\"><span style=\"color: #0d0d0d\"><span style=\"font-family: CIDFont+F1, serif\"><span style=\"font-size: medium\"><span style=\"color: #000000\"><span style=\"font-family: Arial, serif\">Tamanho da fonte no corpo do texto 12 (texto justificado)<\/span><\/span><\/span><\/span><\/span><\/p>\n<p class=\"western\" align=\"justify\"><span style=\"color: #0d0d0d\"><span style=\"font-family: CIDFont+F1, serif\"><span style=\"font-size: medium\"><span style=\"color: #000000\"><span style=\"font-family: Arial, serif\">Tamanho da fonte nas notas de rodap\u00e9 10<\/span><\/span><\/span><\/span><\/span><\/p>\n<p class=\"western\" align=\"justify\"><span style=\"color: #0d0d0d\"><span style=\"font-family: CIDFont+F1, serif\"><span style=\"font-size: medium\"><span style=\"color: #000000\"><span style=\"font-family: Arial, serif\">Margens superior e esquerda 3,0 cm<\/span><\/span><\/span><\/span><\/span><\/p>\n<p class=\"western\" align=\"justify\"><span style=\"color: #0d0d0d\"><span style=\"font-family: CIDFont+F1, serif\"><span style=\"font-size: medium\"><span style=\"color: #000000\"><span style=\"font-family: Arial, serif\">Margens inferior e direita 2,0 cm<\/span><\/span><\/span><\/span><\/span><\/p>\n<p class=\"western\" align=\"justify\"><span style=\"color: #0d0d0d\"><span style=\"font-family: CIDFont+F1, serif\"><span style=\"font-size: medium\"><span style=\"color: #000000\"><span style=\"font-family: Arial, serif\">Recuo especial da primeira linha 1,5<\/span><\/span><\/span><\/span><\/span><\/p>\n<p class=\"western\" align=\"justify\"><span style=\"color: #0d0d0d\"><span style=\"font-family: CIDFont+F1, serif\"><span style=\"font-size: medium\"><span style=\"color: #000000\"><span style=\"font-family: Arial, serif\">Cita\u00e7\u00f5es em sistema autor-data<\/span><\/span><\/span><\/span><\/span><\/p>\n<p class=\"western\" align=\"justify\"><span style=\"color: #0d0d0d\"><span style=\"font-family: CIDFont+F1, serif\"><span style=\"font-size: medium\"><span style=\"color: #000000\"><span style=\"font-family: Arial, serif\">N\u00e3o ser\u00e1 permitido inserir imagens, gr\u00e1ficos, tabelas no corpo do texto do resumo expandido.<\/span><\/span><\/span><\/span><\/span><\/p>\n<p class=\"western\" align=\"justify\"><span style=\"color: #0d0d0d\"><span style=\"font-family: CIDFont+F1, serif\"><span style=\"font-size: medium\"><span style=\"color: #000000\"><span style=\"font-family: Arial, serif\">Ser\u00e3o permitidas notas de rodap\u00e9 explicativas quando extremamente necess\u00e1rias<\/span><\/span><\/span><\/span><\/span><\/p>\n<p align=\"justify\"><span style=\"font-family: Times New Roman, serif\"><span style=\"color: #0d0d0d\"><span style=\"font-family: CIDFont+F1, serif\"><span style=\"font-size: medium\"><span style=\"color: #000000\"><span style=\"font-family: Arial, serif\">Permitidos artigos no seguinte idioma: portugu\u00eas.<\/span><\/span><\/span><\/span><\/span><\/span><\/p>\n<p align=\"justify\"><span style=\"font-family: Times New Roman, serif\"><span style=\"color: #0d0d0d\"><span style=\"font-family: CIDFont+F1, serif\"><span style=\"font-size: medium\"><span style=\"color: #000000\"><span style=\"font-family: Arial, serif\">Deve constar refer\u00eancias citadas no corpo do resumo expandido.<\/span><\/span><\/span><\/span><\/span><\/span><\/p>\n<p align=\"justify\"><span style=\"color: #0000ff\"><strong>Link para inscri\u00e7\u00e3o e submiss\u00e3o de trabalho:<span style=\"font-family: Arial, serif\"><span style=\"font-size: small\">\u00a0<a href=\"https:\/\/suap.uepb.edu.br\/eventos\/inscricao\/84\/\">https:\/\/suap.uepb.edu.br\/eventos\/inscricao\/84\/<\/a><\/span><\/span><\/strong><\/span><\/p>\n<p class=\"western\" align=\"justify\"><span style=\"font-family: Arial, serif\"><b>O artigo Completo, deve <\/b><\/span><span style=\"color: #0d0d0d\"><span style=\"font-family: CIDFont+F1, serif\"><span style=\"font-size: medium\"><span style=\"color: #000000\"><span style=\"font-family: Arial, serif\"><b>ser enviados em formato DOC. DOCX., ODT (com no m\u00e1ximo 10 MB), conforme as orienta\u00e7\u00f5es abaixo:<\/b><\/span><\/span><\/span><\/span><\/span><\/p>\n<p class=\"western\" align=\"justify\"><span style=\"color: #0d0d0d\"><span style=\"font-family: CIDFont+F1, serif\"><span style=\"font-size: medium\"><span style=\"color: #000000\"><span style=\"font-family: Arial, serif\">T\u00edtulo do trabalho em mai\u00fasculo e negrito, Arial, tamanha 12 (centralizado)<\/span><\/span><\/span><\/span><\/span><\/p>\n<p class=\"western\" align=\"justify\"><span style=\"color: #0d0d0d\"><span style=\"font-family: CIDFont+F1, serif\"><span style=\"font-size: medium\"><span style=\"color: #000000\"><span style=\"font-family: Arial, serif\">Nome completo e mini curr\u00edculo (titula\u00e7\u00e3o, institui\u00e7\u00e3o e E-mail), Arial, tamanho 12 (alinhado a direito)<\/span><\/span><\/span><\/span><\/span><\/p>\n<p class=\"western\" align=\"justify\"><span style=\"color: #0d0d0d\"><span style=\"font-family: CIDFont+F1, serif\"><span style=\"font-size: medium\"><span style=\"color: #000000\"><span style=\"font-family: Arial, serif\">M\u00e1ximo quatro autores<\/span><\/span><\/span><\/span><\/span><\/p>\n<p class=\"western\" align=\"justify\"><span style=\"color: #0d0d0d\"><span style=\"font-family: CIDFont+F1, serif\"><span style=\"font-size: medium\"><span style=\"color: #000000\"><span style=\"font-family: Arial, serif\">Ter resumo entre 200 a 250 palavras<\/span><\/span><\/span><\/span><\/span><\/p>\n<p class=\"western\" align=\"justify\"><span style=\"color: #0d0d0d\"><span style=\"font-family: CIDFont+F1, serif\"><span style=\"font-size: medium\"><span style=\"color: #000000\"><span style=\"font-family: Arial, serif\">Tamanho entre 7 a 12 p\u00e1ginas<\/span><\/span><\/span><\/span><\/span><\/p>\n<p class=\"western\" align=\"justify\"><span style=\"color: #0d0d0d\"><span style=\"font-family: CIDFont+F1, serif\"><span style=\"font-size: medium\"><span style=\"color: #000000\"><span style=\"font-family: Arial, serif\">Espa\u00e7amento entre linhas: 1,5<\/span><\/span><\/span><\/span><\/span><\/p>\n<p class=\"western\" align=\"justify\"><span style=\"color: #0d0d0d\"><span style=\"font-family: CIDFont+F1, serif\"><span style=\"font-size: medium\"><span style=\"color: #000000\"><span style=\"font-family: Arial, serif\">Espa\u00e7amento entre par\u00e1grafo (antes e depois): 0,0<\/span><\/span><\/span><\/span><\/span><\/p>\n<p class=\"western\" align=\"justify\"><span style=\"color: #0d0d0d\"><span style=\"font-family: CIDFont+F1, serif\"><span style=\"font-size: medium\"><span style=\"color: #000000\"><span style=\"font-family: Arial, serif\">Fonte de todo o trabalho (corpo do texto + rodap\u00e9) Arial <\/span><\/span><\/span><\/span><\/span><\/p>\n<p class=\"western\" align=\"justify\"><span style=\"color: #0d0d0d\"><span style=\"font-family: CIDFont+F1, serif\"><span style=\"font-size: medium\"><span style=\"color: #000000\"><span style=\"font-family: Arial, serif\">Tamanho da fonte no corpo do texto 12 (texto justificado)<\/span><\/span><\/span><\/span><\/span><\/p>\n<p class=\"western\" align=\"justify\"><span style=\"color: #0d0d0d\"><span style=\"font-family: CIDFont+F1, serif\"><span style=\"font-size: medium\"><span style=\"color: #000000\"><span style=\"font-family: Arial, serif\">Tamanho da fonte nas notas de rodap\u00e9 10<\/span><\/span><\/span><\/span><\/span><\/p>\n<p class=\"western\" align=\"justify\"><span style=\"color: #0d0d0d\"><span style=\"font-family: CIDFont+F1, serif\"><span style=\"font-size: medium\"><span style=\"color: #000000\"><span style=\"font-family: Arial, serif\">Margens superior e esquerda 3,0 cm<\/span><\/span><\/span><\/span><\/span><\/p>\n<p class=\"western\" align=\"justify\"><span style=\"color: #0d0d0d\"><span style=\"font-family: CIDFont+F1, serif\"><span style=\"font-size: medium\"><span style=\"color: #000000\"><span style=\"font-family: Arial, serif\">Margens inferior e direita 2,0 cm<\/span><\/span><\/span><\/span><\/span><\/p>\n<p class=\"western\" align=\"justify\"><span style=\"color: #0d0d0d\"><span style=\"font-family: CIDFont+F1, serif\"><span style=\"font-size: medium\"><span style=\"color: #000000\"><span style=\"font-family: Arial, serif\">Recuo especial da primeira linha 1,5<\/span><\/span><\/span><\/span><\/span><\/p>\n<p class=\"western\" align=\"justify\"><span style=\"color: #0d0d0d\"><span style=\"font-family: CIDFont+F1, serif\"><span style=\"font-size: medium\"><span style=\"color: #000000\"><span style=\"font-family: Arial, serif\">Cita\u00e7\u00f5es em sistema autor-data<\/span><\/span><\/span><\/span><\/span><\/p>\n<p class=\"western\" align=\"justify\"><span style=\"color: #0d0d0d\"><span style=\"font-family: CIDFont+F1, serif\"><span style=\"font-size: medium\"><span style=\"color: #000000\"><span style=\"font-family: Arial, serif\">\u00c9 permitido inserir imagens, gr\u00e1ficos, tabelas no corpo do texto do trabalho completo<\/span><\/span><\/span><\/span><\/span><\/p>\n<p class=\"western\" align=\"justify\"><span style=\"color: #0d0d0d\"><span style=\"font-family: CIDFont+F1, serif\"><span style=\"font-size: medium\"><span style=\"color: #000000\"><span style=\"font-family: Arial, serif\">Ser\u00e3o permitidas notas de rodap\u00e9 explicativas.<\/span><\/span><\/span><\/span><\/span><\/p>\n<p align=\"justify\"><span style=\"font-family: Times New Roman, serif\"><span style=\"color: #0d0d0d\"><span style=\"font-family: CIDFont+F1, serif\"><span style=\"font-size: medium\"><span style=\"color: #000000\"><span style=\"font-family: Arial, serif\">Permitidos artigos no seguinte idioma: portugu\u00eas.<\/span><\/span><\/span><\/span><\/span><\/span><\/p>\n<p class=\"western\" align=\"justify\"><strong><span style=\"font-family: Arial, serif\">Enviar o artigo completo depois da apresenta\u00e7\u00e3o para o E-mail: match.uepb@gmail.com <\/span><\/strong><\/p>\n<p>[\/vc_column_text][\/vc_tta_section][vc_tta_section title=&#8221;Apresenta\u00e7\u00e3o de Trabalhos e Avalia\u00e7\u00e3o&#8221; tab_id=&#8221;1723056843092-3b78113b-6dca&#8221;][vc_column_text css=&#8221;&#8221;]<\/p>\n<p class=\"western\" align=\"justify\"><span style=\"font-family: Arial, serif;color: #008080\"><b>Apresenta\u00e7\u00e3o de trabalhos<\/b><\/span><\/p>\n<ul>\n<li>\n<p class=\"western\" align=\"justify\"><span style=\"font-family: Arial, serif\">As apresenta\u00e7\u00f5es dos trabalhos se dar\u00e3o de forma oral com o uso de slides, atrav\u00e9s de di\u00e1logo estabelecido entre os(as) autores(as) e os(as) moderadores(as) durante o dia 07 de novembro;<\/span><\/p>\n<\/li>\n<li>\n<p class=\"western\" align=\"justify\"><span style=\"font-family: Arial, serif\">As apresenta\u00e7\u00f5es ocorrer\u00e3o no formato presencial, em salas que ser\u00e3o previamente disponibilizados no site do Congresso, na aba Eventos;<\/span><\/p>\n<\/li>\n<li>\n<p class=\"western\" align=\"justify\"><span style=\"font-family: Arial, serif\">As apresenta\u00e7\u00f5es ser\u00e3o feitas pelo(a) respectivo(a) autor(a), ou na aus\u00eancia justificada deste(a), por coautor integrante do trabalho;<\/span><\/p>\n<\/li>\n<li>\n<p class=\"western\" align=\"justify\"><span style=\"font-family: Arial, serif\">Cada autor(a) ter\u00e1 de 10 a 12 minutos para apresentar seu trabalho e, ao final de todas as apresenta\u00e7\u00f5es por bloco, os(as) moderadores(as)\/avaliadores(as) ter\u00e1 20 minutos para suscitar e mediar o debate.<\/span><\/p>\n<\/li>\n<\/ul>\n<p>&nbsp;<\/p>\n<p><span style=\"font-family: 'Times New Roman', serif;color: #008080\"><span style=\"font-family: Arial, serif\"><b>Crit\u00e9rio de Avalia\u00e7\u00e3o dos resumos expandido<\/b><\/span><\/span><\/p>\n<p><span style=\"font-family: Times New Roman, serif\"><span style=\"font-family: Arial, serif\">Descri\u00e7\u00e3o:<\/span><\/span><\/p>\n<p><span style=\"font-family: Times New Roman, serif\"><span style=\"font-family: Arial, serif\">Relev\u00e2ncia do tema\/pesquisa (0-1)<\/span><\/span><\/p>\n<p><span style=\"font-family: Times New Roman, serif\"><span style=\"font-family: Arial, serif\">Objetivos (0-1)<\/span><\/span><\/p>\n<p><span style=\"font-family: Times New Roman, serif\"><span style=\"font-family: Arial, serif\">Atualidade, originalidade e relev\u00e2ncia do tema (0,0 \u00e0 1,0)<\/span><\/span><\/p>\n<p><span style=\"font-family: Times New Roman, serif\"><span style=\"font-family: Arial, serif\">Delimita\u00e7\u00e3o do objeto e problematiza\u00e7\u00e3o (0,0 \u00e0 1,0)<\/span><\/span><\/p>\n<p><span style=\"font-family: Times New Roman, serif\"><span style=\"font-family: Arial, serif\">Articula\u00e7\u00e3o entre objetivos, problematiza\u00e7\u00e3o e resultados (0,0 \u00e0 1,0)<\/span><\/span><\/p>\n<p><span style=\"font-family: Times New Roman, serif\"><span style=\"font-family: Arial, serif\">Contextualiza\u00e7\u00e3o te\u00f3rica com o objetivo da pesquisa (0,0 \u00e0 1,0)<\/span><\/span><\/p>\n<p><span style=\"font-family: Times New Roman, serif\"><span style=\"font-family: Arial, serif\">Capacidade de comunica\u00e7\u00e3o (0,0 \u00e0 1,0)<\/span><\/span><\/p>\n<p><span style=\"font-family: Times New Roman, serif\"><span style=\"font-family: Arial, serif\">Coes\u00e3o e Coer\u00eancia (0,0 \u00e0 1,0)<\/span><\/span><\/p>\n<p><span style=\"font-family: Times New Roman, serif\"><span style=\"font-family: Arial, serif\">Ortografia e gram\u00e1tica (0,0 \u00e0 1,0)<\/span><\/span><\/p>\n<p><span style=\"font-family: Times New Roman, serif\"><span style=\"font-family: Arial, serif\">Nota m\u00ednima da avalia\u00e7\u00e3o: 6,0 (seis)<\/span><\/span><\/p>\n<p><span style=\"font-family: Times New Roman, serif\"><span style=\"font-family: Arial, serif\">Nota m\u00e1xima da avalia\u00e7\u00e3o: 10,0 (dez)<\/span><\/span><\/p>\n<p><span style=\"font-family: Times New Roman, serif\"><span style=\"font-family: Arial, serif\">Ordem para Desempate: Contextualiza\u00e7\u00e3o te\u00f3rica com o objetivo da pesquisa<\/span><\/span>[\/vc_column_text][\/vc_tta_section][vc_tta_section title=&#8221;Aloca\u00e7\u00e3o de Trabalhos&#8221; tab_id=&#8221;1723056861459-0e2ad0e5-c9e3&#8243;][vc_column_text css=&#8221;&#8221;]As informa\u00e7\u00f5es referentes ao local e hor\u00e1rio de apresenta\u00e7\u00e3o de trabalhos ser\u00e3o disponibilizadas ap\u00f3s o encerramento das inscri\u00e7\u00f5es.[\/vc_column_text][\/vc_tta_section][vc_tta_section title=&#8221;Certificado e ANAIS&#8221; tab_id=&#8221;1723056893961-23202c5a-7142&#8243;][vc_column_text css=&#8221;&#8221;]<\/p>\n<ul>\n<li>\n<p class=\"western\" align=\"justify\"><span style=\"font-family: Arial, serif\"><span style=\"font-size: small\">Informamos aos participantes do <strong>I Mostra de Atividades do Centro de Humanidades \u2013 I MATCH<\/strong><\/span><\/span><span style=\"font-family: Arial, serif\"><span style=\"font-size: small\">\u00a0que\u00a0os certificados ser\u00e3o enviados para o e-mail dos inscritos que estiveram presentes no evento, favor buscar, na caixa de entrada ou no SPAM, pelo assunto: [SUAP] Certificado de Participa\u00e7\u00e3o;<\/span><\/span><\/p>\n<\/li>\n<li>\n<p class=\"western\" align=\"justify\"><span style=\"font-family: Arial, serif\"><span style=\"font-size: small\">O certificado de Participa\u00e7\u00e3o no <strong>I Mostra de Atividades do Centro de Humanidades \u2013 I MATCH<\/strong><\/span><\/span><span style=\"font-family: Arial, serif\"><span style=\"font-size: small\"> ser\u00e1 emitido com <strong>42 horas<\/strong> para todos os participantes inscritos e que assinaram as listas de presen\u00e7a;<\/span><\/span><\/p>\n<\/li>\n<li>\n<p class=\"western\" align=\"justify\"><span style=\"font-family: Arial, serif\"><span style=\"font-size: small\">Os certificados de\u00a0participa\u00e7\u00e3o em <\/span><\/span><span style=\"color: #000000\"><span style=\"font-family: Arial, serif\"><span style=\"font-size: small\">Minicurso e Oficina<\/span><\/span><span style=\"font-family: Arial, serif\"><span style=\"font-size: small\">\u00a0ser\u00e3o emitidos com a carga hor\u00e1ria conforme a atividade desenvolvida, desde que tenha sido constatada a inscri\u00e7\u00e3o e presen\u00e7a, mediante assinatura das listas;<\/span><\/span><\/span><\/p>\n<\/li>\n<li>\n<p class=\"western\" align=\"justify\"><span style=\"font-family: Arial, serif\"><span style=\"font-size: small\">Os certificados de Ministrantes de atividades ser\u00e3o enviados para o e-mail informado no ato da inscri\u00e7\u00e3o.<\/span><\/span><\/p>\n<\/li>\n<\/ul>\n<p>[\/vc_column_text][\/vc_tta_section][\/vc_tta_tour][\/vc_column][\/vc_row]<\/p>\n<\/div>","protected":false},"excerpt":{"rendered":"<p>[vc_row][vc_column][vc_tta_tour][vc_tta_section title=&#8221;Apresenta\u00e7\u00e3o&#8221; tab_id=&#8221;1723051350484-74ca6583-f13f&#8221;][vc_column_text css=&#8221;&#8221;] &nbsp; &nbsp; &nbsp; &nbsp; &nbsp; &nbsp; &nbsp; &nbsp; A I Mostra de Atividades do Centro de Humanidades &#8211; I MATCH, evento que compartilha os saberes e conhecimentos das humanidades. Durante este evento, ter-se-\u00e1 oportunidade de explorar uma ampla gama de projetos e atividades desenvolvidos por docentes, discentes e t\u00e9cnicos administrativos do <a class=\"leiamais\" href=\"https:\/\/eventos.uepb.edu.br\/congressouniversitario\/i-mostra-de-atividades-do-centro-de-humanidades-i-match\/\">Leia Mais&#8230;<\/a><\/p>\n","protected":false},"author":4,"featured_media":0,"parent":0,"menu_order":0,"comment_status":"closed","ping_status":"closed","template":"","meta":{"footnotes":""},"class_list":["post-1293","page","type-page","status-publish","hentry"],"_links":{"self":[{"href":"https:\/\/eventos.uepb.edu.br\/congressouniversitario\/wp-json\/wp\/v2\/pages\/1293","targetHints":{"allow":["GET"]}}],"collection":[{"href":"https:\/\/eventos.uepb.edu.br\/congressouniversitario\/wp-json\/wp\/v2\/pages"}],"about":[{"href":"https:\/\/eventos.uepb.edu.br\/congressouniversitario\/wp-json\/wp\/v2\/types\/page"}],"author":[{"embeddable":true,"href":"https:\/\/eventos.uepb.edu.br\/congressouniversitario\/wp-json\/wp\/v2\/users\/4"}],"replies":[{"embeddable":true,"href":"https:\/\/eventos.uepb.edu.br\/congressouniversitario\/wp-json\/wp\/v2\/comments?post=1293"}],"version-history":[{"count":20,"href":"https:\/\/eventos.uepb.edu.br\/congressouniversitario\/wp-json\/wp\/v2\/pages\/1293\/revisions"}],"predecessor-version":[{"id":2122,"href":"https:\/\/eventos.uepb.edu.br\/congressouniversitario\/wp-json\/wp\/v2\/pages\/1293\/revisions\/2122"}],"wp:attachment":[{"href":"https:\/\/eventos.uepb.edu.br\/congressouniversitario\/wp-json\/wp\/v2\/media?parent=1293"}],"curies":[{"name":"wp","href":"https:\/\/api.w.org\/{rel}","templated":true}]}}