{"id":1291,"date":"2024-08-23T10:36:52","date_gmt":"2024-08-23T13:36:52","guid":{"rendered":"https:\/\/eventos.uepb.edu.br\/congressouniversitario\/?page_id=1291"},"modified":"2024-09-23T09:21:57","modified_gmt":"2024-09-23T12:21:57","slug":"agrotec-2024","status":"publish","type":"page","link":"https:\/\/eventos.uepb.edu.br\/congressouniversitario\/agrotec-2024\/","title":{"rendered":"AGROTEC 2024"},"content":{"rendered":"<div class=\"wpb-content-wrapper\"><p>[vc_row][vc_column][vc_tta_tour][vc_tta_section title=&#8221;Apresenta\u00e7\u00e3o&#8221; tab_id=&#8221;1723051350484-74ca6583-f13f&#8221;][vc_column_text css=&#8221;&#8221;]<img loading=\"lazy\" decoding=\"async\" class=\"alignleft size-medium wp-image-1687 img-responsive\" src=\"https:\/\/eventos.uepb.edu.br\/congressouniversitario\/wp-content\/uploads\/sites\/7\/2024\/09\/AGROTEC_LOGO-Edna-Raquel-Clarindo-Costa-300x300.jpeg\" alt=\"\" width=\"300\" height=\"300\" srcset=\"https:\/\/eventos.uepb.edu.br\/congressouniversitario\/wp-content\/uploads\/sites\/7\/2024\/09\/AGROTEC_LOGO-Edna-Raquel-Clarindo-Costa-300x300.jpeg 300w, https:\/\/eventos.uepb.edu.br\/congressouniversitario\/wp-content\/uploads\/sites\/7\/2024\/09\/AGROTEC_LOGO-Edna-Raquel-Clarindo-Costa-796x796.jpeg 796w, https:\/\/eventos.uepb.edu.br\/congressouniversitario\/wp-content\/uploads\/sites\/7\/2024\/09\/AGROTEC_LOGO-Edna-Raquel-Clarindo-Costa.jpeg 1080w\" sizes=\"auto, (max-width: 300px) 100vw, 300px\" \/><\/p>\n<p>&nbsp;<\/p>\n<p>&nbsp;<\/p>\n<p>&nbsp;<\/p>\n<p>&nbsp;<\/p>\n<p>&nbsp;<\/p>\n<p>&nbsp;<\/p>\n<p>&nbsp;<\/p>\n<p>&nbsp;<\/p>\n<p>&nbsp;<\/p>\n<p><strong>Tem\u00e1tica:<\/strong> Inova\u00e7\u00f5es tecnol\u00f3gicas no mundo agro.<\/p>\n<p>O Agrotec \u00e9 um evento cient\u00edfico e tecnol\u00f3gico voltado para a \u00e1rea t\u00e9cnica em agropecu\u00e1ria e agroind\u00fastria, agronomia, agroecologia, englobando outras \u00e1reas relacionadas a produ\u00e7\u00e3o de alimentos. O evento \u00e9 realizado com palestras, minicursos, oficinas e exposi\u00e7\u00f5es oferecidos aos alunos, agricultores e comunidade externa a UEPB campus II. Na edi\u00e7\u00e3o de 2024 o Agrotec tem como tema central: Inova\u00e7\u00f5es tecnol\u00f3gicas no mundo Agro.<\/p>\n<p><strong>Formato:<\/strong> Presencial<\/p>\n<p><strong>P\u00fablico-alvo:<\/strong> Aluno, servidor, p\u00fablico externo, empres\u00e1rio, estagi\u00e1rio, bolsista.<\/p>\n<p><strong>Local:<\/strong> C\u00e2mpus II, S\u00edtio Imba\u00faba, s\/n, Lagoa Seca \u2013 PB &#8211; CEP: 58117-000[\/vc_column_text][\/vc_tta_section][vc_tta_section title=&#8221;Comiss\u00e3o Organizadora&#8221; tab_id=&#8221;1723051372044-4de7e0c8-ac23&#8243;][vc_column_text css=&#8221;&#8221;]<strong>Coordenador:<\/strong> Mario Sergio de Araujo, 2233894, Campus II, CCAA;<\/p>\n<p><strong>Organizadores(as):<\/strong><\/p>\n<p>Jos\u00e9 Felix de Brito Neto, Campus II, CCAA;<br \/>\n\u00c9dna Raquel Clarindo Costa, Campus II, CCAA;<br \/>\nDeise Souza de Castro, Campus II, CCAA;<br \/>\nErinaldo Dias Amorim, Campus II, CCAA;<br \/>\nJos\u00e9 do Carmo Marinho, Campus II, CCAA;<br \/>\nMarya Marlly Vieira Formiga, Campus II, CCAA;<br \/>\nRaphaela Santana Lira, Campus II, CCAA;<br \/>\nM\u00e9rcia Bezerra de Melo, Campus II, CCAA;<br \/>\nLuana de F\u00e1tima Damasceno dos Santos, Campus II, CCAA;<br \/>\nDalmo Marcello de Brito Primo, Campus II, CCAA;<br \/>\nRom\u00e1rio Oliveira de Andrade, Campus II, CCAA;<br \/>\nThamirys Lorrane Santos Lima, Campus II, CCAA;<br \/>\nJana\u00edna Mendon\u00e7a Soares, Campus II, CCAA;<br \/>\nAndygley Fernandes Mota, Campus II, CCAA;<br \/>\nDeocleciano Cassiano de Santana Neto, Campus II, CCAA;<br \/>\nPedro Leon Gomes Cairo, Campus II, CCAA.[\/vc_column_text][\/vc_tta_section][vc_tta_section title=&#8221;Programa\u00e7\u00e3o&#8221; tab_id=&#8221;1723051406819-7e54b22e-71d5&#8243;][vc_column_text css=&#8221;&#8221;]<strong>06\/11\/2024 (Parte I) e 07\/11\/2024 (Parte II)<\/strong><\/p>\n<p>&nbsp;<\/p>\n<p><strong>Minicurso:<\/strong> <strong>Insemina\u00e7\u00e3o artificial em vacas leiteiras<\/strong><\/p>\n<p>Ministrante:\u00a0 Paulo Henrique Herculano Araujo e Pedro Leon Gomes Cairo<\/p>\n<p>Hora de in\u00edcio da atividade: dia 06\/11 \u00e0s 13h e dia 07\/11 \u00e0s 08h<\/p>\n<p>Hora de fim da atividade: 17h<\/p>\n<p>Carga Hor\u00e1ria: 8h<\/p>\n<p>Limite de Inscri\u00e7\u00f5es (quantidade de vagas): 14<\/p>\n<p>&nbsp;<\/p>\n<p><strong>Minicurso:<\/strong> <strong>Identifica\u00e7\u00e3o de doen\u00e7as de plantas<\/strong><\/p>\n<p>Ministrante: \u00c9lida Barbora Corr\u00eaa<\/p>\n<p>Hora de in\u00edcio da atividade: dia 06\/11 \u00e0s 13h e dia 07\/11 \u00e0s 8h<\/p>\n<p>Hora de fim da atividade: dia 06\/11 \u00e0s 17h e dia 07\/11 \u00e0s 12h<\/p>\n<p>Carga Hor\u00e1ria: 8h<\/p>\n<p>Limite de Inscri\u00e7\u00f5es (quantidade de vagas): 10<\/p>\n<p><strong>\u00a0<\/strong><\/p>\n<p><strong>\u00a0<\/strong><\/p>\n<p><strong>06\/11\/2024 (Parte I), 07\/11\/2024 (Parte II) e 08\/11\/2024 (Parte III)<\/strong><\/p>\n<p>&nbsp;<\/p>\n<p><strong>Minicurso:<\/strong> <strong>Introdu\u00e7\u00e3o a Suinocultura<\/strong><\/p>\n<p>Ministrante: SENAR PB<\/p>\n<p>Hora de in\u00edcio da atividade: 8h<\/p>\n<p>Hora de fim da atividade: 17h<\/p>\n<p>Carga Hor\u00e1ria: 24h<\/p>\n<p>Limite de Inscri\u00e7\u00f5es (quantidade de vagas): 15<\/p>\n<p>&nbsp;<\/p>\n<p>&nbsp;<\/p>\n<p><strong>Minicurso:<\/strong> <strong>Opera\u00e7\u00e3o de tratores<\/strong><\/p>\n<p>Ministrante: SENAR PB<\/p>\n<p>Hora de in\u00edcio da atividade: 8h<\/p>\n<p>Hora de fim da atividade: 17h<\/p>\n<p>Carga Hor\u00e1ria: 24h<\/p>\n<p>Limite de Inscri\u00e7\u00f5es (quantidade de vagas): 15<\/p>\n<p><strong>\u00a0<\/strong><\/p>\n<p><strong>\u00a0<\/strong><\/p>\n<p><strong>06<\/strong><strong>\/<\/strong><strong>11<\/strong><strong>\/<\/strong><strong>2024<\/strong><\/p>\n<p>&nbsp;<\/p>\n<p><strong>Palestra de abertura: falta definir o t\u00edtulo<\/strong><\/p>\n<p>Hor\u00e1rio: 09h<\/p>\n<p>Local: Audit\u00f3rio<\/p>\n<p>&nbsp;<\/p>\n<p><strong>Oficina:<\/strong><strong> Manejo sanit\u00e1rio nas instala\u00e7\u00f5es para pequenos ruminantes.<\/strong><\/p>\n<p>Ministrante: Luana de F\u00e1tima Damasceno dos Santos<\/p>\n<p>Hora de in\u00edcio da atividade: 13h<\/p>\n<p>Hora de fim da atividade: 17h<\/p>\n<p>Carga Hor\u00e1ria: 4h<\/p>\n<p>Limite de Inscri\u00e7\u00f5es (quantidade de vagas): 15<\/p>\n<p>&nbsp;<\/p>\n<p><strong>Oficina:<\/strong> <strong>Produ\u00e7\u00e3o de hidrop\u00f4nicos<\/strong><\/p>\n<p>Ministrante:<\/p>\n<p>Hora de in\u00edcio da atividade: 13h<\/p>\n<p>Hora de fim da atividade: 17h<\/p>\n<p>Carga Hor\u00e1ria: 4h<\/p>\n<p>Limite de Inscri\u00e7\u00f5es (quantidade de vagas): 15<\/p>\n<p>&nbsp;<\/p>\n<p><strong>Oficina:<\/strong> <strong>Produ\u00e7\u00e3o de diagramas a partir de um texto acad\u00eamico-cient\u00edfico: mapa mental, mapa conceitual e linha do tempo<\/strong><\/p>\n<p>Ministrante: Leandro Oliveira de Andrade<\/p>\n<p>Hora de in\u00edcio da atividade: 13h<\/p>\n<p>Hora de fim da atividade: 17h<\/p>\n<p>Carga Hor\u00e1ria: 4h<\/p>\n<p>Limite de Inscri\u00e7\u00f5es (quantidade de vagas): 20<\/p>\n<p>&nbsp;<\/p>\n<p><strong>Oficina:<\/strong><strong> Agrometeorologia f\u00e1cil ao alcance de todos (Turma 1)<\/strong><\/p>\n<p>Ministrante: \u00a0Messias Firmino de Queiroz e Franklin Jos\u00e9 dos Reis<\/p>\n<p>Hora de in\u00edcio da atividade: 13h<\/p>\n<p>Hora de fim da atividade: 15h<\/p>\n<p>Carga Hor\u00e1ria: 2h<\/p>\n<p>Limite de Inscri\u00e7\u00f5es (quantidade de vagas): 20<\/p>\n<p><strong>\u00a0<\/strong><\/p>\n<p><strong>Oficina:<\/strong> <strong>Produ\u00e7\u00e3o de Hidromel Artesana<\/strong><strong>l<\/strong><\/p>\n<p>Ministrante: Leandro Gomes Pereira<\/p>\n<p>Hora de in\u00edcio da atividade: 13h<\/p>\n<p>Hora de fim da atividade: 17h<\/p>\n<p>Carga Hor\u00e1ria: 4h<\/p>\n<p>Limite de Inscri\u00e7\u00f5es (quantidade de vagas): 15<\/p>\n<p>&nbsp;<\/p>\n<p><strong>Oficina:<\/strong> <strong>Elabora\u00e7\u00e3o de Produtos C\u00e1rneos<\/strong><\/p>\n<p>Ministrante: Edilayane da N\u00f3brega Santos<\/p>\n<p>Hora de in\u00edcio da atividade: 13h<\/p>\n<p>Hora de fim da atividade: 17h<\/p>\n<p>Carga Hor\u00e1ria: 4h<\/p>\n<p>Limite de Inscri\u00e7\u00f5es (quantidade de vagas): 15<\/p>\n<p>&nbsp;<\/p>\n<p><strong>Oficina:<\/strong> <strong>Transforma\u00e7\u00e3o do pescado: processos e inova\u00e7\u00e3o <\/strong><\/p>\n<p>Ministrante: Leidiana Elias Xavier<\/p>\n<p>Hora de in\u00edcio da atividade: 13h<\/p>\n<p>Hora de fim da atividade: 17h<\/p>\n<p>Carga Hor\u00e1ria: 4h<\/p>\n<p>Limite de Inscri\u00e7\u00f5es (quantidade de vagas): 15<\/p>\n<p>&nbsp;<\/p>\n<p><strong>Oficina:<\/strong> <strong>Produtos aliment\u00edcios congelados: praticidade na vida do consumidor<\/strong><\/p>\n<p>Ministrante: Renaly Kaline\u00a0 Gomes dos Santos<\/p>\n<p>Hora de in\u00edcio da atividade: 13h<\/p>\n<p>Hora de fim da atividade: 17h<\/p>\n<p>Carga Hor\u00e1ria: 4h<\/p>\n<p>Limite de Inscri\u00e7\u00f5es (quantidade de vagas): 15<\/p>\n<p>&nbsp;<\/p>\n<p><strong>07<\/strong><strong>\/<\/strong><strong>11<\/strong><strong>\/<\/strong><strong>2024<\/strong><\/p>\n<p>&nbsp;<\/p>\n<p><strong>Aula show: Produ\u00e7\u00e3o do queijo manteiga ao vivo<\/strong><\/p>\n<p>Ministrante: Queijaria S\u00e3o Bento<\/p>\n<p>Hor\u00e1rio: 08h<\/p>\n<p>Local: Pavilh\u00e3o central<\/p>\n<p>&nbsp;<\/p>\n<p><strong>Minicurso:<\/strong> <strong>P\u00e3es artesanais <\/strong><\/p>\n<p>Ministrante: Dalmo Marcello de Brito Primo<\/p>\n<p>Hora de in\u00edcio da atividade: 08h<\/p>\n<p>Hora de fim da atividade: 17h<\/p>\n<p>Carga Hor\u00e1ria: 8h<\/p>\n<p>Limite de Inscri\u00e7\u00f5es (quantidade de vagas): 12<\/p>\n<p>&nbsp;<\/p>\n<p><strong>Minicurso: Produ\u00e7\u00e3o de cerveja artesanal: Materiais e m\u00e9todos <\/strong><\/p>\n<p>Ministrante: Antonio Senko<\/p>\n<p>Hora de in\u00edcio da atividade: 08h<\/p>\n<p>Hora de fim da atividade: 17h<\/p>\n<p>Carga Hor\u00e1ria: 8h<\/p>\n<p>Limite de Inscri\u00e7\u00f5es (quantidade de vagas): 15<\/p>\n<p><strong>\u00a0<\/strong><\/p>\n<p><strong>Minicurso:<\/strong> <strong>Manejo alimentar e sanit\u00e1rio na avicultura caipira<\/strong><\/p>\n<p>Ministrante: Dr. Raul Cunha Lima Neto e Maria Vit\u00f3ria Dias Carneiro<\/p>\n<p>Hora de in\u00edcio da atividade: 8h<\/p>\n<p>Hora de fim da atividade: 17h<\/p>\n<p>Carga Hor\u00e1ria: 8h<\/p>\n<p>Limite de Inscri\u00e7\u00f5es (quantidade de vagas): 25<\/p>\n<p>&nbsp;<\/p>\n<p><strong>Minicurso:<\/strong> <strong>Apicultura para iniciantes: t\u00e9cnicas de manejo de abelhas para iniciantes<\/strong><\/p>\n<p>Ministrante: Joaquim Efigenio Maia Leite e Jana\u00edna Mendon\u00e7a Soares<\/p>\n<p>Hora de in\u00edcio da atividade: 08h<\/p>\n<p>Hora de fim da atividade: 17h<\/p>\n<p>Carga Hor\u00e1ria: 8h<\/p>\n<p>Limite de Inscri\u00e7\u00f5es (quantidade de vagas): 15<\/p>\n<p><strong>\u00a0<\/strong><\/p>\n<p><strong>Minicurso:<\/strong> <strong>Aplica\u00e7\u00e3o de medicamentos em animais de produ\u00e7\u00e3o<\/strong><\/p>\n<p>Ministrante: Antonio Ara\u00fajo Neto<\/p>\n<p>Hora de in\u00edcio da atividade: 08h<\/p>\n<p>Hora de fim da atividade: 17h<\/p>\n<p>Carga Hor\u00e1ria: 8h<\/p>\n<p>Limite de Inscri\u00e7\u00f5es (quantidade de vagas): 25<\/p>\n<p>&nbsp;<\/p>\n<p><strong>Minicurso:<\/strong> <strong>Tecnologia de aplica\u00e7\u00e3o de produtos qu\u00edmicos.<\/strong><\/p>\n<p>Ministrante: EMBRAPA<\/p>\n<p>Hora de in\u00edcio da atividade: 08h<\/p>\n<p>Hora de fim da atividade: 17h<\/p>\n<p>Carga Hor\u00e1ria: 8h<\/p>\n<p>Limite de Inscri\u00e7\u00f5es (quantidade de vagas): 15<\/p>\n<p>&nbsp;<\/p>\n<p><strong>Minicurso:<\/strong> <strong>Uso de drone na agricultura<\/strong><\/p>\n<p>Hora de in\u00edcio da atividade: 08h<\/p>\n<p>Hora de fim da atividade: 17h<\/p>\n<p>Carga Hor\u00e1ria: 8h<\/p>\n<p>Limite de Inscri\u00e7\u00f5es (quantidade de vagas): 15<\/p>\n<p><strong>\u00a0<\/strong><\/p>\n<p><strong>Oficina:<\/strong><strong> Agrometeorologia f\u00e1cil ao alcance de todos (Turma 2)<\/strong><\/p>\n<p>Ministrante: Messias Firmino de Queiroz e Franklin Jos\u00e9 dos Reis<\/p>\n<p>Hora de in\u00edcio da atividade: 13h<\/p>\n<p>Hora de fim da atividade: 15h<\/p>\n<p>Carga Hor\u00e1ria: 2h<\/p>\n<p>Limite de Inscri\u00e7\u00f5es (quantidade de vagas): 20<\/p>\n<p><strong>\u00a0<\/strong><\/p>\n<p><strong>Oficina:<\/strong> <strong>Produ\u00e7\u00e3o de queijos<\/strong><\/p>\n<p>Ministrante: Rafael<\/p>\n<p>Hora de in\u00edcio da atividade: 08h<\/p>\n<p>Hora de fim da atividade: 12h<\/p>\n<p>Carga Hor\u00e1ria: 4h<\/p>\n<p>Limite de Inscri\u00e7\u00f5es (quantidade de vagas): 15<\/p>\n<p>&nbsp;<\/p>\n<p><strong>Oficina:<\/strong> <strong>Processamento m\u00ednimo de frutas e hortali\u00e7as<\/strong><\/p>\n<p>Ministrante: Yarosl\u00e1via Ferreira Paiva<\/p>\n<p>Hora de in\u00edcio da atividade: 08h<\/p>\n<p>Hora de fim da atividade: 12h<\/p>\n<p>Carga Hor\u00e1ria: 4h<\/p>\n<p>Limite de Inscri\u00e7\u00f5es (quantidade de vagas): 15<\/p>\n<p>&nbsp;<\/p>\n<p><strong>Oficina:<\/strong> <strong>Aproveitamento integral de alimentos<\/strong><\/p>\n<p>Ministrante: Ediana da Silva Ara\u00fajo<\/p>\n<p>Hora de in\u00edcio da atividade: 08h<\/p>\n<p>Hora de fim da atividade: 12h<\/p>\n<p>Carga Hor\u00e1ria: 4h<\/p>\n<p>Limite de Inscri\u00e7\u00f5es (quantidade de vagas): 15<\/p>\n<p>&nbsp;<\/p>\n<p><strong>Oficina:<\/strong><strong> Produ\u00e7\u00e3o de conservas vegetais<\/strong><\/p>\n<p>Ministrante: Henrique Valentim Moura<\/p>\n<p>Hora de in\u00edcio da atividade: 13h<\/p>\n<p>Hora de fim da atividade: 17h<\/p>\n<p>Carga Hor\u00e1ria: 4h<\/p>\n<p>Limite de Inscri\u00e7\u00f5es (quantidade de vagas): 15<\/p>\n<p>&nbsp;<\/p>\n<p><strong>Oficina:<\/strong> <strong>Gastronomia Natural e Funcional<\/strong><\/p>\n<p>Ministrante: Deocleciano Cassiano de Santana Neto e Thiago Henrique dos Santos Batista<\/p>\n<p>Hora de in\u00edcio da atividade: 13h<\/p>\n<p>Hora de fim da atividade: 17h<\/p>\n<p>Carga Hor\u00e1ria: 4h<\/p>\n<p>Limite de Inscri\u00e7\u00f5es (quantidade de vagas): 15<\/p>\n<p>&nbsp;<\/p>\n<p><strong>Oficina: Uso da IA para pesquisa cient\u00edfica <\/strong><\/p>\n<p>Ministrante: Thiago Costa Ferreira<\/p>\n<p>Hora de in\u00edcio da atividade: 08h<\/p>\n<p>Hora de fim da atividade: 10h<\/p>\n<p>Carga Hor\u00e1ria: 2h<\/p>\n<p>Limite de Inscri\u00e7\u00f5es (quantidade de vagas): 20<\/p>\n<p>&nbsp;<\/p>\n<p><strong>Oficina:<\/strong> <strong>Viveirismo e propaga\u00e7\u00e3o de plantas<\/strong><\/p>\n<p>Ministrantes:<\/p>\n<p>Andygley Fernandes Mota<\/p>\n<p>Valdeir de Souza Oliveira<\/p>\n<p>Hora de in\u00edcio da atividade: 08h<\/p>\n<p>Hora de fim da atividade: 12h<\/p>\n<p>Carga Hor\u00e1ria: 4h<\/p>\n<p>Limite de Inscri\u00e7\u00f5es (quantidade de vagas): 25<\/p>\n<p>&nbsp;<\/p>\n<p><strong>Oficina:<\/strong> <strong>Viv\u00eancias em meliponicultura: um dia de campo sob a \u00f3tica da ecopedagogia<\/strong><\/p>\n<p>Ministrante: Dsc. Leandro Oliveira de Andrade e Dsc. Elka Costa Santos Nascimento<\/p>\n<p>Hora de in\u00edcio da atividade: 13h30<\/p>\n<p>Hora de fim da atividade: 16h30<\/p>\n<p>Carga Hor\u00e1ria: 3h<\/p>\n<p>Limite de Inscri\u00e7\u00f5es (quantidade de vagas): 20<\/p>\n<p>&nbsp;<\/p>\n<p><strong>08\/11\/2024<\/strong><\/p>\n<p>&nbsp;<\/p>\n<p><strong>Aula show: Produ\u00e7\u00e3o de cacha\u00e7a ao vivo<\/strong><\/p>\n<p>Ministrante: Queijaria S\u00e3o Bento<\/p>\n<p>Hor\u00e1rio: 08h<\/p>\n<p>Local: Pavilh\u00e3o central[\/vc_column_text][\/vc_tta_section][vc_tta_section title=&#8221;Inscri\u00e7\u00f5es e Credenciamento&#8221; tab_id=&#8221;1723056810590-d369a7e8-5186&#8243;][vc_column_text css=&#8221;&#8221;]<strong><span style=\"color: #000000\">Normas para Inscri\u00e7\u00e3o e Credenciamento<\/span><\/strong><\/p>\n<p>&nbsp;<\/p>\n<p>Prazo para inscri\u00e7\u00e3o \u2013 at\u00e9 <strong>15 DE OUTUBRO DE 2024<\/strong><\/p>\n<p><strong>ATEN\u00c7\u00c3O:<\/strong> n\u00e3o haver\u00e1 inscri\u00e7\u00f5es ap\u00f3s essa data e o credenciamento s\u00f3 ser\u00e1 realizado para os inscritos.<\/p>\n<p>&nbsp;<\/p>\n<p>Siga as normas, inscreva-se e participe conosco!<\/p>\n<p>&nbsp;<\/p>\n<p><strong>Regras gerais sobre as inscri\u00e7\u00f5es<\/strong><\/p>\n<p>&nbsp;<\/p>\n<p>Todos(as) os(as) participantes dever\u00e3o realizar inscri\u00e7\u00f5es no <strong>AGROTEC 2024<\/strong><\/p>\n<p>As inscri\u00e7\u00f5es dever\u00e3o ser efetuadas por meio do preenchimento do formul\u00e1rio on-line, observando-se os prazos estabelecidos para cada modalidade de inscri\u00e7\u00e3o.<\/p>\n<p>No item \u201cPerfil\u201d, escolha uma das op\u00e7\u00f5es segundo o seu v\u00ednculo com a UEPB:<\/p>\n<ul>\n<li>SERVIDOR (docente ou t\u00e9cnico administrativo);<\/li>\n<li>ALUNO (gradua\u00e7\u00e3o ou p\u00f3s).<\/li>\n<li>P\u00daBLICO EXTERNO \u2013 refere-se a toda e qualquer pessoa <strong>sem v\u00ednculo com a UEPB<\/strong> que deseja participar do Evento.<\/li>\n<\/ul>\n<p>&nbsp;<\/p>\n<p>Para a finaliza\u00e7\u00e3o da inscri\u00e7\u00e3o, faz-se necess\u00e1rio optar por pelo menos uma atividade (MINICURSOS OU OFICINAS).<\/p>\n<p>Caso <strong>N\u00c3O DESEJE <\/strong>participar de nenhuma atividade (minicursos ou oficinas) escolher a op\u00e7\u00e3o MINICURSO: N\u00c3O DESEJO PARTICIPAR DE NENHUMA ATIVIDADE (MINICURSO E\/OU OFICINA) QUERO PARTICIPAR COM OUVINTE DO <strong>AGROTEC 2024<\/strong>.<\/p>\n<p>&nbsp;<\/p>\n<p><strong>OBS:<\/strong> Depois de escolhidas as atividades (minicursos e\/ou oficinas), e finalizada a inscri\u00e7\u00e3o, n\u00e3o ser\u00e1 poss\u00edvel acrescentar nem trocar de atividade, portanto, al\u00e9m do formato, observe dias e hor\u00e1rios dispon\u00edveis.<\/p>\n<p>&nbsp;<\/p>\n<p>Na aba \u201cPrograma\u00e7\u00e3o\u201d ser\u00e3o disponibilizados a localiza\u00e7\u00e3o das atividades presenciais.<\/p>\n<p>&nbsp;<\/p>\n<p><strong>Minicursos e Oficinas<\/strong><\/p>\n<p>&nbsp;<\/p>\n<p>Os minicursos e oficinas possuem vagas limitadas disponibilizadas no sistema e s\u00f3 poder\u00e3o participar os que optarem pela atividade no momento da inscri\u00e7\u00e3o.<\/p>\n<p>S\u00f3 poder\u00e1 participar dos minicursos e oficinas quem realizar inscri\u00e7\u00e3o pr\u00e9via nos mesmos.<\/p>\n<p>&nbsp;<\/p>\n<p><strong>Credenciamento<\/strong><\/p>\n<p>&nbsp;<\/p>\n<p>O credenciamento s\u00f3 ser\u00e1 efetuado com a apresenta\u00e7\u00e3o de um documento oficial com foto (RG, CNH ou documento oficial expedido por \u00f3rg\u00e3os federais).<\/p>\n<p>N\u00e3o ser\u00e1 permitido o credenciamento por terceiros, exceto atrav\u00e9s de procura\u00e7\u00e3o. A entrega do material do evento ser\u00e1 realizada apenas ao participante presente ou ao seu procurador.<\/p>\n<p>O credenciamento (entrega do material \u2013 pasta, crach\u00e1, bloco e caneta) ocorrer\u00e1 no local do evento;<\/p>\n<p>Haver\u00e1 lista de presen\u00e7a em todas as atividades.<\/p>\n<p>&nbsp;<\/p>\n<p><strong>Fa\u00e7a Sua Inscri\u00e7\u00e3o<\/strong><\/p>\n<p>Acesse o link: <a href=\"https:\/\/suap.uepb.edu.br\/eventos\/inscricao\/57\/\">https:\/\/suap.uepb.edu.br\/eventos\/inscricao\/57\/<\/a>[\/vc_column_text][\/vc_tta_section][vc_tta_section title=&#8221;Certificados&#8221; tab_id=&#8221;1723056893961-23202c5a-7142&#8243;][vc_column_text css=&#8221;&#8221;]<strong>Certificados<\/strong><\/p>\n<ul>\n<li>Informamos aos participantes do <strong>AGROTEC 2024<\/strong> que os certificados ser\u00e3o enviados para o e-mail dos inscritos que estiveram presentes no evento, favor buscar, na caixa de entrada ou no SPAM, pelo assunto: [SUAP] Certificado de Participa\u00e7\u00e3o;<\/li>\n<li>O certificado de Participa\u00e7\u00e3o no <strong>AGROTEC 2024 <\/strong>ser\u00e1 emitido com <strong>24 horas<\/strong> para todos os participantes inscritos e que assinaram as listas de presen\u00e7a;<\/li>\n<li>Os certificados de\u00a0participa\u00e7\u00e3o em Minicurso e Oficinaser\u00e3o emitidos com a carga hor\u00e1ria conforme a atividade desenvolvida, desde que tenha sido constatada a inscri\u00e7\u00e3o e presen\u00e7a, mediante assinatura das listas;<\/li>\n<li>Os certificados de Ministrantes de atividades ser\u00e3o enviados para o e-mail informado no ato da inscri\u00e7\u00e3o.<\/li>\n<\/ul>\n<p>[\/vc_column_text][\/vc_tta_section][\/vc_tta_tour][\/vc_column][\/vc_row]<\/p>\n<\/div>","protected":false},"excerpt":{"rendered":"<p>[vc_row][vc_column][vc_tta_tour][vc_tta_section title=&#8221;Apresenta\u00e7\u00e3o&#8221; tab_id=&#8221;1723051350484-74ca6583-f13f&#8221;][vc_column_text css=&#8221;&#8221;] &nbsp; &nbsp; &nbsp; &nbsp; &nbsp; &nbsp; &nbsp; &nbsp; &nbsp; Tem\u00e1tica: Inova\u00e7\u00f5es tecnol\u00f3gicas no mundo agro. O Agrotec \u00e9 um evento cient\u00edfico e tecnol\u00f3gico voltado para a \u00e1rea t\u00e9cnica em agropecu\u00e1ria e agroind\u00fastria, agronomia, agroecologia, englobando outras \u00e1reas relacionadas a produ\u00e7\u00e3o de alimentos. O evento \u00e9 realizado com palestras, minicursos, oficinas e <a class=\"leiamais\" href=\"https:\/\/eventos.uepb.edu.br\/congressouniversitario\/agrotec-2024\/\">Leia Mais&#8230;<\/a><\/p>\n","protected":false},"author":4,"featured_media":0,"parent":0,"menu_order":0,"comment_status":"closed","ping_status":"closed","template":"","meta":{"footnotes":""},"class_list":["post-1291","page","type-page","status-publish","hentry"],"_links":{"self":[{"href":"https:\/\/eventos.uepb.edu.br\/congressouniversitario\/wp-json\/wp\/v2\/pages\/1291","targetHints":{"allow":["GET"]}}],"collection":[{"href":"https:\/\/eventos.uepb.edu.br\/congressouniversitario\/wp-json\/wp\/v2\/pages"}],"about":[{"href":"https:\/\/eventos.uepb.edu.br\/congressouniversitario\/wp-json\/wp\/v2\/types\/page"}],"author":[{"embeddable":true,"href":"https:\/\/eventos.uepb.edu.br\/congressouniversitario\/wp-json\/wp\/v2\/users\/4"}],"replies":[{"embeddable":true,"href":"https:\/\/eventos.uepb.edu.br\/congressouniversitario\/wp-json\/wp\/v2\/comments?post=1291"}],"version-history":[{"count":12,"href":"https:\/\/eventos.uepb.edu.br\/congressouniversitario\/wp-json\/wp\/v2\/pages\/1291\/revisions"}],"predecessor-version":[{"id":1957,"href":"https:\/\/eventos.uepb.edu.br\/congressouniversitario\/wp-json\/wp\/v2\/pages\/1291\/revisions\/1957"}],"wp:attachment":[{"href":"https:\/\/eventos.uepb.edu.br\/congressouniversitario\/wp-json\/wp\/v2\/media?parent=1291"}],"curies":[{"name":"wp","href":"https:\/\/api.w.org\/{rel}","templated":true}]}}