{"id":1287,"date":"2024-08-23T10:36:10","date_gmt":"2024-08-23T13:36:10","guid":{"rendered":"https:\/\/eventos.uepb.edu.br\/congressouniversitario\/?page_id=1287"},"modified":"2024-11-01T19:13:43","modified_gmt":"2024-11-01T22:13:43","slug":"i-semana-de-educacao-ciencia-e-tecnologia-do-cct-i-sect-cct","status":"publish","type":"page","link":"https:\/\/eventos.uepb.edu.br\/congressouniversitario\/i-semana-de-educacao-ciencia-e-tecnologia-do-cct-i-sect-cct\/","title":{"rendered":"I Semana de Educa\u00e7\u00e3o, Ci\u00eancia e Tecnologia do CCT  \u2013  I SECT\/CCT"},"content":{"rendered":"<div class=\"wpb-content-wrapper\"><p>[vc_row][vc_column][vc_tta_tour][vc_tta_section title=&#8221;Apresenta\u00e7\u00e3o&#8221; tab_id=&#8221;1723051350484-74ca6583-f13f&#8221;][vc_column_text css=&#8221;&#8221;]<img loading=\"lazy\" decoding=\"async\" class=\"alignleft size-medium wp-image-1642 img-responsive\" src=\"https:\/\/eventos.uepb.edu.br\/congressouniversitario\/wp-content\/uploads\/sites\/7\/2024\/09\/logomarca_ISECT_fundo_branco-Gustavo-H.-Esteves-300x284.png\" alt=\"\" width=\"300\" height=\"284\" srcset=\"https:\/\/eventos.uepb.edu.br\/congressouniversitario\/wp-content\/uploads\/sites\/7\/2024\/09\/logomarca_ISECT_fundo_branco-Gustavo-H.-Esteves-300x284.png 300w, https:\/\/eventos.uepb.edu.br\/congressouniversitario\/wp-content\/uploads\/sites\/7\/2024\/09\/logomarca_ISECT_fundo_branco-Gustavo-H.-Esteves.png 801w\" sizes=\"auto, (max-width: 300px) 100vw, 300px\" \/><\/p>\n<p>&nbsp;<\/p>\n<p>&nbsp;<\/p>\n<p>&nbsp;<\/p>\n<p>&nbsp;<\/p>\n<p>&nbsp;<\/p>\n<p>&nbsp;<\/p>\n<p>&nbsp;<\/p>\n<p>&nbsp;<\/p>\n<p>&nbsp;<\/p>\n<p align=\"justify\">Em 1998 o Centro de Ci\u00eancias e Tecnologia (CCT) da UEPB realizou sua primeira Semana Pedag\u00f3gica, Cient\u00edfica e Tecnol\u00f3gica envolvendo alguns dos cursos ofertados \u00e0 \u00e9poca, sendo que outras edi\u00e7\u00f5es do evento aconteceram at\u00e9 sua quinta edi\u00e7\u00e3o realizada no ano de 2010. Em 2012 o evento foi ampliado e renomeado para Encontro Nacional de Educa\u00e7\u00e3o, Ci\u00eancia e Tecnologia, contando com abrang\u00eancia nacional. Nesta nova modalidade o encontro foi realizado por tr\u00eas edi\u00e7\u00f5es, sendo que a quarta edi\u00e7\u00e3o deveria ter acontecido em 2020, por\u00e9m, sua realiza\u00e7\u00e3o acabou sendo inviabilizada em decorr\u00eancia da pandemia de COVID-19 e uma s\u00e9rie de outros contratempos. Agora, as ideias e experi\u00eancias advindas destas modalidades anteriores de eventos acad\u00eamicos realizados pelo CCT est\u00e3o sendo remodeladas e organizadas para a proposta da I Semana de Educa\u00e7\u00e3o, Ci\u00eancia e Tecnologia do CCT (I SECT\/CCT), que \u00e9 um evento cient\u00edfico voltado para os estudantes dos cursos de gradua\u00e7\u00e3o e p\u00f3s-gradua\u00e7\u00e3o vinculados ao centro e que estar\u00e1 vinculado ao Encontro Universit\u00e1rio da UEPB, a ser realizado entre os dias 06 e 08 de novembro de 2024. O evento prev\u00ea a realiza\u00e7\u00e3o de atividades acad\u00eamicas e cient\u00edficas organizadas pelos 6 departamentos que compo\u1ebdm o CCT, al\u00e9m de atividades de divulga\u00e7\u00e3o das atividades realizadas no centro tamb\u00e9m para os alunos do Ensino M\u00e9dio.<\/p>\n<p align=\"justify\"><span style=\"font-size: medium\"><b>Tem\u00e1tica: <\/b><\/span>Ci\u00eancias e tecnologias que transformam<\/p>\n<p align=\"justify\">A I Semana de Educa\u00e7\u00e3o, Ci\u00eancia e Tecnologia do CCT, ser\u00e1 realizada no formato presencial com atividades programadas pelos seis departamentos que comp\u00f5em o centro voltadas para seus alunos de gradua\u00e7\u00e3o e p\u00f3s-gradua\u00e7\u00e3o, mas tamb\u00e9m prevendo algumas atividades de divulga\u00e7\u00e3o para alunos do Ensino M\u00e9dio. Nesta primeira edi\u00e7\u00e3o neste formato o evento n\u00e3o contar\u00e1 com submiss\u00e3o de trabalhos.<\/p>\n<p><strong>Formato:<\/strong> Presencial<\/p>\n<p><strong>P\u00fablico-alvo:<\/strong> Alunos de gradua\u00e7\u00e3o e p\u00f3s-gradua\u00e7\u00e3o do CCT e alunos de ensino m\u00e9dio.<\/p>\n<p><strong>Local:<\/strong> Centro de Ci\u00eancias e Tecnologia, C\u00e2mpus I, UEPB. Rua da Bara\u00fanas, s\/n \u2013Campus Universit\u00e1rio \u2013 Bodocong\u00f3.[\/vc_column_text][\/vc_tta_section][vc_tta_section title=&#8221;Comiss\u00e3o Organizadora&#8221; tab_id=&#8221;1723051372044-4de7e0c8-ac23&#8243;][vc_column_text css=&#8221;&#8221;]<\/p>\n<p align=\"justify\"><strong><span style=\"color: #202124\"><span style=\"font-family: Roboto, serif\"><span style=\"font-size: small\">Coordenador: <\/span><\/span><\/span><\/strong><\/p>\n<ul>\n<li>\n<p align=\"justify\"><span style=\"color: #202124\"><span style=\"font-family: Roboto, serif\"><span style=\"font-size: small\">Gustavo Henrique Esteves, Departamento de Estat\u00edstica &#8211; CCT<\/span><\/span><\/span><\/p>\n<\/li>\n<\/ul>\n<p align=\"justify\"><strong><span style=\"color: #202124\"><span style=\"font-family: Roboto, serif\"><span style=\"font-size: small\">Organizadores: <\/span><\/span><\/span><\/strong><\/p>\n<ul>\n<li>\n<p align=\"justify\"><span style=\"color: #202124\"><span style=\"font-family: Roboto, serif\"><span style=\"font-size: small\">Ana Isabella Muniz Leite, Departamento de Computa\u00e7\u00e3o &#8211; CCT<\/span><\/span><\/span><\/p>\n<\/li>\n<li>\n<p align=\"justify\"><span style=\"color: #202124\"><span style=\"font-family: Roboto, serif\"><span style=\"font-size: small\">Dauci Pinheiro Rodrigues, Departamento de Qu\u00edmica &#8211; CCT<\/span><\/span><\/span><\/p>\n<\/li>\n<li>\n<p align=\"justify\"><span style=\"color: #202124\"><span style=\"font-family: Roboto, serif\"><span style=\"font-size: small\">Edil\u00e2nia Silva do Carmo, Departamento de Qu\u00edmica &#8211; CCT<\/span><\/span><\/span><\/p>\n<\/li>\n<li>\n<p align=\"justify\"><span style=\"color: #202124\"><span style=\"font-family: Roboto, serif\"><span style=\"font-size: small\">Elias Dias Coelho Neto, Departamento de Estat\u00edstica &#8211; CCT<\/span><\/span><\/span><\/p>\n<\/li>\n<li>\n<p align=\"justify\"><span style=\"color: #202124\"><span style=\"font-family: Roboto, serif\"><span style=\"font-size: small\">Israel Buriti Galv\u00e3o, Departamento de Matem\u00e1tica &#8211; CCT<\/span><\/span><\/span><\/p>\n<\/li>\n<li>\n<p align=\"justify\"><span style=\"color: #202124\"><span style=\"font-family: Roboto, serif\"><span style=\"font-size: small\">Neyliane Costa de Souza, Departamento de Engenharia Sanit\u00e1ria e Ambiental &#8211; CCT<\/span><\/span><\/span><\/p>\n<\/li>\n<li>\n<p align=\"justify\"><span style=\"color: #202124\"><span style=\"font-family: Roboto, serif\"><span style=\"font-size: small\">Ruth Brito de Figueiredo Melo, Departamento de F\u00edsica &#8211; CCT<\/span><\/span><\/span><\/p>\n<\/li>\n<li>\n<p align=\"justify\"><span style=\"color: #202124\"><span style=\"font-family: Roboto, serif\"><span style=\"font-size: small\">Sabrina de Figueir\u00eado Souto, Departamento de Computa\u00e7\u00e3o &#8211; CCT<\/span><\/span><\/span><\/p>\n<\/li>\n<\/ul>\n<p>[\/vc_column_text][\/vc_tta_section][vc_tta_section title=&#8221;Programa\u00e7\u00e3o&#8221; tab_id=&#8221;1723051406819-7e54b22e-71d5&#8243;][vc_column_text css=&#8221;&#8221;]A I SECT\/CCT contar\u00e1 com diversas atividades entre palestras, mesas redondas, minicurso e oficinas voltadas para os alunos e alunas dos diversos cursos vinculados ao Centro de Ci\u00eancias e Tecnologia da UEPB &#8211; CCT\/UEPB. Al\u00e9m disso, tamb\u00e9m est\u00e3o previstas algumas atividades de divulga\u00e7\u00e3o dos cursos vinculados ao CCT para alunos do Ensino M\u00e9dio.<\/p>\n<p><strong>ABERTURA E ENCERRAMENTO:<\/strong><\/p>\n<p><strong>06\/11\/2024<\/strong><\/p>\n<p>&nbsp;<\/p>\n<p><strong>Abertura:<\/strong> O evento seguir\u00e1 a programa\u00e7\u00e3o de abertura do IV Congresso Universit\u00e1rio no dia 06\/11\/2024<\/p>\n<p>&nbsp;<\/p>\n<p><strong>08\/11\/2024<\/strong><\/p>\n<p>&nbsp;<\/p>\n<p><strong>Palestra: Intelig\u00eancia Artificial aplicada \u00e0 Educa\u00e7\u00e3o<\/strong><\/p>\n<p>Respons\u00e1vel: Ewerthon Batista (IFPB)<\/p>\n<p>Hora de in\u00edcio:18:30<\/p>\n<p>Hora de fim:19:30<\/p>\n<p>Carga Hor\u00e1ria: 1h<\/p>\n<p>Local: Audit\u00f3rio de Psicologia<\/p>\n<p>&nbsp;<\/p>\n<p><strong>Mostra Cultural<\/strong><\/p>\n<p>Hora de in\u00edcio:19:30<\/p>\n<p>Hora de fim: 21:00<\/p>\n<p>Carga Hor\u00e1ria: 1,5h<\/p>\n<p>Local: Hall do bloco C &#8211; CCT<\/p>\n<p>&nbsp;<\/p>\n<p><strong>F\u00cdSICA:<\/strong><\/p>\n<p>&nbsp;<\/p>\n<p><strong>06\/11\/2024<\/strong><\/p>\n<p><strong>\u00a0<\/strong><\/p>\n<p><strong>Divulga\u00e7\u00e3o: Divulga F\u00edsica<\/strong><\/p>\n<p>Hora de in\u00edcio: 08:00<\/p>\n<p>Hora de fim: 12:00<\/p>\n<p>Carga hor\u00e1ria: 4h<\/p>\n<p>Local: Laborat\u00f3rios de F\u00edsica e salas A-112, A-113 e A-114.<\/p>\n<p>Detalhes: Exposi\u00e7\u00e3o de atividades realizadas pelos grupos de pesquisa do Curso de Licenciatura em F\u00edsica do Campus I<\/p>\n<p>P\u00fablico alvo: alunos do ensino m\u00e9dio de escolas p\u00fablicas<\/p>\n<p>Quantidade de alunos: os monitores far\u00e3o a organiza\u00e7\u00e3o nas salas por grupos.<\/p>\n<p><strong>\u00a0<\/strong><\/p>\n<p><strong>Divulga\u00e7\u00e3o: Divulga F\u00edsica<\/strong><\/p>\n<p>Hora de in\u00edcio: 14:00<\/p>\n<p>Hora de fim: 17:00<\/p>\n<p>Carga hor\u00e1ria: 3h<\/p>\n<p>Local: Laborat\u00f3rios de F\u00edsica e salas A-112, A-113 e A-114.<\/p>\n<p>Detalhes: Exposi\u00e7\u00e3o de atividades realizadas pelos grupos de pesquisa do Curso de Licenciatura em F\u00edsica do Campus I<\/p>\n<p>P\u00fablico alvo: alunos do ensino m\u00e9dio de escolas p\u00fablicas<\/p>\n<p>Quantidade de alunos: os monitores far\u00e3o a organiza\u00e7\u00e3o nas salas por grupos.<\/p>\n<p>&nbsp;<\/p>\n<p><strong>07\/11\/2024<\/strong><\/p>\n<p><strong>\u00a0<\/strong><\/p>\n<p><strong>Palestra: Mulheres na Vanguarda das Ci\u00eancias Exatas: Conquistas e Desafios<\/strong><\/p>\n<p>Respons\u00e1vel: Dra. Eli\u00e2ngela Paulino Bento<\/p>\n<p>Hora de in\u00edcio: 18:00<\/p>\n<p>Hora de fim: 19:00<\/p>\n<p>Local: Audit\u00f3rio do CCT<\/p>\n<p><strong>Limite de inscri\u00e7\u00f5es: 46 vagas<\/strong><\/p>\n<p><strong>\u00a0<\/strong><\/p>\n<p><strong>07\/11\/2024 (Parte I) e 08\/11\/2024 (Parte II)<\/strong><\/p>\n<p><strong>\u00a0<\/strong><\/p>\n<p><strong>Oficina: F\u00edsica, Tecnologias e Experimenta\u00e7\u00e3o: investigando fen\u00f4menos de \u00f3ptica e ondas sonoras <\/strong><\/p>\n<p>Respons\u00e1vel: Me. Jos\u00e9 Fernando de Melo<\/p>\n<p>Hora de in\u00edcio: 18:00<\/p>\n<p>Hora de fim: 20:00<\/p>\n<p>Limite de inscri\u00e7\u00f5es: 20 vagas<\/p>\n<p>&nbsp;<\/p>\n<p><strong>Palestra: A Ci\u00eancia e Tecnologia por Tr\u00e1s do Rel\u00f3gio At\u00f4mico<\/strong><\/p>\n<p>Respons\u00e1vel: T\u00e2mara Pereira Ribeiro de Oliveira Lima e Silva<\/p>\n<p>Data: 08\/11\/2024<\/p>\n<p>Hora de in\u00edcio: 09:00<\/p>\n<p>Hora de fim: 10:00<\/p>\n<p>Carga Hor\u00e1ria: 1h<\/p>\n<p>&nbsp;<\/p>\n<p><strong>ENGENHARIA SANIT\u00c1RIA E AMBIENTAL:<\/strong><\/p>\n<p>&nbsp;<\/p>\n<p><strong>06\/11\/2024<\/strong><\/p>\n<p><strong>\u00a0<\/strong><\/p>\n<p><strong>Mostra: Mostra do Curso de Engenharia as Escolas<\/strong><\/p>\n<p>Respons\u00e1vel: Monitores do curso e um professor<\/p>\n<p>Hora de in\u00edcio: 09:00<\/p>\n<p>Hora de fim: 12:00<\/p>\n<p>Carga Hor\u00e1ria: 3h<\/p>\n<p>Local: visita aos laborat\u00f3rios e a ETA<\/p>\n<p>&nbsp;<\/p>\n<p><strong>Palestra: Tecnologias de Saneamento Rural Sustent\u00e1vel <\/strong><\/p>\n<p>Respons\u00e1vel: Dr. Whelton Brito dos Santos<\/p>\n<p>Hora de in\u00edcio: 14:00<\/p>\n<p>Hora de fim: 16:00<\/p>\n<p>Local: Audit\u00f3rio do CCT<\/p>\n<p><strong>Limite de Inscri\u00e7\u00f5es: 45 vagas<\/strong><\/p>\n<p><strong>\u00a0<\/strong><\/p>\n<p><strong>06\/11\/2024 (Parte I) e 07\/11\/2024 (Parte II)<\/strong><\/p>\n<p><strong>\u00a0<\/strong><\/p>\n<p><strong>Minicurso: Introdu\u00e7\u00e3o a Linguagem Python Aplicada a Engenharia<\/strong><\/p>\n<p>Respons\u00e1vel: Fernando Fernandes Vieira<\/p>\n<p>Hora de in\u00edcio: 09:00<\/p>\n<p>Hora de fim: 12:00<\/p>\n<p>Local: LABSIM<\/p>\n<p>Limite de Inscri\u00e7\u00f5es: 15 vagas<\/p>\n<p>&nbsp;<\/p>\n<p><strong>07\/11\/2024<\/strong><\/p>\n<p><strong>\u00a0<\/strong><\/p>\n<p><strong>Mostra: Mostra do Curso de Engenharia as Escolas<\/strong><\/p>\n<p>Respons\u00e1vel: Monitores do curso e um professor<\/p>\n<p>Hora de in\u00edcio: 09:00<\/p>\n<p>Hora de fim: 12:00<\/p>\n<p>Carga Hor\u00e1ria: 3h<\/p>\n<p>Local: visita aos laborat\u00f3rios e a ETA<\/p>\n<p>&nbsp;<\/p>\n<p><strong>Oficina: Dessaliniza\u00e7\u00e3o de \u00c1gua Via Energia Solar<\/strong><\/p>\n<p>Respons\u00e1veis: Carlos Antonio Pereira de Lima; Karyna Steffane da Silva; Camylla Barbosa Silva<\/p>\n<p>Hora de in\u00edcio: 13:00<\/p>\n<p>Hora de fim: 15:00<\/p>\n<p>Local: Audit\u00f3rio do CCT e \u00e1rea externa experimental<\/p>\n<p>Limite de inscri\u00e7\u00f5es: 30 vagas<\/p>\n<p>&nbsp;<\/p>\n<p><strong>08\/11\/2024<\/strong><\/p>\n<p><strong>\u00a0<\/strong><\/p>\n<p><strong>Oficina: Tratamento de \u00c1gua: O Passo a Passo para Alcan\u00e7ar a Potabilidade<\/strong><\/p>\n<p>Respons\u00e1vel: Thyago N\u00f3brega Silveira<\/p>\n<p>Hora de in\u00edcio: 09:00<\/p>\n<p>Hora de fim: 12:00<\/p>\n<p>Local: Esta\u00e7\u00e3o de tratamento de \u00e1gua &#8211; ETA Mar\u00e1<\/p>\n<p>Limite de inscri\u00e7\u00f5es: 20 vagas<\/p>\n<p>&nbsp;<\/p>\n<p><strong>Palestra: Desaf\u00edos para a gest\u00e3o de res\u00edduos s\u00f3lidos urbanos em munic\u00edpios Brasileiros Respons\u00e1vel: La\u00e9rcio Rodrigues de Carvalho (UFRN)<\/strong><\/p>\n<p>Hora de in\u00edcio:14:00<\/p>\n<p>Hora de fim:16:00<\/p>\n<p>Carga Hor\u00e1ria: 2h<\/p>\n<p>Local: Link da videochamada: <a href=\"https:\/\/meet.google.com\/ezo-kgwy-zzi\">https:\/\/meet.google.com\/ezo-kgwy-zzi<\/a><\/p>\n<p>&nbsp;<\/p>\n<p>&nbsp;<\/p>\n<p><strong>COMPUTA\u00c7\u00c3O:<\/strong><\/p>\n<p><strong>\u00a0<\/strong><\/p>\n<p><strong>06\/11\/2024<\/strong><\/p>\n<p>&nbsp;<\/p>\n<p><strong>Palestra: Celebrando os 20 anos do Curso de Computa\u00e7\u00e3o (UEPB)<\/strong><\/p>\n<p>Respons\u00e1vel: Profa. Dra. K\u00e1tia Elizabete Galdino &#8211; Chefe Adjunta do Depto de Computa\u00e7\u00e3o<\/p>\n<p>Hora de in\u00edcio:08:00 h<\/p>\n<p>Hora de fim:10:00 h<\/p>\n<p>Carga Hor\u00e1ria: 2h<\/p>\n<p>&nbsp;<\/p>\n<p><strong>Mesa Redonda: Intelig\u00eancia Artificial e Grade Curricular<\/strong><\/p>\n<p>Respons\u00e1vel: Profa. Sabrina Souto (Mediadora), Prof. Vlademir Alencar e Profa. K\u00e9zia Dantas<\/p>\n<p>Hora de in\u00edcio da atividade:10:30 h<\/p>\n<p>Hora de fim da atividade:12:00 h<\/p>\n<p>Carga Hor\u00e1ria: 1,5h<\/p>\n<p>&nbsp;<\/p>\n<p><strong>Olimp\u00edada: Olimp\u00edada de Programa\u00e7\u00e3o<\/strong><\/p>\n<p>Respons\u00e1vel: Daniel Marques<\/p>\n<p>Hora de in\u00edcio: 13:00<\/p>\n<p>Hora de fim: 17:00<\/p>\n<p>Limite de inscri\u00e7\u00f5es: 50 vagas<\/p>\n<p>&nbsp;<\/p>\n<p><strong>Minicurso: Spark<\/strong><\/p>\n<p>Respons\u00e1vel: F\u00e1bio Luiz<\/p>\n<p>Hora de in\u00edcio: 13:00<\/p>\n<p>Hora de fim: 17:00<\/p>\n<p>Limite de inscri\u00e7\u00f5es: 25 vagas<\/p>\n<p>&nbsp;<\/p>\n<p><strong>Oficina: GitHub<\/strong><\/p>\n<p>Respons\u00e1vel: Allysandro e Jo\u00e3o Vitor Aguiar<\/p>\n<p>Hora de in\u00edcio: 13:00<\/p>\n<p>Hora de fim: 17:00<\/p>\n<p>Limite de inscri\u00e7\u00f5es: 25 vagas<\/p>\n<p>&nbsp;<\/p>\n<p><strong>07\/11\/2024<\/strong><\/p>\n<p><strong>\u00a0<\/strong><\/p>\n<p><strong>Palestra: Lideran\u00e7a Feminina na Tecnologia: Desafios e Oportunidades no Mercado de Trabalho<\/strong><\/p>\n<p>Respons\u00e1vel: Me. Vivianne Leal &#8211; Diretora de TI do Minist\u00e9rio P\u00fablico da PB<\/p>\n<p>Hora de in\u00edcio: 08:00<\/p>\n<p>Hora de fim: 10:00<\/p>\n<p>Carga Hor\u00e1ria: 2h<\/p>\n<p>&nbsp;<\/p>\n<p><strong>Mesa Redonda: O Futuro da Computa\u00e7\u00e3o \u00e9 Feminino: Construindo Caminhos e Desbravando Oportunidades<\/strong><\/p>\n<p>Respons\u00e1vel: Profa. Luciana de Queiroz (Mediadora), Me. Vivianne (MPPB), Dra. Raquel Vigolvino (UFPB) e J\u00falia (CAME)<\/p>\n<p>Hora de in\u00edcio: 10:30<\/p>\n<p>Hora de fim: 12:00<\/p>\n<p>Carga Hor\u00e1ria: 1,5h<\/p>\n<p>&nbsp;<\/p>\n<p><strong>Olimp\u00edada: Olimp\u00edada de Programa\u00e7\u00e3o para Mulheres<\/strong><\/p>\n<p>Respons\u00e1vel: Luciana de Queiroz<\/p>\n<p>Hora de in\u00edcio: 13:00<\/p>\n<p>Hora de fim: 17:00<\/p>\n<p>Limite de inscri\u00e7\u00f5es: 25 vagas<\/p>\n<p>&nbsp;<\/p>\n<p><strong>Minicurso: An\u00e1lise e Visualiza\u00e7\u00e3o de Dados<\/strong><\/p>\n<p>Respons\u00e1vel:\u00a0 Daniel Marques<\/p>\n<p>Hora de in\u00edcio: 13:00<\/p>\n<p>Hora de fim: 17:00<\/p>\n<p>Limite de inscri\u00e7\u00f5es: 25 vagas<\/p>\n<p>&nbsp;<\/p>\n<p><strong>Minicurso: Machine Learning<\/strong><\/p>\n<p>Respons\u00e1vel: Alberto Paulino<\/p>\n<p>Hora de in\u00edcio: 13:00<\/p>\n<p>Hora de fim: 17:00<\/p>\n<p>Limite de inscri\u00e7\u00f5es: 25 vagas<\/p>\n<p>&nbsp;<\/p>\n<p><strong>Oficina: Linux<\/strong><\/p>\n<p>Respons\u00e1vel: Luana Leal e Edilson Costa<\/p>\n<p>Hora de in\u00edcio: 13:00<\/p>\n<p>Hora de fim: 17:00<\/p>\n<p>Limite de inscri\u00e7\u00f5es: 30 vagas<\/p>\n<p>&nbsp;<\/p>\n<p>08\/11\/2024<\/p>\n<p>&nbsp;<\/p>\n<p><strong>Mesa Redonda: Egressos UEPB e suas hist\u00f3rias<\/strong><\/p>\n<p>Respons\u00e1vel: Profa. Isabella Muniz (Mediadora), Thayram e Anderson<\/p>\n<p>Hora de in\u00edcio: 08:00<\/p>\n<p>Hora de fim: 10:00<\/p>\n<p>Carga Hor\u00e1ria: 2h<\/p>\n<p>Local: Audit\u00f3rio II &#8211; CAPF<\/p>\n<p>&nbsp;<\/p>\n<p><strong>Palestra: O empreendedor, o funcion\u00e1rio e a empresa: conceitos e compet\u00eancias<\/strong><\/p>\n<p>Respons\u00e1vel: Prof. Dr. Rodrigo Rebou\u00e7as &#8211; UFPB<\/p>\n<p>Hora de in\u00edcio: 10:30<\/p>\n<p>Hora de fim: 12:00<\/p>\n<p>Carga Hor\u00e1ria: 1,5h<\/p>\n<p>Local: Audit\u00f3rio II &#8211; CAPF<\/p>\n<p>&nbsp;<\/p>\n<p><strong>ESTAT\u00cdSTICA:<\/strong><\/p>\n<p>&nbsp;<\/p>\n<p><strong>06\/11\/2024<\/strong><\/p>\n<p>&nbsp;<\/p>\n<p><strong>Palestra: M\u00e9todos de Amostragem para Popula\u00e7\u00f5es de Dif\u00edcil Acesso<\/strong><\/p>\n<p>Respons\u00e1vel: Hem\u00edlio Fernandes Campos Co\u00ealho &#8211; UFPB<\/p>\n<p>Hora de in\u00edcio: 18:30<\/p>\n<p>Hora de fim: 19:30<\/p>\n<p>Carga Hor\u00e1ria: 1h<\/p>\n<p>Local: Audit\u00f3rio do CCT<\/p>\n<p>&nbsp;<\/p>\n<p><strong>Mesa Redonda: Entre Dados e Votos: A Complexidade da Pesquisa Eleitoral no Contexto Atual<\/strong><\/p>\n<p>Respons\u00e1vel: Hem\u00edlio Fernandes Campos Co\u00ealho &#8211; UFPB, Ricardo Alves de Olinda, Hiago Jose Andrade de Albuquerque Martins e Lucas Cardoso Pereira<\/p>\n<p>Hora de in\u00edcio: 19:30<\/p>\n<p>Hora de fim: 21:00<\/p>\n<p>Carga Hor\u00e1ria: 1,5h<\/p>\n<p>Local: Audit\u00f3rio do CCT<\/p>\n<p>&nbsp;<\/p>\n<p><strong>07\/11\/2024<\/strong><\/p>\n<p>&nbsp;<\/p>\n<p><strong>Palestra: Uma Introdu\u00e7\u00e3o aos Modelos Aditivos Generalizados de Loca\u00e7\u00e3o, Escala e Forma<\/strong><\/p>\n<p>Respons\u00e1vel: Alisson de Lima Brito &#8211; UFPE<\/p>\n<p>Hora de in\u00edcio: 10:00<\/p>\n<p>Hora de fim: 11:00<\/p>\n<p>Carga Hor\u00e1ria: 1h<\/p>\n<p>Local: Sala C-206<\/p>\n<p>&nbsp;<\/p>\n<p><strong>Mostra: Olimp\u00edada de an\u00e1lise de dados <\/strong><\/p>\n<p>Respons\u00e1vel: Monitores e professores do curso de Estat\u00edstica<\/p>\n<p>Hora de in\u00edcio: 14:00<\/p>\n<p>Hora de fim: 17:30<\/p>\n<p>Carga Hor\u00e1ria: 3,5h<\/p>\n<p>&nbsp;<\/p>\n<p><strong>Minicurso: Da Estat\u00edstica ao Dashboard: Relat\u00f3rios Visuais para Tomada de Decis\u00e3o<\/strong><br \/>\nRespons\u00e1vel: D\u00e9bora de Sousa Cordeiro &#8211; UEPB e Pedro Augusto Ferreira da Silva &#8211; UEPB<br \/>\nHora de in\u00edcio: 18:00<br \/>\nHora de fim: 21:00<br \/>\nQuantidade de vagas: 16 vagas<\/p>\n<p><strong>\u00a0<\/strong><\/p>\n<p><strong>Minicurso: Machine Learning com Python para Dados de Geoprocessamento do Google Earth Engine<\/strong><br \/>\nRespons\u00e1vel: Tiago Almeida de Oliveira &#8211; UEPB<br \/>\nHora de in\u00edcio: 18:00<br \/>\nHora de fim: 21:00<br \/>\nQuantidade de vagas: 50 vagas<\/p>\n<p>&nbsp;<\/p>\n<p><strong>07\/11\/2024 (Parte I) e 08\/11\/2024 (Parte II)<\/strong><\/p>\n<p><strong>\u00a0<\/strong><\/p>\n<p><strong>Minicurso: Da Estat\u00edstica ao Dashboard: Relat\u00f3rios Visuais para Tomada de Decis\u00e3o<\/strong><br \/>\nRespons\u00e1vel: D\u00e9bora de Sousa Cordeiro &#8211; UEPB e Pedro Augusto Ferreira da Silva &#8211; UEPB<\/p>\n<p>Hora de in\u00edcio: 08:00<br \/>\nHora de fim: 10:00<br \/>\nQuantidade de vagas: 16 vagas<\/p>\n<p>&nbsp;<\/p>\n<p><strong>Minicurso: Machine Learning com Python para Dados de Geoprocessamento do Google Earth Engine<\/strong><br \/>\nRespons\u00e1vel: Tiago Almeida de Oliveira &#8211; UEPB<\/p>\n<p>Hora de in\u00edcio: 08:00<br \/>\nHora de fim: 10:00<br \/>\nQuantidade de vagas: 50 vagas<\/p>\n<p>&nbsp;<\/p>\n<p><strong>08\/11\/2024<\/strong><\/p>\n<p>&nbsp;<\/p>\n<p><strong>Palestra: Uma Breve Introdu\u00e7\u00e3o a Aprendizagem de M\u00e1quina<\/strong><\/p>\n<p>Respons\u00e1vel: Manuel Ferreira Junior &#8211; UFPB\/KUNUMILAB<\/p>\n<p>Hora de in\u00edcio: 10:00<\/p>\n<p>Hora de fim: 11:00<\/p>\n<p>Carga Hor\u00e1ria: 1h<\/p>\n<p>Local: Audit\u00f3rio do CCT<\/p>\n<p>&nbsp;<\/p>\n<p><strong>QU\u00cdMICA:<\/strong><\/p>\n<p>&nbsp;<\/p>\n<p><strong>06\/11\/2024<\/strong><\/p>\n<p>&nbsp;<\/p>\n<p><strong>Divulga\u00e7\u00e3o: Divulga Qu\u00edmica<\/strong><\/p>\n<p>Hora de in\u00edcio: 07:30<\/p>\n<p>Hora de fim: 11:00<\/p>\n<p>Carga hor\u00e1ria: 4h<\/p>\n<p>Local: Laborat\u00f3rios de Qu\u00edmica (Complexo de laborat\u00f3rio) e salas de aula no CCT.<\/p>\n<p>Detalhes: Exposi\u00e7\u00e3o de atividades realizadas pelos grupos de pesquisa dos Cursos de Qu\u00edmica.<\/p>\n<p>P\u00fablico alvo: estudantes do ensino m\u00e9dio de escolas p\u00fablicas.<\/p>\n<p>Quantidade de alunos: os monitores far\u00e3o a organiza\u00e7\u00e3o nas salas por grupos.<\/p>\n<p>&nbsp;<\/p>\n<p><strong>Palestra: Gest\u00e3o de dados aplicados a melhoria dos processos industriais<\/strong><\/p>\n<p>Respons\u00e1vel: H\u00e9lder Emanuel Cardoso de Melo &#8211; Bacharel em Qu\u00edmica e Jailson Alexandre Ribeiro Carvalho &#8211; Bacharel em Qu\u00edmica Industrial<\/p>\n<p>Hora de in\u00edcio: 09:00<\/p>\n<p>Hora de fim: 10:00<\/p>\n<p>Carga Hor\u00e1ria: 1h<\/p>\n<p>&nbsp;<\/p>\n<p><strong>Mesa Redonda: Comemora\u00e7\u00e3o do Jubileu de ouro da Licenciatura em Qu\u00edmica-UEPB: 50 anos de hist\u00f3ria, desafios e sucessos<\/strong><\/p>\n<p>Respons\u00e1vel:<\/p>\n<p>Hora de in\u00edcio: 10:00<\/p>\n<p>Hora de fim:<\/p>\n<p>Carga Hor\u00e1ria: 1h<\/p>\n<p>Local: Ambiente de estudos do CCT<\/p>\n<p>&nbsp;<\/p>\n<p><strong>Mesa Redonda: Mudan\u00e7as e desafios do Curso Bacharelado o profissional na perspectiva Industrial e Acad\u00eamico-Cient\u00edfico<\/strong><\/p>\n<p>Respons\u00e1vel:<\/p>\n<p>Hora de in\u00edcio: 14:00<\/p>\n<p>Hora de fim:<\/p>\n<p>Carga Hor\u00e1ria: 1h<\/p>\n<p>Local: Ambiente de estudos do CCT<\/p>\n<p>&nbsp;<\/p>\n<p><strong>Divulga\u00e7\u00e3o: Divulga Qu\u00edmica<\/strong><\/p>\n<p>Hora de in\u00edcio: 14:00<\/p>\n<p>Hora de fim: 17:00<\/p>\n<p>Carga hor\u00e1ria: 3h<\/p>\n<p>Local: Laborat\u00f3rios de Qu\u00edmica (Complexo de laborat\u00f3rio) e salas de aula no CCT.<\/p>\n<p>Detalhes: Exposi\u00e7\u00e3o de atividades realizadas pelos grupos de pesquisa dos Cursos de Qu\u00edmica.<\/p>\n<p>P\u00fablico alvo: estudantes do ensino m\u00e9dio de escolas p\u00fablicas.<\/p>\n<p>Quantidade de alunos: os monitores far\u00e3o a organiza\u00e7\u00e3o nas salas por grupos.<\/p>\n<p>&nbsp;<\/p>\n<p><strong>Palestra: A atua\u00e7\u00e3o do qu\u00edmico na ind\u00fastria da minera\u00e7\u00e3o e afins<\/strong><\/p>\n<p>Respons\u00e1vel: Professor. Dr.\u00a0 Marcelo Rodrigues do Nascimento<\/p>\n<p>Hora de in\u00edcio: 18:30<\/p>\n<p>Hora de fim: 19:30<\/p>\n<p>Carga Hor\u00e1ria: 1h<\/p>\n<p>&nbsp;<\/p>\n<p><strong>Minicurso: Reciclagem Qu\u00edmica do PET<\/strong><\/p>\n<p>Respons\u00e1vel: Professora Juliana Ara\u00fajo Marques (Universidade Estadual da Para\u00edba- UEPB)<\/p>\n<p>Hora de in\u00edcio: 18:30<\/p>\n<p>Hora de fim: 21:30<\/p>\n<p>Limite de inscri\u00e7\u00f5es: 20 vagas<\/p>\n<p>&nbsp;<\/p>\n<p><strong>07\/11\/2024<\/strong><\/p>\n<p>&nbsp;<\/p>\n<p><strong>Palestra: Forma\u00e7\u00e3o inicial e continuada de professores de qu\u00edmica na perspectiva da educa\u00e7\u00e3o em direitos humanos de conte\u00fados cordiais<\/strong><\/p>\n<p>Respons\u00e1vel: Thiago Pereira da silva<\/p>\n<p>Hora de in\u00edcio: 08:00<\/p>\n<p>Hora de fim: 12:00<\/p>\n<p>Carga Hor\u00e1ria: 4h<\/p>\n<p>&nbsp;<\/p>\n<p><strong>Confer\u00eancia: Tecnologias Digitais e Forma\u00e7\u00e3o Docente: promovendo a inova\u00e7\u00e3o cient\u00edfica e tecnol\u00f3gica na educa\u00e7\u00e3o b\u00e1sica<\/strong><\/p>\n<p>Respons\u00e1vel: Ant\u00f4nio In\u00e1cio Diniz J\u00fanior &#8211; UFRPE<\/p>\n<p>Hora de in\u00edcio: 09:00<\/p>\n<p>Hora de fim: 10:00<\/p>\n<p>Carga Hor\u00e1ria: 1h<\/p>\n<p>&nbsp;<\/p>\n<p><strong>Palestra: Nutri\u00e7\u00e3o Mineral de Plantas, Agroqu\u00edmiconvs Solu\u00e7\u00f5es Ecol\u00f3gicas para<\/strong><\/p>\n<p><strong>a Sustentabilidade Ambiental<\/strong><\/p>\n<p>Respons\u00e1vel: Francisco de Oliveira Mesquita<\/p>\n<p>Hora de in\u00edcio: 08:00<\/p>\n<p>Hora de fim: 09:00<\/p>\n<p>Carga Hor\u00e1ria: 1h<\/p>\n<p>&nbsp;<\/p>\n<p><strong>Minicurso: Desvendando a Qu\u00edmica dos Alimentos: Experimenta\u00e7\u00e3o no Ensino de Qu\u00edmica para Sala de Aula<\/strong><\/p>\n<p>Respons\u00e1vel: Professor Gabriel Monteiro da Silva e Professora Bruna Tayane da Silva Lima<\/p>\n<p>Hora de in\u00edcio: 08:00<\/p>\n<p>Hora de fim: 12:00<\/p>\n<p>Limite de inscri\u00e7\u00f5es: 20 vagas<\/p>\n<p>&nbsp;<\/p>\n<p><strong>Minicurso: Utiliza\u00e7\u00e3o de Diferentes Estrat\u00e9gias no Ensino de Qu\u00edmica: Reflex\u00f5es para Forma\u00e7\u00e3o Docente<\/strong><\/p>\n<p>Respons\u00e1vel: Elidiana Onofre<\/p>\n<p>Hora de in\u00edcio: 08:00<\/p>\n<p>Hora de fim: 12:00<\/p>\n<p>Limite de inscri\u00e7\u00f5es: 20 vagas<\/p>\n<p>&nbsp;<\/p>\n<p><strong>Minicurso: Casos Investigativos: Uma Ferramenta Metodol\u00f3gica no Ensino de Qu\u00edmica<\/strong><\/p>\n<p>Respons\u00e1vel: Geraldo Dami\u00e3o de Medeiros e Edson Matheus Galdino do R\u00eago<\/p>\n<p>Hora de in\u00edcio: 08:00<\/p>\n<p>Hora de fim: 12:00<\/p>\n<p>Limite de inscri\u00e7\u00f5es: 15 vagas<\/p>\n<p>&nbsp;<\/p>\n<p><strong>Oficina: Desvendando a Qu\u00edmica Computacional: Ferramentas e T\u00e9cnicas para Iniciantes<\/strong><\/p>\n<p>Respons\u00e1vel: Professor Dr. Juracy R\u00e9gis de Lucena (Universidade Estadual da Para\u00edba (UEPB) e Dr. Railton Barbosa de Andrade (Universidade Federal da Para\u00edba)<\/p>\n<p>Hora de in\u00edcio: 08:00<\/p>\n<p>Hora de fim: 12:00<\/p>\n<p>Limite de inscri\u00e7\u00f5es: 15 vagas<\/p>\n<p>Local: Complexo de laborat\u00f3rio de Qu\u00edmica\/CCT<\/p>\n<p>&nbsp;<\/p>\n<p><strong>Palestra: Moderniza\u00e7\u00e3o da produ\u00e7\u00e3o de cacha\u00e7a com tecnologia da ind\u00fastria 4.0<\/strong><\/p>\n<p>Respons\u00e1vel: Dr. Railson Oliveira Ramos<\/p>\n<p>Hora de in\u00edcio: 18:30<\/p>\n<p>Hora de fim: 19:30<\/p>\n<p>Carga Hor\u00e1ria: 1h<\/p>\n<p>&nbsp;<\/p>\n<p><strong>Palestra: Forma\u00e7\u00e3o inicial e continuada de professores de qu\u00edmica na perspectiva da educa\u00e7\u00e3o em direitos humanos de conte\u00fados cordiais<\/strong><\/p>\n<p>Respons\u00e1vel: Thiago Pereira da silva<\/p>\n<p>Hora de in\u00edcio: 18:00<\/p>\n<p>Hora de fim: 21:00<\/p>\n<p><strong>Carga Hor\u00e1ria: 3h<\/strong><\/p>\n<p>&nbsp;<\/p>\n<p><strong>Minicurso: Desvendando a Qu\u00edmica dos Alimentos: Experimenta\u00e7\u00e3o no Ensino de Qu\u00edmica para Sala de Aula<\/strong><\/p>\n<p>Respons\u00e1vel: Professor Gabriel Monteiro da Silva e Professora Bruna Tayane da Silva Lima<\/p>\n<p>Hora de in\u00edcio: 18:30<\/p>\n<p>Hora de fim: 21:30<\/p>\n<p>Limite de inscri\u00e7\u00f5es: 20 vagas<\/p>\n<p>&nbsp;<\/p>\n<p><strong>Palestra: Inova\u00e7\u00e3o Sustent\u00e1vel: Biotecnologia no reaproveitamento de Res\u00edduos agroindustriais<\/strong><\/p>\n<p>Respons\u00e1vel: <strong>Helvia Walewska Casullo de Ara\u00fajo<\/strong><\/p>\n<p>Hora de in\u00edcio: 18:30<\/p>\n<p>Hora de fim: 19:30<\/p>\n<p>Carga Hor\u00e1ria: 1h<\/p>\n<p>&nbsp;<\/p>\n<p><strong>Oficina: Desvendando a Qu\u00edmica Computacional: Ferramentas e T\u00e9cnicas para Iniciantes<\/strong><\/p>\n<p>Respons\u00e1vel: Professor Dr. Juracy R\u00e9gis de Lucena (Universidade Estadual da Para\u00edba (UEPB) e Dr. Railton Barbosa de Andrade (Universidade Federal da Para\u00edba)<\/p>\n<p>Hora de in\u00edcio: 18:30<\/p>\n<p>Hora de fim: 21:30<\/p>\n<p>Limite de inscri\u00e7\u00f5es: 15 vagas<\/p>\n<p>Local: Complexo de laborat\u00f3rio de Qu\u00edmica\/CCT<\/p>\n<p>&nbsp;<\/p>\n<p><strong>08\/11\/2024<\/strong><\/p>\n<p><strong>\u00a0<\/strong><\/p>\n<p><strong>Palestra: Moderniza\u00e7\u00e3o da produ\u00e7\u00e3o de cacha\u00e7a com tecnologia da ind\u00fastria 4.0<\/strong><\/p>\n<p>Respons\u00e1vel: Dr. Railson Oliveira Ramos<\/p>\n<p>Hora de in\u00edcio: 08:00<\/p>\n<p>Hora de fim: 09:00<\/p>\n<p>Carga Hor\u00e1ria: 1h<\/p>\n<p>&nbsp;<\/p>\n<p><strong>Mesa Redonda: Steam e educa\u00e7\u00e3o 5.0<\/strong><\/p>\n<p>Respons\u00e1vel: Dr. Ant\u00f4nio In\u00e1cio Diniz; Paulo Deyvity Rodrigues de Souza e Gilberl\u00e2ndio Nunes.<\/p>\n<p>Mediador: Dr. Francisco Ferreira Dantas Filho<\/p>\n<p>Hora de in\u00edcio: 10:00<\/p>\n<p>Hora de fim: 12:00<\/p>\n<p>Carga Hor\u00e1ria: 2h<\/p>\n<p>&nbsp;<\/p>\n<p><strong>Oficina: O Steam e o Maker Aplicados ao Ensino de Ci\u00eancias<\/strong><\/p>\n<p>Respons\u00e1vel: Carlos Heladio Chaves da Costa, Professor Gilberl\u00e2ndio Nunes (Universidade Estadual da Para\u00edba &#8211; UEPB) e Anderson Sales Nascimento<\/p>\n<p>Hora de in\u00edcio: 08:00<\/p>\n<p>Hora de fim: 12:00<\/p>\n<p>Limite de inscri\u00e7\u00f5es: 20 vagas<\/p>\n<p>&nbsp;<\/p>\n<p><strong>Minicurso: Aprendizagem Tecnol\u00f3gica Ativa no Ensino de Qu\u00edmica<\/strong><\/p>\n<p>Respons\u00e1vel: Professor Thiago Pereira da Silva (Universidade Federal Vale do S\u00e3o Francisco (UNIVASF)-PI<\/p>\n<p>Hora de in\u00edcio: 08:00<\/p>\n<p>Hora de fim: 12:00<\/p>\n<p>Limite de inscri\u00e7\u00f5es: 30 vagas<\/p>\n<p>&nbsp;<\/p>\n<p><strong>Oficina: Prepara\u00e7\u00e3o de Material de Limpeza<\/strong><\/p>\n<p>Respons\u00e1vel: Professora Juliana Ara\u00fajo Marques (Universidade Estadual da Para\u00edba- UEPB)<\/p>\n<p>Hora de in\u00edcio: 08:00<\/p>\n<p>Hora de fim: 12:00<\/p>\n<p>Local: LETEQ<\/p>\n<p>Limite de inscri\u00e7\u00f5es: 10 vagas<\/p>\n<p>&nbsp;<\/p>\n<p><strong>Oficina: Prepara\u00e7\u00e3o de Material de Limpeza<\/strong><\/p>\n<p>Respons\u00e1vel: Professora Juliana Ara\u00fajo Marques (Universidade Estadual da Para\u00edba- UEPB)<\/p>\n<p>Hora de in\u00edcio: 18:30<\/p>\n<p>Hora de fim: 21:30<\/p>\n<p>Local: LETEQ<\/p>\n<p>Limite de inscri\u00e7\u00f5es: 10 vagas<\/p>\n<p>&nbsp;<\/p>\n<p><strong>Minicurso: Aprendizagem Tecnol\u00f3gica Ativa no Ensino de Qu\u00edmica<\/strong><\/p>\n<p>Respons\u00e1vel: Professor Thiago Pereira da Silva (Universidade Federal Vale do S\u00e3o Francisco (UNIVASF)-PI<\/p>\n<p>Hora de in\u00edcio: 18:30<\/p>\n<p>Hora de fim: 21:30<\/p>\n<p>Limite de inscri\u00e7\u00f5es: 30 vagas<\/p>\n<p>&nbsp;<\/p>\n<p><strong>07\/11\/2024 e 08\/11\/2024<\/strong><\/p>\n<p><strong>\u00a0<\/strong><\/p>\n<p><strong>Mostra pedag\u00f3gica: Di\u00e1logos entre os saberes: Coopera\u00e7\u00e3o da abordagem STEAM com as QSC <\/strong><\/p>\n<p>Respons\u00e1veis: Francisco Ferreira Dantas Filho; Gilberlandio Nunes da Silva; Paulo Deyvity Rodrigues de Sousa, Dami\u00e3o Raniere Queiroz e Alexandre Lima da Silva<\/p>\n<p>Hora de in\u00edcio: 08:00<\/p>\n<p>Hora de fim: 12:00<\/p>\n<p>Carga hor\u00e1ria: 8h<\/p>\n<p>Local: Espa\u00e7o aberto ao p\u00fablico CCT.<\/p>\n<p>P\u00fablico alvo: estudantes da UEPB<\/p>\n<p>Quantidade de alunos: os monitores far\u00e3o a organiza\u00e7\u00e3o<\/p>\n<p><strong>\u00a0<\/strong><\/p>\n<p><strong>Mostra pedag\u00f3gica: Di\u00e1logos entre os saberes: Coopera\u00e7\u00e3o da abordagem STEAM com as QSC<\/strong><\/p>\n<p>Respons\u00e1veis: Francisco Ferreira Dantas Filho; Gilberlandio Nunes da Silva; Paulo Deyvity Rodrigues de Sousa, Dami\u00e3o Raniere Queiroz e Alexandre Lima da Silva<\/p>\n<p>Hora de in\u00edcio: 18:30<\/p>\n<p>Hora de fim: 21:30<\/p>\n<p>Carga hor\u00e1ria: 6h<\/p>\n<p>Local: Espa\u00e7o aberto ao p\u00fablico CCT.<\/p>\n<p>P\u00fablico alvo: estudantes da UEPB<\/p>\n<p>Quantidade de alunos: os monitores far\u00e3o a organiza\u00e7\u00e3o<\/p>\n<p><strong>\u00a0<\/strong><\/p>\n<p><strong>MATEM\u00c1TICA<\/strong><\/p>\n<p>&nbsp;<\/p>\n<p><strong>07\/11\/2024<\/strong><\/p>\n<p>&nbsp;<\/p>\n<p><strong>Palestra: A Beleza Oculta dos N\u00fameros: A Sequ\u00eancia de Fibonacci em Tudo<\/strong><\/p>\n<p>Respons\u00e1vel: Prof\u00aa. Dra. Pammella Queiroz de Souza (UFCG)<\/p>\n<p>Hora de in\u00edcio: 09:00<\/p>\n<p>Hora de fim: 10:00<\/p>\n<p>Carga Hor\u00e1ria: 1h<\/p>\n<p>Local: Audit\u00f3rio do CCT<\/p>\n<p>&nbsp;<\/p>\n<p><strong>Palestra: Irracionalidade Geom\u00e9trica: sobre um di\u00e1logo do Teeteto de Plat\u00e3o<\/strong><\/p>\n<p>Respons\u00e1vel: Prof. Dr. Ismael Sandro da Silva (UEPB)<\/p>\n<p>Hora de in\u00edcio: 10:00<\/p>\n<p>Hora de fim: 11:00<\/p>\n<p>Carga Hor\u00e1ria: 1h<\/p>\n<p>Local: Audit\u00f3rio do CCT<\/p>\n<p>&nbsp;<\/p>\n<p><strong>Palestra: A Topologia na Matem\u00e1tica<\/strong><\/p>\n<p>Respons\u00e1vel: Prof. Dr. Renato Burity Croccia Macedo (UEPB)<\/p>\n<p>Hora de in\u00edcio: 19:00<\/p>\n<p>Hora de fim: 20:00<\/p>\n<p>Carga Hor\u00e1ria: 1h<\/p>\n<p>Local: Audit\u00f3rio do CCT[\/vc_column_text][\/vc_tta_section][vc_tta_section title=&#8221;Inscri\u00e7\u00f5es e Credenciamento&#8221; tab_id=&#8221;1723056810590-d369a7e8-5186&#8243;][vc_column_text css=&#8221;&#8221;]<\/p>\n<p class=\"western\" align=\"justify\"><span style=\"color: #2a6099\"><span style=\"font-family: Arial, serif\"><span style=\"font-size: small\">Normas para Inscri\u00e7\u00e3o e Credenciamento<\/span><\/span><\/span><\/p>\n<p class=\"western\" align=\"justify\"><span style=\"font-family: Arial, serif\"><span style=\"font-size: small\">Prazo para inscri\u00e7\u00e3o \u2013 at\u00e9 <\/span><\/span><span style=\"font-family: Arial, serif\"><span style=\"font-size: small\"><b><del>15 DE OUTUBRO DE 2024<\/del> <span style=\"color: #0000ff\">20\u00a0DE OUTUBRO DE 2024<\/span><\/b><\/span><\/span><\/p>\n<p class=\"western\" align=\"justify\"><span style=\"font-family: Arial, serif\"><span style=\"font-size: small\"><b>ATEN\u00c7\u00c3O:<\/b><\/span><\/span><span style=\"font-family: Arial, serif\"><span style=\"font-size: small\"> n\u00e3o haver\u00e1 inscri\u00e7\u00f5es ap\u00f3s essa data e o credenciamento s\u00f3 ser\u00e1 realizado para os inscritos.<\/span><\/span><\/p>\n<p class=\"western\" align=\"justify\"><span style=\"font-family: Arial, serif\"><span style=\"font-size: small\">Siga as normas, inscreva-se e participe conosco!<\/span><\/span><\/p>\n<p class=\"western\" align=\"justify\"><span style=\"color: #2a6099\"><span style=\"font-family: Arial, serif\"><span style=\"font-size: small\">Regras gerais sobre as inscri\u00e7\u00f5es<\/span><\/span><\/span><\/p>\n<p class=\"western\" align=\"justify\"><span style=\"font-family: Arial, serif\"><span style=\"font-size: small\">Todos(as) os(as) participantes dever\u00e3o realizar inscri\u00e7\u00f5es no <strong>I Semana de Educa\u00e7\u00e3o, Ci\u00eancia e Tecnologia do CCT \u2013 I SECT\/CCT<\/strong>.<\/span><\/span><\/p>\n<p class=\"western\" align=\"justify\"><span style=\"font-family: Arial, serif\"><span style=\"font-size: small\">As inscri\u00e7\u00f5es dever\u00e3o ser efetuadas por meio do preenchimento do formul\u00e1rio on-line, observando-se os prazos estabelecidos para cada modalidade de inscri\u00e7\u00e3o.<\/span><\/span><\/p>\n<p class=\"western\" align=\"justify\"><span style=\"font-family: Arial, serif\"><span style=\"font-size: small\">No item \u201cPerfil\u201d, escolha uma das op\u00e7\u00f5es segundo o seu v\u00ednculo com a UEPB:<\/span><\/span><\/p>\n<p class=\"western\" align=\"justify\">\u2022 <span style=\"font-family: Arial, serif\"><span style=\"font-size: small\">SERVIDOR (docente ou t\u00e9cnico administrativo);<\/span><\/span><\/p>\n<p class=\"western\" align=\"justify\">\u2022 <span style=\"font-family: Arial, serif\"><span style=\"font-size: small\">ALUNO (gradua\u00e7\u00e3o ou p\u00f3s).<\/span><\/span><\/p>\n<p class=\"western\" align=\"justify\">\u2022 <span style=\"font-family: Arial, serif\"><span style=\"font-size: small\">P\u00daBLICO EXTERNO \u2013 refere-se a toda e qualquer pessoa <\/span><\/span><span style=\"font-family: Arial, serif\"><span style=\"font-size: small\"><b>sem v\u00ednculo com a UEPB<\/b><\/span><\/span><span style=\"font-family: Arial, serif\"><span style=\"font-size: small\"> que deseja participar do Evento.<\/span><\/span><\/p>\n<p class=\"western\" align=\"justify\"><span style=\"font-family: Arial, serif\"><span style=\"font-size: small\">Para a finaliza\u00e7\u00e3o da inscri\u00e7\u00e3o, faz-se necess\u00e1rio optar por pelo menos uma atividade (MINICURSOS OU OFICINAS).<\/span><\/span><\/p>\n<p class=\"western\" align=\"justify\"><span style=\"font-family: Arial, serif\"><span style=\"font-size: small\">Caso <\/span><\/span><span style=\"font-family: Arial, serif\"><span style=\"font-size: small\"><b>N\u00c3O DESEJE <\/b><\/span><\/span><span style=\"font-family: Arial, serif\"><span style=\"font-size: small\">participar de nenhuma atividade (minicursos ou oficinas) escolher a op\u00e7\u00e3o MINICURSO: N\u00c3O DESEJO PARTICIPAR DE NENHUMA ATIVIDADE (MINICURSO E\/OU OFICINA) QUERO PARTICIPAR COM OUVINTE DA<strong>\u00a0I Semana de Educa\u00e7\u00e3o, Ci\u00eancia e Tecnologia do CCT \u2013 I SECT\/CCT<\/strong>.<\/span><\/span><\/p>\n<p class=\"western\" align=\"justify\"><span style=\"font-family: Arial, serif\"><span style=\"font-size: small\"><b>OBS:<\/b><\/span><\/span><span style=\"font-family: Arial, serif\"><span style=\"font-size: small\"> Depois de escolhidas as atividades (minicursos e\/ou oficinas), e finalizada a inscri\u00e7\u00e3o, n\u00e3o ser\u00e1 poss\u00edvel acrescentar nem trocar de atividade, portanto, al\u00e9m do formato, observe dias e hor\u00e1rios dispon\u00edveis.<\/span><\/span><\/p>\n<p class=\"western\" align=\"justify\"><span style=\"font-family: Arial, serif\"><span style=\"font-size: small\">Na aba \u201cPrograma\u00e7\u00e3o\u201d ser\u00e3o disponibilizadas a localiza\u00e7\u00e3o das atividades presenciais.<\/span><\/span><\/p>\n<p class=\"western\" align=\"justify\"><span style=\"font-family: Arial, serif\"><span style=\"font-size: small\"><b>Minicursos e Oficinas<\/b><\/span><\/span><\/p>\n<p class=\"western\" align=\"justify\"><span style=\"font-family: Arial, serif\"><span style=\"font-size: small\">Os minicursos e oficinas possuem vagas limitadas disponibilizadas no sistema e s\u00f3 poder\u00e3o participar os que optarem pela atividade no momento da inscri\u00e7\u00e3o.<\/span><\/span><\/p>\n<p class=\"western\" align=\"justify\"><span style=\"font-family: Arial, serif\"><span style=\"font-size: small\">S\u00f3 poder\u00e1 participar dos minicursos e oficinas quem realizar inscri\u00e7\u00e3o pr\u00e9via nos mesmos.<\/span><\/span><\/p>\n<p class=\"western\" align=\"justify\"><span style=\"font-family: Arial, serif\"><span style=\"font-size: small\"><b>Credenciamento<\/b><\/span><\/span><\/p>\n<p class=\"western\" align=\"justify\"><span style=\"font-family: Arial, serif\"><span style=\"font-size: small\">O credenciamento s\u00f3 ser\u00e1 efetuado com a apresenta\u00e7\u00e3o de um documento oficial com foto (RG, CNH ou documento oficial expedido por \u00f3rg\u00e3os federais).<\/span><\/span><\/p>\n<p class=\"western\" align=\"justify\"><span style=\"font-family: Arial, serif\"><span style=\"font-size: small\">N\u00e3o ser\u00e1 permitido o credenciamento por terceiros, exceto atrav\u00e9s de procura\u00e7\u00e3o. A entrega do material do evento ser\u00e1 realizada apenas ao participante presente ou ao seu procurador.<\/span><\/span><\/p>\n<p class=\"western\" align=\"justify\"><span style=\"font-family: Arial, serif\"><span style=\"font-size: small\">O credenciamento (entrega do material \u2013 pasta, crach\u00e1, bloco e caneta) ocorrer\u00e1 no local do evento;<\/span><\/span><\/p>\n<p class=\"western\" align=\"justify\"><span style=\"font-family: Arial, serif\"><span style=\"font-size: small\">Haver\u00e1 lista de presen\u00e7a em todas as atividades.<\/span><\/span><\/p>\n<p class=\"western\" align=\"justify\"><span style=\"font-family: Arial, serif\"><span style=\"font-size: small\"><b>Fa\u00e7a Sua Inscri\u00e7\u00e3o<\/b><\/span><\/span><\/p>\n<p class=\"western\" align=\"justify\"><span style=\"font-family: Arial, serif\"><span style=\"font-size: small\">Acesse o link: <a href=\"https:\/\/suap.uepb.edu.br\/eventos\/inscricao\/46\/\">https:\/\/suap.uepb.edu.br\/eventos\/inscricao\/46\/<\/a><\/span><\/span><\/p>\n<p>[\/vc_column_text][\/vc_tta_section][vc_tta_section title=&#8221;Certificados&#8221; tab_id=&#8221;1723056893961-23202c5a-7142&#8243;][vc_column_text css=&#8221;&#8221;]<\/p>\n<ul>\n<li>\n<p class=\"western\" align=\"justify\"><span style=\"font-family: Arial, serif\"><span style=\"font-size: small\">Informamos aos participantes do <strong>I Semana de Educa\u00e7\u00e3o, Ci\u00eancia e Tecnologia do CCT \u2013 I SECT\/CCT<\/strong><\/span><\/span><span style=\"font-family: Arial, serif\"><span style=\"font-size: small\">\u00a0que\u00a0os certificados ser\u00e3o enviados para o e-mail dos inscritos que estiveram presentes no evento, favor buscar, na caixa de entrada ou no SPAM, pelo assunto: [SUAP] Certificado de Participa\u00e7\u00e3o;<\/span><\/span><\/p>\n<\/li>\n<li>\n<p class=\"western\" align=\"justify\"><span style=\"font-family: Arial, serif\"><span style=\"font-size: small\">O certificado de Participa\u00e7\u00e3o no <strong>I Semana de Educa\u00e7\u00e3o, Ci\u00eancia e Tecnologia do CCT \u2013 I SECT\/CCT<\/strong><\/span><\/span><span style=\"font-family: Arial, serif\"><span style=\"font-size: small\"> ser\u00e1 emitido com <strong>100 horas<\/strong> para todos os participantes inscritos e que assinaram as listas de presen\u00e7a;<\/span><\/span><\/p>\n<\/li>\n<li>\n<p class=\"western\" align=\"justify\"><span style=\"font-family: Arial, serif\"><span style=\"font-size: small\">Os certificados de\u00a0participa\u00e7\u00e3o em <\/span><\/span><span style=\"color: #000000\"><span style=\"font-family: Arial, serif\"><span style=\"font-size: small\">Minicurso e Oficina<\/span><\/span><\/span><span style=\"font-family: Arial, serif\"><span style=\"font-size: small\"><span style=\"color: #000000\">\u00a0s<\/span>er\u00e3o emitidos com a carga hor\u00e1ria conforme a atividade desenvolvida, desde que tenha sido constatada a inscri\u00e7\u00e3o e presen\u00e7a, mediante assinatura das listas;<\/span><\/span><\/p>\n<\/li>\n<li>\n<p class=\"western\" align=\"justify\"><span style=\"font-family: Arial, serif\"><span style=\"font-size: small\">Os certificados de Ministrantes de atividades ser\u00e3o enviados para o e-mail informado no ato da inscri\u00e7\u00e3o.<\/span><\/span><\/p>\n<\/li>\n<\/ul>\n<p>[\/vc_column_text][\/vc_tta_section][\/vc_tta_tour][\/vc_column][\/vc_row]<\/p>\n<\/div>","protected":false},"excerpt":{"rendered":"<p>[vc_row][vc_column][vc_tta_tour][vc_tta_section title=&#8221;Apresenta\u00e7\u00e3o&#8221; tab_id=&#8221;1723051350484-74ca6583-f13f&#8221;][vc_column_text css=&#8221;&#8221;] &nbsp; &nbsp; &nbsp; &nbsp; &nbsp; &nbsp; &nbsp; &nbsp; &nbsp; Em 1998 o Centro de Ci\u00eancias e Tecnologia (CCT) da UEPB realizou sua primeira Semana Pedag\u00f3gica, Cient\u00edfica e Tecnol\u00f3gica envolvendo alguns dos cursos ofertados \u00e0 \u00e9poca, sendo que outras edi\u00e7\u00f5es do evento aconteceram at\u00e9 sua quinta edi\u00e7\u00e3o realizada no ano de 2010. <a class=\"leiamais\" href=\"https:\/\/eventos.uepb.edu.br\/congressouniversitario\/i-semana-de-educacao-ciencia-e-tecnologia-do-cct-i-sect-cct\/\">Leia Mais&#8230;<\/a><\/p>\n","protected":false},"author":4,"featured_media":0,"parent":0,"menu_order":0,"comment_status":"closed","ping_status":"closed","template":"","meta":{"footnotes":""},"class_list":["post-1287","page","type-page","status-publish","hentry"],"_links":{"self":[{"href":"https:\/\/eventos.uepb.edu.br\/congressouniversitario\/wp-json\/wp\/v2\/pages\/1287","targetHints":{"allow":["GET"]}}],"collection":[{"href":"https:\/\/eventos.uepb.edu.br\/congressouniversitario\/wp-json\/wp\/v2\/pages"}],"about":[{"href":"https:\/\/eventos.uepb.edu.br\/congressouniversitario\/wp-json\/wp\/v2\/types\/page"}],"author":[{"embeddable":true,"href":"https:\/\/eventos.uepb.edu.br\/congressouniversitario\/wp-json\/wp\/v2\/users\/4"}],"replies":[{"embeddable":true,"href":"https:\/\/eventos.uepb.edu.br\/congressouniversitario\/wp-json\/wp\/v2\/comments?post=1287"}],"version-history":[{"count":20,"href":"https:\/\/eventos.uepb.edu.br\/congressouniversitario\/wp-json\/wp\/v2\/pages\/1287\/revisions"}],"predecessor-version":[{"id":2179,"href":"https:\/\/eventos.uepb.edu.br\/congressouniversitario\/wp-json\/wp\/v2\/pages\/1287\/revisions\/2179"}],"wp:attachment":[{"href":"https:\/\/eventos.uepb.edu.br\/congressouniversitario\/wp-json\/wp\/v2\/media?parent=1287"}],"curies":[{"name":"wp","href":"https:\/\/api.w.org\/{rel}","templated":true}]}}