{"id":1277,"date":"2024-08-23T10:32:05","date_gmt":"2024-08-23T13:32:05","guid":{"rendered":"https:\/\/eventos.uepb.edu.br\/congressouniversitario\/?page_id=1277"},"modified":"2024-10-16T08:00:59","modified_gmt":"2024-10-16T11:00:59","slug":"15a-semana-de-pedagogia","status":"publish","type":"page","link":"https:\/\/eventos.uepb.edu.br\/congressouniversitario\/15a-semana-de-pedagogia\/","title":{"rendered":"15\u00aa SEMANA DE PEDAGOGIA"},"content":{"rendered":"<div class=\"wpb-content-wrapper\"><p>[vc_row][vc_column][vc_tta_tour][vc_tta_section title=&#8221;Apresenta\u00e7\u00e3o&#8221; tab_id=&#8221;1723051350484-74ca6583-f13f&#8221;][vc_column_text css=&#8221;&#8221;]<img loading=\"lazy\" decoding=\"async\" class=\"alignleft size-medium wp-image-1908 img-responsive\" src=\"https:\/\/eventos.uepb.edu.br\/congressouniversitario\/wp-content\/uploads\/sites\/7\/2024\/09\/logo-5_jpg-0001-2-300x212.jpg\" alt=\"\" width=\"300\" height=\"212\" srcset=\"https:\/\/eventos.uepb.edu.br\/congressouniversitario\/wp-content\/uploads\/sites\/7\/2024\/09\/logo-5_jpg-0001-2-300x212.jpg 300w, https:\/\/eventos.uepb.edu.br\/congressouniversitario\/wp-content\/uploads\/sites\/7\/2024\/09\/logo-5_jpg-0001-2-1536x1087.jpg 1536w, https:\/\/eventos.uepb.edu.br\/congressouniversitario\/wp-content\/uploads\/sites\/7\/2024\/09\/logo-5_jpg-0001-2-1120x792.jpg 1120w, https:\/\/eventos.uepb.edu.br\/congressouniversitario\/wp-content\/uploads\/sites\/7\/2024\/09\/logo-5_jpg-0001-2.jpg 1754w\" sizes=\"auto, (max-width: 300px) 100vw, 300px\" \/><\/p>\n<p>&nbsp;<\/p>\n<p>&nbsp;<\/p>\n<p>&nbsp;<\/p>\n<p>&nbsp;<\/p>\n<p>&nbsp;<\/p>\n<p>&nbsp;<\/p>\n<p>&nbsp;<\/p>\n<p><strong>Tem\u00e1tica:<\/strong> NOVAS DIRETRIZES PARA A FORMA\u00c7\u00c3O DE PROFESSORES PARA A EDUCA\u00c7\u00c3O B\u00c1SICA: CONVERG\u00caNCIAS, DIVERG\u00caNCIAS E PERSPECTIVAS<\/p>\n<p><strong>Formato: <\/strong>Presencial<\/p>\n<p><strong>Local:<\/strong> CENTRAL ACAD\u00caMICA PAULO FREIRE[\/vc_column_text][\/vc_tta_section][vc_tta_section title=&#8221;Comiss\u00e3o Organizadora&#8221; tab_id=&#8221;1723051372044-4de7e0c8-ac23&#8243;][vc_column_text css=&#8221;&#8221;]<\/p>\n<p class=\"western\" lang=\"pt-PT\" style=\"text-align: left\" align=\"center\">Profa. Dra. Valdecy Margarida da Silva<\/p>\n<p class=\"western\" lang=\"pt-PT\" style=\"text-align: left\" align=\"center\">Profa. Dra. Tatiana Cristina Vasconcelos<\/p>\n<p class=\"western\" lang=\"pt-PT\" style=\"text-align: left\" align=\"center\">Profa. Dra. Maria do Socorro Moura Montenegro<\/p>\n<p class=\"western\" lang=\"pt-PT\" style=\"text-align: left\" align=\"center\">Profa. Dra. Soraya Maria Barros de Almeida Brand\u00e3o<\/p>\n<p class=\"western\" lang=\"pt-PT\" style=\"text-align: left\" align=\"center\">Profa. Dra. Margareth Maria de Melo<\/p>\n<p class=\"western\" lang=\"pt-PT\" style=\"text-align: left\" align=\"center\">Profa. Dra. Lucielma de Oliveira Batista<\/p>\n<p>[\/vc_column_text][\/vc_tta_section][vc_tta_section title=&#8221;Comiss\u00e3o Cient\u00edfica e Avaliadora&#8221; tab_id=&#8221;1723051393227-dd34a073-4930&#8243;][vc_column_text css=&#8221;&#8221;]Em constru\u00e7\u00e3o.[\/vc_column_text][\/vc_tta_section][vc_tta_section title=&#8221;Programa\u00e7\u00e3o&#8221; tab_id=&#8221;1723051406819-7e54b22e-71d5&#8243;][vc_column_text css=&#8221;&#8221;]Acesse o link com a programa\u00e7\u00e3o completa<\/p>\n<p><a href=\"https:\/\/eventos.uepb.edu.br\/congressouniversitario\/download\/programacao-da-15a-semana-de-pedagogia\/\">PROGRAMA\u00c7\u00c3O DA 15\u00aa SEMANA DE PEDAGOGIA (uepb.edu.br)<\/a>[\/vc_column_text][\/vc_tta_section][vc_tta_section title=&#8221;Inscri\u00e7\u00f5es e Credenciamento&#8221; tab_id=&#8221;1723056810590-d369a7e8-5186&#8243;][vc_column_text css=&#8221;&#8221;]<\/p>\n<p class=\"western\" align=\"justify\"><span style=\"color: #2a6099\"><span style=\"font-family: Arial, serif\"><span style=\"font-size: small\">Normas para Inscri\u00e7\u00e3o e Credenciamento<\/span><\/span><\/span><\/p>\n<p class=\"western\" align=\"justify\"><span style=\"font-family: Arial, serif\"><span style=\"font-size: small\">Prazo para inscri\u00e7\u00e3o \u2013 at\u00e9 <\/span><\/span><span style=\"font-family: Arial, serif\"><span style=\"font-size: small\"><b><del>15 DE OUTUBRO DE 2024<\/del> <span style=\"color: #0000ff\">20\u00a0DE OUTUBRO DE 2024<\/span><\/b><\/span><\/span><\/p>\n<p class=\"western\" align=\"justify\"><span style=\"font-family: Arial, serif\"><span style=\"font-size: small\"><b>ATEN\u00c7\u00c3O:<\/b><\/span><\/span><span style=\"font-family: Arial, serif\"><span style=\"font-size: small\"> n\u00e3o haver\u00e1 inscri\u00e7\u00f5es ap\u00f3s essa data e o credenciamento s\u00f3 ser\u00e1 realizado para os inscritos.<\/span><\/span><\/p>\n<p class=\"western\" align=\"justify\"><span style=\"font-family: Arial, serif\"><span style=\"font-size: small\">Siga as normas, inscreva-se e participe conosco!<\/span><\/span><\/p>\n<p class=\"western\" align=\"justify\"><span style=\"color: #2a6099\"><span style=\"font-family: Arial, serif\"><span style=\"font-size: small\">Regras gerais sobre as inscri\u00e7\u00f5es<\/span><\/span><\/span><\/p>\n<p class=\"western\" align=\"justify\"><span style=\"font-family: Arial, serif\"><span style=\"font-size: small\">Todos(as) os(as) participantes dever\u00e3o realizar inscri\u00e7\u00f5es no <strong>15\u00aa SEMANA DE PEDAGOGIA<\/strong><strong><span style=\"color: #ff0000\">\u00a0<\/span><\/strong><\/span><\/span><\/p>\n<p class=\"western\" align=\"justify\"><span style=\"font-family: Arial, serif\"><span style=\"font-size: small\">As inscri\u00e7\u00f5es dever\u00e3o ser efetuadas por meio do preenchimento do formul\u00e1rio on-line, observando-se os prazos estabelecidos para cada modalidade de inscri\u00e7\u00e3o.<\/span><\/span><\/p>\n<p class=\"western\" align=\"justify\"><span style=\"font-family: Arial, serif\"><span style=\"font-size: small\">No item \u201cPerfil\u201d, escolha uma das op\u00e7\u00f5es segundo o seu v\u00ednculo com a UEPB:<\/span><\/span><\/p>\n<p class=\"western\" align=\"justify\">\u2022 <span style=\"font-family: Arial, serif\"><span style=\"font-size: small\">SERVIDOR (docente ou t\u00e9cnico administrativo);<\/span><\/span><\/p>\n<p class=\"western\" align=\"justify\">\u2022 <span style=\"font-family: Arial, serif\"><span style=\"font-size: small\">ALUNO (gradua\u00e7\u00e3o ou p\u00f3s).<\/span><\/span><\/p>\n<p class=\"western\" align=\"justify\">\u2022 <span style=\"font-family: Arial, serif\"><span style=\"font-size: small\">P\u00daBLICO EXTERNO \u2013 refere-se a toda e qualquer pessoa <\/span><\/span><span style=\"font-family: Arial, serif\"><span style=\"font-size: small\"><b>sem v\u00ednculo com a UEPB<\/b><\/span><\/span><span style=\"font-family: Arial, serif\"><span style=\"font-size: small\"> que deseja participar do Evento.<\/span><\/span><\/p>\n<p class=\"western\" align=\"justify\"><span style=\"font-family: Arial, serif\"><span style=\"font-size: small\">Para a finaliza\u00e7\u00e3o da inscri\u00e7\u00e3o, faz-se necess\u00e1rio optar por pelo menos uma atividade (MINICURSOS OU OFICINAS).<\/span><\/span><\/p>\n<p class=\"western\" align=\"justify\"><span style=\"font-family: Arial, serif\"><span style=\"font-size: small\">Caso <\/span><\/span><span style=\"font-family: Arial, serif\"><span style=\"font-size: small\"><b>N\u00c3O DESEJE <\/b><\/span><\/span><span style=\"font-family: Arial, serif\"><span style=\"font-size: small\">participar de nenhuma atividade (minicursos ou oficinas) escolher a op\u00e7\u00e3o MINICURSO: N\u00c3O DESEJO PARTICIPAR DE NENHUMA ATIVIDADE (MINICURSO E\/OU OFICINA) QUERO PARTICIPAR COM OUVINTE DO(A) <strong>15\u00aa SEMANA DE PEDAGOGIA<\/strong><strong><span style=\"color: #ff0000\">\u00a0<\/span><\/strong><\/span><\/span><span style=\"color: #c9211e\"><span style=\"font-family: Arial, serif\"><span style=\"font-size: small\">.<\/span><\/span><\/span><\/p>\n<p class=\"western\" align=\"justify\"><span style=\"font-family: Arial, serif\"><span style=\"font-size: small\"><b>OBS:<\/b><\/span><\/span><span style=\"font-family: Arial, serif\"><span style=\"font-size: small\"> Depois de escolhidas as atividades (minicursos e\/ou oficinas), e finalizada a inscri\u00e7\u00e3o, n\u00e3o ser\u00e1 poss\u00edvel acrescentar nem trocar de atividade, portanto, al\u00e9m do formato, observe dias e hor\u00e1rios dispon\u00edveis.<\/span><\/span><\/p>\n<p class=\"western\" align=\"justify\"><span style=\"font-family: Arial, serif\"><span style=\"font-size: small\">Na aba \u201cPrograma\u00e7\u00e3o\u201d ser\u00e3o disponibilizadas a localiza\u00e7\u00e3o das atividades presenciais.<\/span><\/span><\/p>\n<p class=\"western\" align=\"justify\"><span style=\"font-family: Arial, serif\"><span style=\"font-size: small\"><b>Minicursos e Oficinas<\/b><\/span><\/span><\/p>\n<p class=\"western\" align=\"justify\"><span style=\"font-family: Arial, serif\"><span style=\"font-size: small\">Os minicursos e oficinas possuem vagas limitadas disponibilizadas no sistema e s\u00f3 poder\u00e3o participar os que optarem pela atividade no momento da inscri\u00e7\u00e3o.<\/span><\/span><\/p>\n<p class=\"western\" align=\"justify\"><span style=\"font-family: Arial, serif\"><span style=\"font-size: small\">S\u00f3 poder\u00e1 participar dos minicursos e oficinas quem realizar inscri\u00e7\u00e3o pr\u00e9via nos mesmos.<\/span><\/span><\/p>\n<p class=\"western\" align=\"justify\"><span style=\"font-family: Arial, serif\"><span style=\"font-size: small\"><b>Submiss\u00e3o de Trabalhos<\/b><\/span><\/span><\/p>\n<p class=\"western\" align=\"justify\"><span style=\"font-family: Arial, serif\"><span style=\"font-size: small\">Para submiss\u00e3o de trabalhos \u00e9 necess\u00e1ria a inscri\u00e7\u00e3o no <strong>15\u00aa SEMANA DE PEDAGOGIA<\/strong><\/span><\/span><strong><span style=\"color: #ff0000\"><span style=\"font-family: Arial, serif\"><span style=\"font-size: small\">\u00a0<\/span><\/span><\/span><\/strong><span style=\"font-family: Arial, serif\"><span style=\"font-size: small\">e em seguida acessar a aba \u201cSubmiss\u00e3o de trabalhos\u201d.<\/span><\/span><\/p>\n<p class=\"western\" align=\"justify\"><span style=\"font-family: Arial, serif\"><span style=\"font-size: small\"><b>Credenciamento<\/b><\/span><\/span><\/p>\n<p class=\"western\" align=\"justify\"><span style=\"font-family: Arial, serif\"><span style=\"font-size: small\">O credenciamento s\u00f3 ser\u00e1 efetuado com a apresenta\u00e7\u00e3o de um documento oficial com foto (RG, CNH ou documento oficial expedido por \u00f3rg\u00e3os federais).<\/span><\/span><\/p>\n<p class=\"western\" align=\"justify\"><span style=\"font-family: Arial, serif\"><span style=\"font-size: small\">N\u00e3o ser\u00e1 permitido o credenciamento por terceiros, exceto atrav\u00e9s de procura\u00e7\u00e3o. A entrega do material do evento ser\u00e1 realizada apenas ao participante presente ou ao seu procurador.<\/span><\/span><\/p>\n<p class=\"western\" align=\"justify\"><span style=\"font-family: Arial, serif\"><span style=\"font-size: small\">O credenciamento (entrega do material \u2013 pasta, crach\u00e1, bloco e caneta) ocorrer\u00e1 no local do evento;<\/span><\/span><\/p>\n<p class=\"western\" align=\"justify\"><span style=\"font-family: Arial, serif\"><span style=\"font-size: small\">Haver\u00e1 lista de presen\u00e7a em todas as atividades.<\/span><\/span><\/p>\n<p class=\"western\" align=\"justify\"><span style=\"font-family: Arial, serif;color: #0000ff\"><span style=\"font-size: small\"><b>Fa\u00e7a Sua Inscri\u00e7\u00e3o<\/b><\/span><\/span><\/p>\n<p class=\"western\" align=\"justify\"><span style=\"font-family: Arial, serif\"><span style=\"font-size: small\">Acesse o link: <a href=\"https:\/\/suap.uepb.edu.br\/eventos\/inscricao\/100\/\">https:\/\/suap.uepb.edu.br\/eventos\/inscricao\/100\/<\/a><\/span><\/span><\/p>\n<p>[\/vc_column_text][\/vc_tta_section][vc_tta_section title=&#8221;Submiss\u00e3o de Trabalhos&#8221; tab_id=&#8221;1723056827084-d333db5f-2eaf&#8221;][vc_column_text css=&#8221;&#8221;]<\/p>\n<p class=\"western\" align=\"center\"><span style=\"font-family: Arial, serif\"><u><b>NORMAS PARA SUBMISS\u00c3O DE TRABALHOS E APRESENTA\u00c7\u00c3O<\/b><\/u><\/span><\/p>\n<p class=\"western\" align=\"justify\"><span style=\"font-family: Arial, serif\"><b>T\u00cdTULO:<\/b><\/span><span style=\"font-family: Arial, serif\"> fonte negrito, tamanho 14, mai\u00fasculas, alinhamento centralizado. Deixar 01 linha em branco. Inserir, em nota de rodap\u00e9, tamanho 11, quando o artigo for resultado de projeto de pesquisa, ensino ou extens\u00e3o ou quando houver financiamento para indicar o \u00f3rg\u00e3o de fomento.<\/span><\/p>\n<p class=\"western\" align=\"justify\"><span style=\"font-family: Arial, serif\">Autor(a), coautores(as) e v\u00ednculo: inserir o nome completo do(a) autor(a), dos coautores e do(a) orientador(a), quando for o caso, um por linha, apenas as iniciais em mai\u00fasculas, alinhado \u00e0 direita, tamanho 12. Inserir v\u00ednculo institucional e e-mail de autor(a) e coautores(as) em nota de rodap\u00e9. Deixar 01 linha em branco. Pode ser inserido at\u00e9 seis (06) pessoas.<\/span><\/p>\n<p class=\"western\" align=\"justify\"><span style=\"font-family: Arial, serif\"><b>RESUMO:<\/b><\/span><span style=\"font-family: Arial, serif\"> um \u00fanico par\u00e1grafo de 1000 a 1.500 caracteres sem espa\u00e7o, justificado, regular, tamanho 12, espa\u00e7amento simples (1,0). Nele devem constar: a s\u00edntese do trabalho, os objetivos, o referencial te\u00f3rico-metodol\u00f3gico e os principais resultados.<\/span><\/p>\n<p class=\"western\" align=\"justify\"><span style=\"font-family: Arial, serif\">Palavras-chave: adicionar entre tr\u00eas e cinco, separadas entre si por v\u00edrgula e finalizadas por ponto. <\/span><\/p>\n<p class=\"western\" align=\"justify\"><span style=\"font-family: Arial, serif\">Autor(a), coautores(as) e v\u00ednculo: inserir o nome completo do(a) autor(a), dos coautores e do(a) orientador(a), quando for o caso, um por linha, apenas as iniciais em mai\u00fasculas, alinhado \u00e0 direita, tamanho 12. Inserir v\u00ednculo institucional e e-mail de autor(a) e coautores(as) em nota de rodap\u00e9. Deixar 01 linha em branco. Pode ser inserido at\u00e9 seis (06) pessoas. Deixar 01 linha em branco. Todos os autores dever\u00e3o submeter os seus resumos at\u00e9 o dia 20\/10. <\/span><\/p>\n<p class=\"western\" align=\"justify\"><span style=\"font-family: Arial, serif\">Ap\u00f3s a an\u00e1lise e divulga\u00e7\u00e3o dos resultados, ter\u00e3o at\u00e9 30 de novembro para enviar o texto completo (resumo expandido ou artigo) para o e-mail <\/span><span style=\"color: #0000ff\"><u><a href=\"mailto:xvsemanadepedagogiauepb@gmail.com\"><span style=\"font-family: Arial, serif\">xvsemanadepedagogiauepb@gmail.com<\/span><\/a><\/u><\/span><\/p>\n<p class=\"western\" align=\"justify\"><span style=\"font-family: Arial, serif\"><b>RESUMO EXPANDIDO \u2013 <\/b><\/span><span style=\"font-family: Arial, serif\">dever\u00e1 conter <\/span><span style=\"font-family: Arial, serif\"><b>no m\u00ednimo 04 e no m\u00e1ximo 06 p\u00e1ginas<\/b><\/span><span style=\"font-family: Arial, serif\">, tamanho 12, utilizando formato A4, margens superior\/esquerda 3,0 cm e inferior\/direita 2,0 cm, par\u00e1grafo 1,25 cm, com espa\u00e7amento entre linhas 1,5 cm. A introdu\u00e7\u00e3o (contendo justificativa metodologia e objetivos), referencial te\u00f3rico, discuss\u00e3o dos resultados e considera\u00e7\u00f5es finais e refer\u00eancias de acordo com a ABNT.<\/span><\/p>\n<p class=\"western\" align=\"justify\"><span style=\"font-family: Arial, serif\"><b>ARTIGO \u2013 <\/b><\/span><span style=\"font-family: Arial, serif\">dever\u00e1 conter <\/span><span style=\"font-family: Arial, serif\"><b>no m\u00ednimo 08 e no m\u00e1ximo 12 p\u00e1ginas<\/b><\/span><span style=\"font-family: Arial, serif\">, tamanho 12, utilizando formato A4, margens superior\/esquerda 3,0 cm e inferior\/direita 2,0 cm, par\u00e1grafo 1,25 cm, com espa\u00e7amento entre linhas 1,5 cm. A introdu\u00e7\u00e3o (contendo justificativa metodologia e objetivos), referencial te\u00f3rico, discuss\u00e3o dos resultados e considera\u00e7\u00f5es finais e refer\u00eancias de acordo com a ABNT.<\/span><\/p>\n<p class=\"western\" align=\"justify\"><a name=\"_Hlk177925599\"><\/a> <span style=\"font-family: Arial, serif\"><b>CRONOGRAMA:<\/b><\/span><span style=\"font-family: Arial, serif\"> o per\u00edodo para submiss\u00e3o dos resumos ser\u00e1 de <\/span><span style=\"font-family: Arial, serif\"><b>15 de setembro <\/b><\/span><span style=\"font-family: Arial, serif\"><b>a<\/b><\/span><span style=\"font-family: Arial, serif\"><b> 10 de outubro de 2024<\/b><\/span><span style=\"font-family: Arial, serif\">. O resumo deve ser enviado em formato PDF. O documento deve constar t\u00edtulo, nome dos autores, resum<\/span><span style=\"font-family: Arial, serif\">o e palavras\u2013chave<\/span><span style=\"font-family: Arial, serif\">. Os resultados ser\u00e3o divulgados at\u00e9 31 de outubro. O trabalho completo deve ser encaminhado at\u00e9 30 de novembro para o e-mail <\/span><span style=\"color: #0000ff\"><u><a href=\"mailto:xvsemanadepedagogiauepb@gmail.com\"><span style=\"font-family: Arial, serif\">xvsemanadepedagogiauepb@gmail.com<\/span><\/a><\/u><\/span><span style=\"font-family: Arial, serif\"> e ser\u00e1 publicado em e-book organizado pela Comiss\u00e3o.<\/span><\/p>\n<p class=\"western\" align=\"center\"><span style=\"font-family: Arial, serif\"><u><b>GRUPOS DE TRABALHOS (GTs)<\/b><\/u><\/span><\/p>\n<p class=\"western\" align=\"justify\"><span style=\"font-family: Arial, serif\"><b>As Linhas de Pesquisa do Curso compor\u00e3o os GTs, conforme descritos abaixo: <\/b><\/span><\/p>\n<p class=\"western\" align=\"justify\"><a name=\"_Hlk177924567\"><\/a><a name=\"_Hlk177924601\"><\/a> <span style=\"font-family: Arial, serif\"><b>GT 01 &#8211; A\u00c7\u00c3O PEDAG\u00d3GICA:<\/b><\/span><span style=\"font-family: Arial, serif\"> Investiga\u00e7\u00e3o de temas relacionados \u00e0 A\u00e7\u00e3o Pedag\u00f3gica desenvolvida na Educa\u00e7\u00e3o Infantil e anos iniciais do E<\/span><span style=\"font-family: Arial, serif\">nsino Fundamental,<\/span><span style=\"font-family: Arial, serif\"> como quest\u00f5es dos processos did\u00e1tico-pedag\u00f3gicos: rela\u00e7\u00e3o professor-aluno-saber, processo ensino<\/span><span style=\"font-family: Arial, serif\">-aprendizagem, planejamento, avalia\u00e7\u00e3o, media\u00e7\u00e3o pedag\u00f3gica, rela\u00e7\u00e3o escola-fam\u00edl<\/span><span style=\"font-family: Arial, serif\">ia-comunidade, forma\u00e7\u00e3o e profissionaliza\u00e7\u00e3o docente. Estudo de teorias em fun\u00e7\u00e3o de uma maior compreens\u00e3o da pr\u00e1tica pedag\u00f3gica e proposi\u00e7\u00e3o de alternativas. <\/span><\/p>\n<p class=\"western\" align=\"justify\"><span style=\"font-family: Arial, serif\"><b>Envio do resumo:<\/b><\/span><span style=\"font-family: Arial, serif\"> documento em PDF com o nome: Gt01t\u00edtulodotrabalhoenomedoautorprincipal<\/span><\/p>\n<p class=\"western\" align=\"justify\"><a name=\"_Hlk177924638\"><\/a> <span style=\"font-family: Arial, serif\"><b>GT 02 &#8211; DIVERSIDADE CULTURAL E INCLUS\u00c3O SOCIAL:<\/b><\/span><span style=\"font-family: Arial, serif\"> Elabora\u00e7\u00e3o e acompanhamento de projetos educacionais, pol\u00edticos e filos\u00f3ficos na perspectiva da diversidade, considerando tem\u00e1ticas como: g\u00eanero, sexualidade e sa\u00fade coletiva, teoria feminista e a\u00e7\u00f5es afirmativas, pol\u00edticas inclusivas, ensino de libras, direitos \u00e9tnico\/raciais, gera\u00e7\u00e3o e cidadania, comunidades religiosas e rurais, hist\u00f3ria afrodescendente e ind\u00edgena, direitos humanos e viol\u00eancia social nas tecnologias da informa\u00e7\u00e3o. <\/span><\/p>\n<p class=\"western\" align=\"justify\"><span style=\"font-family: Arial, serif\"><b>Envio do resumo:<\/b><\/span><span style=\"font-family: Arial, serif\"> documento em PDF com o nome: Gt02t\u00edtulodotrabalhoenomedoautorprincipal<\/span><\/p>\n<p class=\"western\" align=\"justify\"><span style=\"font-family: Arial, serif\"><b>GT 03 &#8211; EDUCA\u00c7\u00c3O INFANTIL:<\/b><\/span><span style=\"font-family: Arial, serif\"> A crian\u00e7a e a inf\u00e2ncia na realidade brasileira. A especificidade do atendimento e das pr\u00e1ticas curriculares e pedag\u00f3gicas da creche e da pr\u00e9-escola. As m\u00faltiplas linguagens da crian\u00e7a e linguagens exploradas na Educa\u00e7\u00e3o Infantil. Pol\u00edticas e documentos oficiais para a Educa\u00e7\u00e3o Infantil. A pesquisa com crian\u00e7as e no contexto da Educa\u00e7\u00e3o Infantil. <\/span><\/p>\n<p class=\"western\" align=\"justify\"><a name=\"_Hlk177924692\"><\/a> <span style=\"font-family: Arial, serif\"><b>Envio do resumo:<\/b><\/span><span style=\"font-family: Arial, serif\"> documento em PDF com o nome: Gt03t\u00edtulodotrabalhoenomedoautorprincipal<\/span><\/p>\n<p class=\"western\" align=\"justify\"><a name=\"_Hlk177924717\"><\/a> <span style=\"font-family: Arial, serif\"><b>GT 04 &#8211; EDUCA\u00c7\u00c3O E M\u00cdDIAS: <\/b><\/span><span style=\"font-family: Arial, serif\">O uso de computadores nas escolas. Dissemina\u00e7\u00e3o do software livre como elemento de inclus\u00e3o digital. O v\u00eddeo como ferramenta de aprendizagem. Multim\u00eddias em sala de aula: dinamizando os conte\u00fados. Jogos eletr\u00f4nicos e a aprendizagem. A multim\u00eddia e a supera\u00e7\u00e3o dos problemas de aprendizagem. A constru\u00e7\u00e3o de material did\u00e1tico em diferentes m\u00eddias. A educa\u00e7\u00e3o a dist\u00e2ncia na forma\u00e7\u00e3o de professores. Ambientes de aprendizagem. Tecnologias da informa\u00e7\u00e3o e da comunica\u00e7\u00e3o. Tend\u00eancias da educa\u00e7\u00e3o e NTIC. Integra\u00e7\u00e3o de tecnologias ao trabalho de sala de aula \u2013 projetos e aula na rede. <\/span><\/p>\n<p class=\"western\" align=\"justify\"><span style=\"font-family: Arial, serif\"><b>Envio do resumo:<\/b><\/span><span style=\"font-family: Arial, serif\"> documento em PDF com o nome: Gt04t\u00edtulodotrabalhoenomedoautorprincipal<\/span><\/p>\n<p class=\"western\" align=\"justify\"><span style=\"font-family: Arial, serif\"><b>GT 05 &#8211; POL\u00cdTICAS EDUCACIONAIS E PROCESSOS EDUCATIVOS: <\/b><\/span><span style=\"font-family: Arial, serif\">Estudos e pesquisas acerca das Pol\u00edticas Educacionais e do impacto dessas pol\u00edticas na forma\u00e7\u00e3o e pr\u00e1ticas docentes. Curr\u00edculo e forma\u00e7\u00e3o de identidades. Gest\u00e3o educacional e coordena\u00e7\u00e3o pedag\u00f3gica. A cultura institucional. <\/span><\/p>\n<p class=\"western\" align=\"justify\"><span style=\"font-family: Arial, serif\"><b>Envio do resumo:<\/b><\/span><span style=\"font-family: Arial, serif\"> documento em PDF com o nome: Gt05t\u00edtulodotrabalhoenomedoautorprincipal<\/span><\/p>\n<p class=\"western\" align=\"justify\"><a name=\"_Hlk177924992\"><\/a><a name=\"_Hlk177924798\"><\/a><a name=\"_Hlk177924930\"><\/a> <span style=\"font-family: Arial, serif\"><b>GT 06 &#8211; EDUCA\u00c7\u00c3O DE JOVENS E ADULTOS:<\/b><\/span><span style=\"font-family: Arial, serif\"> Estudos<\/span><span style=\"font-family: Arial, serif\"> e Pesquisas que envolvam os seguintes temas: Pol\u00edticas educacionais e forma\u00e7\u00e3o docente em EJA; a EJA como direito p\u00fablico e subjetivo do cidad\u00e3o e dever do Estado; Fundamentos hist\u00f3ricos, pol\u00edticos e pedag\u00f3gicos da EJA e o alargamento do seu campo conceitual; Alfabetiza\u00e7\u00e3o e letramento em EJA; EJA e Movimentos Sociais; Educa\u00e7\u00e3o Popular e Paulo Freire; Curr\u00edculo e EJA; Educa\u00e7\u00e3o do Campo; Envelhecimento Humano; Materiais did\u00e1ticos para a EJA; Estudo te\u00f3rico-pr\u00e1tico sobre as quest\u00f5es did\u00e1tico-metodol\u00f3gicas da EJA, numa concep\u00e7\u00e3o cr\u00edtica e interdisciplinar; os processos de investiga\u00e7\u00e3o, planejamento, interven\u00e7\u00e3o e avalia\u00e7\u00e3o da a\u00e7\u00e3o docente na EJA.<\/span><\/p>\n<p class=\"western\" align=\"justify\"><span style=\"font-family: Arial, serif\"><b>Envio do resumo:<\/b><\/span><span style=\"font-family: Arial, serif\"> documento em PDF com o nome: Gt06t\u00edtulodotrabalhoenomedoautorprincipal<\/span><\/p>\n<p align=\"justify\"><span style=\"color: #0000ff\"><strong>LINK PARA INSCRI\u00c7\u00c3O E SUBMISS\u00c3O DE TRABALHOS:<\/strong><\/span> <a href=\"https:\/\/suap.uepb.edu.br\/eventos\/inscricao\/100\/\">https:\/\/suap.uepb.edu.br\/eventos\/inscricao\/100\/<\/a><\/p>\n<p>[\/vc_column_text][\/vc_tta_section][vc_tta_section title=&#8221;Apresenta\u00e7\u00e3o de Trabalhos e Avalia\u00e7\u00e3o&#8221; tab_id=&#8221;1723056843092-3b78113b-6dca&#8221;][vc_column_text css=&#8221;&#8221;]<\/p>\n<p class=\"western\" align=\"justify\"><span style=\"font-family: Arial, serif\"><b>TODOS OS TRABALHOS SER\u00c3O APRESENTADOS EM COMUNICA\u00c7\u00c3O ORAL &#8211; <\/b><\/span><span style=\"font-family: Arial, serif\">ser\u00e1 presencial na sexta-feira, dia 08\/11, a partir das 08 horas, em uma das salas do Curso de Pedagogia, coordenada por um\/uma representante do GT. O\/a<\/span><span style=\"font-family: Arial, serif\">(s) apresentador\/a(es\/as) ter\u00e1(\u00e3o) 10 minutos para sua exposi\u00e7\u00e3o sem slides. O hor\u00e1rio e a ordem de apresenta\u00e7\u00e3o ser\u00e3o divulgados ap\u00f3s a an\u00e1lise dos trabalhos.<\/span><\/p>\n<p class=\"western\" style=\"text-align: left\" align=\"center\"><span style=\"font-family: Arial, serif\"><u><b>NORMAS DE AVALIA\u00c7\u00c3O DOS RESUMOS 15\u00aa SEMANA DE PEDAGOGIA<\/b><\/u><\/span><\/p>\n<p class=\"western\" align=\"justify\"><span style=\"font-family: Arial, serif\"><span style=\"font-size: medium\">Os <\/span><\/span><span style=\"font-family: Arial, serif\"><span style=\"font-size: medium\"><b>RESUMOS<\/b><\/span><\/span><span style=\"font-family: Arial, serif\"><span style=\"font-size: medium\"> ser\u00e3o avaliados observando os seguintes crit\u00e9rios:<\/span><\/span><\/p>\n<ol>\n<li>\n<p align=\"justify\"><span style=\"font-family: Arial, serif\"><span style=\"font-size: medium\">Adequa\u00e7\u00e3o ao tema proposto no GT \u2013 (pontua\u00e7\u00e3o 2,0);<\/span><\/span><\/p>\n<\/li>\n<li>\n<p align=\"justify\"><span style=\"font-family: Arial, serif\"><span style=\"font-size: medium\">Originalidade e contribui\u00e7\u00e3o para a \u00e1rea \u2013 (pontua\u00e7\u00e3o 2,0);<\/span><\/span><\/p>\n<\/li>\n<li>\n<p align=\"justify\"><span style=\"font-family: Arial, serif\"><span style=\"font-size: medium\">Linguagem adequada ao ambiente acad\u00eamico e adequa\u00e7\u00e3o \u00e0 norma-padr\u00e3o da l\u00edngua portuguesa \u2013 (pontua\u00e7\u00e3o 2,0);<\/span><\/span><\/p>\n<\/li>\n<li>\n<p align=\"justify\"><span style=\"font-family: Arial, serif\"><span style=\"font-size: medium\">Contextualiza\u00e7\u00e3o da tem\u00e1tica, apresenta\u00e7\u00e3o dos objetivos, arcabou\u00e7o te\u00f3rico e metodol\u00f3gico, apresenta\u00e7\u00e3o dos resultados (finais ou parciais) ou considera\u00e7\u00f5es finais \u2013 (pontua\u00e7\u00e3o 4,0).<\/span><\/span><\/p>\n<\/li>\n<\/ol>\n<p class=\"western\" align=\"justify\"><span style=\"font-family: Arial, serif\"><span style=\"font-size: medium\">Nota m\u00ednima da avalia\u00e7\u00e3o: 7,0<\/span><\/span><\/p>\n<p class=\"western\" align=\"justify\"><span style=\"font-family: Arial, sans-serif\">Nota m\u00e1xima da avalia\u00e7\u00e3o: 10,0<\/span><\/p>\n<p class=\"western\" align=\"justify\"><span style=\"font-family: Arial, sans-serif\">Ordem para Desempate: maior nota no crit\u00e9rio 4: <\/span><span style=\"font-family: Arial, serif\"><span style=\"font-size: medium\">Contextualiza\u00e7\u00e3o da tem\u00e1tica, apresenta\u00e7\u00e3o dos objetivos, arcabou\u00e7o te\u00f3rico e metodol\u00f3gico, apresenta\u00e7\u00e3o dos resultados (finais ou parciais) ou considera\u00e7\u00f5es finais.<\/span><\/span><\/p>\n<p>[\/vc_column_text][\/vc_tta_section][vc_tta_section title=&#8221;Aloca\u00e7\u00e3o de Trabalhos&#8221; tab_id=&#8221;1723056861459-0e2ad0e5-c9e3&#8243;][vc_column_text css=&#8221;&#8221;]Em constru\u00e7\u00e3o.[\/vc_column_text][\/vc_tta_section][vc_tta_section title=&#8221;Certificado e ANAIS&#8221; tab_id=&#8221;1723056893961-23202c5a-7142&#8243;][vc_column_text css=&#8221;&#8221;]<\/p>\n<ul>\n<li>\n<p class=\"western\" align=\"justify\"><span style=\"font-family: Arial, serif\"><span style=\"font-size: small\">Informamos aos participantes do <strong>15\u00aa SEMANA DE PEDAGOGIA<\/strong><\/span><\/span><span style=\"font-family: Arial, serif\"><span style=\"font-size: small\">\u00a0que\u00a0os certificados ser\u00e3o enviados para o e-mail dos inscritos que estiveram presentes no evento, favor buscar, na caixa de entrada ou no SPAM, pelo assunto: [SUAP] Certificado de Participa\u00e7\u00e3o;<\/span><\/span><\/p>\n<\/li>\n<li>\n<p class=\"western\" align=\"justify\"><span style=\"font-family: Arial, serif\"><span style=\"font-size: small\">O certificado de Participa\u00e7\u00e3o no <strong>15\u00aa SEMANA DE PEDAGOGIA<\/strong><\/span><\/span><span style=\"font-family: Arial, serif\"><span style=\"font-size: small\"> ser\u00e1 emitido com <span style=\"color: #000000\"><strong>3<\/strong><\/span><\/span><\/span><span style=\"color: #000000\"><strong><span style=\"font-family: Arial, serif\"><span style=\"font-size: small\">0<\/span><\/span><\/strong><\/span><span style=\"font-family: Arial, serif\"><span style=\"font-size: small\"><span style=\"color: #000000\"><strong> horas<\/strong><\/span> para todos os participantes inscritos e que assinaram as listas de presen\u00e7a;<\/span><\/span><\/p>\n<\/li>\n<li>\n<p class=\"western\" align=\"justify\"><span style=\"font-family: Arial, serif\"><span style=\"font-size: small\">Os certificados de\u00a0participa\u00e7\u00e3o em <\/span><\/span><span style=\"color: #000000\"><span style=\"font-family: Arial, serif\"><span style=\"font-size: small\">Minicurso e Oficina<\/span><\/span><\/span><span style=\"font-family: Arial, serif\"><span style=\"font-size: small\"><span style=\"color: #000000\"> ser\u00e3o<\/span> emitidos com a carga hor\u00e1ria conforme a atividade desenvolvida, desde que tenha sido constatada a inscri\u00e7\u00e3o e presen\u00e7a, mediante assinatura das listas;<\/span><\/span><\/p>\n<\/li>\n<li>\n<p class=\"western\" align=\"justify\"><span style=\"font-family: Arial, serif\"><span style=\"font-size: small\">Os certificados de <\/span><\/span><span style=\"color: #000000\"><span style=\"font-family: Arial, serif\"><span style=\"font-size: small\">apresenta\u00e7\u00e3o de trabalhos, Comiss\u00e3o Cient\u00edfica e Avaliadora, Palestrante, Debatedor e Moderador de mesa-redonda, Ministrante de atividade <\/span><\/span><span style=\"font-family: Arial, serif\"><span style=\"font-size: small\">ser\u00e3o\/foram enviados para o e-mail informado no ato da inscri\u00e7\u00e3o; <\/span><\/span><\/span><\/p>\n<\/li>\n<li>\n<p class=\"western\" align=\"justify\"><span style=\"font-family: Arial, serif\"><span style=\"font-size: small\">Os\u00a0ANAIS\u00a0a medida que forem publicados ser\u00e3o divulgados.<\/span><\/span><\/p>\n<\/li>\n<\/ul>\n<p>[\/vc_column_text][\/vc_tta_section][\/vc_tta_tour][\/vc_column][\/vc_row]<\/p>\n<\/div>","protected":false},"excerpt":{"rendered":"<p>[vc_row][vc_column][vc_tta_tour][vc_tta_section title=&#8221;Apresenta\u00e7\u00e3o&#8221; tab_id=&#8221;1723051350484-74ca6583-f13f&#8221;][vc_column_text css=&#8221;&#8221;] &nbsp; &nbsp; &nbsp; &nbsp; &nbsp; &nbsp; &nbsp; Tem\u00e1tica: NOVAS DIRETRIZES PARA A FORMA\u00c7\u00c3O DE PROFESSORES PARA A EDUCA\u00c7\u00c3O B\u00c1SICA: CONVERG\u00caNCIAS, DIVERG\u00caNCIAS E PERSPECTIVAS Formato: Presencial Local: CENTRAL ACAD\u00caMICA PAULO FREIRE[\/vc_column_text][\/vc_tta_section][vc_tta_section title=&#8221;Comiss\u00e3o Organizadora&#8221; tab_id=&#8221;1723051372044-4de7e0c8-ac23&#8243;][vc_column_text css=&#8221;&#8221;] Profa. Dra. Valdecy Margarida da Silva Profa. Dra. Tatiana Cristina Vasconcelos Profa. Dra. Maria do Socorro Moura <a class=\"leiamais\" href=\"https:\/\/eventos.uepb.edu.br\/congressouniversitario\/15a-semana-de-pedagogia\/\">Leia Mais&#8230;<\/a><\/p>\n","protected":false},"author":4,"featured_media":0,"parent":0,"menu_order":0,"comment_status":"closed","ping_status":"closed","template":"","meta":{"footnotes":""},"class_list":["post-1277","page","type-page","status-publish","hentry"],"_links":{"self":[{"href":"https:\/\/eventos.uepb.edu.br\/congressouniversitario\/wp-json\/wp\/v2\/pages\/1277","targetHints":{"allow":["GET"]}}],"collection":[{"href":"https:\/\/eventos.uepb.edu.br\/congressouniversitario\/wp-json\/wp\/v2\/pages"}],"about":[{"href":"https:\/\/eventos.uepb.edu.br\/congressouniversitario\/wp-json\/wp\/v2\/types\/page"}],"author":[{"embeddable":true,"href":"https:\/\/eventos.uepb.edu.br\/congressouniversitario\/wp-json\/wp\/v2\/users\/4"}],"replies":[{"embeddable":true,"href":"https:\/\/eventos.uepb.edu.br\/congressouniversitario\/wp-json\/wp\/v2\/comments?post=1277"}],"version-history":[{"count":20,"href":"https:\/\/eventos.uepb.edu.br\/congressouniversitario\/wp-json\/wp\/v2\/pages\/1277\/revisions"}],"predecessor-version":[{"id":2097,"href":"https:\/\/eventos.uepb.edu.br\/congressouniversitario\/wp-json\/wp\/v2\/pages\/1277\/revisions\/2097"}],"wp:attachment":[{"href":"https:\/\/eventos.uepb.edu.br\/congressouniversitario\/wp-json\/wp\/v2\/media?parent=1277"}],"curies":[{"name":"wp","href":"https:\/\/api.w.org\/{rel}","templated":true}]}}