{"id":1271,"date":"2024-08-23T10:31:04","date_gmt":"2024-08-23T13:31:04","guid":{"rendered":"https:\/\/eventos.uepb.edu.br\/congressouniversitario\/?page_id=1271"},"modified":"2024-11-01T18:34:52","modified_gmt":"2024-11-01T21:34:52","slug":"10a-mostra-cientifica-do-departamento-de-educacao-fisica","status":"publish","type":"page","link":"https:\/\/eventos.uepb.edu.br\/congressouniversitario\/10a-mostra-cientifica-do-departamento-de-educacao-fisica\/","title":{"rendered":"10\u00aa Mostra Cient\u00edfica do Departamento de Educa\u00e7\u00e3o F\u00edsica"},"content":{"rendered":"<div class=\"wpb-content-wrapper\"><p>[vc_row][vc_column][vc_tta_tour][vc_tta_section title=&#8221;Apresenta\u00e7\u00e3o&#8221; tab_id=&#8221;1723051350484-74ca6583-f13f&#8221;][vc_column_text css=&#8221;&#8221;]<img loading=\"lazy\" decoding=\"async\" class=\"alignleft size-medium wp-image-1429 img-responsive\" src=\"https:\/\/eventos.uepb.edu.br\/congressouniversitario\/wp-content\/uploads\/sites\/7\/2024\/09\/LOGO-300x298.png\" alt=\"\" width=\"300\" height=\"298\" srcset=\"https:\/\/eventos.uepb.edu.br\/congressouniversitario\/wp-content\/uploads\/sites\/7\/2024\/09\/LOGO-300x298.png 300w, https:\/\/eventos.uepb.edu.br\/congressouniversitario\/wp-content\/uploads\/sites\/7\/2024\/09\/LOGO.png 367w\" sizes=\"auto, (max-width: 300px) 100vw, 300px\" \/><\/p>\n<p>&nbsp;<\/p>\n<p>&nbsp;<\/p>\n<p>&nbsp;<\/p>\n<p>&nbsp;<\/p>\n<p>&nbsp;<\/p>\n<p>&nbsp;<\/p>\n<p>&nbsp;<\/p>\n<p>&nbsp;<\/p>\n<p>&nbsp;<\/p>\n<p class=\"western\" align=\"justify\"><span style=\"font-family: Arial, serif\"><span style=\"font-size: small\">A <strong>10\u00aa Mostra Cient\u00edfica do Departamento de Educa\u00e7\u00e3o F\u00edsica<\/strong> \u00e9 um evento cient\u00edfico-cultural que busca discutir assuntos relevantes para a atua\u00e7\u00e3o do profissional de educa\u00e7\u00e3o f\u00edsica na atualidade, trazendo o cuidado e a integra\u00e7\u00e3o com o meio ambiente e o uso da tecnologia para seus campos de atua\u00e7\u00e3o e discutindo meios e formas de integra\u00e7\u00e3o entre Educa\u00e7\u00e3o F\u00edsica essas tem\u00e1ticas de forma ampla, por meios de palestras, cursos, oficinas, exposi\u00e7\u00e3o tecnol\u00f3gica e resumos cient\u00edficos produzidos pela comunidade acad\u00eamica. <\/span><\/span><\/p>\n<p class=\"western\" align=\"justify\"><span style=\"font-family: Arial, serif\"><span style=\"font-size: small\"><b>Formato:<\/b><\/span><\/span><span style=\"font-family: Arial, serif\"><span style=\"font-size: small\"> H\u00edbrido<\/span><\/span><\/p>\n<p class=\"western\" align=\"justify\"><span style=\"font-family: Arial, serif\"><span style=\"font-size: small\"><b>P\u00fablico-alvo:<\/b><\/span><\/span><span style=\"font-family: Arial, serif\"><span style=\"font-size: small\"> Estudantes e egressos dos cursos licenciatura e bacharelado em Educa\u00e7\u00e3o F\u00edsica da UEPB, bem como, profissionais da \u00e1rea que atuam, especialmente no Estado da Para\u00edba.<\/span><\/span><\/p>\n<p>[\/vc_column_text][\/vc_tta_section][vc_tta_section title=&#8221;Comiss\u00e3o Organizadora&#8221; tab_id=&#8221;1723051372044-4de7e0c8-ac23&#8243;][vc_column_text css=&#8221;&#8221;]<\/p>\n<p class=\"western\" align=\"justify\"><strong><span style=\"font-family: Arial, sans-serif\"><span style=\"font-size: small\">Comiss\u00e3o Organizadora<\/span><\/span><\/strong><\/p>\n<p class=\"western\" align=\"justify\"><span style=\"font-family: Arial, sans-serif\"><span style=\"font-size: small\">Profa. Dra. Elaine Melo de Brito Costa<\/span><\/span><\/p>\n<p class=\"western\" align=\"justify\"><span style=\"font-family: Arial, sans-serif\"><span style=\"font-size: small\">Prof. Me.Marlon Madeiro Brasiliano<\/span><\/span><\/p>\n<p class=\"western\" align=\"justify\"><span style=\"font-family: Arial, sans-serif\"><span style=\"font-size: small\">Prof. Dr. Nailton Jos\u00e9 Brandr\u00e3o de Albuquerque Filho<\/span><\/span><\/p>\n<p class=\"western\" align=\"justify\"><span style=\"font-family: Arial, sans-serif\"><span style=\"font-size: small\">Profa. Dra. Ta\u00eds Feitosa da Silva<\/span><\/span><\/p>\n<p class=\"western\" align=\"justify\"><span style=\"font-family: Arial, sans-serif\"><span style=\"font-size: small\"><span style=\"color: #000000\">Rodolfo Heckmann de Fran\u00e7a Clemente e Rodrigues de Oliveira (Estudante)<\/span><\/span><\/span><\/p>\n<p>[\/vc_column_text][\/vc_tta_section][vc_tta_section title=&#8221;Comiss\u00e3o Cient\u00edfica e Avaliadora&#8221; tab_id=&#8221;1723051393227-dd34a073-4930&#8243;][vc_column_text css=&#8221;&#8221;]<\/p>\n<p class=\"western\" align=\"justify\"><span style=\"font-family: Arial, sans-serif\"><span style=\"font-size: small\"><b>Comiss\u00e3o Cient\u00edfica e Avaliadora<\/b><\/span><\/span><\/p>\n<p class=\"western\" align=\"justify\"><span style=\"font-family: Arial, sans-serif\"><span style=\"font-size: small\">D\u00f3ris N\u00f3brega de Andrade Laurentino<\/span><\/span><\/p>\n<p class=\"western\" align=\"justify\"><span style=\"font-family: Arial, sans-serif\"><span style=\"font-size: small\">Mirian Werba Saldanha<\/span><\/span><\/p>\n<p class=\"western\" align=\"justify\"><span style=\"font-family: Arial, sans-serif\"><span style=\"font-size: small\">Diego Vin\u00edcius Duarte Cavalcante<\/span><\/span><\/p>\n<p class=\"western\" align=\"justify\"><span style=\"font-family: Arial, sans-serif\"><span style=\"font-size: small\">Igor Henriques Fortunato<\/span><\/span><\/p>\n<p class=\"western\" align=\"justify\"><span style=\"font-family: Arial, sans-serif\"><span style=\"font-size: small\">Morgana Guedes Bezerra<\/span><\/span><\/p>\n<p class=\"western\" align=\"justify\"><span style=\"font-family: Arial, sans-serif\"><span style=\"font-size: small\">Lucas Camilo Pereira<\/span><\/span><\/p>\n<p class=\"western\" align=\"justify\"><span style=\"font-family: Arial, sans-serif\"><span style=\"font-size: small\">Josenaldo Lopes Dias<\/span><\/span><\/p>\n<p class=\"western\" align=\"justify\"><span style=\"font-family: Arial, sans-serif\"><span style=\"font-size: small\">Wigna Gouveia de Lacerda<\/span><\/span><\/p>\n<p class=\"western\" align=\"justify\"><span style=\"font-family: Arial, sans-serif\"><span style=\"font-size: small\">Ta\u00eds Feitosa da Silva<\/span><\/span><\/p>\n<p class=\"western\" align=\"justify\"><span style=\"font-family: Arial, sans-serif\"><span style=\"font-size: small\">Marlon Madeiro Brasiliano<\/span><\/span><\/p>\n<p>[\/vc_column_text][\/vc_tta_section][vc_tta_section title=&#8221;Programa\u00e7\u00e3o&#8221; tab_id=&#8221;1723051406819-7e54b22e-71d5&#8243;][vc_column_text css=&#8221;&#8221;]<\/p>\n<p class=\"western\" align=\"justify\"><span style=\"color: #0000ff\"><span style=\"font-family: Arial, serif\"><span style=\"font-size: small\"><b>DIA 06 DE NOVEMBRO &#8211; MANH\u00c3<\/b><\/span><\/span><\/span><\/p>\n<p class=\"western\" align=\"justify\"><span style=\"color: #800080\"><strong><span style=\"font-family: Arial, serif\"><span style=\"font-size: small\">Palestra de abertura<\/span><\/span><span style=\"font-family: Arial, serif\"><span style=\"font-size: small\">: Interfaces da Educa\u00e7\u00e3o F\u00edsica com o meio ambiente e tecnologia<\/span><\/span><\/strong><\/span><\/p>\n<p class=\"western\" align=\"justify\"><span style=\"font-family: Arial, serif\"><span style=\"font-size: small\">Palestrante: Prof. Dr. Thiago Siqueira Paiva de Souza<\/span><\/span><\/p>\n<p class=\"western\" align=\"justify\"><span style=\"font-family: Arial, serif\"><span style=\"font-size: small\">Hora de in\u00edcio da atividade: 8:30h<\/span><\/span><\/p>\n<p class=\"western\" align=\"justify\"><span style=\"font-family: Arial, serif\"><span style=\"font-size: small\">Hora de fim da atividade: 10:00h<\/span><\/span><\/p>\n<p class=\"western\" align=\"justify\"><span style=\"color: #222222\"><span style=\"font-family: Arial, serif\"><span style=\"font-size: small\">Local: Gin\u00e1sio\/DEF<\/span><\/span><\/span><\/p>\n<p class=\"western\" align=\"justify\"><span style=\"color: #800080\"><strong><span style=\"font-family: Arial, serif\"><span style=\"font-size: small\">Oficina<\/span><\/span><span style=\"font-family: Arial, serif\"><span style=\"font-size: small\">: Ciclo de Dan\u00e7a \u2013 Dan\u00e7as de matrizes afro-brasileiras<\/span><\/span><\/strong><\/span><\/p>\n<p class=\"western\" align=\"justify\"><span style=\"font-family: Arial, serif\"><span style=\"font-size: small\">Ministrante: Prof. W\u00eania Son\u00e1ly Da Silva Menezes<\/span><\/span><\/p>\n<p class=\"western\" align=\"justify\"><span style=\"font-family: Arial, serif\"><span style=\"font-size: small\">Hora de in\u00edcio da atividade: 10:00h<\/span><\/span><\/p>\n<p class=\"western\" align=\"justify\"><span style=\"font-family: Arial, serif\"><span style=\"font-size: small\">Hora de fim da atividade: 12:00<\/span><\/span><\/p>\n<p class=\"western\" align=\"justify\"><span style=\"font-family: Arial, serif\"><span style=\"font-size: small\">Local: Sala de aula\/DEF<\/span><\/span><\/p>\n<p class=\"western\" align=\"justify\"><span style=\"font-family: Arial, serif\"><span style=\"font-size: small\">Limite de Inscri\u00e7\u00f5es: 35<\/span><\/span><\/p>\n<p class=\"western\" align=\"justify\"><span style=\"color: #800080\"><strong><span style=\"font-family: Arial, serif\"><span style=\"font-size: small\">Oficina<\/span><\/span><span style=\"font-family: Arial, serif\"><span style=\"font-size: small\">: Desenho Universal para a Aprendizagem na Educa\u00e7\u00e3o F\u00edsica: Possibilidades e Desafios<\/span><\/span><\/strong><\/span><\/p>\n<p class=\"western\" align=\"justify\"><span style=\"font-family: Arial, serif\"><span style=\"font-size: small\">Ministrante: Prof. Mda. Fernanda Pereira <\/span><\/span><\/p>\n<p class=\"western\" align=\"justify\"><span style=\"font-family: Arial, serif\"><span style=\"font-size: small\">Hor\u00e1rio de in\u00edcio: 10:00h<\/span><\/span><\/p>\n<p class=\"western\" align=\"justify\"><span style=\"font-family: Arial, serif\"><span style=\"font-size: small\">Hora de fim da atividade: 12:00h<\/span><\/span><\/p>\n<p class=\"western\" align=\"justify\"><span style=\"font-family: Arial, serif\"><span style=\"font-size: small\">Local: Sala de aula\/DEF<\/span><\/span><\/p>\n<p class=\"western\" align=\"justify\"><span style=\"font-family: Arial, serif\"><span style=\"font-size: small\">Limite de inscri\u00e7\u00f5es: 32<\/span><\/span><\/p>\n<p class=\"western\" align=\"justify\"><span style=\"color: #0000ff\"><span style=\"font-family: Arial, serif\"><span style=\"font-size: small\"><b>DIA 06 DE NOVEMBRO &#8211; TARDE<\/b><\/span><\/span><\/span><\/p>\n<p class=\"western\" align=\"justify\"><span style=\"color: #800080\"><strong><span style=\"font-family: Arial, serif\"><span style=\"font-size: small\">Minicurso<\/span><\/span><span style=\"font-family: Arial, serif\"><span style=\"font-size: small\">: Fisiologia do estresse e sa\u00fade mental: estrat\u00e9gias para o bem-estar integral<\/span><\/span><\/strong><\/span><\/p>\n<p class=\"western\" align=\"justify\"><span style=\"font-family: Arial, serif\"><span style=\"font-size: small\">Ministrante: Prof. Dra. Ta\u00eds Feitosa da Silva<\/span><\/span><\/p>\n<p class=\"western\" align=\"justify\"><span style=\"font-family: Arial, serif\"><span style=\"font-size: small\">Hora de in\u00edcio da atividade: 13:30h <\/span><\/span><\/p>\n<p class=\"western\" align=\"justify\"><span style=\"font-family: Arial, serif\"><span style=\"font-size: small\">Hora de fim da atividade: 17:30h<\/span><\/span><\/p>\n<p class=\"western\" align=\"justify\"><span style=\"font-family: Arial, serif\"><span style=\"font-size: small\">Local: Sala de aula\/DEF<\/span><\/span><\/p>\n<p class=\"western\" align=\"justify\"><span style=\"font-family: Arial, serif\"><span style=\"font-size: small\">Limite de Inscri\u00e7\u00f5es: 50<\/span><\/span><\/p>\n<p class=\"western\" align=\"justify\"><span style=\"color: #800080\"><strong><span style=\"font-family: Arial, serif\"><span style=\"font-size: small\">Minicurso<\/span><\/span><span style=\"font-family: Arial, serif\"><span style=\"font-size: small\">: Avalia\u00e7\u00e3o antropom\u00e9trica e composi\u00e7\u00e3o corporal (parte 1)<\/span><\/span><\/strong><\/span><\/p>\n<p class=\"western\" align=\"justify\"><span style=\"font-family: Arial, serif\"><span style=\"font-size: small\">Ministrantes: Prof. Dr. Nailton Jos\u00e9 Brand\u00e3o de Albuquerque Filho\/ Prof. Me. Lucas Camilo Pereira<\/span><\/span><\/p>\n<p class=\"western\" align=\"justify\"><span style=\"font-family: Arial, serif\"><span style=\"font-size: small\">Hora de in\u00edcio da atividade &#8211; 13:30h <\/span><\/span><\/p>\n<p class=\"western\" align=\"justify\"><span style=\"font-family: Arial, serif\"><span style=\"font-size: small\">Hora de fim da atividade &#8211; 17:30h<\/span><\/span><\/p>\n<p class=\"western\" align=\"justify\"><span style=\"font-family: Arial, serif\"><span style=\"font-size: small\">Local: Sala de aula\/DEF<\/span><\/span><\/p>\n<p class=\"western\" align=\"justify\"><span style=\"font-family: Arial, serif\"><span style=\"font-size: small\">Limite de Inscri\u00e7\u00f5es: 30<\/span><\/span><\/p>\n<p class=\"western\" align=\"justify\"><span style=\"color: #0000ff\"><span style=\"font-family: Arial, serif\"><span style=\"font-size: small\"><b>DIA 07 DE NOVEMBRO &#8211; MANH\u00c3<\/b><\/span><\/span><\/span><\/p>\n<p align=\"justify\"><span style=\"color: #800080\"><strong><span style=\"font-family: Arial, serif\"><span style=\"font-size: small\">Apresenta\u00e7\u00e3o de p\u00f4ster<\/span><\/span><\/strong><\/span><\/p>\n<p class=\"western\" align=\"justify\"><span style=\"font-family: Arial, serif\"><span style=\"font-size: small\">Hora de in\u00edcio da atividade: 8:00h<\/span><\/span><\/p>\n<p class=\"western\" align=\"justify\"><span style=\"font-family: Arial, serif\"><span style=\"font-size: small\">Hora de fim da atividade: 10:00h<\/span><\/span><\/p>\n<p class=\"western\" align=\"justify\"><span style=\"font-family: Arial, serif\"><span style=\"font-size: small\">Local: Sala de aula\/DEF<\/span><\/span><\/p>\n<p align=\"justify\"><span style=\"color: #800080\"><strong><span style=\"font-family: Arial, serif\"><span style=\"font-size: small\">Circuito Cultural<\/span><\/span><\/strong><\/span><\/p>\n<p class=\"western\" align=\"justify\"><span style=\"font-family: Arial, serif\"><span style=\"font-size: small\">Hora de in\u00edcio da atividade: 10:00h<\/span><\/span><\/p>\n<p class=\"western\" align=\"justify\"><span style=\"font-family: Arial, serif\"><span style=\"font-size: small\">Hora de fim da atividade: 12:00h<\/span><\/span><\/p>\n<p class=\"western\" align=\"justify\"><span style=\"font-family: Arial, serif\"><span style=\"font-size: small\">Local: Sala de aula\/DEF<\/span><\/span><\/p>\n<p align=\"justify\"><strong><span style=\"font-family: Arial, serif;color: #800080\"><span style=\"font-size: small\">Exposi\u00e7\u00e3o Tecnol\u00f3gica\/Grupo de Pesquisa e Forma\u00e7\u00e3o em Esporte e Lazer.<\/span><\/span><\/strong><\/p>\n<p class=\"western\" align=\"justify\"><span style=\"font-family: Arial, serif\"><span style=\"font-size: small\">Data: 07\/11\/2024 <\/span><\/span><\/p>\n<p class=\"western\" align=\"justify\"><span style=\"font-family: Arial, serif\"><span style=\"font-size: small\">Hora de in\u00edcio da atividade: 10:00h <\/span><\/span><\/p>\n<p class=\"western\" align=\"justify\"><span style=\"font-family: Arial, serif\"><span style=\"font-size: small\">Hora de fim da atividade: 12:00h<\/span><\/span><\/p>\n<p class=\"western\" align=\"justify\"><span style=\"font-family: Arial, serif\"><span style=\"font-size: small\">Local: DEF<\/span><\/span><\/p>\n<p class=\"western\" align=\"justify\"><span style=\"font-family: Arial, serif\"><span style=\"font-size: small\">Limite de inscri\u00e7\u00f5es: aberto aos participantes do evento e toda comunidade universit\u00e1ria.<\/span><\/span><\/p>\n<p class=\"western\" align=\"justify\"><span style=\"color: #0000ff\"><span style=\"font-family: Arial, serif\"><span style=\"font-size: small\"><b>DIA 07 DE NOVEMBRO &#8211; TARDE<\/b><\/span><\/span><\/span><\/p>\n<p class=\"western\" align=\"justify\"><span style=\"color: #800080\"><strong><span style=\"font-family: Arial, serif\"><span style=\"font-size: small\">Oficina<\/span><\/span><span style=\"font-family: Arial, serif\"><span style=\"font-size: small\">: A Transforma\u00e7\u00e3o da Corrida de Rua Atrav\u00e9s da Tecnologia: Inova\u00e7\u00f5es, Impactos e Futuro<\/span><\/span><\/strong><\/span><\/p>\n<p class=\"western\" align=\"justify\"><span style=\"font-family: Arial, serif\"><span style=\"font-size: small\">Ministrante: Prof. Mda. Wigna Gouveia de Lacerda<\/span><\/span><\/p>\n<p class=\"western\" align=\"justify\"><span style=\"font-family: Arial, serif\"><span style=\"font-size: small\">Hora de in\u00edcio da atividade: 14:00h <\/span><\/span><\/p>\n<p class=\"western\" align=\"justify\"><span style=\"font-family: Arial, serif\"><span style=\"font-size: small\">Hora de fim da atividade: 17:00h<\/span><\/span><\/p>\n<p class=\"western\" align=\"justify\"><span style=\"font-family: Arial, serif\"><span style=\"font-size: small\">Local: Sala de aula\/DEF<\/span><\/span><\/p>\n<p class=\"western\" align=\"justify\"><span style=\"font-family: Arial, serif\"><span style=\"font-size: small\">Limite de Inscri\u00e7\u00f5es: 30<\/span><\/span><\/p>\n<p align=\"justify\"><span style=\"color: #800080\"><strong><span style=\"font-family: Arial, serif\"><span style=\"font-size: small\">Oficina<\/span><\/span><span style=\"font-family: Arial, serif\"><span style=\"font-size: small\">: Personal Corporativo, qualidade de vida e bem-estar<\/span><\/span><\/strong><\/span><\/p>\n<p class=\"western\" align=\"justify\"><span style=\"font-family: Arial, serif\"><span style=\"font-size: small\">Ministrante: Prof. Dra. Regim\u00eania Maria Braga Carvalho<\/span><\/span><\/p>\n<p class=\"western\" align=\"justify\"><span style=\"font-family: Arial, serif\"><span style=\"font-size: small\">Hora de in\u00edcio da atividade: 14:00h <\/span><\/span><\/p>\n<p class=\"western\" align=\"justify\"><span style=\"font-family: Arial, serif\"><span style=\"font-size: small\">Hora de fim da atividade: 17:00h<\/span><\/span><\/p>\n<p class=\"western\" align=\"justify\"><span style=\"font-family: Arial, serif\"><span style=\"font-size: small\">Local: Sala de aula\/DEF<\/span><\/span><\/p>\n<p class=\"western\" align=\"justify\"><span style=\"font-family: Arial, serif\"><span style=\"font-size: small\">Limite de Inscri\u00e7\u00f5es: 30<\/span><\/span><\/p>\n<p align=\"justify\"><strong><span style=\"color: #800080\"><span style=\"font-family: Arial, serif\"><span style=\"font-size: small\">Oficina<\/span><\/span><span style=\"font-family: Arial, serif\"><span style=\"font-size: small\">: Uso de recursos tecnol\u00f3gicos no processo de avalia\u00e7\u00e3o motora<\/span><\/span><\/span><\/strong><\/p>\n<p class=\"western\" align=\"justify\"><span style=\"font-family: Arial, serif\"><span style=\"font-size: small\">Ministrante: Prof. Dr. Josenaldo Lopes Dias<\/span><\/span><\/p>\n<p class=\"western\" align=\"justify\"><span style=\"font-family: Arial, serif\"><span style=\"font-size: small\">Hora de in\u00edcio da atividade: 14:00h <\/span><\/span><\/p>\n<p class=\"western\" align=\"justify\"><span style=\"font-family: Arial, serif\"><span style=\"font-size: small\">Hora de fim da atividade: 17:00h<\/span><\/span><\/p>\n<p class=\"western\" align=\"justify\"><span style=\"font-family: Arial, serif\"><span style=\"font-size: small\">Local: Sala de aula\/DEF<\/span><\/span><\/p>\n<p class=\"western\" align=\"justify\"><span style=\"font-family: Arial, serif\"><span style=\"font-size: small\">Limite de Inscri\u00e7\u00f5es: 50<\/span><\/span><\/p>\n<p class=\"western\" align=\"justify\"><strong><span style=\"color: #800080\"><span style=\"font-family: Arial, serif\"><span style=\"font-size: small\">Minicurso<\/span><\/span><span style=\"font-family: Arial, serif\"><span style=\"font-size: small\">: Avalia\u00e7\u00e3o antropom\u00e9trica e composi\u00e7\u00e3o corporal (parte 2)<\/span><\/span><\/span><\/strong><\/p>\n<p class=\"western\" align=\"justify\"><span style=\"font-family: Arial, serif\"><span style=\"font-size: small\">Ministrantes: Prof. Dr. Nailton Jos\u00e9 Brand\u00e3o de Albuquerque Filho\/ Prof. Me. Lucas Camilo Pereira<\/span><\/span><\/p>\n<p class=\"western\" align=\"justify\"><span style=\"font-family: Arial, serif\"><span style=\"font-size: small\">Hora de in\u00edcio da atividade: 8:00h <\/span><\/span><\/p>\n<p class=\"western\" align=\"justify\"><span style=\"font-family: Arial, serif\"><span style=\"font-size: small\">Hora de fim da atividade: 12:00h<\/span><\/span><\/p>\n<p class=\"western\" align=\"justify\"><span style=\"color: #222222\"><span style=\"font-family: Arial, serif\"><span style=\"font-size: small\">Local: Sala de aula\/DEF<\/span><\/span><\/span><\/p>\n<p class=\"western\" align=\"justify\"><span style=\"font-family: Arial, serif\"><span style=\"font-size: small\">Limite de Inscri\u00e7\u00f5es: 30<\/span><\/span><\/p>\n<p align=\"justify\"><span style=\"color: #0000ff\"><span style=\"font-family: Arial, serif\"><span style=\"font-size: small\"><b>DIA 08 DE NOVEMBRO &#8211; MANH\u00c3<\/b><\/span><\/span><\/span><\/p>\n<p align=\"justify\"><strong><span style=\"color: #800080\"><span style=\"font-family: Arial, serif\"><span style=\"font-size: small\">Oficina<\/span><\/span><span style=\"font-family: Arial, serif\"><span style=\"font-size: small\">: <\/span><\/span><span style=\"font-family: Arial, serif\"><span style=\"font-size: small\">Jogos e brincadeiras para (re)educa\u00e7\u00e3o das rela\u00e7\u00f5es \u00e9tnico-raciais<\/span><\/span><\/span><\/strong><\/p>\n<p class=\"western\" align=\"justify\"><span style=\"font-family: Arial, serif\"><span style=\"font-size: small\">Ministrante: Prof. Ma. Morgana Guedes Bezerra<\/span><\/span><\/p>\n<p class=\"western\" align=\"justify\"><span style=\"font-family: Arial, serif\"><span style=\"font-size: small\">Hora de in\u00edcio da atividade: 8:00h <\/span><\/span><\/p>\n<p class=\"western\" align=\"justify\"><span style=\"font-family: Arial, serif\"><span style=\"font-size: small\">Hora de fim da atividade: 11:00h<\/span><\/span><\/p>\n<p class=\"western\" align=\"justify\"><span style=\"color: #222222\"><span style=\"font-family: Arial, serif\"><span style=\"font-size: small\">Local: Gin\u00e1sio\/DEF<\/span><\/span><\/span><\/p>\n<p class=\"western\" align=\"justify\"><span style=\"font-family: Arial, serif\"><span style=\"font-size: small\">Limite de Inscri\u00e7\u00f5es: 40<\/span><\/span><\/p>\n<p align=\"justify\"><span style=\"color: #800080\"><strong><span style=\"font-family: Arial, serif\"><span style=\"font-size: small\">Oficina<\/span><\/span><span style=\"font-family: Arial, serif\"><span style=\"font-size: small\">: Educa\u00e7\u00e3o F\u00edsica escolar e gamifica\u00e7\u00e3o: apontamentos pedag\u00f3gicos.<\/span><\/span><\/strong><\/span><\/p>\n<p class=\"western\"><span style=\"font-family: Arial, serif\"><span style=\"font-size: small\">Ministrante: Prof. <\/span><\/span><span style=\"font-family: Arial, serif\"><span style=\"font-size: small\">Jocelma Justino Cruz Ara\u00fajo\/ Prof. Whoshington de Lima Domingos<\/span><\/span><\/p>\n<p class=\"western\" align=\"justify\"><span style=\"font-family: Arial, serif\"><span style=\"font-size: small\">Hora de in\u00edcio da atividade: 8:00h <\/span><\/span><\/p>\n<p class=\"western\" align=\"justify\"><span style=\"font-family: Arial, serif\"><span style=\"font-size: small\">Hora de fim da atividade: 11:00h<\/span><\/span><\/p>\n<p class=\"western\" align=\"justify\"><span style=\"color: #222222\"><span style=\"font-family: Arial, serif\"><span style=\"font-size: small\">Local: Sala de aula\/DEF<\/span><\/span><\/span><\/p>\n<p class=\"western\" align=\"justify\"><span style=\"font-family: Arial, serif\"><span style=\"font-size: small\">Limite de inscri\u00e7\u00f5es: 32<\/span><\/span><\/p>\n<p align=\"justify\"><strong><span style=\"color: #800080\"><span style=\"font-family: Arial, serif\"><span style=\"font-size: small\">Oficina<\/span><\/span><span style=\"font-family: Arial, serif\"><span style=\"font-size: small\">: Treinamento personalizado: ferramentas digitais e habilidades pr\u00e1ticas para o contexto digital<\/span><\/span><\/span><\/strong><\/p>\n<p class=\"western\" align=\"justify\"><span style=\"font-family: Arial, serif\"><span style=\"font-size: small\">Ministrante: Prof. Me. Diego Vin\u00edcius Duarte Cavalcante<\/span><\/span><\/p>\n<p class=\"western\" align=\"justify\"><span style=\"font-family: Arial, serif\"><span style=\"font-size: small\">Hora de in\u00edcio da atividade: 8:00h <\/span><\/span><\/p>\n<p class=\"western\" align=\"justify\"><span style=\"font-family: Arial, serif\"><span style=\"font-size: small\">Hora de fim da atividade: 11:00h<\/span><\/span><\/p>\n<p class=\"western\" align=\"justify\"><span style=\"color: #222222\"><span style=\"font-family: Arial, serif\"><span style=\"font-size: small\">Local: Sala de aula\/DEF<\/span><\/span><\/span><\/p>\n<p class=\"western\" align=\"justify\"><span style=\"font-family: Arial, serif\"><span style=\"font-size: small\">Limite de Inscri\u00e7\u00f5es: 30<\/span><\/span><\/p>\n<p align=\"justify\"><span style=\"color: #800080\"><strong><span style=\"font-family: Arial, serif\"><span style=\"font-size: small\">Oficina<\/span><\/span><span style=\"font-family: Arial, serif\"><span style=\"font-size: small\">: Inicia\u00e7\u00e3o ao Pilates para Profissionais de Educa\u00e7\u00e3o F\u00edsica<\/span><\/span><\/strong><\/span><\/p>\n<p class=\"western\" align=\"justify\"><span style=\"font-family: Arial, serif\"><span style=\"font-size: small\">Ministrante: Prof. Me. Marlon Madeiro Brasiliano<\/span><\/span><\/p>\n<p class=\"western\" align=\"justify\"><span style=\"font-family: Arial, serif\"><span style=\"font-size: small\">Hora de in\u00edcio da atividade: 8:00h <\/span><\/span><\/p>\n<p class=\"western\" align=\"justify\"><span style=\"font-family: Arial, serif\"><span style=\"font-size: small\">Hora de fim da atividade: 11:00h<\/span><\/span><\/p>\n<p class=\"western\" align=\"justify\"><span style=\"font-family: Arial, serif\"><span style=\"font-size: small\">Local: Sala de dan\u00e7a\/DEF<\/span><\/span><\/p>\n<p>[\/vc_column_text][\/vc_tta_section][vc_tta_section title=&#8221;Inscri\u00e7\u00f5es e Credenciamento&#8221; tab_id=&#8221;1723056810590-d369a7e8-5186&#8243;][vc_column_text css=&#8221;&#8221;]<\/p>\n<p class=\"western\" align=\"justify\"><span style=\"font-family: Arial, serif;color: #800080\"><span style=\"font-size: small\"><b>Inscri\u00e7\u00f5es e Credenciamento<\/b><\/span><\/span><\/p>\n<p class=\"western\" align=\"justify\"><span style=\"color: #0000ff\"><span style=\"font-family: Arial, serif\"><span style=\"font-size: small\">Normas para Inscri\u00e7\u00e3o e Credenciamento<\/span><\/span><\/span><\/p>\n<p class=\"western\" align=\"justify\"><span style=\"font-family: Arial, serif\"><span style=\"font-size: small\">Prazo para inscri\u00e7\u00e3o \u2013 at\u00e9 <\/span><\/span><span style=\"font-family: Arial, serif\"><span style=\"font-size: small\"><b><del>15 DE OUTUBRO DE 2024<\/del>\u00a0<span style=\"color: #0000ff\"> 20\u00a0DE OUTUBRO DE 2024<\/span><\/b><\/span><\/span><\/p>\n<p class=\"western\" align=\"justify\"><span style=\"font-family: Arial, serif\"><span style=\"font-size: small\"><b>ATEN\u00c7\u00c3O:<\/b><\/span><\/span><span style=\"font-family: Arial, serif\"><span style=\"font-size: small\"> n\u00e3o haver\u00e1 inscri\u00e7\u00f5es ap\u00f3s essa data e o credenciamento s\u00f3 ser\u00e1 realizado para os inscritos.<\/span><\/span><\/p>\n<p class=\"western\" align=\"justify\"><span style=\"font-family: Arial, serif\"><span style=\"font-size: small\">Siga as normas, inscreva-se e participe conosco!<\/span><\/span><\/p>\n<p class=\"western\" align=\"justify\"><span style=\"color: #0000ff\"><span style=\"font-family: Arial, serif\"><span style=\"font-size: small\">Regras gerais sobre as inscri\u00e7\u00f5es<\/span><\/span><\/span><\/p>\n<p class=\"western\" align=\"justify\"><span style=\"font-family: Arial, serif\"><span style=\"font-size: small\">Todos(as) os(as) participantes dever\u00e3o realizar inscri\u00e7\u00f5es no <\/span><\/span><span style=\"font-family: Arial, serif\"><span style=\"font-size: small\"><b>10\u00aa Mostra Cient\u00edfica do Departamento de Educa\u00e7\u00e3o F\u00edsica<\/b><\/span><\/span><\/p>\n<p class=\"western\" align=\"justify\"><span style=\"font-family: Arial, serif\"><span style=\"font-size: small\">As inscri\u00e7\u00f5es dever\u00e3o ser efetuadas por meio do preenchimento do formul\u00e1rio on-line, observando-se os prazos estabelecidos para cada modalidade de inscri\u00e7\u00e3o.<\/span><\/span><\/p>\n<p class=\"western\" align=\"justify\"><span style=\"font-family: Arial, serif\"><span style=\"font-size: small\">No item \u201cPerfil\u201d, escolha uma das op\u00e7\u00f5es segundo o seu v\u00ednculo com a UEPB:<\/span><\/span><\/p>\n<p class=\"western\" align=\"justify\">\u2022 <span style=\"font-family: Arial, serif\"><span style=\"font-size: small\">SERVIDOR (docente ou t\u00e9cnico administrativo);<\/span><\/span><\/p>\n<p class=\"western\" align=\"justify\">\u2022 <span style=\"font-family: Arial, serif\"><span style=\"font-size: small\">ALUNO (gradua\u00e7\u00e3o ou p\u00f3s).<\/span><\/span><\/p>\n<p class=\"western\" align=\"justify\">\u2022 <span style=\"font-family: Arial, serif\"><span style=\"font-size: small\">P\u00daBLICO EXTERNO \u2013 refere-se a toda e qualquer pessoa <\/span><\/span><span style=\"font-family: Arial, serif\"><span style=\"font-size: small\"><b>sem v\u00ednculo com a UEPB<\/b><\/span><\/span><span style=\"font-family: Arial, serif\"><span style=\"font-size: small\"> que deseja participar do Evento.<\/span><\/span><\/p>\n<p class=\"western\" align=\"justify\"><span style=\"font-family: Arial, serif\"><span style=\"font-size: small\">Para a finaliza\u00e7\u00e3o da inscri\u00e7\u00e3o, faz-se necess\u00e1rio optar por pelo menos uma atividade (MINICURSOS OU OFICINAS).<\/span><\/span><\/p>\n<p class=\"western\" align=\"justify\"><span style=\"font-family: Arial, serif\"><span style=\"font-size: small\">Caso <\/span><\/span><span style=\"font-family: Arial, serif\"><span style=\"font-size: small\"><b>N\u00c3O DESEJE <\/b><\/span><\/span><span style=\"font-family: Arial, serif\"><span style=\"font-size: small\">participar de nenhuma atividade (minicursos ou oficinas) escolher a op\u00e7\u00e3o MINICURSO: N\u00c3O DESEJO PARTICIPAR DE NENHUMA ATIVIDADE (MINICURSO E\/OU OFICINA) QUERO PARTICIPAR COM OUVINTE DA <b>10\u00aa Mostra Cient\u00edfica do Departamento de Educa\u00e7\u00e3o F\u00edsica<\/b>.<\/span><\/span><\/p>\n<p class=\"western\" align=\"justify\"><span style=\"font-family: Arial, serif\"><span style=\"font-size: small\"><b>OBS:<\/b><\/span><\/span><span style=\"font-family: Arial, serif\"><span style=\"font-size: small\"> Depois de escolhidas as atividades (minicursos e\/ou oficinas), e finalizada a inscri\u00e7\u00e3o, n\u00e3o ser\u00e1 poss\u00edvel acrescentar nem trocar de atividade, portanto, al\u00e9m do formato, observe dias e hor\u00e1rios dispon\u00edveis.<\/span><\/span><\/p>\n<p class=\"western\" align=\"justify\"><span style=\"font-family: Arial, serif\"><span style=\"font-size: small\">Na aba \u201cPrograma\u00e7\u00e3o\u201d ser\u00e3o disponibilizados os links de acesso \u00e0s atividades remotas e a localiza\u00e7\u00e3o das atividades presenciais.<\/span><\/span><\/p>\n<p class=\"western\" align=\"justify\"><span style=\"font-family: Arial, serif;color: #800080\"><span style=\"font-size: small\"><b>Minicursos e Oficinas<\/b><\/span><\/span><\/p>\n<p class=\"western\" align=\"justify\"><span style=\"font-family: Arial, serif\"><span style=\"font-size: small\">Os minicursos e oficinas possuem vagas limitadas disponibilizadas no sistema e s\u00f3 poder\u00e3o participar os que optarem pela atividade no momento da inscri\u00e7\u00e3o.<\/span><\/span><\/p>\n<p class=\"western\" align=\"justify\"><span style=\"font-family: Arial, serif\"><span style=\"font-size: small\">S\u00f3 poder\u00e1 participar dos minicursos e oficinas quem realizar inscri\u00e7\u00e3o pr\u00e9via nos mesmos.<\/span><\/span><\/p>\n<p class=\"western\" align=\"justify\"><span style=\"font-family: Arial, serif;color: #800080\"><span style=\"font-size: small\"><b>Submiss\u00e3o de Trabalhos<\/b><\/span><\/span><\/p>\n<p class=\"western\" align=\"justify\"><span style=\"font-family: Arial, serif\"><span style=\"font-size: small\">Para submiss\u00e3o de trabalhos \u00e9 necess\u00e1ria a inscri\u00e7\u00e3o no <\/span><\/span><span style=\"font-family: Arial, serif\"><span style=\"font-size: small\"><b>10\u00aa Mostra Cient\u00edfica do Departamento de Educa\u00e7\u00e3o F\u00edsica <\/b><\/span><\/span><span style=\"font-family: Arial, serif\"><span style=\"font-size: small\">e em seguida acessar a aba \u201cSubmiss\u00e3o de trabalhos\u201d.<\/span><\/span><\/p>\n<p class=\"western\" align=\"justify\"><span style=\"font-family: Arial, serif;color: #800080\"><span style=\"font-size: small\"><b>Credenciamento<\/b><\/span><\/span><\/p>\n<p class=\"western\" align=\"justify\"><span style=\"font-family: Arial, serif\"><span style=\"font-size: small\">O credenciamento s\u00f3 ser\u00e1 efetuado com a apresenta\u00e7\u00e3o de um documento oficial com foto (RG, CNH ou documento oficial expedido por \u00f3rg\u00e3os federais).<\/span><\/span><\/p>\n<p class=\"western\" align=\"justify\"><span style=\"font-family: Arial, serif\"><span style=\"font-size: small\">N\u00e3o ser\u00e1 permitido o credenciamento por terceiros, exceto atrav\u00e9s de procura\u00e7\u00e3o. A entrega do material do evento ser\u00e1 realizada apenas ao participante presente ou ao seu procurador.<\/span><\/span><\/p>\n<p class=\"western\" align=\"justify\"><span style=\"font-family: Arial, serif\"><span style=\"font-size: small\">O credenciamento (entrega do material \u2013 pasta, crach\u00e1, bloco e caneta) ocorrer\u00e1 no local do evento;<\/span><\/span><\/p>\n<p class=\"western\" align=\"justify\"><span style=\"font-family: Arial, serif\"><span style=\"font-size: small\">Haver\u00e1 lista de presen\u00e7a em todas as atividades, tanto <\/span><\/span><span style=\"font-family: Arial, serif\"><span style=\"font-size: small\"><b>presenciais<\/b><\/span><\/span><span style=\"font-family: Arial, serif\"><span style=\"font-size: small\"> quanto <\/span><\/span><span style=\"font-family: Arial, serif\"><span style=\"font-size: small\"><b>remotas<\/b><\/span><\/span><span style=\"font-family: Arial, serif\"><span style=\"font-size: small\">.<\/span><\/span><\/p>\n<p class=\"western\" align=\"justify\"><span style=\"font-family: Arial, serif;color: #800080\"><span style=\"font-size: small\"><b>Fa\u00e7a Sua Inscri\u00e7\u00e3o<\/b><\/span><\/span><\/p>\n<p class=\"western\" align=\"justify\"><span style=\"font-family: Arial, serif\"><span style=\"font-size: small\">Acesse o link: <a href=\"https:\/\/suap.uepb.edu.br\/eventos\/inscricao\/87\/\">https:\/\/suap.uepb.edu.br\/eventos\/inscricao\/87\/<\/a><\/span><\/span><\/p>\n<p>[\/vc_column_text][\/vc_tta_section][vc_tta_section title=&#8221;Submiss\u00e3o de Trabalhos&#8221; tab_id=&#8221;1723056827084-d333db5f-2eaf&#8221;][vc_column_text css=&#8221;&#8221;]<\/p>\n<p class=\"western\" align=\"justify\"><span style=\"font-family: Arial, serif;color: #0000ff\"><span style=\"font-size: small\"><b>Normas para submiss\u00e3o de trabalhos<\/b><\/span><\/span><\/p>\n<p class=\"western\" align=\"justify\"><span style=\"font-family: Arial, serif;color: #800080\"><span style=\"font-size: small\">P\u00d4STER<\/span><\/span><\/p>\n<p class=\"western\" align=\"justify\"><span style=\"font-family: Arial, serif\"><span style=\"font-size: small\">A apresenta\u00e7\u00e3o em <\/span><\/span><span style=\"font-family: Arial, serif\"><span style=\"font-size: small\">P\u00d4STER<\/span><\/span><span style=\"font-family: Arial, serif\"><span style=\"font-size: small\"> servir\u00e1 para <\/span><\/span><span style=\"font-family: Arial, serif\"><span style=\"font-size: small\">amplia\u00e7\u00e3o do conhecimento acerca da tem\u00e1tica do evento e avalia\u00e7\u00e3o do trabalho, pela comiss\u00e3o cient\u00edfica, assim como para a difus\u00e3o do conhecimento cient\u00edfico produzido na <\/span><\/span><span style=\"font-family: Arial, serif\"><span style=\"font-size: small\"><b>10\u00aa Mostra Cient\u00edfica do Departamento de Educa\u00e7\u00e3o F\u00edsica<\/b><\/span><\/span><\/p>\n<p class=\"western\" align=\"justify\"><span style=\"font-family: Arial, serif\"><span style=\"font-size: small\">Participar\u00e3o dessa modalidade<\/span><\/span><span style=\"font-family: Arial, serif\"><span style=\"font-size: small\"> 100 p\u00f4sters<\/span><\/span><\/p>\n<p class=\"western\" align=\"justify\"><span style=\"font-family: Arial, serif;color: #0000ff\"><span style=\"font-size: small\"><b>SUBMISS\u00c3O <\/b><\/span><\/span><\/p>\n<p class=\"western\" align=\"justify\"><span style=\"font-family: Arial, serif\"><span style=\"font-size: small\">Para submiss\u00e3o, o(a) apresentador(a)\/autor(a) dever\u00e1 efetuar a inscri\u00e7\u00e3o no <\/span><\/span><span style=\"font-family: Arial, serif\"><span style=\"font-size: small\"><b>10\u00aa Mostra Cient\u00edfica do Departamento de Educa\u00e7\u00e3o F\u00edsica<\/b><\/span><\/span> <span style=\"font-family: Arial, serif\"><span style=\"font-size: small\">e disponibilizar para a organiza\u00e7\u00e3o do evento <\/span><\/span><span style=\"font-family: Arial, serif\"><span style=\"font-size: small\"><b>um arquivo.<\/b><\/span><\/span><\/p>\n<p class=\"western\" align=\"justify\"><span style=\"font-family: Arial, serif\"><span style=\"font-size: small\"><b>S\u00f3 \u00e9 permitido anexar um arquivo<\/b><\/span><\/span><\/p>\n<p class=\"western\" align=\"justify\"><span style=\"font-family: Arial, serif\"><span style=\"font-size: small\">As submiss\u00f5es ocorrer\u00e3o exclusivamente no per\u00edodo que se estende dos dias <strong>25<\/strong><\/span><\/span><strong><span style=\"font-family: Arial, serif\"><span style=\"font-size: small\">\u00a0de setembro<\/span><\/span><span style=\"font-family: Arial, serif\"><span style=\"font-size: small\"> a <\/span><\/span><del><span style=\"font-family: Arial, serif\"><span style=\"font-size: small\">15 DE OUTUBRO<\/span><\/span><\/del><\/strong><span style=\"font-family: Arial, serif\"><span style=\"font-size: small\"><strong><del> DE 2024<\/del> <span style=\"color: #0000ff\">20\u00a0DE OUTUBRO DE 2024<\/span><\/strong>.<\/span><\/span><\/p>\n<p class=\"western\" align=\"justify\"><span style=\"font-family: Arial, serif;color: #0000ff\"><span style=\"font-size: small\">RESUMO <\/span><\/span><\/p>\n<p class=\"western\" align=\"justify\"><span style=\"font-family: Arial, serif\"><span style=\"font-size: small\">O resumo<\/span><\/span> <span style=\"font-family: Arial, serif\"><span style=\"font-size: small\">ser\u00e1 disponibilizado previamente para a Comiss\u00e3o Cient\u00edfica formada pelos(as) moderadores(as) que tamb\u00e9m avaliar\u00e3o as apresenta\u00e7\u00f5es em <\/span><\/span><strong><span style=\"font-family: Arial, serif\"><span style=\"font-size: small\">P\u00d4STER<\/span><\/span><\/strong><span style=\"font-family: Arial, serif\"><span style=\"font-size: small\">;<\/span><\/span><\/p>\n<p class=\"western\" align=\"justify\"><span style=\"font-family: Arial, serif\"><span style=\"font-size: small\">Os resumos<\/span><\/span> <span style=\"font-family: Arial, serif\"><span style=\"font-size: small\">ser\u00e3o publicados nos Anais do evento conforme os <\/span><\/span><span style=\"font-family: Arial, serif\"><span style=\"font-size: small\">dados preenchidos no arquivo submetido<\/span><\/span><span style=\"font-family: Arial, serif\"><span style=\"font-size: small\">, de inteira responsabilidade dos autores;<\/span><\/span><\/p>\n<p class=\"western\" align=\"justify\"><span style=\"font-family: Arial, serif\"><span style=\"font-size: small\">Os <\/span><\/span><span style=\"font-family: Arial, serif\"><span style=\"font-size: small\">resumos <\/span><\/span><span style=\"font-family: Arial, serif\"><span style=\"font-size: small\">ser\u00e3o escritos com o <\/span><\/span><span style=\"font-family: Arial, serif\"><span style=\"font-size: small\">m\u00ednimo de 200 e o m\u00e1ximo de 250 palavras<\/span><\/span><span style=\"font-family: Arial, serif\"><span style=\"font-size: small\"> em que constar\u00e3o introdu\u00e7\u00e3o, objetivos propostos e discuss\u00e3o das a\u00e7\u00f5es desenvolvidas, metodologia, estrat\u00e9gias de a\u00e7\u00e3o, material e m\u00e9todos, identifica\u00e7\u00e3o das a\u00e7\u00f5es desenvolvidas, resultados e contribui\u00e7\u00f5es do projeto \u00e1 comunidade;<\/span><\/span><\/p>\n<p class=\"western\" align=\"justify\"><span style=\"font-family: Arial, serif\"><span style=\"font-size: small\">T\u00edtulo com no <\/span><\/span><span style=\"font-family: Arial, serif\"><span style=\"font-size: small\">25 palavras<\/span><\/span><span style=\"font-family: Arial, serif\"><span style=\"font-size: small\">;<\/span><\/span><\/p>\n<p class=\"western\" align=\"justify\"><span style=\"font-family: Arial, serif\"><span style=\"font-size: small\">Nome dos autores e institui\u00e7\u00e3o a que est\u00e3o vinculados: bolsista como autor(a) e coautores(as), nesta ordem.<\/span><\/span><\/p>\n<p class=\"western\" align=\"justify\"><span style=\"font-family: Arial, serif\"><span style=\"font-size: small\">Os <\/span><\/span><span style=\"font-family: Arial, serif\"><span style=\"font-size: small\">resumos<\/span><\/span><span style=\"font-family: Arial, serif\"><span style=\"font-size: small\"> dever\u00e3o vir acompanhados de tr\u00eas palavras-chave, separadas entre si por ponto e v\u00edrgula;<\/span><\/span><\/p>\n<p class=\"western\" align=\"justify\"><span style=\"color: #0000ff\"><span style=\"font-family: Arial, serif\"><span style=\"font-size: small\">\u00c1rea<\/span><\/span><span style=\"font-family: Arial, serif\"><span style=\"font-size: small\">s<\/span><\/span><span style=\"font-family: Arial, serif\"><span style=\"font-size: small\"> tem\u00e1tica<\/span><\/span><span style=\"font-family: Arial, serif\"><span style=\"font-size: small\">s<\/span><\/span><span style=\"font-family: Arial, serif\"><span style=\"font-size: small\">: <\/span><\/span><\/span><\/p>\n<ul>\n<li class=\"western\"><span style=\"font-family: Arial, serif\"><span style=\"font-size: small\">Estudos em Sau\u0301de na Educac\u0327a\u0303o Fi\u0301sica; <\/span><\/span><\/li>\n<li class=\"western\"><span style=\"font-family: Arial, serif\"><span style=\"font-size: small\">Estudos em Biodina\u0302mica na Educac\u0327a\u0303o Fi\u0301sica; <\/span><\/span><\/li>\n<li class=\"western\"><span style=\"font-family: Arial, serif\"><span style=\"font-size: small\">Estudos pedago\u0301gicos na Educac\u0327a\u0303o Fi\u0301sica; <\/span><\/span><\/li>\n<li class=\"western\"><span style=\"font-family: Arial, serif\"><span style=\"font-size: small\">Estudos socioculturais na Educac\u0327a\u0303o Fi\u0301sica.<\/span><\/span><\/li>\n<\/ul>\n<p class=\"western\" align=\"justify\">\u2022 <span style=\"font-family: Arial, serif\"><span style=\"font-size: small\">N\u00e3o ser\u00e1 permitido inserir imagens, gr\u00e1ficos, tabelas ou refer\u00eancias no corpo do texto do resumo.<\/span><\/span><\/p>\n<p align=\"justify\"><a href=\"https:\/\/eventos.uepb.edu.br\/congressouniversitario\/download\/tamplete-10a-mostra-cientifica-do-departamento-de-educacao-fisica-10o-mcdef\/\">Tamplete \u2013 10\u00aa Mostra Cient\u00edfica do Departamento de Educa\u00e7\u00e3o F\u00edsica \u2013 10\u00ba MCDEF (uepb.edu.br)<\/a><\/p>\n<p align=\"justify\"><span style=\"color: #0000ff\"><strong>Acesse o link e realize a submiss\u00e3o de seu trabalho<\/strong><\/span>: <a href=\"https:\/\/suap.uepb.edu.br\/eventos\/inscricao\/87\/\">https:\/\/suap.uepb.edu.br\/eventos\/inscricao\/87\/<\/a><\/p>\n<p>[\/vc_column_text][\/vc_tta_section][vc_tta_section title=&#8221;Apresenta\u00e7\u00e3o de Trabalhos&#8221; tab_id=&#8221;1723056843092-3b78113b-6dca&#8221;][vc_column_text css=&#8221;&#8221;]<\/p>\n<p class=\"western\" align=\"justify\"><span style=\"font-family: Arial, serif\"><span style=\"font-size: small\"><b>Apresenta\u00e7\u00e3o de trabalhos<\/b><\/span><\/span><\/p>\n<ul>\n<li>\n<p class=\"western\" align=\"justify\"><span style=\"font-family: Arial, serif\"><span style=\"font-size: small\">As apresenta\u00e7\u00f5es dos trabalhos se dar\u00e3o de <\/span><\/span><strong><span style=\"font-family: Arial, serif\"><span style=\"font-size: small\">forma oral com o uso <\/span><\/span><span style=\"font-family: Arial, serif\"><span style=\"font-size: small\">de <\/span><\/span><span style=\"font-family: Arial, serif\"><span style=\"font-size: small\">p\u00f4sters<\/span><\/span><\/strong><span style=\"font-family: Arial, serif\"><span style=\"font-size: small\">, atrav\u00e9s de di\u00e1logo estabelecido entre os(as) autores(as) e os(as) moderadores(as) durante o dia <\/span><\/span><span style=\"font-family: Arial, serif\"><span style=\"font-size: small\">07<\/span><\/span><span style=\"font-family: Arial, serif\"><span style=\"font-size: small\"> de novembro;<\/span><\/span><\/p>\n<\/li>\n<li>\n<p class=\"western\" align=\"justify\"><span style=\"font-family: Arial, serif\"><span style=\"font-size: small\">As apresenta\u00e7\u00f5es ocorrer\u00e3o no formato <\/span><\/span><span style=\"font-family: Arial, serif\"><span style=\"font-size: small\">presencial<\/span><\/span><span style=\"font-family: Arial, serif\"><span style=\"font-size: small\">, em salas que ser\u00e3o previamente disponibilizados no site do Congresso, na aba Eventos\/10\u00aa Mostra Cient\u00edfica do Departamento de Educa\u00e7\u00e3o F\u00edsica\/<\/span><\/span><span style=\"font-family: Arial, serif\"><span style=\"font-size: small\">Aloca\u00e7\u00e3o de trabalhos<\/span><\/span><span style=\"font-family: Arial, serif\"><span style=\"font-size: small\">;<\/span><\/span><\/p>\n<\/li>\n<li>\n<p class=\"western\" align=\"justify\"><span style=\"font-family: Arial, serif\"><span style=\"font-size: small\">As apresenta\u00e7\u00f5es ser\u00e3o feitas pelo(a) respectivo(a) autor(a), ou na aus\u00eancia justificada deste(a), por coautor integrante do trabalho;<\/span><\/span><\/p>\n<\/li>\n<li>\n<p class=\"western\" align=\"justify\"><span style=\"font-family: Arial, serif\"><span style=\"font-size: small\">Cada autor(a) ter\u00e1 de <\/span><\/span><span style=\"font-family: Arial, serif\"><span style=\"font-size: small\">07<\/span><\/span><span style=\"font-family: Arial, serif\"><span style=\"font-size: small\"> a <\/span><\/span><span style=\"font-family: Arial, serif\"><span style=\"font-size: small\">10 <\/span><\/span><span style=\"font-family: Arial, serif\"><span style=\"font-size: small\">minutos para apresentar seu trabalho e, ao final de todas as apresenta\u00e7\u00f5es por bloco, os(as) moderadores(as)\/avaliadores(as) ter\u00e1 <\/span><\/span><span style=\"font-family: Arial, serif\"><span style=\"font-size: small\">20<\/span><\/span><span style=\"font-family: Arial, serif\"><span style=\"font-size: small\"> minutos para suscitar e mediar o debate.<\/span><\/span><\/p>\n<\/li>\n<\/ul>\n<p class=\"western\" align=\"justify\"><span style=\"font-family: Arial, serif\"><span style=\"font-size: small\"><b>CRIT\u00c9RIOS PARA A AVALIA\u00c7\u00c3O DOS RESUMOS<\/b><\/span><\/span><\/p>\n<p class=\"western\" align=\"justify\"><span style=\"font-family: Arial, serif\"><span style=\"font-size: small\"><b>1. Relev\u00e2ncia e Originalidade (2,0)<\/b><\/span><\/span><\/p>\n<ul>\n<li>\n<p class=\"western\" align=\"justify\"><span style=\"font-family: Arial, serif\"><span style=\"font-size: small\"><b>Pertin\u00eancia do Tema:<\/b><\/span><\/span><span style=\"font-family: Arial, serif\"><span style=\"font-size: small\"> O tema \u00e9 relevante para a \u00e1rea de conhecimento e contribui para o avan\u00e7o do campo?<\/span><\/span><\/p>\n<\/li>\n<li>\n<p class=\"western\" align=\"justify\"><span style=\"font-family: Arial, serif\"><span style=\"font-size: small\"><b>Originalidade:<\/b><\/span><\/span><span style=\"font-family: Arial, serif\"><span style=\"font-size: small\"> O trabalho apresenta uma abordagem inovadora ou traz novos insights?<\/span><\/span><\/p>\n<\/li>\n<\/ul>\n<p class=\"western\" align=\"justify\"><span style=\"font-family: Arial, serif\"><span style=\"font-size: small\"><b>2. Clareza e Coes\u00e3o (2,0)<\/b><\/span><\/span><\/p>\n<ul>\n<li>\n<p class=\"western\" align=\"justify\"><span style=\"font-family: Arial, serif\"><span style=\"font-size: small\"><b>Objetividade:<\/b><\/span><\/span><span style=\"font-family: Arial, serif\"><span style=\"font-size: small\"> O resumo \u00e9 claro e direto na apresenta\u00e7\u00e3o dos objetivos, m\u00e9todos, resultados e conclus\u00f5es?<\/span><\/span><\/p>\n<\/li>\n<li>\n<p class=\"western\" align=\"justify\"><span style=\"font-family: Arial, serif\"><span style=\"font-size: small\"><b>Estrutura:<\/b><\/span><\/span><span style=\"font-family: Arial, serif\"><span style=\"font-size: small\"> O resumo segue uma estrutura l\u00f3gica (introdu\u00e7\u00e3o, objetivos, m\u00e9todos, resultados, conclus\u00f5es)?<\/span><\/span><\/p>\n<\/li>\n<\/ul>\n<p class=\"western\" align=\"justify\"><span style=\"font-family: Arial, serif\"><span style=\"font-size: small\"><b>3. Metodologia (2,0)<\/b><\/span><\/span><\/p>\n<ul>\n<li>\n<p class=\"western\" align=\"justify\"><span style=\"font-family: Arial, serif\"><span style=\"font-size: small\"><b>Adequa\u00e7\u00e3o Metodol\u00f3gica:<\/b><\/span><\/span><span style=\"font-family: Arial, serif\"><span style=\"font-size: small\"> A metodologia utilizada \u00e9 apropriada para os objetivos do trabalho?<\/span><\/span><\/p>\n<\/li>\n<li>\n<p class=\"western\" align=\"justify\"><span style=\"font-family: Arial, serif\"><span style=\"font-size: small\"><b>Descri\u00e7\u00e3o:<\/b><\/span><\/span><span style=\"font-family: Arial, serif\"><span style=\"font-size: small\"> A metodologia \u00e9 descrita de forma clara e permite compreender como a pesquisa foi conduzida?<\/span><\/span><\/p>\n<\/li>\n<\/ul>\n<p class=\"western\" align=\"justify\"><span style=\"font-family: Arial, serif\"><span style=\"font-size: small\"><b>4. Resultados e Discuss\u00e3o (2,0)<\/b><\/span><\/span><\/p>\n<ul>\n<li>\n<p class=\"western\" align=\"justify\"><span style=\"font-family: Arial, serif\"><span style=\"font-size: small\"><b>Clareza dos Resultados:<\/b><\/span><\/span><span style=\"font-family: Arial, serif\"><span style=\"font-size: small\"> Os resultados s\u00e3o apresentados de forma clara e objetiva?<\/span><\/span><\/p>\n<\/li>\n<li>\n<p class=\"western\" align=\"justify\"><span style=\"font-family: Arial, serif\"><span style=\"font-size: small\"><b>An\u00e1lise Cr\u00edtica:<\/b><\/span><\/span><span style=\"font-family: Arial, serif\"><span style=\"font-size: small\"> H\u00e1 uma discuss\u00e3o adequada dos resultados em rela\u00e7\u00e3o ao referencial te\u00f3rico e objetivos propostos?<\/span><\/span><\/p>\n<\/li>\n<\/ul>\n<p class=\"western\" align=\"justify\"><span style=\"font-family: Arial, serif\"><span style=\"font-size: small\"><b>5. Contribui\u00e7\u00e3o para a \u00c1rea (1,0)<\/b><\/span><\/span><\/p>\n<ul>\n<li>\n<p class=\"western\" align=\"justify\"><span style=\"font-family: Arial, serif\"><span style=\"font-size: small\"><b>Impacto:<\/b><\/span><\/span><span style=\"font-family: Arial, serif\"><span style=\"font-size: small\"> O trabalho apresenta contribui\u00e7\u00f5es significativas para a \u00e1rea de conhecimento?<\/span><\/span><\/p>\n<\/li>\n<li>\n<p class=\"western\" align=\"justify\"><span style=\"font-family: Arial, serif\"><span style=\"font-size: small\"><b>Aplicabilidade:<\/b><\/span><\/span><span style=\"font-family: Arial, serif\"><span style=\"font-size: small\"> Os resultados podem ser aplicados na pr\u00e1tica ou em futuros estudos?<\/span><\/span><\/p>\n<\/li>\n<\/ul>\n<p class=\"western\" align=\"justify\"><span style=\"font-family: Arial, serif\"><span style=\"font-size: small\"><b>6. Adequa\u00e7\u00e3o ao Tema do Evento (1,0)<\/b><\/span><\/span><\/p>\n<ul>\n<li>\n<p class=\"western\" align=\"justify\"><span style=\"font-family: Arial, serif\"><span style=\"font-size: small\"><b>Ader\u00eancia ao Tema:<\/b><\/span><\/span><span style=\"font-family: Arial, serif\"><span style=\"font-size: small\"> O trabalho est\u00e1 alinhado com os temas centrais do evento?<\/span><\/span><\/p>\n<\/li>\n<li>\n<p class=\"western\" align=\"justify\"><span style=\"font-family: Arial, serif\"><span style=\"font-size: small\"><b>Objetivos do Evento:<\/b><\/span><\/span><span style=\"font-family: Arial, serif\"><span style=\"font-size: small\"> O resumo contribui para os objetivos estabelecidos pelo evento?<\/span><\/span><\/p>\n<\/li>\n<\/ul>\n<p class=\"western\" align=\"justify\"><span style=\"font-family: Arial, serif\"><span style=\"font-size: small\"><b>7. Formata\u00e7\u00e3o e Conformidade com as Normas (0,5)<\/b><\/span><\/span><\/p>\n<ul>\n<li>\n<p class=\"western\" align=\"justify\"><span style=\"font-family: Arial, serif\"><span style=\"font-size: small\"><b>Normas de Submiss\u00e3o:<\/b><\/span><\/span><span style=\"font-family: Arial, serif\"><span style=\"font-size: small\"> O resumo segue as diretrizes de formata\u00e7\u00e3o e normas de submiss\u00e3o estabelecidas pelo evento?<\/span><\/span><\/p>\n<\/li>\n<li>\n<p class=\"western\" align=\"justify\"><span style=\"font-family: Arial, serif\"><span style=\"font-size: small\"><b>Corre\u00e7\u00e3o Gramatical:<\/b><\/span><\/span><span style=\"font-family: Arial, serif\"><span style=\"font-size: small\"> O texto est\u00e1 bem escrito, sem erros gramaticais ou ortogr\u00e1ficos?<\/span><\/span><\/p>\n<\/li>\n<\/ul>\n<p class=\"western\" align=\"justify\"><span style=\"font-family: Arial, serif\"><span style=\"font-size: small\"><b>8. Interdisciplinaridade e Impacto Social (0,5)<\/b><\/span><\/span><\/p>\n<ul>\n<li>\n<p class=\"western\" align=\"justify\"><span style=\"font-family: Arial, serif\"><span style=\"font-size: small\"><b>Interdisciplinaridade:<\/b><\/span><\/span><span style=\"font-family: Arial, serif\"><span style=\"font-size: small\"> O trabalho integra conhecimentos de diferentes \u00e1reas de forma eficaz?<\/span><\/span><\/p>\n<\/li>\n<li>\n<p class=\"western\" align=\"justify\"><span style=\"font-family: Arial, serif\"><span style=\"font-size: small\"><b>Impacto Social:<\/b><\/span><\/span><span style=\"font-family: Arial, serif\"><span style=\"font-size: small\"> O trabalho tem potencial para impactar positivamente a sociedade?<\/span><\/span><\/p>\n<\/li>\n<\/ul>\n<p>[\/vc_column_text][\/vc_tta_section][vc_tta_section title=&#8221;Aloca\u00e7\u00e3o de Trabalhos&#8221; tab_id=&#8221;1723056861459-0e2ad0e5-c9e3&#8243;][vc_column_text css=&#8221;&#8221;]<strong>Apresenta\u00e7\u00e3o de e-p\u00f4ster<\/strong><\/p>\n<p>&nbsp;<\/p>\n<p>&nbsp;<\/p>\n<ol>\n<li><strong> Grupo de Trabalho (GT) \u2013 Estudos Pedag\u00f3gicos e S\u00f3cio-culturais na Educa\u00e7\u00e3o F\u00edsica<\/strong><\/li>\n<\/ol>\n<p>Local: Departamento de Educa\u00e7\u00e3o F\u00edsica \u2013 Sala P3<\/p>\n<p>&nbsp;<\/p>\n<p>Data: 07 de novembro de 2024.<\/p>\n<p>Hora de in\u00edcio da atividade: 8:00h<\/p>\n<p>Hora de fim da atividade: 10:00h<\/p>\n<p>&nbsp;<\/p>\n<ol start=\"2\">\n<li><strong> Grupo de Trabalho (GT) \u2013 Estudos em Sa\u00fade na Educa\u00e7\u00e3o F\u00edsica<\/strong><\/li>\n<\/ol>\n<p>Local: Departamento de Educa\u00e7\u00e3o F\u00edsica \u2013 Sala P4<\/p>\n<p>&nbsp;<\/p>\n<p>Data: 07 de novembro de 2024.<\/p>\n<p>Hora de in\u00edcio da atividade: 8:00h<\/p>\n<p>Hora de fim da atividade: 10:00h<\/p>\n<p>&nbsp;<\/p>\n<ol start=\"3\">\n<li><strong> Grupo de Trabalho (GT) \u2013 Estudos em Biodin\u00e2mica e Sa\u00fade na Educa\u00e7\u00e3o F\u00edsica<\/strong><\/li>\n<\/ol>\n<p>Local: Departamento de Educa\u00e7\u00e3o F\u00edsica \u2013 Sala P5<\/p>\n<p>&nbsp;<\/p>\n<p>Data: 07 de novembro de 2024.<\/p>\n<p>Hora de in\u00edcio da atividade: 8:00h<\/p>\n<p>Hora de fim da atividade: 10:00h<\/p>\n<p>&nbsp;<\/p>\n<p>&nbsp;<\/p>\n<p>Link de acesso ao <em>Template<\/em> do e-p\u00f4ster <a href=\"https:\/\/docs.google.com\/presentation\/d\/19XXbQCjIEbaJA7A5pTzA8PgO_Glnqwrb\/edit?usp=drive_link&amp;ouid=116473723183383917245&amp;rtpof=true&amp;sd=true\">https:\/\/docs.google.com\/presentation\/d\/19XXbQCjIEbaJA7A5pTzA8PgO_Glnqwrb\/edit?usp=drive_link&amp;ouid=116473723183383917245&amp;rtpof=true&amp;sd=true<\/a><\/p>\n<p>&nbsp;<\/p>\n<p>O material para apresenta\u00e7\u00e3o do e-poster, conforme <em>template<\/em> deve ser encaminhado at\u00e9 o dia 03\/11 \u00e0s 23:59 para o e-mail do evento: <strong>10mostracientificadef@gmail.com<\/strong>[\/vc_column_text][\/vc_tta_section][vc_tta_section title=&#8221;Certificado e ANAIS&#8221; tab_id=&#8221;1723056893961-23202c5a-7142&#8243;][vc_column_text css=&#8221;&#8221;]<\/p>\n<p class=\"western\" align=\"justify\"><span style=\"font-family: Arial, serif\"><span style=\"font-size: small\"><b>Certificados e ANAIS<\/b><\/span><\/span><\/p>\n<ul>\n<li>\n<p class=\"western\" align=\"justify\"><span style=\"font-family: Arial, serif\"><span style=\"font-size: small\">Informamos aos\u00a0participantes do <\/span><\/span><span style=\"font-family: Arial, serif\"><span style=\"font-size: small\"><b>10\u00aa Mostra Cient\u00edfica do Departamento de Educa\u00e7\u00e3o F\u00edsica<\/b><\/span><\/span><span style=\"font-family: Arial, serif\"><span style=\"font-size: small\"> que\u00a0os certificados <\/span><\/span><span style=\"font-family: Arial, serif\"><span style=\"font-size: small\">ser\u00e3o<\/span><\/span><span style=\"font-family: Arial, serif\"><span style=\"font-size: small\"> enviados para o e-mail dos inscritos que estiveram presentes no evento, favor buscar, na caixa de entrada ou no SPAM, pelo assunto: [SUAP] Certificado de Participa\u00e7\u00e3o;<\/span><\/span><\/p>\n<\/li>\n<li>\n<p class=\"western\" align=\"justify\"><span style=\"font-family: Arial, serif\"><span style=\"font-size: small\">O certificado de\u00a0Participa\u00e7\u00e3o no <\/span><\/span><span style=\"font-family: Arial, serif\"><span style=\"font-size: small\"><b>10\u00aa Mostra Cient\u00edfica do Departamento de Educa\u00e7\u00e3o F\u00edsica<\/b><\/span><\/span> <span style=\"font-family: Arial, serif\"><span style=\"font-size: small\">ser\u00e1<\/span><\/span><span style=\"font-family: Arial, serif\"><span style=\"font-size: small\"> emitido com <\/span><\/span><span style=\"font-family: Arial, serif\"><span style=\"font-size: small\"><b>20<\/b><\/span><\/span><span style=\"font-family: Arial, serif\"><span style=\"font-size: small\"><b> horas<\/b><\/span><\/span><span style=\"font-family: Arial, serif\"><span style=\"font-size: small\"> para todos os participantes inscritos e que assinaram as listas de presen\u00e7a;<\/span><\/span><\/p>\n<\/li>\n<li>\n<p class=\"western\" align=\"justify\"><span style=\"font-family: Arial, serif\"><span style=\"font-size: small\">Os certificados de\u00a0participa\u00e7\u00e3o em <\/span><\/span><span style=\"font-family: Arial, serif\"><span style=\"font-size: small\">Minicurso e Oficina<\/span><\/span><span style=\"font-family: Arial, serif\"><span style=\"font-size: small\">\u00a0<\/span><\/span><span style=\"font-family: Arial, serif\"><span style=\"font-size: small\">ser\u00e3o<\/span><\/span><span style=\"font-family: Arial, serif\"><span style=\"font-size: small\"> emitidos com a carga hor\u00e1ria conforme a atividade desenvolvida, desde que tenha sido constatada a inscri\u00e7\u00e3o e presen\u00e7a, mediante assinatura das listas (f\u00edsicas ou virtuais);<\/span><\/span><\/p>\n<\/li>\n<li>\n<p class=\"western\" align=\"justify\"><span style=\"font-family: Arial, serif\"><span style=\"font-size: small\">Os certificados de <\/span><\/span><span style=\"font-family: Arial, serif\"><span style=\"font-size: small\">apresenta\u00e7\u00e3o de trabalhos, Comiss\u00e3o Cient\u00edfica e Avaliadora, Palestrante, Debatedor e Moderador de mesa-redonda, Ministrante de atividade <\/span><\/span><span style=\"font-family: Arial, serif\"><span style=\"font-size: small\">ser\u00e3o enviados para o e-mail informado no ato da inscri\u00e7\u00e3o; <\/span><\/span><\/p>\n<\/li>\n<li>\n<p class=\"western\" align=\"justify\"><span style=\"font-family: Arial, serif\"><span style=\"font-size: small\">Os\u00a0ANAIS\u00a0a medida que forem publicados ser\u00e3o divulgados.<\/span><\/span><\/p>\n<\/li>\n<\/ul>\n<p>[\/vc_column_text][\/vc_tta_section][\/vc_tta_tour][\/vc_column][\/vc_row]<\/p>\n<\/div>","protected":false},"excerpt":{"rendered":"<p>[vc_row][vc_column][vc_tta_tour][vc_tta_section title=&#8221;Apresenta\u00e7\u00e3o&#8221; tab_id=&#8221;1723051350484-74ca6583-f13f&#8221;][vc_column_text css=&#8221;&#8221;] &nbsp; &nbsp; &nbsp; &nbsp; &nbsp; &nbsp; &nbsp; &nbsp; &nbsp; A 10\u00aa Mostra Cient\u00edfica do Departamento de Educa\u00e7\u00e3o F\u00edsica \u00e9 um evento cient\u00edfico-cultural que busca discutir assuntos relevantes para a atua\u00e7\u00e3o do profissional de educa\u00e7\u00e3o f\u00edsica na atualidade, trazendo o cuidado e a integra\u00e7\u00e3o com o meio ambiente e o uso da <a class=\"leiamais\" href=\"https:\/\/eventos.uepb.edu.br\/congressouniversitario\/10a-mostra-cientifica-do-departamento-de-educacao-fisica\/\">Leia Mais&#8230;<\/a><\/p>\n","protected":false},"author":4,"featured_media":0,"parent":0,"menu_order":0,"comment_status":"closed","ping_status":"closed","template":"","meta":{"footnotes":""},"class_list":["post-1271","page","type-page","status-publish","hentry"],"_links":{"self":[{"href":"https:\/\/eventos.uepb.edu.br\/congressouniversitario\/wp-json\/wp\/v2\/pages\/1271","targetHints":{"allow":["GET"]}}],"collection":[{"href":"https:\/\/eventos.uepb.edu.br\/congressouniversitario\/wp-json\/wp\/v2\/pages"}],"about":[{"href":"https:\/\/eventos.uepb.edu.br\/congressouniversitario\/wp-json\/wp\/v2\/types\/page"}],"author":[{"embeddable":true,"href":"https:\/\/eventos.uepb.edu.br\/congressouniversitario\/wp-json\/wp\/v2\/users\/4"}],"replies":[{"embeddable":true,"href":"https:\/\/eventos.uepb.edu.br\/congressouniversitario\/wp-json\/wp\/v2\/comments?post=1271"}],"version-history":[{"count":20,"href":"https:\/\/eventos.uepb.edu.br\/congressouniversitario\/wp-json\/wp\/v2\/pages\/1271\/revisions"}],"predecessor-version":[{"id":2174,"href":"https:\/\/eventos.uepb.edu.br\/congressouniversitario\/wp-json\/wp\/v2\/pages\/1271\/revisions\/2174"}],"wp:attachment":[{"href":"https:\/\/eventos.uepb.edu.br\/congressouniversitario\/wp-json\/wp\/v2\/media?parent=1271"}],"curies":[{"name":"wp","href":"https:\/\/api.w.org\/{rel}","templated":true}]}}