{"id":1267,"date":"2024-08-23T10:30:27","date_gmt":"2024-08-23T13:30:27","guid":{"rendered":"https:\/\/eventos.uepb.edu.br\/congressouniversitario\/?page_id=1267"},"modified":"2024-10-16T09:13:18","modified_gmt":"2024-10-16T12:13:18","slug":"inovatec","status":"publish","type":"page","link":"https:\/\/eventos.uepb.edu.br\/congressouniversitario\/inovatec\/","title":{"rendered":"Inovatec \u2013 InovaStart"},"content":{"rendered":"<div class=\"wpb-content-wrapper\"><p>[vc_row][vc_column][vc_tta_tour][vc_tta_section title=&#8221;Apresenta\u00e7\u00e3o&#8221; tab_id=&#8221;1723051350484-74ca6583-f13f&#8221;][vc_column_text css=&#8221;&#8221;]<img loading=\"lazy\" decoding=\"async\" class=\"alignleft size-medium wp-image-1593 img-responsive\" src=\"https:\/\/eventos.uepb.edu.br\/congressouniversitario\/wp-content\/uploads\/sites\/7\/2024\/09\/Esboco-Jucelio-Soares-dos-Santos-240x300.png\" alt=\"\" width=\"240\" height=\"300\" srcset=\"https:\/\/eventos.uepb.edu.br\/congressouniversitario\/wp-content\/uploads\/sites\/7\/2024\/09\/Esboco-Jucelio-Soares-dos-Santos-240x300.png 240w, https:\/\/eventos.uepb.edu.br\/congressouniversitario\/wp-content\/uploads\/sites\/7\/2024\/09\/Esboco-Jucelio-Soares-dos-Santos-1229x1536.png 1229w, https:\/\/eventos.uepb.edu.br\/congressouniversitario\/wp-content\/uploads\/sites\/7\/2024\/09\/Esboco-Jucelio-Soares-dos-Santos-1638x2048.png 1638w, https:\/\/eventos.uepb.edu.br\/congressouniversitario\/wp-content\/uploads\/sites\/7\/2024\/09\/Esboco-Jucelio-Soares-dos-Santos-637x796.png 637w\" sizes=\"auto, (max-width: 240px) 100vw, 240px\" \/><\/p>\n<p>&nbsp;<\/p>\n<p>&nbsp;<\/p>\n<p>&nbsp;<\/p>\n<p>&nbsp;<\/p>\n<p>&nbsp;<\/p>\n<p>&nbsp;<\/p>\n<p>&nbsp;<\/p>\n<p>&nbsp;<\/p>\n<p>&nbsp;<\/p>\n<p><strong>Tem\u00e1tica:<\/strong> Do Conceito \u00e0 Realidade: Transformando Ideias em Inova\u00e7\u00f5es de Impacto<\/p>\n<p>O &#8220;InovaStart&#8221; ser\u00e1 um evento que celebrar\u00e1 a jornada de transformar conceitos inovadores em solu\u00e7\u00f5es reais que impactam positivamente a sociedade e o mercado. A tem\u00e1tica focar\u00e1 em todo o ciclo de vida de uma inova\u00e7\u00e3o, desde a concep\u00e7\u00e3o de uma ideia at\u00e9 a sua implementa\u00e7\u00e3o e escalabilidade, com especial aten\u00e7\u00e3o para startups e novos empreendedores.<\/p>\n<p><strong>Formato:<\/strong> Remoto<\/p>\n<p><strong>P\u00fablico-alvo:<\/strong> Startups e empreendedores; Estudantes e pesquisadores; Investidores e mentores; Profissionais da \u00e1rea de tecnologia e inova\u00e7\u00e3o; Entusiastas de novas tecnologias.<\/p>\n<p><strong>Local:<\/strong> Salas Virtuais[\/vc_column_text][\/vc_tta_section][vc_tta_section title=&#8221;Comiss\u00e3o Organizadora&#8221; tab_id=&#8221;1723051372044-4de7e0c8-ac23&#8243;][vc_column_text css=&#8221;&#8221;]<strong><span style=\"color: #000000\">Organizadores(as):<\/span><\/strong><\/p>\n<p>1 &#8211; Josemir Moura Maia &#8211; INOVATEC-UEPB<br \/>\n2 &#8211; Simone Silva dos Santos Lopes &#8211; INOVATEC-UEPB<br \/>\n3 &#8211; Jucelio Soares dos Santos &#8211; INOVATEC-UEPB<br \/>\n4 &#8211; Marilda Perazzo de Souza Barbosa &#8211; INOVATEC-UEPB<br \/>\n5 &#8211; Geiza Su\u00eania Rocha de Medeiros &#8211; INOVATEC-UEPB<br \/>\n6 &#8211; Luiz Nunes Filho &#8211; INOVATEC-UEPB<br \/>\n7 &#8211; Gizelda Ferreira do Nascimento Lima &#8211; INOVATEC-UEPB<br \/>\n8 &#8211; Ana Mery de Oliveira &#8211; INOVATEC-UEPB[\/vc_column_text][\/vc_tta_section][vc_tta_section title=&#8221;Programa\u00e7\u00e3o&#8221; tab_id=&#8221;1723051406819-7e54b22e-71d5&#8243;][vc_column_text css=&#8221;&#8221;]<\/p>\n<p align=\"left\"><strong><span style=\"color: #202124\"><span style=\"font-family: Roboto, serif\">Minicurso Empresas Juniores: Da Ideia \u00e0 Execu\u00e7\u00e3o<\/span><\/span><\/strong><\/p>\n<p align=\"left\"><span style=\"color: #202124\"><span style=\"font-family: Roboto, serif\">Data: <\/span><\/span><span style=\"color: #202124\"><span style=\"font-family: Roboto, serif\">06\/11\/2024<\/span><\/span><\/p>\n<p align=\"left\"><span style=\"color: #202124\"><span style=\"font-family: Roboto, serif\">Hora de in\u00edcio da atividade:<\/span><\/span><span style=\"color: #202124\"><span style=\"font-family: Roboto, serif\"> 19:00 <\/span><\/span><\/p>\n<p align=\"left\"><span style=\"color: #202124\"><span style=\"font-family: Roboto, serif\">Hora de fim da atividade: <\/span><\/span><span style=\"color: #202124\"><span style=\"font-family: Roboto, serif\">21:00<\/span><\/span><\/p>\n<p align=\"left\"><span style=\"color: #202124\"><span style=\"font-family: Roboto, serif\">Carga Hor\u00e1ria:<\/span><\/span><span style=\"color: #202124\"><span style=\"font-family: Roboto, serif\"> 2<\/span><\/span><\/p>\n<p align=\"left\"><span style=\"color: #202124\"><span style=\"font-family: Roboto, serif\">Limite de Inscri\u00e7\u00f5es (quantidade de vagas) <\/span><\/span><span style=\"color: #202124\"><span style=\"font-family: Roboto, serif\">100 (limite do meet)<\/span><\/span><\/p>\n<p align=\"left\"><strong><span style=\"color: #202124\"><span style=\"font-family: Roboto, serif\">Workshop em Registro de Marcas (Parte 1\/2)<\/span><\/span><\/strong><\/p>\n<p align=\"left\"><span style=\"color: #202124\"><span style=\"font-family: Roboto, serif\">Data: <\/span><\/span><span style=\"color: #202124\"><span style=\"font-family: Roboto, serif\">07\/11\/2024<\/span><\/span><\/p>\n<p align=\"left\"><span style=\"color: #202124\"><span style=\"font-family: Roboto, serif\">Hora de in\u00edcio da atividade:<\/span><\/span><span style=\"color: #202124\"><span style=\"font-family: Roboto, serif\"> 10:00 <\/span><\/span><\/p>\n<p align=\"left\"><span style=\"color: #202124\"><span style=\"font-family: Roboto, serif\">Hora de fim da atividade: <\/span><\/span><span style=\"color: #202124\"><span style=\"font-family: Roboto, serif\">12:00<\/span><\/span><\/p>\n<p align=\"left\"><span style=\"color: #202124\"><span style=\"font-family: Roboto, serif\">Carga Hor\u00e1ria:<\/span><\/span><span style=\"color: #202124\"><span style=\"font-family: Roboto, serif\"> 2<\/span><\/span><\/p>\n<p align=\"left\"><span style=\"color: #202124\"><span style=\"font-family: Roboto, serif\">Limite de Inscri\u00e7\u00f5es (quantidade de vagas) <\/span><\/span><span style=\"color: #202124\"><span style=\"font-family: Roboto, serif\">100 (limite do meet)<\/span><\/span><\/p>\n<p align=\"left\"><span style=\"color: #000000\"><strong><span style=\"font-family: Roboto, serif\">Workshop em Registro de Marcas (Parte 2\/2)<\/span><\/strong><\/span><\/p>\n<p align=\"left\"><span style=\"color: #202124\"><span style=\"font-family: Roboto, serif\">Data: <\/span><\/span><span style=\"color: #202124\"><span style=\"font-family: Roboto, serif\">08\/11\/2024<\/span><\/span><\/p>\n<p align=\"left\"><span style=\"color: #202124\"><span style=\"font-family: Roboto, serif\">Hora de in\u00edcio da atividade:<\/span><\/span><span style=\"color: #202124\"><span style=\"font-family: Roboto, serif\"> 10:00 <\/span><\/span><\/p>\n<p align=\"left\"><span style=\"color: #202124\"><span style=\"font-family: Roboto, serif\">Hora de fim da atividade: <\/span><\/span><span style=\"color: #202124\"><span style=\"font-family: Roboto, serif\">12:00<\/span><\/span><\/p>\n<p align=\"left\"><span style=\"color: #202124\"><span style=\"font-family: Roboto, serif\">Carga Hor\u00e1ria:<\/span><\/span><span style=\"color: #202124\"><span style=\"font-family: Roboto, serif\"> 2<\/span><\/span><\/p>\n<p align=\"left\"><span style=\"color: #202124\"><span style=\"font-family: Roboto, serif\">Limite de Inscri\u00e7\u00f5es (quantidade de vagas) <\/span><\/span><span style=\"color: #202124\"><span style=\"font-family: Roboto, serif\">100 (limite do meet)<\/span><\/span><\/p>\n<p>[\/vc_column_text][\/vc_tta_section][vc_tta_section title=&#8221;Inscri\u00e7\u00f5es e Credenciamento&#8221; tab_id=&#8221;1723056810590-d369a7e8-5186&#8243;][vc_column_text css=&#8221;&#8221;]<\/p>\n<p class=\"western\" align=\"justify\"><span style=\"color: #2a6099\"><span style=\"font-family: Arial, sans-serif\"><span style=\"font-size: small\">Normas para Inscri\u00e7\u00e3o e Credenciamento<\/span><\/span><\/span><\/p>\n<p class=\"western\" align=\"justify\"><span style=\"font-family: Arial, sans-serif\"><span style=\"font-size: small\">Prazo para inscri\u00e7\u00e3o \u2013 at\u00e9 <\/span><\/span><span style=\"font-family: Arial, sans-serif\"><span style=\"font-size: small\"><b><del>15 DE OUTUBRO DE 2024<\/del>\u00a0 <span style=\"color: #0000ff\">20\u00a0DE OUTUBRO DE 2024<\/span><\/b><\/span><\/span><\/p>\n<p class=\"western\" align=\"justify\"><span style=\"font-family: Arial, sans-serif\"><span style=\"font-size: small\"><b>ATEN\u00c7\u00c3O:<\/b><\/span><\/span><span style=\"font-family: Arial, sans-serif\"><span style=\"font-size: small\"> n\u00e3o haver\u00e1 inscri\u00e7\u00f5es ap\u00f3s essa data e o credenciamento s\u00f3 ser\u00e1 realizado para os inscritos.<\/span><\/span><\/p>\n<p class=\"western\" align=\"justify\"><span style=\"font-family: Arial, sans-serif\"><span style=\"font-size: small\">Siga as normas, inscreva-se e participe conosco!<\/span><\/span><\/p>\n<p class=\"western\" align=\"justify\"><span style=\"color: #2a6099\"><span style=\"font-family: Arial, sans-serif\"><span style=\"font-size: small\">Regras gerais sobre as inscri\u00e7\u00f5es<\/span><\/span><\/span><\/p>\n<p class=\"western\" align=\"justify\"><span style=\"font-family: Arial, sans-serif\"><span style=\"font-size: small\">Todos(as) os(as) participantes dever\u00e3o realizar inscri\u00e7\u00f5es no <strong>INOVATEC &#8211; INOVASTART<\/strong><\/span><\/span><\/p>\n<p class=\"western\" align=\"justify\"><span style=\"font-family: Arial, sans-serif\"><span style=\"font-size: small\">No item \u201cPerfil\u201d, escolha uma das op\u00e7\u00f5es segundo o seu v\u00ednculo com a UEPB:<\/span><\/span><\/p>\n<p class=\"western\" align=\"justify\">\u2022 <span style=\"font-family: Arial, sans-serif\"><span style=\"font-size: small\">SERVIDOR (docente ou t\u00e9cnico administrativo);<\/span><\/span><\/p>\n<p class=\"western\" align=\"justify\">\u2022 <span style=\"font-family: Arial, sans-serif\"><span style=\"font-size: small\">ALUNO (gradua\u00e7\u00e3o ou p\u00f3s).<\/span><\/span><\/p>\n<p class=\"western\" align=\"justify\">\u2022 <span style=\"font-family: Arial, sans-serif\"><span style=\"font-size: small\">P\u00daBLICO EXTERNO \u2013 refere-se a toda e qualquer pessoa <\/span><\/span><span style=\"font-family: Arial, sans-serif\"><span style=\"font-size: small\"><b>sem v\u00ednculo com a UEPB<\/b><\/span><\/span><span style=\"font-family: Arial, sans-serif\"><span style=\"font-size: small\"> que deseja participar do Evento.<\/span><\/span><\/p>\n<p class=\"western\" align=\"justify\"><span style=\"font-family: Arial, sans-serif\"><span style=\"font-size: small\">Para a finaliza\u00e7\u00e3o da inscri\u00e7\u00e3o, faz-se necess\u00e1rio optar por pelo menos uma atividade (MINICURSOS OU OFICINAS).<\/span><\/span><\/p>\n<p class=\"western\" align=\"justify\"><span style=\"font-family: Arial, sans-serif\"><span style=\"font-size: small\">Caso <\/span><\/span><span style=\"font-family: Arial, sans-serif\"><span style=\"font-size: small\"><b>N\u00c3O DESEJE <\/b><\/span><\/span><span style=\"font-family: Arial, sans-serif\"><span style=\"font-size: small\">participar de nenhuma atividade (minicursos ou oficinas) escolher a op\u00e7\u00e3o MINICURSO: N\u00c3O DESEJO PARTICIPAR DE NENHUMA ATIVIDADE (MINICURSO E\/OU OFICINA) QUERO PARTICIPAR COM OUVINTE DO INOVATEC &#8211; INOVASTART.<\/span><\/span><\/p>\n<p class=\"western\" align=\"justify\"><span style=\"font-family: Arial, sans-serif\"><span style=\"font-size: small\"><b>OBS:<\/b><\/span><\/span><span style=\"font-family: Arial, sans-serif\"><span style=\"font-size: small\"> Depois de escolhidas as atividades (minicursos e\/ou oficinas), e finalizada a inscri\u00e7\u00e3o, n\u00e3o ser\u00e1 poss\u00edvel acrescentar nem trocar de atividade, portanto, al\u00e9m do formato, observe dias e hor\u00e1rios dispon\u00edveis.<\/span><\/span><\/p>\n<p class=\"western\" align=\"justify\"><span style=\"font-family: Arial, sans-serif\"><span style=\"font-size: small\">Na aba \u201cPrograma\u00e7\u00e3o\u201d ser\u00e3o disponibilizados os links de acesso \u00e0s atividades remotas.<\/span><\/span><\/p>\n<p class=\"western\" align=\"justify\"><span style=\"font-family: Arial, sans-serif\"><span style=\"font-size: small\"><b>Atividades<\/b><\/span><\/span><\/p>\n<p class=\"western\" align=\"justify\"><span style=\"font-family: Arial, sans-serif\"><span style=\"font-size: small\">As atividades possuem vagas limitadas disponibilizadas no sistema e s\u00f3 poder\u00e3o participar os que optarem pela atividade no momento da inscri\u00e7\u00e3o.<\/span><\/span><\/p>\n<p class=\"western\" align=\"justify\"><span style=\"font-family: Arial, sans-serif\"><span style=\"font-size: small\">S\u00f3 poder\u00e1 participar das atividades quem realizar inscri\u00e7\u00e3o pr\u00e9via nos mesmos.<\/span><\/span><\/p>\n<p class=\"western\" align=\"justify\"><span style=\"font-family: Arial, sans-serif\"><span style=\"font-size: small\"><b>Credenciamento<\/b><\/span><\/span><\/p>\n<p class=\"western\" align=\"justify\"><span style=\"font-family: Arial, sans-serif\"><span style=\"font-size: small\">O credenciamento s\u00f3 ser\u00e1 efetuado com a apresenta\u00e7\u00e3o de um documento oficial com foto (RG, CNH ou documento oficial expedido por \u00f3rg\u00e3os federais).<\/span><\/span><\/p>\n<p class=\"western\" align=\"justify\"><span style=\"font-family: Arial, sans-serif\"><span style=\"font-size: small\">N\u00e3o ser\u00e1 permitido o credenciamento por terceiros, exceto atrav\u00e9s de procura\u00e7\u00e3o. A entrega do material do evento ser\u00e1 realizada apenas ao participante presente ou ao seu procurador.<\/span><\/span><\/p>\n<p class=\"western\" align=\"justify\"><span style=\"font-family: Arial, sans-serif\"><span style=\"font-size: small\">Haver\u00e1 lista de presen\u00e7a em todas as atividades<\/span><\/span><span style=\"font-family: Arial, sans-serif\"><span style=\"font-size: small\">.<\/span><\/span><\/p>\n<p class=\"western\" align=\"justify\"><span style=\"font-family: Arial, sans-serif\"><span style=\"font-size: small\"><b>Fa\u00e7a Sua Inscri\u00e7\u00e3o<\/b><\/span><\/span><\/p>\n<p class=\"western\" align=\"justify\"><span style=\"font-family: Arial, sans-serif\"><span style=\"font-size: small\">Acesse o link: <a href=\"https:\/\/suap.uepb.edu.br\/eventos\/inscricao\/45\/\">https:\/\/suap.uepb.edu.br\/eventos\/inscricao\/45\/<\/a><\/span><\/span><\/p>\n<p>[\/vc_column_text][\/vc_tta_section][vc_tta_section title=&#8221;Certificados&#8221; tab_id=&#8221;1723056893961-23202c5a-7142&#8243;][vc_column_text css=&#8221;&#8221;]<\/p>\n<p class=\"western\" align=\"justify\"><span style=\"font-family: Arial, sans-serif\"><span style=\"font-size: small\"><b>Certificados<\/b><\/span><\/span><\/p>\n<ul>\n<li>\n<p class=\"western\" align=\"justify\"><span style=\"font-family: Arial, sans-serif\"><span style=\"font-size: small\">Informamos aos participantes do <strong>Inovatec \u2013 InovaStart<\/strong><\/span><\/span><span style=\"font-family: Arial, sans-serif\"><span style=\"font-size: small\">\u00a0que\u00a0os certificados <\/span><\/span><span style=\"font-family: Arial, sans-serif\"><span style=\"font-size: small\">ser\u00e3o<\/span><\/span><span style=\"font-family: Arial, sans-serif\"><span style=\"font-size: small\"> enviados para o e-mail dos inscritos que estiveram presentes no evento, favor buscar, na caixa de entrada ou no SPAM, pelo assunto: [SUAP] Certificado de Participa\u00e7\u00e3o;<\/span><\/span><\/p>\n<\/li>\n<li>\n<p class=\"western\" align=\"justify\"><span style=\"font-family: Arial, sans-serif\"><span style=\"font-size: small\">O certificado de Participa\u00e7\u00e3o no <strong>Inovatec \u2013 InovaStart<\/strong><\/span><\/span><span style=\"font-family: Arial, sans-serif\"><span style=\"font-size: small\">\u00a0<\/span><\/span><span style=\"font-family: Arial, sans-serif\"><span style=\"font-size: small\">ser\u00e1<\/span><\/span><span style=\"font-family: Arial, sans-serif\"><span style=\"font-size: small\"> emitido com <strong>6<\/strong><\/span><\/span><span style=\"font-family: Arial, sans-serif\"><span style=\"font-size: small\"><strong> horas<\/strong> para todos os participantes inscritos e que assinaram as listas de presen\u00e7a;<\/span><\/span><\/p>\n<\/li>\n<li>\n<p class=\"western\" align=\"justify\"><span style=\"font-family: Arial, sans-serif\"><span style=\"font-size: small\">Os certificados de\u00a0participa\u00e7\u00e3o em <\/span><\/span><span style=\"font-family: Arial, sans-serif\"><span style=\"font-size: small\">Minicurso <\/span><\/span><span style=\"font-family: Arial, sans-serif\"><span style=\"font-size: small\">ser\u00e3o<\/span><\/span><span style=\"font-family: Arial, sans-serif\"><span style=\"font-size: small\"> emitidos com a carga hor\u00e1ria conforme a atividade desenvolvida, desde que tenha sido constatada a inscri\u00e7\u00e3o e presen\u00e7a, mediante assinatura das listas (virtuais);<\/span><\/span><\/p>\n<\/li>\n<li>\n<p class=\"western\" align=\"justify\"><span style=\"font-family: Arial, sans-serif\"><span style=\"font-size: small\">Os certificados de <\/span><\/span><span style=\"font-family: Arial, sans-serif\"><span style=\"font-size: small\">Palestrante, Debatedor e Moderador, Ministrante de atividade <\/span><\/span><span style=\"font-family: Arial, sans-serif\"><span style=\"font-size: small\">ser\u00e3o\/ enviados para o e-mail informado no ato da inscri\u00e7\u00e3o; <\/span><\/span><\/p>\n<\/li>\n<\/ul>\n<p>[\/vc_column_text][\/vc_tta_section][\/vc_tta_tour][\/vc_column][\/vc_row]<\/p>\n<\/div>","protected":false},"excerpt":{"rendered":"<p>[vc_row][vc_column][vc_tta_tour][vc_tta_section title=&#8221;Apresenta\u00e7\u00e3o&#8221; tab_id=&#8221;1723051350484-74ca6583-f13f&#8221;][vc_column_text css=&#8221;&#8221;] &nbsp; &nbsp; &nbsp; &nbsp; &nbsp; &nbsp; &nbsp; &nbsp; &nbsp; Tem\u00e1tica: Do Conceito \u00e0 Realidade: Transformando Ideias em Inova\u00e7\u00f5es de Impacto O &#8220;InovaStart&#8221; ser\u00e1 um evento que celebrar\u00e1 a jornada de transformar conceitos inovadores em solu\u00e7\u00f5es reais que impactam positivamente a sociedade e o mercado. A tem\u00e1tica focar\u00e1 em todo o ciclo <a class=\"leiamais\" href=\"https:\/\/eventos.uepb.edu.br\/congressouniversitario\/inovatec\/\">Leia Mais&#8230;<\/a><\/p>\n","protected":false},"author":4,"featured_media":0,"parent":0,"menu_order":0,"comment_status":"closed","ping_status":"closed","template":"","meta":{"footnotes":""},"class_list":["post-1267","page","type-page","status-publish","hentry"],"_links":{"self":[{"href":"https:\/\/eventos.uepb.edu.br\/congressouniversitario\/wp-json\/wp\/v2\/pages\/1267","targetHints":{"allow":["GET"]}}],"collection":[{"href":"https:\/\/eventos.uepb.edu.br\/congressouniversitario\/wp-json\/wp\/v2\/pages"}],"about":[{"href":"https:\/\/eventos.uepb.edu.br\/congressouniversitario\/wp-json\/wp\/v2\/types\/page"}],"author":[{"embeddable":true,"href":"https:\/\/eventos.uepb.edu.br\/congressouniversitario\/wp-json\/wp\/v2\/users\/4"}],"replies":[{"embeddable":true,"href":"https:\/\/eventos.uepb.edu.br\/congressouniversitario\/wp-json\/wp\/v2\/comments?post=1267"}],"version-history":[{"count":17,"href":"https:\/\/eventos.uepb.edu.br\/congressouniversitario\/wp-json\/wp\/v2\/pages\/1267\/revisions"}],"predecessor-version":[{"id":2108,"href":"https:\/\/eventos.uepb.edu.br\/congressouniversitario\/wp-json\/wp\/v2\/pages\/1267\/revisions\/2108"}],"wp:attachment":[{"href":"https:\/\/eventos.uepb.edu.br\/congressouniversitario\/wp-json\/wp\/v2\/media?parent=1267"}],"curies":[{"name":"wp","href":"https:\/\/api.w.org\/{rel}","templated":true}]}}