{"id":1265,"date":"2024-08-23T10:30:07","date_gmt":"2024-08-23T13:30:07","guid":{"rendered":"https:\/\/eventos.uepb.edu.br\/congressouniversitario\/?page_id=1265"},"modified":"2024-11-06T17:12:38","modified_gmt":"2024-11-06T20:12:38","slug":"iii-seminario-de-cultura-e-artes-da-uepb-procult","status":"publish","type":"page","link":"https:\/\/eventos.uepb.edu.br\/congressouniversitario\/iii-seminario-de-cultura-e-artes-da-uepb-procult\/","title":{"rendered":"III SEMIN\u00c1RIO DE CULTURA E ARTES DA UEPB\/PROCULT"},"content":{"rendered":"<div class=\"wpb-content-wrapper\"><p>[vc_row][vc_column][vc_tta_tour][vc_tta_section title=&#8221;Apresenta\u00e7\u00e3o&#8221; tab_id=&#8221;1723051350484-74ca6583-f13f&#8221;][vc_column_text css=&#8221;&#8221;]<img loading=\"lazy\" decoding=\"async\" class=\"alignleft size-medium wp-image-1636 img-responsive\" src=\"https:\/\/eventos.uepb.edu.br\/congressouniversitario\/wp-content\/uploads\/sites\/7\/2024\/09\/Seminario-de-Cultura-da-UEPB-01-Pro-Reitoria-de-Cultura-PROCULT-300x100.jpg\" alt=\"\" width=\"300\" height=\"100\" srcset=\"https:\/\/eventos.uepb.edu.br\/congressouniversitario\/wp-content\/uploads\/sites\/7\/2024\/09\/Seminario-de-Cultura-da-UEPB-01-Pro-Reitoria-de-Cultura-PROCULT-300x100.jpg 300w, https:\/\/eventos.uepb.edu.br\/congressouniversitario\/wp-content\/uploads\/sites\/7\/2024\/09\/Seminario-de-Cultura-da-UEPB-01-Pro-Reitoria-de-Cultura-PROCULT-1536x511.jpg 1536w, https:\/\/eventos.uepb.edu.br\/congressouniversitario\/wp-content\/uploads\/sites\/7\/2024\/09\/Seminario-de-Cultura-da-UEPB-01-Pro-Reitoria-de-Cultura-PROCULT-2048x682.jpg 2048w, https:\/\/eventos.uepb.edu.br\/congressouniversitario\/wp-content\/uploads\/sites\/7\/2024\/09\/Seminario-de-Cultura-da-UEPB-01-Pro-Reitoria-de-Cultura-PROCULT-1120x373.jpg 1120w\" sizes=\"auto, (max-width: 300px) 100vw, 300px\" \/><\/p>\n<p>&nbsp;<\/p>\n<p>&nbsp;<\/p>\n<p>&nbsp;<\/p>\n<p>&nbsp;<\/p>\n<p><strong>III SEMIN\u00c1RIO DE CULTURA E ARTES DA UEPB &#8211; SCA<\/strong><\/p>\n<p><strong>Tem\u00e1tica:<\/strong> CULTURA, CIDADANIA E INCLUS\u00c3O SOCIAL.<\/p>\n<p>O Semin\u00e1rio de Cultura e Artes da UEPB, em sua terceira edi\u00e7\u00e3o, busca trazer tem\u00e1ticas culturais para discuss\u00e3o e di\u00e1logo entre a comunidade acad\u00eamica e a sociedade em geral, com debates, mostras, apresenta\u00e7\u00f5es, exposi\u00e7\u00f5es etc.<\/p>\n<p><strong>Formato:<\/strong> Presencial<\/p>\n<p><strong>P\u00fablico-alvo:<\/strong> Sociedade civil e acad\u00eamica.<\/p>\n<p><strong>Local:<\/strong> Central Acad\u00eamica Paulo Freire &#8211; CAPF, C\u00e2mpus I.[\/vc_column_text][\/vc_tta_section][vc_tta_section title=&#8221;Comiss\u00e3o Organizadora&#8221; tab_id=&#8221;1723051372044-4de7e0c8-ac23&#8243;][vc_column_text css=&#8221;&#8221;]<strong>Coordenador:<\/strong> Jos\u00e9 Cristov\u00e3o de Andrade, CAMPUS I, PROCULT.<\/p>\n<p><strong>Organizadores:<\/strong><br \/>\nAlberto Alves Fernandes, C\u00c2MPUS I, PROCULT.<br \/>\nUir\u00e1 Rupert Moreira Cruz e Costa Agra, C\u00c2MPUS I, PROCULT.[\/vc_column_text][\/vc_tta_section][vc_tta_section title=&#8221;Programa\u00e7\u00e3o&#8221; tab_id=&#8221;1723051406819-7e54b22e-71d5&#8243;][vc_column_text css=&#8221;&#8221;]<\/p>\n<p class=\"western\" lang=\"pt-PT\"><span style=\"font-family: Calibri, sans-serif\"><span style=\"font-size: medium\">PROGRAMA\u00c7\u00c3O<\/span><\/span><\/p>\n<p lang=\"pt-PT\" align=\"left\"><span style=\"font-family: Calibri, sans-serif\"><span style=\"font-size: medium\"><b>06,<\/b><b> <\/b><b>07<\/b><b> <\/b><b>e 08\/11\/24<\/b><\/span><\/span><\/p>\n<p lang=\"pt-PT\" align=\"left\"><span style=\"font-family: Calibri, sans-serif\"><span style=\"font-size: medium\"><b>MANH\u00c3,<\/b><b> <\/b><b>TARDE<\/b><b> <\/b><b>E<\/b><b> <\/b><b>NOITE<\/b><\/span><\/span><\/p>\n<p lang=\"pt-PT\" align=\"left\"><span style=\"font-family: Calibri, sans-serif\"><span style=\"font-size: medium\"><b>EXPOSI\u00c7\u00d5ES:<\/b><b> <\/b><b>LILI BRASILEIRO<\/b><b> <\/b><b>ARTESANATO<\/b><b> <\/b><b>CORD\u00c9IS.<\/b><b> <\/b><\/span><\/span><\/p>\n<p lang=\"pt-PT\" align=\"left\"><span style=\"font-family: Calibri, sans-serif\"><span style=\"font-size: medium\"><b>MOSTRA DE V\u00cdDEOS<\/b><\/span><\/span><\/p>\n<p lang=\"pt-PT\" align=\"left\"><span style=\"font-family: Calibri, sans-serif\"><span style=\"font-size: medium\">LOCAL: STAND PROCULT\/HALL CAPF<\/span><\/span><\/p>\n<p lang=\"pt-PT\" align=\"left\"><span style=\"font-family: Calibri, sans-serif\"><span style=\"font-size: medium\"><b>06\/11\/24<\/b><\/span><\/span><\/p>\n<p lang=\"pt-PT\" align=\"left\"><strong>Exposi\u00e7\u00e3o: Acervo Eco Arte da UEPB\/ Rio 92.<\/strong><br \/>\nAbertura: 6 de novembro de 2012 \u2013 18h30<br \/>\nLocal: Centro de Ci\u00eancias Jur\u00eddicas da UEPB<br \/>\nEndere\u00e7o: Rua Coronel Salvino Figueiredo, 172, Centro, Campina Grande, PB.<br \/>\nHor\u00e1rio de Visita\u00e7\u00e3o: Durante o Expediente da Institui\u00e7\u00e3o.<\/p>\n<p lang=\"pt-PT\" align=\"left\"><span style=\"font-family: Calibri, sans-serif\"><span style=\"font-size: medium\"><b>MANH\u00c3 (EM<\/b><b> <\/b><b>V\u00c1RIOS<\/b><b> <\/b><b>HOR\u00c1RIOS)<\/b><b> &#8211; APRESENTA\u00c7\u00c3O<\/b><b> <\/b><b>DE DAN\u00c7A DE<\/b><b> <\/b><b>SAL\u00c3O E<\/b><b> <\/b><b>DAN\u00c7AS<\/b><b> <\/b><b>POPULARES<\/b><\/span><\/span><\/p>\n<p lang=\"pt-PT\" align=\"left\"><span style=\"font-family: Calibri, sans-serif\"><span style=\"font-size: medium\">LOCAL: DEPARTAMENTO DE EDUCA\u00c7\u00c3O F\u00cdSICA \/ UAMA \/CAPF<\/span><\/span><\/p>\n<p lang=\"pt-PT\" align=\"left\"><span style=\"font-family: Calibri, sans-serif\"><span style=\"font-size: medium\"><b>9H30 &#8211; VOZ E VIOL\u00c3O<\/b><b> <\/b><b>CAIO<\/b><b> <\/b><b>CZAR<\/b><\/span><\/span><\/p>\n<p lang=\"pt-PT\" align=\"left\"><span style=\"font-family: Calibri, sans-serif\"><span style=\"font-size: medium\">LOCAL: STAND PROCULT\/HALL CAPF<\/span><\/span><\/p>\n<p lang=\"pt-PT\" align=\"left\"><span style=\"font-family: Calibri, sans-serif\"><span style=\"font-size: medium\"><b>14h30<\/b><\/span><\/span><\/p>\n<p lang=\"pt-PT\" align=\"left\"><span style=\"font-family: Calibri, sans-serif\"><span style=\"font-size: medium\"><b>MINICURSO 01: A UEPB DIANTE DAS POL\u00cdTICAS CULTURAIS INCLUSIVAS-RESIT\u00caNCIA NAS VOZES, SABERES E CANTOS NORDESTINOS<\/b><\/span><\/span><\/p>\n<p lang=\"pt-PT\" align=\"left\"><span style=\"font-family: Calibri, sans-serif\"><span style=\"font-size: medium\">MODELO: PRESENCIAL<\/span><\/span><\/p>\n<p lang=\"pt-PT\" align=\"left\"><span style=\"font-family: Calibri, sans-serif\"><span style=\"font-size: medium\">MINISTRANTES: Ligia Pereira, Gorete Sampaio, Rosimere Alves, Eneida Agra, Wil, Jos\u00e9 Luan;<\/span><\/span><\/p>\n<p lang=\"pt-PT\" align=\"left\"><span style=\"font-family: Calibri, sans-serif\"><span style=\"font-size: medium\">INCRITOS: 30 vagas<\/span><\/span><\/p>\n<p lang=\"pt-PT\" align=\"left\"><span style=\"font-family: Calibri, sans-serif\"><span style=\"font-size: medium\">OBJETIVO E DETALHAMENTO: Busca-se apresentar os questionamentos, pr\u00e1ticas e teorias na tem\u00e1tica da inclus\u00e3o pela cultura. Experi\u00eancias ser\u00e3o apresentadas e an\u00e1lise do papel da universidade na constru\u00e7\u00e3o da cidadania pela cultura.<\/span><\/span><\/p>\n<p lang=\"pt-PT\" align=\"left\"><span style=\"font-family: Calibri, sans-serif\"><span style=\"font-size: medium\">LOCAL: SALA CAPF<\/span><\/span><\/p>\n<p lang=\"pt-PT\" align=\"left\"><span style=\"font-family: Calibri, sans-serif\"><span style=\"font-size: medium\"><b>17H30 \u2013 CORTEJO MARACATU<\/b><\/span><\/span><\/p>\n<p lang=\"pt-PT\" align=\"left\"><span style=\"font-family: Calibri, sans-serif\"><span style=\"font-size: medium\"><b>07\/11\/24<\/b><\/span><\/span><\/p>\n<p lang=\"pt-PT\" align=\"left\"><span style=\"font-family: Calibri, sans-serif\"><span style=\"font-size: medium\"><b>8H<\/b><\/span><\/span><\/p>\n<p lang=\"pt-PT\" align=\"left\"><span style=\"font-family: Calibri, sans-serif\"><span style=\"font-size: medium\"><b>ABERTURA<\/b><b> <\/b><b>OFICIAL<\/b><b> <\/b><b>(V\u00cdDEO<\/b><b> <\/b><b>E APRESENTA\u00c7\u00c3O CULTURAL)<\/b><\/span><\/span><\/p>\n<p lang=\"pt-PT\" align=\"left\"><span style=\"font-family: Calibri, sans-serif\"><span style=\"font-size: medium\">LOCAL: HALL CAPF<\/span><\/span><\/p>\n<p lang=\"pt-PT\" align=\"left\"><span style=\"font-family: Calibri, sans-serif\"><span style=\"font-size: medium\"><b>9H<\/b><\/span><\/span><\/p>\n<p lang=\"pt-PT\" align=\"left\"><span style=\"font-family: Calibri, sans-serif\"><span style=\"font-size: medium\"><b>MINICURSO<\/b><b> <\/b><b>2: OFICINA DE CORDEL E CONSTRU\u00c7\u00c3O DAS MEM\u00d3RIAS DOS MESTRES E MESTRAS DE<\/b><b> <\/b><b>CULTURA<\/b><b> <\/b><b>POPULAR<\/b><\/span><\/span><\/p>\n<p class=\"western\" lang=\"pt-PT\" align=\"left\"><span style=\"font-family: Calibri, sans-serif\"><span style=\"font-size: medium\"><b>MODELO:<\/b><b> <\/b>PRESENCIAL<\/span><\/span><\/p>\n<p class=\"western\" lang=\"pt-PT\" align=\"left\"><span style=\"font-family: Calibri, sans-serif\"><span style=\"font-size: medium\"><b>MINISTRANTES:<\/b><b> <\/b>Alfranio de Brito; Joseilda de Sousa Diniz; Chico de Assis; Claudete Gomes;<\/span><\/span><\/p>\n<p class=\"western\" lang=\"pt-PT\" align=\"left\"><span style=\"font-family: Calibri, sans-serif\"><span style=\"font-size: medium\"><b>INCRITOS:<\/b><b> <\/b>30 vagas;<\/span><\/span><\/p>\n<h3 class=\"western\" lang=\"pt-PT\" align=\"left\"><span style=\"font-family: Calibri, sans-serif\"><span style=\"font-size: medium\">OBJETIVO E DETALHAMENTO: Objetiva apresentar a hist\u00f3ria e mem\u00f3ria do cordel, com detalhamento das tem\u00e1ticas mais abordadas nas feiras e escolas da regi\u00e3o nordestina. Busca-se apresentar o modelo de elabora\u00e7\u00e3o, de escrita, de metrifica\u00e7\u00e3o, e apresentar os principais cordelistas da Para\u00edba. Apresentar as experi\u00eancias e viv\u00eancias dos cordelistas. Apresentar as experi\u00eancias do Projeto Cordel do Museu, que ocorre no Museu de Arte Popular da Para\u00edba \u2013 MAPP, bem como a nova Curadoria de Exposi\u00e7\u00e3o no MAPP.<\/span><\/span><\/h3>\n<p lang=\"pt-PT\" align=\"left\"><span style=\"font-family: Calibri, sans-serif\"><span style=\"font-size: medium\">LOCAL: SALA CAPF<\/span><\/span><\/p>\n<p lang=\"pt-PT\" align=\"left\"><span style=\"font-family: Calibri, sans-serif\"><span style=\"font-size: medium\"><b>10h30min<\/b><\/span><\/span><\/p>\n<p lang=\"pt-PT\" align=\"left\"><span style=\"font-family: Calibri, sans-serif\"><span style=\"font-size: medium\"><b>MESA DE DI\u00c1LOGOS: POL\u00cdTICAS CULTURAIS E INCLUS\u00c3O SOCIAL.<\/b><\/span><\/span><\/p>\n<p class=\"western\" lang=\"pt-PT\" align=\"left\"><span style=\"font-family: Calibri, sans-serif\"><span style=\"font-size: medium\"><b>MODELO:<\/b><b> <\/b>PRESENCIAL;<\/span><\/span><\/p>\n<h3 class=\"western\" lang=\"pt-PT\" align=\"left\"><span style=\"font-family: Calibri, sans-serif\"><span style=\"font-size: medium\">PARTICIPANTES:<\/span><\/span><\/h3>\n<h3 class=\"western\" lang=\"pt-PT\" align=\"left\"><span style=\"font-family: Calibri, sans-serif\"><span style=\"font-size: medium\">OBJETIVO E DETALHAMENTO: Debater o compromisso com a cidadania e direitos humanos.<\/span><\/span><\/h3>\n<p class=\"western\" lang=\"pt-PT\" align=\"left\"><span style=\"font-family: Calibri, sans-serif\"><span style=\"font-size: medium\"><b>COODENA\u00c7\u00c3O<\/b><b> <\/b><b>DA<\/b><b> <\/b><b>MESA:<\/b><b> <\/b>JOSEILDA DINIZ<\/span><\/span><\/p>\n<p class=\"western\" lang=\"pt-PT\" align=\"left\"><span style=\"font-family: Calibri, sans-serif\"><span style=\"font-size: medium\"><b>CONVIDADOS: <\/b>C\u00c9LIA REGINA (REITORA DA UEPB), JOS\u00c9 CRISTOV\u00c3O DE ANDRADE (PR\u00d3-REITOR DE CULTURA), CIDOVAL MORAIS (EDUEPB), ADA FREITAS (CAMPINA CULTURAL), JOS\u00c9 PEREIRA DA SILVA (PR\u00d3-REITOR ADJUNTO DE CULTURA), PATR\u00cdCIA LUCENA (CAC), PRISCILA ROCHA (DCE), REPRESENTANTES DO BORAA E DA BIBLIOTECA DE OBRAS RARAS \u00c1TILA DE ALMEIDA, RANGEL J\u00daNIOR (FAPESQ\/PB).<\/span><\/span><\/p>\n<p lang=\"pt-PT\" align=\"left\"><span style=\"font-family: Calibri, sans-serif\"><span style=\"font-size: medium\"><b>15H<\/b><\/span><\/span><\/p>\n<p lang=\"pt-PT\" align=\"left\"><span style=\"font-family: Calibri, sans-serif\"><span style=\"font-size: medium\"><b>APRESENTA\u00c7\u00c3O<\/b><b> <\/b><b>TEATRO<\/b><\/span><\/span><\/p>\n<p lang=\"pt-PT\" align=\"left\"><span style=\"font-family: Calibri, sans-serif\"><span style=\"font-size: medium\">LOCAL: STAND PROCULT\/HALL CAPF<\/span><\/span><\/p>\n<p lang=\"pt-PT\" align=\"left\"><span style=\"font-family: Calibri, sans-serif\"><span style=\"font-size: medium\"><b>08\/11\/24<\/b><\/span><\/span><\/p>\n<p lang=\"pt-PT\" align=\"left\"><span style=\"font-family: Calibri, sans-serif\"><span style=\"font-size: medium\"><b>9h<\/b><\/span><\/span><\/p>\n<p lang=\"pt-PT\" align=\"left\"><span style=\"font-family: Calibri, sans-serif\"><span style=\"font-size: medium\"><b>RODA DE DI\u00c1LOGO: A UEPB e as Pol\u00edticas Culturais Inclusivas: O enfoque de resist\u00eancia nas vozes, saberes e cantos nordestinos.<\/b><\/span><\/span><\/p>\n<p lang=\"pt-PT\" align=\"left\"><span style=\"font-family: Calibri, sans-serif\"><span style=\"font-size: medium\">MODELO: PRESENCIAL<\/span><\/span><\/p>\n<p lang=\"pt-PT\" align=\"left\"><span style=\"font-family: Calibri, sans-serif\"><span style=\"font-size: medium\">INCRITOS: ABERTO AO P\u00daBLICO<\/span><\/span><\/p>\n<p lang=\"pt-PT\" align=\"left\"><span style=\"font-family: Calibri, sans-serif\"><span style=\"font-size: medium\">OBJETIVO E DETALHAMENTO: Debater as Pol\u00edticas Culturais Inclusivas da UEPB, com enfoque nas pr\u00e1ticas e projetos correntes no \u00e2mbito dos acontecimentos ocorridos em nossa regi\u00e3o.<\/span><\/span><\/p>\n<p lang=\"pt-PT\" align=\"left\"><span style=\"font-family: Calibri, sans-serif\"><span style=\"font-size: medium\">LOCAL: STAND PROCULT\/HALL CAPF<\/span><\/span><\/p>\n<p lang=\"pt-PT\" align=\"left\"><span style=\"font-family: Calibri, sans-serif\"><span style=\"font-size: medium\"><b>15H<\/b><\/span><\/span><\/p>\n<p lang=\"pt-PT\" align=\"left\"><span style=\"font-family: Calibri, sans-serif\"><span style=\"font-size: medium\"><b>PALESTRA:<\/b><b> <\/b>CULTURA CIDADANIA E INCLUS\u00c3O SOCIAL.<\/span><\/span><\/p>\n<p class=\"western\" lang=\"pt-PT\" align=\"left\"><span style=\"font-family: Calibri, sans-serif\"><span style=\"font-size: medium\"><b>MODELO:<\/b><b> <\/b>PRESENCIAL<\/span><\/span><\/p>\n<p class=\"western\" lang=\"pt-PT\" align=\"left\"><span style=\"font-family: Calibri, sans-serif\"><span style=\"font-size: medium\"><b>PALESTRANTE:<\/b><b> <\/b>PEDRO SANTOS (SECRET\u00c1RIO DE CULTURA DA PARA\u00cdBA).<\/span><\/span><\/p>\n<p class=\"western\" lang=\"pt-PT\" align=\"left\"><span style=\"font-family: Calibri, sans-serif\"><span style=\"font-size: medium\"><b>INCRITOS:<\/b><b> <\/b>ABERTO AO P\u00daBLICO<\/span><\/span><\/p>\n<h3 class=\"western\" lang=\"pt-PT\"><span style=\"font-family: Calibri, sans-serif\"><span style=\"font-size: medium\">OBJETIVO E DETALHAMENTO: O PALESTRANTE DISCORRER\u00c1 SOBRE O ASSUNTO, APRESENTANDO OS CONCEITOS E AS PR\u00c1TICAS ADOTADAS PELO ESTADO DA PARA\u00cdBA A RESPEITO DA TEM\u00c1TICA PROPOSTA, MOSTRANDO OS RESULTADOS OBTIDOS.<\/span><\/span><\/h3>\n<p>[\/vc_column_text][\/vc_tta_section][vc_tta_section title=&#8221;Inscri\u00e7\u00f5es e Credenciamento&#8221; tab_id=&#8221;1723056810590-d369a7e8-5186&#8243;][vc_column_text css=&#8221;&#8221;]<\/p>\n<p class=\"western\" align=\"justify\"><span style=\"color: #2a6099\"><span style=\"font-family: Arial, serif\"><span style=\"font-size: small\">Normas para Inscri\u00e7\u00e3o e Credenciamento<\/span><\/span><\/span><\/p>\n<p class=\"western\" align=\"justify\"><span style=\"font-family: Arial, serif\"><span style=\"font-size: small\">Prazo para inscri\u00e7\u00e3o \u2013 at\u00e9 <\/span><\/span><span style=\"font-family: Arial, serif\"><span style=\"font-size: small\"><b>15 DE OUTUBRO DE 2024<\/b><\/span><\/span><\/p>\n<p class=\"western\" align=\"justify\"><span style=\"font-family: Arial, serif\"><span style=\"font-size: small\"><b>ATEN\u00c7\u00c3O:<\/b><\/span><\/span><span style=\"font-family: Arial, serif\"><span style=\"font-size: small\"> n\u00e3o haver\u00e1 inscri\u00e7\u00f5es ap\u00f3s essa data e o credenciamento s\u00f3 ser\u00e1 realizado para os inscritos.<\/span><\/span><\/p>\n<p class=\"western\" align=\"justify\"><span style=\"font-family: Arial, serif\"><span style=\"font-size: small\">Siga as normas, inscreva-se e participe conosco!<\/span><\/span><\/p>\n<p class=\"western\" align=\"justify\"><span style=\"color: #2a6099\"><span style=\"font-family: Arial, serif\"><span style=\"font-size: small\">Regras gerais sobre as inscri\u00e7\u00f5es<\/span><\/span><\/span><\/p>\n<p class=\"western\" align=\"justify\"><span style=\"font-family: Arial, serif\"><span style=\"font-size: small\">Todos(as) os(as) participantes dever\u00e3o realizar inscri\u00e7\u00f5es no <strong>III SEMIN\u00c1RIO DE CULTURA E ARTES DA UEPB\/PROCULT.<\/strong><\/span><\/span><\/p>\n<p class=\"western\" align=\"justify\"><span style=\"font-family: Arial, serif\"><span style=\"font-size: small\">As inscri\u00e7\u00f5es dever\u00e3o ser efetuadas por meio do preenchimento do formul\u00e1rio on-line, observando-se os prazos estabelecidos para cada modalidade de inscri\u00e7\u00e3o.<\/span><\/span><\/p>\n<p class=\"western\" align=\"justify\"><span style=\"font-family: Arial, serif\"><span style=\"font-size: small\">No item \u201cPerfil\u201d, escolha uma das op\u00e7\u00f5es segundo o seu v\u00ednculo com a UEPB:<\/span><\/span><\/p>\n<p class=\"western\" align=\"justify\">\u2022 <span style=\"font-family: Arial, serif\"><span style=\"font-size: small\">SERVIDOR (docente ou t\u00e9cnico administrativo);<\/span><\/span><\/p>\n<p class=\"western\" align=\"justify\">\u2022 <span style=\"font-family: Arial, serif\"><span style=\"font-size: small\">ALUNO (gradua\u00e7\u00e3o ou p\u00f3s).<\/span><\/span><\/p>\n<p class=\"western\" align=\"justify\">\u2022 <span style=\"font-family: Arial, serif\"><span style=\"font-size: small\">P\u00daBLICO EXTERNO \u2013 refere-se a toda e qualquer pessoa <\/span><\/span><span style=\"font-family: Arial, serif\"><span style=\"font-size: small\"><b>sem v\u00ednculo com a UEPB<\/b><\/span><\/span><span style=\"font-family: Arial, serif\"><span style=\"font-size: small\"> que deseja participar do Evento.<\/span><\/span><\/p>\n<p class=\"western\" align=\"justify\"><span style=\"font-family: Arial, serif\"><span style=\"font-size: small\">Para a finaliza\u00e7\u00e3o da inscri\u00e7\u00e3o, faz-se necess\u00e1rio optar por pelo menos uma atividade (MINICURSOS OU OFICINAS).<\/span><\/span><\/p>\n<p class=\"western\" align=\"justify\"><span style=\"font-family: Arial, serif\"><span style=\"font-size: small\">Caso <\/span><\/span><span style=\"font-family: Arial, serif\"><span style=\"font-size: small\"><b>N\u00c3O DESEJE <\/b><\/span><\/span><span style=\"font-family: Arial, serif\"><span style=\"font-size: small\">participar de nenhuma atividade (minicursos ou oficinas) escolher a op\u00e7\u00e3o MINICURSO: N\u00c3O DESEJO PARTICIPAR DE NENHUMA ATIVIDADE (MINICURSO E\/OU OFICINA) QUERO PARTICIPAR COM OUVINTE DO <strong>III SEMIN\u00c1RIO DE CULTURA E ARTES DA UEPB\/PROCULT<\/strong>.<\/span><\/span><\/p>\n<p class=\"western\" align=\"justify\"><span style=\"font-family: Arial, serif\"><span style=\"font-size: small\"><b>OBS:<\/b><\/span><\/span><span style=\"font-family: Arial, serif\"><span style=\"font-size: small\"> Depois de escolhidas as atividades (minicursos e\/ou oficinas), e finalizada a inscri\u00e7\u00e3o, n\u00e3o ser\u00e1 poss\u00edvel acrescentar nem trocar de atividade, portanto, al\u00e9m do formato, observe dias e hor\u00e1rios dispon\u00edveis.<\/span><\/span><\/p>\n<p class=\"western\" align=\"justify\"><span style=\"font-family: Arial, serif\"><span style=\"font-size: small\">Na aba \u201cPrograma\u00e7\u00e3o\u201d ser\u00e3o disponibilizadas a localiza\u00e7\u00e3o das atividades presenciais.<\/span><\/span><\/p>\n<p class=\"western\" align=\"justify\"><span style=\"font-family: Arial, serif\"><span style=\"font-size: small\"><b>Minicursos e Oficinas<\/b><\/span><\/span><\/p>\n<p class=\"western\" align=\"justify\"><span style=\"font-family: Arial, serif\"><span style=\"font-size: small\">Os minicursos e oficinas possuem vagas limitadas disponibilizadas no sistema e s\u00f3 poder\u00e3o participar os que optarem pela atividade no momento da inscri\u00e7\u00e3o.<\/span><\/span><\/p>\n<p class=\"western\" align=\"justify\"><span style=\"font-family: Arial, serif\"><span style=\"font-size: small\">S\u00f3 poder\u00e1 participar dos minicursos e oficinas quem realizar inscri\u00e7\u00e3o pr\u00e9via nos mesmos.<\/span><\/span><\/p>\n<p class=\"western\" align=\"justify\"><span style=\"font-family: Arial, serif\"><span style=\"font-size: small\"><b>Credenciamento<\/b><\/span><\/span><\/p>\n<p class=\"western\" align=\"justify\"><span style=\"font-family: Arial, serif\"><span style=\"font-size: small\">O credenciamento s\u00f3 ser\u00e1 efetuado com a apresenta\u00e7\u00e3o de um documento oficial com foto (RG, CNH ou documento oficial expedido por \u00f3rg\u00e3os federais).<\/span><\/span><\/p>\n<p class=\"western\" align=\"justify\"><span style=\"font-family: Arial, serif\"><span style=\"font-size: small\">N\u00e3o ser\u00e1 permitido o credenciamento por terceiros, exceto atrav\u00e9s de procura\u00e7\u00e3o. A entrega do material do evento ser\u00e1 realizada apenas ao participante presente ou ao seu procurador.<\/span><\/span><\/p>\n<p class=\"western\" align=\"justify\"><span style=\"font-family: Arial, serif\"><span style=\"font-size: small\">O credenciamento (entrega do material \u2013 pasta, crach\u00e1, bloco e caneta) ocorrer\u00e1 no local do evento;<\/span><\/span><\/p>\n<p class=\"western\" align=\"justify\"><span style=\"font-family: Arial, serif\"><span style=\"font-size: small\">Haver\u00e1 lista de presen\u00e7a em todas as atividades.<\/span><\/span><\/p>\n<p class=\"western\" align=\"justify\"><span style=\"font-family: Arial, serif\"><span style=\"font-size: small\"><b>Fa\u00e7a Sua Inscri\u00e7\u00e3o<\/b><\/span><\/span><\/p>\n<p class=\"western\" align=\"justify\"><span style=\"font-family: Arial, serif\"><span style=\"font-size: small\">Acesse o link: <a href=\"https:\/\/suap.uepb.edu.br\/eventos\/inscricao\/54\/\">https:\/\/suap.uepb.edu.br\/eventos\/inscricao\/54\/<\/a><\/span><\/span><\/p>\n<p>[\/vc_column_text][\/vc_tta_section][vc_tta_section title=&#8221;Certificados&#8221; tab_id=&#8221;1723056893961-23202c5a-7142&#8243;][vc_column_text css=&#8221;&#8221;]<\/p>\n<ul>\n<li>\n<p class=\"western\" align=\"justify\"><span style=\"font-family: Arial, serif\"><span style=\"font-size: small\">Informamos aos participantes do <strong>III SEMIN\u00c1RIO DE CULTURA E ARTES DA UEPB\/PROCULT<\/strong><\/span><\/span><span style=\"font-family: Arial, serif\"><span style=\"font-size: small\">\u00a0que\u00a0os certificados ser\u00e3o enviados para o e-mail dos inscritos que estiveram presentes no evento, favor buscar, na caixa de entrada ou no SPAM, pelo assunto: [SUAP] Certificado de Participa\u00e7\u00e3o;<\/span><\/span><\/p>\n<\/li>\n<li>\n<p class=\"western\" align=\"justify\"><span style=\"font-family: Arial, serif\"><span style=\"font-size: small\">O certificado de Participa\u00e7\u00e3o no <strong>III SEMIN\u00c1RIO DE CULTURA E ARTES DA UEPB\/PROCULT<\/strong><\/span><\/span><span style=\"font-family: Arial, serif\"><span style=\"font-size: small\"> ser\u00e1 emitido com <strong>30 horas<\/strong> para todos os participantes inscritos e que assinaram as listas de presen\u00e7a;<\/span><\/span><\/p>\n<\/li>\n<li>\n<p class=\"western\" align=\"justify\"><span style=\"font-family: Arial, serif\"><span style=\"font-size: small\">Os certificados de\u00a0participa\u00e7\u00e3o em <\/span><\/span><span style=\"font-family: Arial, serif\"><span style=\"font-size: small\">Minicurso e Oficina<\/span><\/span><span style=\"font-family: Arial, serif\"><span style=\"font-size: small\">\u00a0ser\u00e3o emitidos com a carga hor\u00e1ria conforme a atividade desenvolvida, desde que tenha sido constatada a inscri\u00e7\u00e3o e presen\u00e7a, mediante assinatura das listas;<\/span><\/span><\/p>\n<\/li>\n<li>\n<p class=\"western\" align=\"justify\"><span style=\"font-family: Arial, serif\"><span style=\"font-size: small\">Os certificados de Ministrantes de atividades ser\u00e3o enviados para o e-mail informado no ato da inscri\u00e7\u00e3o.<\/span><\/span><\/p>\n<\/li>\n<\/ul>\n<p>[\/vc_column_text][\/vc_tta_section][\/vc_tta_tour][\/vc_column][\/vc_row]<\/p>\n<\/div>","protected":false},"excerpt":{"rendered":"<p>[vc_row][vc_column][vc_tta_tour][vc_tta_section title=&#8221;Apresenta\u00e7\u00e3o&#8221; tab_id=&#8221;1723051350484-74ca6583-f13f&#8221;][vc_column_text css=&#8221;&#8221;] &nbsp; &nbsp; &nbsp; &nbsp; III SEMIN\u00c1RIO DE CULTURA E ARTES DA UEPB &#8211; SCA Tem\u00e1tica: CULTURA, CIDADANIA E INCLUS\u00c3O SOCIAL. O Semin\u00e1rio de Cultura e Artes da UEPB, em sua terceira edi\u00e7\u00e3o, busca trazer tem\u00e1ticas culturais para discuss\u00e3o e di\u00e1logo entre a comunidade acad\u00eamica e a sociedade em geral, com debates, <a class=\"leiamais\" href=\"https:\/\/eventos.uepb.edu.br\/congressouniversitario\/iii-seminario-de-cultura-e-artes-da-uepb-procult\/\">Leia Mais&#8230;<\/a><\/p>\n","protected":false},"author":4,"featured_media":0,"parent":0,"menu_order":0,"comment_status":"closed","ping_status":"closed","template":"","meta":{"footnotes":""},"class_list":["post-1265","page","type-page","status-publish","hentry"],"_links":{"self":[{"href":"https:\/\/eventos.uepb.edu.br\/congressouniversitario\/wp-json\/wp\/v2\/pages\/1265","targetHints":{"allow":["GET"]}}],"collection":[{"href":"https:\/\/eventos.uepb.edu.br\/congressouniversitario\/wp-json\/wp\/v2\/pages"}],"about":[{"href":"https:\/\/eventos.uepb.edu.br\/congressouniversitario\/wp-json\/wp\/v2\/types\/page"}],"author":[{"embeddable":true,"href":"https:\/\/eventos.uepb.edu.br\/congressouniversitario\/wp-json\/wp\/v2\/users\/4"}],"replies":[{"embeddable":true,"href":"https:\/\/eventos.uepb.edu.br\/congressouniversitario\/wp-json\/wp\/v2\/comments?post=1265"}],"version-history":[{"count":13,"href":"https:\/\/eventos.uepb.edu.br\/congressouniversitario\/wp-json\/wp\/v2\/pages\/1265\/revisions"}],"predecessor-version":[{"id":2191,"href":"https:\/\/eventos.uepb.edu.br\/congressouniversitario\/wp-json\/wp\/v2\/pages\/1265\/revisions\/2191"}],"wp:attachment":[{"href":"https:\/\/eventos.uepb.edu.br\/congressouniversitario\/wp-json\/wp\/v2\/media?parent=1265"}],"curies":[{"name":"wp","href":"https:\/\/api.w.org\/{rel}","templated":true}]}}