{"id":1253,"date":"2024-08-23T10:24:35","date_gmt":"2024-08-23T13:24:35","guid":{"rendered":"https:\/\/eventos.uepb.edu.br\/congressouniversitario\/?page_id=1253"},"modified":"2024-11-28T10:42:59","modified_gmt":"2024-11-28T13:42:59","slug":"viii-seminario-de-extensao-semex","status":"publish","type":"page","link":"https:\/\/eventos.uepb.edu.br\/congressouniversitario\/viii-seminario-de-extensao-semex\/","title":{"rendered":"VIII Semin\u00e1rio de Extens\u00e3o &#8211; SEMEX"},"content":{"rendered":"<div class=\"wpb-content-wrapper\"><p>[vc_row][vc_column][vc_tta_tour][vc_tta_section title=&#8221;Apresenta\u00e7\u00e3o&#8221; tab_id=&#8221;1723051350484-74ca6583-f13f&#8221;][vc_column_text css=&#8221;&#8221;]<img loading=\"lazy\" decoding=\"async\" class=\"alignleft size-medium wp-image-1398 img-responsive\" src=\"https:\/\/eventos.uepb.edu.br\/congressouniversitario\/wp-content\/uploads\/sites\/7\/2024\/09\/Logo-SEMEX-300x212.png\" alt=\"\" width=\"300\" height=\"212\" srcset=\"https:\/\/eventos.uepb.edu.br\/congressouniversitario\/wp-content\/uploads\/sites\/7\/2024\/09\/Logo-SEMEX-300x212.png 300w, https:\/\/eventos.uepb.edu.br\/congressouniversitario\/wp-content\/uploads\/sites\/7\/2024\/09\/Logo-SEMEX-1120x792.png 1120w, https:\/\/eventos.uepb.edu.br\/congressouniversitario\/wp-content\/uploads\/sites\/7\/2024\/09\/Logo-SEMEX.png 1329w\" sizes=\"auto, (max-width: 300px) 100vw, 300px\" \/><\/p>\n<p>&nbsp;<\/p>\n<p>&nbsp;<\/p>\n<p>&nbsp;<\/p>\n<p>&nbsp;<\/p>\n<p>&nbsp;<\/p>\n<p>&nbsp;<\/p>\n<p>&nbsp;<\/p>\n<p>O <strong>VIII SEMIN\u00c1RIO DE EXTENS\u00c3O \u2013 SEMEX<\/strong> tem o prop\u00f3sito de promover, discutir e difundir a Extens\u00e3o Universit\u00e1ria, al\u00e9m de estimular o di\u00e1logo interinstitucional e a troca de experi\u00eancias com as comunidades externas, fortalecendo ainda mais a pr\u00e1tica extensionista.<\/p>\n<p>\u00c9 um evento que acontece anualmente e se configura como espa\u00e7o de aprendizagem e de interc\u00e2mbio de conhecimentos e metodologias entre extensionistas da UEPB, por meio de palestras, mesas redondas, minicursos, oficinas e comunica\u00e7\u00e3o oral em Rodas de Conversa, promovendo tamb\u00e9m a integra\u00e7\u00e3o dos participantes e da universidade com a Sociedade.<br \/>\nPara tanto, o VIII SEMEX tem como tema central \u201cInova\u00e7\u00e3o e Objetivos do Desenvolvimento Sustent\u00e1vel na Extens\u00e3o Universit\u00e1ria\u201d, pautada na oportunidade de proporcionar o conhecimento e as pr\u00e1ticas inter-relacionadas com a Agenda 2030, permitindo assim, atender as demandas locais, principalmente nas comunidades social e economicamente vulnerabilizadas.<\/p>\n<p>Sejam todos bem-vindos, a Extens\u00e3o transforma a realidade social!<\/p>\n<p>Sauda\u00e7\u00f5es extensionistas.<\/p>\n<p><strong>Formato:<\/strong> h\u00edbrido[\/vc_column_text][\/vc_tta_section][vc_tta_section title=&#8221;Comiss\u00e3o Organizadora&#8221; tab_id=&#8221;1723051372044-4de7e0c8-ac23&#8243;][vc_column_text css=&#8221;&#8221;]<\/p>\n<p class=\"western\" align=\"justify\"><span style=\"font-family: Calibri, sans-serif\"><span style=\"font-size: small\"><b>Comiss\u00e3o Organizadora<\/b><\/span><\/span><\/p>\n<ul>\n<li><span style=\"font-family: Calibri, sans-serif\"><span style=\"font-size: small\">Profa. Dra. Maria do Socorro Barbosa e Silva (Presidente)<\/span><\/span><\/li>\n<li><span style=\"font-family: Calibri, sans-serif\"><span style=\"font-size: small\">Profa. Dra. Dauci Pinheiro Rodrigues <\/span><\/span><\/li>\n<li><span style=\"font-family: Calibri, sans-serif\"><span style=\"font-size: small\">Adja Fernanda da Silva <\/span><\/span><\/li>\n<li><span style=\"font-family: Calibri, sans-serif\"><span style=\"font-size: small\">Aldo Manoel Branquinho Nunes<\/span><\/span><\/li>\n<li><span style=\"font-family: Calibri, sans-serif\"><span style=\"font-size: small\">Dillane Ara\u00fajo Arruda Ramos <\/span><\/span><\/li>\n<li><span style=\"font-family: Calibri, sans-serif\"><span style=\"font-size: small\">Elky Bento Sarmento <\/span><\/span><\/li>\n<li><span style=\"font-family: Calibri, sans-serif\"><span style=\"font-size: small\">Natan Mamede da Silva <\/span><\/span><\/li>\n<li><span style=\"font-family: Calibri, sans-serif\"><span style=\"font-size: small\">Thamara Ribeiro Alencar <\/span><\/span><\/li>\n<li><span style=\"font-family: Calibri, sans-serif\"><span style=\"font-size: small\">Yasmin Sim\u00f5es de Souza<\/span><\/span><\/li>\n<\/ul>\n<p>[\/vc_column_text][\/vc_tta_section][vc_tta_section title=&#8221;Comiss\u00e3o Cient\u00edfica e Avaliadora&#8221; tab_id=&#8221;1723051393227-dd34a073-4930&#8243;][vc_column_text css=&#8221;&#8221;]Em constru\u00e7\u00e3o.[\/vc_column_text][\/vc_tta_section][vc_tta_section title=&#8221;Programa\u00e7\u00e3o&#8221; tab_id=&#8221;1723051406819-7e54b22e-71d5&#8243;][vc_column_text css=&#8221;&#8221;]<strong>DIA 06 DE NOVEMBRO (QUARTA-FEIRA)<\/strong><\/p>\n<p>&nbsp;<\/p>\n<p><strong>CREDENCIAMENTO &#8211; 8h \u00e0s 20h<\/strong><\/p>\n<p><strong>Local:<\/strong> Balc\u00e3o de m\u00e1rmore pr\u00f3ximo ao banheiro feminino no Hall da Central Acad\u00eamica Paulo Freire<\/p>\n<p>&nbsp;<\/p>\n<p><strong>Manh\u00e3<\/strong><\/p>\n<p><strong>8h-12h<\/strong><\/p>\n<ul>\n<li><strong>Apresenta\u00e7\u00f5es Orais em Rodas de Conversa \u2013 <\/strong>Remoto<\/li>\n<li><strong>Mostras de Extens\u00e3o em cada um dos <em>campi<\/em>\/centros &#8211; Programa\u00e7\u00e3o <a href=\"https:\/\/eventos.uepb.edu.br\/congressouniversitario\/download\/extensao-mostra\/\">aqui<\/a><\/strong><\/li>\n<\/ul>\n<p><strong>\u00a0<\/strong><\/p>\n<p><strong>Tarde<\/strong><\/p>\n<p><strong>14h-18h<\/strong><\/p>\n<ul>\n<li><strong>Apresenta\u00e7\u00f5es Orais em Rodas de Conversa \u2013 <\/strong>Remoto<\/li>\n<li><strong>Mostras de Extens\u00e3o em cada um dos <em>campi<\/em>\/centros &#8211; Programa\u00e7\u00e3o <a href=\"https:\/\/eventos.uepb.edu.br\/congressouniversitario\/download\/extensao-mostra\/\">aqui<\/a><\/strong><\/li>\n<\/ul>\n<p><strong>Oficina: TINTA DE TERRA<\/strong><br \/>\nHora de in\u00edcio da atividade: 16h<br \/>\nHora de fim da atividade: 18h<br \/>\nCarga Hor\u00e1ria: 2h<br \/>\nLimite de Inscri\u00e7\u00f5es (quantidade de vagas): 40<\/p>\n<p>Sala: 248\u00a0da Central Acad\u00eamica Paulo Freire<\/p>\n<p><strong>\u00a0<\/strong><\/p>\n<p><strong>Noite<\/strong><\/p>\n<p><strong>18h30min -21h30min<\/strong><\/p>\n<ul>\n<li><strong>Apresenta\u00e7\u00f5es Orais em Rodas de Conversa \u2013 <\/strong>Remoto<\/li>\n<li><strong>Mostras de Extens\u00e3o em cada um dos campi\/centros &#8211; Programa\u00e7\u00e3o <a href=\"https:\/\/eventos.uepb.edu.br\/congressouniversitario\/download\/extensao-mostra\/\">aqui<\/a><\/strong><\/li>\n<\/ul>\n<p>&nbsp;<\/p>\n<p><strong>\u00a0<\/strong><\/p>\n<p><strong>DIA 07 DE NOVEMBRO (QUINTA-FEIRA)<\/strong><\/p>\n<p>&nbsp;<\/p>\n<p><strong>CREDENCIAMENTO &#8211; 8h \u00e0s 20h<\/strong><\/p>\n<p><strong>Local:<\/strong> Balc\u00e3o de m\u00e1rmore pr\u00f3ximo ao banheiro feminino no Hall da Central Acad\u00eamica Paulo Freire<\/p>\n<p>&nbsp;<\/p>\n<p><strong>Manh\u00e3<\/strong><\/p>\n<p><strong>8h-12h<\/strong><\/p>\n<ul>\n<li><strong>Mostras de Extens\u00e3o em cada um dos <em>campi<\/em>\/centros &#8211; Programa\u00e7\u00e3o <a href=\"https:\/\/eventos.uepb.edu.br\/congressouniversitario\/download\/extensao-mostra\/\">aqui<\/a><\/strong><\/li>\n<\/ul>\n<p><strong>10h30min \u2013 11h10min<\/strong><\/p>\n<p><strong>Palestra<\/strong>: <strong>O PAPEL DA EXTENS\u00c3O NA AGENDA DA SUSTENTABILIDADE<\/strong><\/p>\n<p>Palestrante: Fabiana Aparecida Lazzarin (Pr\u00f3-Reitora de Extens\u00e3o da UFCA)<\/p>\n<p><strong>Local: <\/strong>Presencial no Audit\u00f3rio do Hall da Central Acad\u00eamica Paulo Freire e dispon\u00edvel no canal TV UEPB no YouTube<\/p>\n<p>&nbsp;<\/p>\n<p><strong>9h30min \u2013 12h<\/strong><\/p>\n<ul>\n<li><strong>Minicursos e oficinas<\/strong><\/li>\n<\/ul>\n<p><strong>C\u00e2mpus I<\/strong><\/p>\n<p>&nbsp;<\/p>\n<p><strong>Oficina: COMO ELABORAR PROJETOS DE EXTENS\u00c3O DE IMPACTO SOCIAL &#8211; REMOTO<\/strong><\/p>\n<p><strong>Ministrante: Prof. Dr. Thiago Anchieta de Melo (UEMA)<\/strong><\/p>\n<p><strong>ATEN\u00c7\u00c3O:<\/strong> Voltado para servidores coordenadores de extens\u00e3o ou os que pretendem coordenar projetos de extens\u00e3o.<\/p>\n<p>Data: 07\/11\/2024<br \/>\nHora de in\u00edcio da atividade: 9h:30<br \/>\nHora de fim da atividade: 12h30<br \/>\nCarga Hor\u00e1ria: 3h<br \/>\nLimite de Inscri\u00e7\u00f5es (quantidade de vagas):<\/p>\n<p>Sala: <a href=\"https:\/\/meet.google.com\/men-ssdd-wha\">https:\/\/meet.google.com\/men-ssdd-wha<\/a><\/p>\n<p><strong>Minicurso (Parte 1): BIOSSEGURAN\u00c7A EM SA\u00daDE: PREVEN\u00c7\u00c3O E ASSIST\u00caNCIA AOS RISCOS LABORAIS.<br \/>\n<\/strong>Data: 07\/11\/2024<br \/>\nHora de in\u00edcio da atividade: 9h:30<br \/>\nHora de fim da atividade: 12h<br \/>\nCarga Hor\u00e1ria: 4h30min<br \/>\nLimite de Inscri\u00e7\u00f5es (quantidade de vagas): 40<\/p>\n<p>Sala: 245 da Central Acad\u00eamica Paulo Freire<\/p>\n<p><strong>Minicurso: NO\u00c7\u00d5ES SOBRE A ESCRITA E A LEITURA DO SISTEMA BRAILLE: DESENHANDO LINHAS INCLUSIVAS<br \/>\n<\/strong>Data: 07\/11\/2024<br \/>\nHora de in\u00edcio da atividade: 9h30<br \/>\nHora de fim da atividade: 12h<br \/>\nCarga Hor\u00e1ria: 2h30min<br \/>\nLimite de Inscri\u00e7\u00f5es (quantidade de vagas): 20<\/p>\n<p>Sala: 247 da Central Acad\u00eamica Paulo Freire<\/p>\n<p><strong>Oficina (PARTE 1): ACESSO \u00c0 INFORMA\u00c7\u00c3O E O AUX\u00cdLIO A MULHERES EM CONDI\u00c7\u00d5ES DE VULNERABILIDADE SOCIOECON\u00d4MICAS COMO MEIO DE COMBATE \u00c0 VIOL\u00caNCIA OBST\u00c9TRICA<br \/>\n<\/strong>Data: 07\/11\/2024<br \/>\nHora de in\u00edcio da atividade: 9h30<br \/>\nHora de fim da atividade: 12h<br \/>\nCarga Hor\u00e1ria: 2h30min<br \/>\nLimite de Inscri\u00e7\u00f5es (quantidade de vagas): 30<\/p>\n<p>Sala: 244 da Central Acad\u00eamica Paulo Freire<\/p>\n<p><strong>Oficina: MEDIANDO CONEX\u00d5ES \u2013 OFICINA DE PR\u00c1TICAS DE DI\u00c1LOGO<br \/>\n<\/strong>Data: 07\/11\/2024<br \/>\nHora de in\u00edcio da atividade: 9h30<br \/>\nHora de fim da atividade: 12h<br \/>\nCarga Hor\u00e1ria: 2h30min<br \/>\nLimite de Inscri\u00e7\u00f5es (quantidade de vagas): 20<\/p>\n<p>Sala: 246 da Central Acad\u00eamica Paulo Freire<\/p>\n<p><strong>C\u00e2mpus III<\/strong><\/p>\n<p><strong>Oficina (PARTE 1): OFICINA DE ARTE DO PROJETO \u201cCOLOCANDO A M\u00c3O NA MASSA\u201d: GEOGRAFIAS, IMAGIN\u00c1RIOS E REPRESENTA\u00c7\u00d5ES A PARTIR DO ARTESANATO EM PORCELANA FRIA<br \/>\n<\/strong>Data: 07\/11\/2024<br \/>\nHora de in\u00edcio da atividade: 9h30<br \/>\nHora de fim da atividade: 12h<br \/>\nCarga Hor\u00e1ria: 2h30min<br \/>\nLimite de Inscri\u00e7\u00f5es (quantidade de vagas): 40<\/p>\n<p>Sala: F1 &#8211; Pr\u00e9dio Anexo do Centro de Humanidades.<\/p>\n<p><strong>C\u00e2mpus V<\/strong><\/p>\n<p><strong>Oficina: \u201cDESINFORMA\u00c7\u00c3O: PENSAR, AGIR, INTERVIR\u201d<br \/>\n<\/strong>Data: 07\/11\/2024<br \/>\nHora de in\u00edcio da atividade: 9h:30<br \/>\nHora de fim da atividade: 12h<br \/>\nCarga Hor\u00e1ria: 2h30min<br \/>\nLimite de Inscri\u00e7\u00f5es (quantidade de vagas): 30<\/p>\n<p>Sala: 03 do CCBSA<\/p>\n<p><strong>Oficina (PARTE 1): OFICINA DE EMPREENDEDORISMO PARA FORMALIZAR NEG\u00d3CIOS<br \/>\n<\/strong>Data: 07\/11\/2024<br \/>\nHora de in\u00edcio da atividade: 9h30<br \/>\nHora de fim da atividade: 12h<br \/>\nCarga Hor\u00e1ria: 2h30min<br \/>\nLimite de Inscri\u00e7\u00f5es (quantidade de vagas): 20<\/p>\n<p>Sala: 02 do CCBSA<\/p>\n<p><strong>\u00a0<\/strong><\/p>\n<p><strong>Tarde<\/strong><\/p>\n<p><strong>14h-18h<\/strong><\/p>\n<ul>\n<li><strong>Mostras de Extens\u00e3o em cada um dos campi\/centros &#8211; Programa\u00e7\u00e3o <a href=\"https:\/\/eventos.uepb.edu.br\/congressouniversitario\/download\/extensao-mostra\/\">aqui<\/a><\/strong><\/li>\n<\/ul>\n<p><strong>14h \u2013 15h30min<\/strong><\/p>\n<p><strong>Mesa Redonda:<\/strong> <strong>DESAFIOS DA OPERACIONALIZA\u00c7\u00c3O DA INSER\u00c7\u00c3O CURRICULAR DA EXTENS\u00c3O<\/strong><\/p>\n<p><strong>Debatedores(as):<\/strong><\/p>\n<p>Esdras Marchezan Sales (Pr\u00f3-Reitor de Extens\u00e3o da UERN)<\/p>\n<p>Luiz Alberto Ribeiro Rodrigues (Pr\u00f3-Reitor de Extens\u00e3o e Cultura da UPE)<\/p>\n<p>Vagda Gutemberg Gon\u00e7alves Rocha (Pr\u00f3-Reitora de Gradua\u00e7\u00e3o da UEPB)<\/p>\n<p>Moderador(a): Fabiana Aparecida Lazzarin (Pr\u00f3-Reitora de Extens\u00e3o da UFCA)<\/p>\n<p><strong>Local: <\/strong>Presencial no Audit\u00f3rio do Hall da Central Acad\u00eamica Paulo Freire e dispon\u00edvel no canal TV UEPB no YouTube<\/p>\n<p>&nbsp;<\/p>\n<p><strong>16h \u2013 18h<\/strong><\/p>\n<ul>\n<li><strong>Minicursos e oficinas<\/strong><\/li>\n<\/ul>\n<p><strong>C\u00e2mpus I<\/strong><\/p>\n<p><strong>Minicurso (Parte 2): BIOSSEGURAN\u00c7A EM SA\u00daDE: PREVEN\u00c7\u00c3O E ASSIST\u00caNCIA AOS RISCOS LABORAIS.<br \/>\n<\/strong>Data: 07\/11\/2024<br \/>\nHora de in\u00edcio da atividade: 16h<br \/>\nHora de fim da atividade: 18h<br \/>\nCarga Hor\u00e1ria: 4h30min<br \/>\nLimite de Inscri\u00e7\u00f5es (quantidade de vagas): 40<\/p>\n<p>Sala: 245 da Central Acad\u00eamica Paulo Freire<\/p>\n<p><strong>Oficina (PARTE 2): ACESSO \u00c0 INFORMA\u00c7\u00c3O E O AUX\u00cdLIO A MULHERES EM CONDI\u00c7\u00d5ES DE VULNERABILIDADE SOCIOECON\u00d4MICAS COMO MEIO DE COMBATE \u00c0 VIOL\u00caNCIA OBST\u00c9TRICA<br \/>\n<\/strong>Data: 07\/11\/2024<br \/>\nHora de in\u00edcio da atividade: 16h<br \/>\nHora de fim da atividade: 18h<br \/>\nCarga Hor\u00e1ria: 2h<br \/>\nLimite de Inscri\u00e7\u00f5es (quantidade de vagas): 30<\/p>\n<p>Sala:244 da Central Acad\u00eamica Paulo Freire<\/p>\n<p><strong>C\u00e2mpus III<\/strong><\/p>\n<p><strong>Oficina (PARTE 2): OFICINA DE ARTE DO PROJETO \u201cCOLOCANDO A M\u00c3O NA MASSA\u201d: GEOGRAFIAS, IMAGIN\u00c1RIOS E REPRESENTA\u00c7\u00d5ES A PARTIR DO ARTESANATO EM PORCELANA FRIA<br \/>\n<\/strong>Data: 07\/11\/2024<br \/>\nHora de in\u00edcio da atividade: 16h<br \/>\nHora de fim da atividade: 18h<br \/>\nCarga Hor\u00e1ria: 2h<br \/>\nLimite de Inscri\u00e7\u00f5es (quantidade de vagas): 40<\/p>\n<p>Sala: F1 &#8211; Pr\u00e9dio Anexo do Centro de Humanidades.<\/p>\n<p><strong>C\u00e2mpus V<\/strong><\/p>\n<p><strong>Oficina: PARTE 2 \u2013 OFICINA DE EMPREENDEDORISMO PARA FORMALIZAR NEG\u00d3CIOS<br \/>\n<\/strong>Data: 07\/11\/2024<br \/>\nHora de in\u00edcio da atividade: 16h<br \/>\nHora de fim da atividade: 18h<br \/>\nCarga Hor\u00e1ria: 2h<br \/>\nLimite de Inscri\u00e7\u00f5es (quantidade de vagas): 20<\/p>\n<p>Sala: 02 do CCBSA<\/p>\n<p><strong>Minicurso: DESVENDANDO O MUNDO DAS PLANTAS ATRAV\u00c9S DA MOBGRAFIA<br \/>\n<\/strong>Data: 07\/11\/2024<br \/>\nHora de in\u00edcio da atividade: 14h<br \/>\nHora de fim da atividade: 16h 30min<br \/>\nCarga Hor\u00e1ria: 2h30min<br \/>\nLimite de Inscri\u00e7\u00f5es (quantidade de vagas): 20<\/p>\n<p>Sala: 03 do CCBSA<\/p>\n<p><strong>\u00a0<\/strong><\/p>\n<p><strong>Noite<\/strong><\/p>\n<p><strong>18h30min \u2013 21h<\/strong><\/p>\n<ul>\n<li><strong>Mostras de Extens\u00e3o em cada um dos campi\/centros &#8211; Programa\u00e7\u00e3o <a href=\"https:\/\/eventos.uepb.edu.br\/congressouniversitario\/download\/extensao-mostra\/\">aqui<\/a><\/strong><\/li>\n<\/ul>\n<p><strong>19h-21h<\/strong><\/p>\n<ul>\n<li><strong>Minicursos e oficinas<\/strong><\/li>\n<\/ul>\n<p><strong>Minicurso: CURSO DE FORMA\u00c7\u00c3O DE PRE\u00c7OS DE VENDAS COM ENFOQUE TRIBUT\u00c1RIO<br \/>\n<\/strong>Data: 07\/11\/2024<br \/>\nHora de in\u00edcio da atividade: 19h<br \/>\nHora de fim da atividade: 21h<br \/>\nCarga Hor\u00e1ria: 2h30min<br \/>\nLimite de Inscri\u00e7\u00f5es (quantidade de vagas): 70<\/p>\n<p><strong>Sala: <\/strong><a href=\"https:\/\/meet.google.com\/qrn-mweo-yco\">https:\/\/meet.google.com\/qrn-mweo-yco<\/a><\/p>\n<p><strong>C\u00e2mpus I<\/strong><\/p>\n<p><strong>Oficina: OFICINA DE INTERPRETA\u00c7\u00c3O E RECITA\u00c7\u00c3O PO\u00c9TICA DE CORDEL PARA A SALA DE AULA<br \/>\n<\/strong>Data: 07\/11\/2024<br \/>\nHora de in\u00edcio da atividade: 19h<br \/>\nHora de fim da atividade: 21h<br \/>\nCarga Hor\u00e1ria: 2h<br \/>\nLimite de Inscri\u00e7\u00f5es (quantidade de vagas): 20<\/p>\n<p><strong>Sala: 244 da Central Acad\u00eamica Paulo Freire<\/strong><\/p>\n<p><strong>C\u00e2mpus III<\/strong><\/p>\n<p><strong>Oficina (PARTE 3): OFICINA DE ARTE DO PROJETO \u201cCOLOCANDO A M\u00c3O NA MASSA\u201d: GEOGRAFIAS, IMAGIN\u00c1RIOS E REPRESENTA\u00c7\u00d5ES A PARTIR DO ARTESANATO EM PORCELANA FRIA<br \/>\n<\/strong>Data: 07\/11\/2024<br \/>\nHora de in\u00edcio da atividade: 19h<br \/>\nHora de fim da atividade: 21h<br \/>\nCarga Hor\u00e1ria: 2h<br \/>\nLimite de Inscri\u00e7\u00f5es (quantidade de vagas): 40<\/p>\n<p>Sala: F1 &#8211; Pr\u00e9dio Anexo do Centro de Humanidades.<\/p>\n<p><strong>C\u00e2mpus V<\/strong><\/p>\n<p><strong>Oficina (PARTE 3): OFICINA DE EMPREENDEDORISMO PARA FORMALIZAR NEG\u00d3CIOS<br \/>\n<\/strong>Data: 07\/11\/2024<br \/>\nHora de in\u00edcio da atividade: 19h<br \/>\nHora de fim da atividade: 21h<br \/>\nCarga Hor\u00e1ria: 2h<br \/>\nLimite de Inscri\u00e7\u00f5es (quantidade de vagas): 20<\/p>\n<p>Sala: 02 do CCBSA<\/p>\n<p><strong>\u00a0<\/strong><\/p>\n<p><strong>DIA 08 DE NOVEMBRO (SEXTA-FEIRA)<\/strong><\/p>\n<p>&nbsp;<\/p>\n<p><strong>CREDENCIAMENTO &#8211; 8h \u00e0s 12h<\/strong><\/p>\n<p><strong>Local:<\/strong> Balc\u00e3o de m\u00e1rmore pr\u00f3ximo ao banheiro feminino no Hall da Central Acad\u00eamica Paulo Freire<\/p>\n<p>&nbsp;<\/p>\n<p><strong>Manh\u00e3<\/strong><\/p>\n<p><strong>\u00a0<\/strong><\/p>\n<p><strong>8h-12h<\/strong><\/p>\n<ul>\n<li><strong>Mostras de Extens\u00e3o em cada um dos <em>campi<\/em>\/centros &#8211; Programa\u00e7\u00e3o <a href=\"https:\/\/eventos.uepb.edu.br\/congressouniversitario\/download\/extensao-mostra\/\">aqui<\/a><\/strong><\/li>\n<\/ul>\n<p><strong>\u00a0<\/strong><\/p>\n<p><strong>9h-9h40min<\/strong><\/p>\n<p><strong>Palestra: UNIVERSIDADE E COMUNIDADE: INTEGRA\u00c7\u00c3O, INCLUS\u00c3O E TRANSFORMA\u00c7\u00c3O SOCIAL FRENTE \u00c0 AGENDA 2030<\/strong><\/p>\n<p>Palestrante: Esdras Marchezan Sales (Pr\u00f3-Reitor de Extens\u00e3o da UERN)<\/p>\n<p><strong>Local: <\/strong>Presencial no Audit\u00f3rio do Hall da Central Acad\u00eamica Paulo Freire e dispon\u00edvel no canal TV UEPB no YouTube<\/p>\n<p><strong>Tarde<\/strong><\/p>\n<p><strong>14h-18h<\/strong><\/p>\n<ul>\n<li><strong>Mostras de Extens\u00e3o em cada um dos campi\/centros &#8211; Programa\u00e7\u00e3o <a href=\"https:\/\/eventos.uepb.edu.br\/congressouniversitario\/download\/extensao-mostra\/\">aqui<\/a><\/strong><\/li>\n<\/ul>\n<p><strong>14h<\/strong><\/p>\n<ul>\n<li><strong>Cerim\u00f4nia de Encerramento: Premia\u00e7\u00e3o<\/strong><\/li>\n<\/ul>\n<p>[\/vc_column_text][\/vc_tta_section][vc_tta_section title=&#8221;Inscri\u00e7\u00f5es e Credenciamento&#8221; tab_id=&#8221;1723056810590-d369a7e8-5186&#8243;][vc_column_text css=&#8221;&#8221;]<\/p>\n<p align=\"justify\"><span style=\"color: #800080\"><span style=\"font-family: Calibri, serif\"><b>Inscri\u00e7\u00f5es e Credenciamento<\/b><\/span><\/span><\/p>\n<p align=\"justify\"><span style=\"color: #0000ff\"><span style=\"font-family: Calibri, serif\"><b>Normas para Inscri\u00e7\u00e3o e Credenciamento<\/b><\/span><\/span><\/p>\n<p align=\"justify\"><span style=\"color: #444444\"><span style=\"font-family: Calibri, serif\">Prazo para inscri\u00e7\u00e3o \u2013 at\u00e9 <\/span><\/span><span style=\"color: #444444\"><span style=\"font-family: Calibri, serif\"><b><del>15 DE OUTUBRO DE 2024<\/del>\u00a0 <span style=\"color: #0000ff\">20\u00a0DE OUTUBRO DE 2024<\/span><\/b><\/span><\/span><\/p>\n<p align=\"justify\"><span style=\"color: #444444\"><span style=\"font-family: Calibri, serif\"><b>ATEN\u00c7\u00c3O:<\/b><\/span><\/span><span style=\"color: #444444\"><span style=\"font-family: Calibri, serif\"> n\u00e3o haver\u00e1 inscri\u00e7\u00f5es ap\u00f3s essa data e o credenciamento s\u00f3 ser\u00e1 realizado para os inscritos.<\/span><\/span><\/p>\n<p align=\"justify\"><span style=\"color: #444444\"><span style=\"font-family: Calibri, serif\">Siga as normas, inscreva-se e participe conosco!<\/span><\/span><\/p>\n<p align=\"justify\"><span style=\"color: #0000ff\"><span style=\"font-family: Calibri, serif\"><b>Regras gerais sobre as inscri\u00e7\u00f5es<\/b><\/span><\/span><\/p>\n<p align=\"justify\"><span style=\"color: #444444\"><span style=\"font-family: Calibri, serif\">Todos(as) os(as) participantes dever\u00e3o realizar inscri\u00e7\u00f5es no <\/span><\/span><span style=\"font-family: Calibri, serif\"><b>VIII Semin\u00e1rio de Extens\u00e3o \u2013 SEMEX<\/b><\/span><\/p>\n<p align=\"justify\"><span style=\"color: #444444\"><span style=\"font-family: Calibri, serif\">As inscri\u00e7\u00f5es dever\u00e3o ser efetuadas por meio do preenchimento do <\/span><\/span><span style=\"color: #444444\"><span style=\"font-family: Calibri, serif\">formul\u00e1rio on-line,<!-- Onde est\u00e1 o formul\u00e1rio? Ou melhor, o link do formul\u00e1rio. --><\/span><\/span><span style=\"color: #444444\"><span style=\"font-family: Calibri, serif\"> observando-se os prazos estabelecidos para cada modalidade de inscri\u00e7\u00e3o.<\/span><\/span><\/p>\n<p align=\"justify\"><span style=\"color: #444444\"><span style=\"font-family: Calibri, serif\">No item \u201cPerfil\u201d, escolha uma das op\u00e7\u00f5es segundo o seu v\u00ednculo com a UEPB:<\/span><\/span><\/p>\n<p align=\"justify\"><span style=\"color: #444444\">\u2022 <\/span><span style=\"color: #444444\"><span style=\"font-family: Calibri, serif\">SERVIDOR (docente ou t\u00e9cnico administrativo);<\/span><\/span><\/p>\n<p align=\"justify\"><span style=\"color: #444444\">\u2022 <\/span><span style=\"color: #444444\"><span style=\"font-family: Calibri, serif\">ALUNO (gradua\u00e7\u00e3o ou p\u00f3s).<\/span><\/span><\/p>\n<p align=\"justify\"><span style=\"color: #444444\">\u2022 <\/span><span style=\"color: #444444\"><span style=\"font-family: Calibri, serif\">P\u00daBLICO EXTERNO \u2013 refere-se a toda e qualquer pessoa <\/span><\/span><span style=\"color: #444444\"><span style=\"font-family: Calibri, serif\"><b>sem v\u00ednculo com a UEPB<\/b><\/span><\/span><span style=\"color: #444444\"><span style=\"font-family: Calibri, serif\"> que deseja participar do Evento.<\/span><\/span><\/p>\n<p align=\"justify\"><span style=\"color: #444444\"><span style=\"font-family: Calibri, serif\">Para a finaliza\u00e7\u00e3o da inscri\u00e7\u00e3o, faz-se necess\u00e1rio optar por pelo menos uma atividade (MINICURSOS OU OFICINAS).<\/span><\/span><\/p>\n<p align=\"justify\"><span style=\"color: #444444\"><span style=\"font-family: Calibri, serif\">Caso <\/span><\/span><span style=\"color: #444444\"><span style=\"font-family: Calibri, serif\"><b>N\u00c3O DESEJE <\/b><\/span><\/span><span style=\"color: #444444\"><span style=\"font-family: Calibri, serif\">participar de nenhuma atividade (minicursos ou oficinas)<\/span><\/span><span style=\"color: #444444\"><span style=\"font-family: Calibri, serif\">,<\/span><\/span><span style=\"color: #444444\"><span style=\"font-family: Calibri, serif\"> escolher a op\u00e7\u00e3o MINICURSO: N\u00c3O DESEJO PARTICIPAR DE NENHUMA ATIVIDADE (MINICURSO E\/OU OFICINA) QUERO PARTICIPAR COM<\/span><\/span><span style=\"color: #444444\"><span style=\"font-family: Calibri, serif\">O<\/span><\/span><span style=\"color: #444444\"><span style=\"font-family: Calibri, serif\"> OUVINTE DO <\/span><\/span><span style=\"color: #444444\"><span style=\"font-family: Calibri, serif\"><b>VIII SEMIN\u00c1RIO DE EXTENS\u00c3O \u2013 SEMEX<\/b><\/span><\/span><span style=\"color: #444444\"><span style=\"font-family: Calibri, serif\">.<\/span><\/span><\/p>\n<p align=\"justify\"><span style=\"color: #444444\"><span style=\"font-family: Calibri, serif\"><b>OBS:<\/b><\/span><\/span><span style=\"color: #444444\"><span style=\"font-family: Calibri, serif\"> Depois de escolhidas as atividades (minicursos e\/ou oficinas<\/span><\/span><span style=\"color: #444444\"><span style=\"font-family: Calibri, serif\">)<\/span><\/span><span style=\"color: #444444\"><span style=\"font-family: Calibri, serif\"> e finalizada a inscri\u00e7\u00e3o, n\u00e3o ser\u00e1 poss\u00edvel acrescentar nem trocar de atividade, portanto, al\u00e9m do formato, observe dias e hor\u00e1rios dispon\u00edveis.<\/span><\/span><\/p>\n<p align=\"justify\"><span style=\"color: #444444\"><span style=\"font-family: Calibri, serif\">Na aba \u201cPrograma\u00e7\u00e3o\u201d ser\u00e3o disponibilizados os links de acesso \u00e0s atividades remotas e a localiza\u00e7\u00e3o das atividades presenciais.<\/span><\/span><\/p>\n<p align=\"justify\"><span style=\"color: #800080\"><span style=\"font-family: Calibri, serif\"><b>Minicursos e Oficinas<\/b><\/span><\/span><\/p>\n<p align=\"justify\"><span style=\"color: #444444\"><span style=\"font-family: Calibri, serif\">Os minicursos e oficinas possuem vagas limitadas disponibilizadas no sistema e s\u00f3 poder\u00e3o participar os que optarem pela atividade no momento da inscri\u00e7\u00e3o.<\/span><\/span><\/p>\n<p align=\"justify\"><span style=\"color: #444444\"><span style=\"font-family: Calibri, serif\">S\u00f3 poder\u00e1 participar dos minicursos e oficinas quem realizar inscri\u00e7\u00e3o pr\u00e9via nos mesmos.<\/span><\/span><\/p>\n<p align=\"justify\"><span style=\"color: #800080\"><span style=\"font-family: Calibri, serif\"><b>Submiss\u00e3o de Trabalhos<\/b><\/span><\/span><\/p>\n<p align=\"justify\"><span style=\"color: #444444\"><span style=\"font-family: Calibri, serif\">Para submiss\u00e3o de trabalhos \u00e9 necess\u00e1ria a inscri\u00e7\u00e3o no <\/span><\/span><span style=\"font-family: Calibri, serif\"><b>VIII Semin\u00e1rio de Extens\u00e3o \u2013 SEMEX<\/b><\/span> <span style=\"color: #444444\"><span style=\"font-family: Calibri, serif\">e em seguida acessar a aba \u201cSubmiss\u00e3o de trabalhos\u201d.<\/span><\/span><\/p>\n<p align=\"justify\"><span style=\"color: #800080\"><span style=\"font-family: Calibri, serif\"><b>Credenciamento<\/b><\/span><\/span><\/p>\n<p align=\"justify\"><span style=\"color: #444444\"><span style=\"font-family: Calibri, serif\">O credenciamento s\u00f3 ser\u00e1 efetuado com a apresenta\u00e7\u00e3o de um documento oficial com foto (RG, CNH ou documento oficial expedido por \u00f3rg\u00e3os federais).<\/span><\/span><\/p>\n<p align=\"justify\"><span style=\"color: #444444\"><span style=\"font-family: Calibri, serif\">N\u00e3o ser\u00e1 permitido o credenciamento por terceiros, exceto atrav\u00e9s de procura\u00e7\u00e3o. A entrega do material do evento ser\u00e1 realizada apenas ao participante presente ou ao seu procurador.<\/span><\/span><\/p>\n<p align=\"justify\"><span style=\"color: #444444\"><span style=\"font-family: Calibri, serif\">O credenciamento (entrega do material \u2013 pasta, crach\u00e1, bloco e caneta) ocorrer\u00e1 em todos os <\/span><\/span><span style=\"color: #444444\"><span style=\"font-family: Calibri, serif\">c<\/span><\/span><span style=\"color: #444444\"><span style=\"font-family: Calibri, serif\">\u00e2mpus;<\/span><\/span><\/p>\n<p align=\"justify\"><span style=\"color: #444444\"><span style=\"font-family: Calibri, serif\">Haver\u00e1 lista de presen\u00e7a em todas as atividades, tanto presenciais quanto remotas.<\/span><\/span><\/p>\n<p align=\"justify\"><span style=\"color: #0000ff\"><span style=\"font-family: Calibri, serif\"><b>Fa\u00e7a Sua Inscri\u00e7\u00e3o<\/b><\/span><\/span><\/p>\n<p align=\"justify\"><span style=\"color: #444444\"><span style=\"font-family: Calibri, serif\">Acesse o link:\u00a0 <a href=\"https:\/\/suap.uepb.edu.br\/eventos\/inscricao\/39\/\">https:\/\/suap.uepb.edu.br\/eventos\/inscricao\/39\/<\/a><!-- Esse link \u00e9 o mesmo do formul\u00e1rio acima? --><\/span><\/span><\/p>\n<p>[\/vc_column_text][\/vc_tta_section][vc_tta_section title=&#8221;Submiss\u00e3o de Trabalhos&#8221; tab_id=&#8221;1723056827084-d333db5f-2eaf&#8221;][vc_column_text css=&#8221;&#8221;]<\/p>\n<p class=\"western\" align=\"justify\"><span style=\"font-family: Calibri, sans-serif;color: #0000ff\"><span style=\"font-size: small\"><b>Normas para submiss\u00e3o de trabalhos<\/b><\/span><\/span><\/p>\n<p class=\"western\" align=\"justify\"><span style=\"font-family: Calibri, sans-serif;color: #800080\"><span style=\"font-size: small\"><b>COMUNICA\u00c7\u00c3O ORAL EM RODAS DE CONVERSA<\/b><\/span><\/span><\/p>\n<ul>\n<li>\n<p class=\"western\" align=\"justify\"><span style=\"font-family: Calibri, sans-serif\"><span style=\"font-size: small\">A comunica\u00e7\u00e3o oral em rodas de conversa do <\/span><\/span><span style=\"font-family: Calibri, sans-serif\"><span style=\"font-size: small\"><b>VIII Semin\u00e1rio de Extens\u00e3o \u2013 SEMEX<\/b><\/span><\/span><span style=\"font-family: Calibri, sans-serif\"><span style=\"font-size: small\"> \u00e9 um espa\u00e7o de di\u00e1logo no <\/span><\/span><span style=\"font-family: Calibri, sans-serif\"><span style=\"font-size: small\"><b>formato remoto<\/b><\/span><\/span><span style=\"font-family: Calibri, sans-serif\"><span style=\"font-size: small\">, no qual a comunidade acad\u00eamica discute a extens\u00e3o em sua ess\u00eancia e os alunos extensionistas apresentam suas experi\u00eancias na execu\u00e7\u00e3o das a\u00e7\u00f5es desenvolvidas nos Projetos de Extens\u00e3o da UEPB;<\/span><\/span><\/p>\n<\/li>\n<li>\n<p class=\"western\" align=\"justify\"><span style=\"font-family: Calibri, sans-serif\"><span style=\"font-size: small\">A comunica\u00e7\u00e3o oral em rodas de conversa servir\u00e1 para o compartilhamento\/socializa\u00e7\u00e3o dos resultados alcan\u00e7ados pelos Projetos de Extens\u00e3o desenvolvidos na <\/span><\/span><span style=\"font-family: Calibri, sans-serif\"><span style=\"font-size: small\"><b>Cota PROBEX 2023-2024<\/b><\/span><\/span><span style=\"font-family: Calibri, sans-serif\"><span style=\"font-size: small\">;<\/span><\/span><\/p>\n<\/li>\n<\/ul>\n<ul>\n<li>\n<p class=\"western\" align=\"justify\"><span style=\"font-family: Calibri, sans-serif\"><span style=\"font-size: small\">Todas as apresenta\u00e7\u00f5es ser\u00e3o avaliadas e concorrer\u00e3o ao <\/span><\/span><span style=\"font-family: Calibri, sans-serif\"><span style=\"font-size: small\"><b>IV Pr\u00eamio Paulo Freire de Extens\u00e3o<\/b><\/span><\/span><span style=\"font-family: Calibri, sans-serif\"><span style=\"font-size: small\">;<\/span><\/span><\/p>\n<\/li>\n<\/ul>\n<p class=\"western\" align=\"justify\"><span style=\"font-family: Calibri, sans-serif\"><span style=\"font-size: small\">Participar\u00e3o dessa modalidade, obrigatoriamente, todos os(as) alunos(as) extensionista(s) bolsistas dos projetos desenvolvidos na Cota PROBEX 2023\/2024 (de abril de 2023 a mar\u00e7o 2024) como apresentador(a)\/autor(a) principal. Os demais integrantes dos projetos <\/span><\/span><span style=\"font-family: Calibri, sans-serif\"><span style=\"font-size: small\">poder\u00e3o participar <\/span><\/span><span style=\"font-family: Calibri, sans-serif\"><span style=\"font-size: small\">como coautores;<\/span><\/span><\/p>\n<p class=\"western\" align=\"justify\"><span style=\"font-family: Calibri, sans-serif;color: #800080\"><span style=\"font-size: small\"><b>SUBMISS\u00c3O<\/b><\/span><\/span><\/p>\n<p class=\"western\" align=\"justify\"><span style=\"font-family: Calibri, sans-serif\"><span style=\"font-size: small\">Para submiss\u00e3o, o(a) apresentador(a)\/autor(a) (bolsista da Cota PROBEX 2023\/2024) dever\u00e1 efetuar a inscri\u00e7\u00e3o no VIII SEMEX e disponibilizar para a organiza\u00e7\u00e3o do evento <\/span><\/span><span style=\"font-family: Calibri, sans-serif\"><span style=\"font-size: small\">um texto em formato *.doc ou *.docx contendo um resumo do trabalho que sintetize os procedimentos de execu\u00e7\u00e3o do projeto<\/span><\/span><span style=\"font-family: Calibri, sans-serif\"><span style=\"font-size: small\">:<\/span><\/span><\/p>\n<p class=\"western\" align=\"justify\"><span style=\"font-family: Calibri, sans-serif\"><span style=\"font-size: small\">Em caso de impossibilidade de participa\u00e7\u00e3o do bolsista da Cota PROBEX 2023\/2024 (por motivos de for\u00e7a maior), poder\u00e1 figurar como apresentador(a)\/autor(a) um(a) volunt\u00e1rio(a) que participou ativamente da execu\u00e7\u00e3o do projeto de extens\u00e3o, indicado(a) pelo(a) coordenador(a) do projeto na referida cota;<\/span><\/span><\/p>\n<p class=\"western\" align=\"justify\"><span style=\"font-family: Calibri, sans-serif\"><span style=\"font-size: small\">As submiss\u00f5es ocorrer\u00e3o exclusivamente no per\u00edodo que se estende dos dias <\/span><\/span><span style=\"font-family: Calibri, sans-serif\"><span style=\"font-size: small\"><b>15 DE SETEMBRO A <del>15 DE OUTUBRO DE 2024<\/del>\u00a0 <span style=\"color: #0000ff\">20\u00a0DE OUTUBRO DE 2024<\/span>.<\/b><\/span><\/span><\/p>\n<p class=\"western\" align=\"justify\"><span style=\"font-family: Calibri, sans-serif;color: #800080\"><span style=\"font-size: small\"><b>RESUMO<\/b><\/span><\/span><\/p>\n<ul>\n<li>\n<p class=\"western\" align=\"justify\"><span style=\"font-family: Calibri, sans-serif\"><span style=\"font-size: small\">O resumo ser\u00e1 disponibilizado previamente para a Comiss\u00e3o Cient\u00edfica do VIII SEMEX formada pelos(as) moderadores(as) que tamb\u00e9m avaliar\u00e3o as apresenta\u00e7\u00f5es em roda de conversa que concorrer\u00e3o ao \u201cIV Pr\u00eamio Paulo Freire de Extens\u00e3o\u201d;<\/span><\/span><\/p>\n<\/li>\n<\/ul>\n<ul>\n<li>\n<p class=\"western\" align=\"justify\"><span style=\"font-family: Calibri, sans-serif\"><span style=\"font-size: small\">Os resumos ser\u00e3o publicados nos Anais do evento conforme os dados preenchidos no formul\u00e1rio, de inteira responsabilidade dos autores;<\/span><\/span><\/p>\n<\/li>\n<\/ul>\n<ul>\n<li>\n<p class=\"western\" align=\"justify\"><span style=\"font-family: Calibri, sans-serif\"><span style=\"font-size: small\">Os resumos ser\u00e3o escritos com o <\/span><\/span><span style=\"font-family: Calibri, sans-serif\"><span style=\"font-size: small\"><b>m\u00ednimo de 250 e o m\u00e1ximo de 500 palavras <\/b><\/span><\/span><span style=\"font-family: Calibri, sans-serif\"><span style=\"font-size: small\">em que constar\u00e3o introdu\u00e7\u00e3o, objetivos propostos, metodologia operacional, resultados alcan\u00e7ados e contribui\u00e7\u00f5es do projeto \u00e0 comunidade;<\/span><\/span><\/p>\n<\/li>\n<\/ul>\n<ul>\n<li>\n<p class=\"western\" align=\"justify\"><span style=\"font-family: Calibri, sans-serif\"><span style=\"font-size: small\">T\u00edtulo com no m\u00e1ximo <\/span><\/span><span style=\"font-family: Calibri, sans-serif\"><span style=\"font-size: small\"><b>45 palavras<\/b><\/span><\/span><span style=\"font-family: Calibri, sans-serif\"><span style=\"font-size: small\">;<\/span><\/span><\/p>\n<\/li>\n<\/ul>\n<ul>\n<li>\n<p class=\"western\" align=\"justify\"><span style=\"font-family: Calibri, sans-serif\"><span style=\"font-size: small\">Nome dos autores e institui\u00e7\u00e3o a que est\u00e3o vinculados: bolsista como autor(a), volunt\u00e1rios(as), colaboradores(as) e coordenador(a), como coautores(as), nesta ordem.<\/span><\/span><\/p>\n<\/li>\n<\/ul>\n<ul>\n<li>\n<p class=\"western\" align=\"justify\"><span style=\"font-family: Calibri, sans-serif\"><span style=\"font-size: small\">\u00c1rea: comunica\u00e7\u00e3o; cultura; direitos humanos e justi\u00e7a; educa\u00e7\u00e3o; meio ambiente; sa\u00fade; tecnologia e produ\u00e7\u00e3o; e trabalho;<\/span><\/span><\/p>\n<\/li>\n<\/ul>\n<ul>\n<li>\n<p class=\"western\" align=\"justify\"><span style=\"font-family: Calibri, sans-serif\"><span style=\"font-size: small\">Os resumos dever\u00e3o vir acompanhados de tr\u00eas palavras-chave, separadas entre si por ponto e v\u00edrgula;<\/span><\/span><\/p>\n<\/li>\n<\/ul>\n<p class=\"western\" align=\"justify\">\u2022 <span style=\"font-family: Calibri, sans-serif\"><span style=\"font-size: small\">N\u00e3o ser\u00e1 permitido inserir imagens, gr\u00e1ficos, tabelas ou refer\u00eancias no corpo do texto do resumo.<\/span><\/span><\/p>\n<p align=\"justify\"><a href=\"https:\/\/eventos.uepb.edu.br\/congressouniversitario\/download\/template-viii-seminario-de-extensao\/\">Template \u2013 VIII Semin\u00e1rio de Extens\u00e3o <\/a><\/p>\n<p class=\"western\" align=\"justify\"><span style=\"font-family: Calibri, sans-serif;color: #0000ff\"><span style=\"font-size: small\"><b>LINK PARA SUBMISS\u00c3O DE TRABALHO:<span style=\"color: #444444\"><span style=\"font-family: Calibri, serif\">\u00a0\u00a0<a href=\"https:\/\/suap.uepb.edu.br\/eventos\/inscricao\/39\/\">https:\/\/suap.uepb.edu.br\/eventos\/inscricao\/39\/<\/a><\/span><\/span><\/b><\/span><\/span><\/p>\n<p>[\/vc_column_text][\/vc_tta_section][vc_tta_section title=&#8221;Apresenta\u00e7\u00e3o de Trabalhos e Premia\u00e7\u00e3o&#8221; tab_id=&#8221;1723056843092-3b78113b-6dca&#8221;][vc_column_text css=&#8221;&#8221;]<strong>Apresenta\u00e7\u00e3o de Trabalhos e Premia\u00e7\u00e3o<\/strong><\/p>\n<ul>\n<li>As apresenta\u00e7\u00f5es dos trabalhos nas rodas de conversa ocorrer\u00e3o ao longo do dia 06 de novembro de 2024 (quarta-feira), de forma oral, atrav\u00e9s de di\u00e1logo estabelecido entre os(as) autores(as), os(as) moderadores(as) e demais participantes da roda, sendo facultado o uso de slides;<\/li>\n<li>As apresenta\u00e7\u00f5es ocorrer\u00e3o no formato remoto, em salas virtuais criadas para este fim, cujos links ser\u00e3o previamente disponibilizados no site do <strong>VIII Semin\u00e1rio de Extens\u00e3o -SEMEX<\/strong>;<\/li>\n<li>As apresenta\u00e7\u00f5es ser\u00e3o feitas pelo(a) respectivo(a) bolsista, ou na aus\u00eancia justificada deste(a), por um volunt\u00e1rio(a) que participou ativamente da execu\u00e7\u00e3o do projeto de extens\u00e3o na cota 2023-2024, indicado(a) pelo(a) coordenador(a) do projeto;<\/li>\n<li>Cada autor(a) ter\u00e1 de 07 a 10 minutos para apresentar seu trabalho e, ao final de todas as apresenta\u00e7\u00f5es por bloco, os(as) moderadores(as)\/avaliadores(as) ter\u00e3o 20 minutos para suscitar e mediar o debate.<\/li>\n<\/ul>\n<p><strong>IV PR\u00caMIO PAULO FREIRE DE EXTENS\u00c3O \u2013 REGULAMENTO<\/strong><\/p>\n<p>Paulo Freire \u00e9 Patrono da Educa\u00e7\u00e3o Brasileira, considerado o terceiro autor mais lido e citado em trabalhos acad\u00eamicos em todo o mundo. Teve sua vida dedicada \u00e0 reflex\u00e3o, \u00e0 pesquisa e \u00e0 a\u00e7\u00e3o no sentido do desenvolvimento de uma pedagogia cr\u00edtica e libertadora em que tanto os(as) educandos(as) quanto os(as) educadores(as) s\u00e3o protagonistas do ensino-aprendizagem. Ao mesmo tempo em que foi um grande cr\u00edtico do termo \u201cextens\u00e3o\u201d, dada a, tantas vezes por ele apontada, carga valorativa que a palavra carrega em torno do significado da transfer\u00eancia unidirecional do conhecimento produzido nas universidades e institui\u00e7\u00f5es de pesquisa, \u00e9 uma das maiores refer\u00eancias te\u00f3rico-metodol\u00f3gica e filos\u00f3fica para a formula\u00e7\u00e3o de pol\u00edticas educacionais no campo da Extens\u00e3o Universit\u00e1ria, em que tem destaque o conceito de intera\u00e7\u00e3o dial\u00f3gica.<\/p>\n<p>Nesta edi\u00e7\u00e3o do VIII Semin\u00e1rio de Extens\u00e3o da UEPB, o IV Pr\u00eamio Paulo Freire de Extens\u00e3o ser\u00e1 concedido \u00e0s tr\u00eas melhores apresenta\u00e7\u00f5es de trabalhos decorrentes dos resultados das a\u00e7\u00f5es desenvolvidas nos projetos de extens\u00e3o que anualmente integram a programa\u00e7\u00e3o do Semin\u00e1rio de Extens\u00e3o da UEPB e consistir\u00e1 em outorga de certificado de premia\u00e7\u00e3o ao(\u00e0) aluno(a) apresentador(a) e aos demais extensionistas respons\u00e1veis pela execu\u00e7\u00e3o do projeto. Os trabalhos premiados ser\u00e3o publicados pela Editora da Universidade Estadual da Para\u00edba \u2013 EDUEPB, considerando cada uma das seguintes \u00e1reas de extens\u00e3o:<\/p>\n<ul>\n<li>Comunica\u00e7\u00e3o;<\/li>\n<li>Cultura;<\/li>\n<li>Direitos Humanos e Cidadania;<\/li>\n<li>Educa\u00e7\u00e3o;<\/li>\n<li>Meio Ambiente;<\/li>\n<li>Sa\u00fade;<\/li>\n<li>Tecnologia e Produ\u00e7\u00e3o;<\/li>\n<li><\/li>\n<\/ul>\n<p><strong>Os(as) extensionistas premiados(as) ter\u00e3o um prazo de dois meses para elaborar os artigos cient\u00edficos referentes aos trabalhos apresentados que ser\u00e3o publicados em formato E-book, no ano de 2025.<\/strong><\/p>\n<p>Eventualmente, a depender da disponibilidade de n\u00fameros de obras publicadas pela EDUEPB, os(as) premiados(as) receber\u00e3o, como cortesia integrante da premia\u00e7\u00e3o, exemplares de livros pertencentes \u00e0s respectivas \u00e1reas ou \u00e0s \u00e1reas afins as dos trabalhos apresentados.<\/p>\n<p>As outorgas ser\u00e3o concedidas ap\u00f3s avalia\u00e7\u00e3o por comiss\u00f5es compostas por dois ou tr\u00eas membros docentes e t\u00e9cnicos(as)-administrativos(as), indicados pela PROEX, com not\u00f3rio reconhecimento de sua experi\u00eancia na execu\u00e7\u00e3o de programas e projetos de extens\u00e3o para cada uma das \u00e1reas listadas acima.<\/p>\n<p>As apresenta\u00e7\u00f5es constituem-se de Comunica\u00e7\u00f5es Orais em Rodas de Conversa.<\/p>\n<p>As Comunica\u00e7\u00f5es Orais em Rodas de Conversa e os debates servir\u00e3o para o compartilhamento\/socializa\u00e7\u00e3o dos resultados alcan\u00e7ados pelos Projetos de Extens\u00e3o desenvolvidos e cadastrados na PROEX na COTA 2023-2024.<\/p>\n<p>Todas as apresenta\u00e7\u00f5es ser\u00e3o avaliadas e concorrer\u00e3o ao IV Pr\u00eamio Paulo Freire de Extens\u00e3o.<\/p>\n<p>Participar\u00e3o desta modalidade todos os(as) alunos(as) extensionista(s) bolsistas dos projetos desenvolvidos na Cota 2023\/2024 (de abril de 2023 a mar\u00e7o de 2024) como apresentador(a)\/autor(a) principal.<\/p>\n<p>Os demais integrantes dos projetos poder\u00e3o figurar nos textos dos trabalhos premiados na condi\u00e7\u00e3o de coautores.<\/p>\n<p>As apresenta\u00e7\u00f5es ser\u00e3o escrutinadas a partir da aprecia\u00e7\u00e3o das apresenta\u00e7\u00f5es, aferi\u00e7\u00e3o dos crit\u00e9rios abaixo e atribui\u00e7\u00e3o de notas.<\/p>\n<p>As notas finais ser\u00e3o compostas pela m\u00e9dia aritm\u00e9tica das duas ou tr\u00eas notas finais atribu\u00eddas \u00e0s apresenta\u00e7\u00f5es pelos(as) avaliadores(as).<\/p>\n<p>Em caso de empate, ser\u00e1 considerada vencedora a apresenta\u00e7\u00e3o que obtiver maior nota nos itens indexados pelos crit\u00e9rios de desempate, obedecendo a ordem estabelecida no quadro abaixo.<\/p>\n<table width=\"593\">\n<tbody>\n<tr>\n<td colspan=\"2\" width=\"593\"><strong>CRIT\u00c9RIOS PARA AVALIA\u00c7\u00c3O<\/strong><\/td>\n<\/tr>\n<tr>\n<td colspan=\"2\" width=\"593\">\u25cb<br \/>\nDimens\u00e3o formal (peso 3,0)<\/td>\n<\/tr>\n<tr>\n<td width=\"52\"><strong>01<\/strong><\/td>\n<td width=\"540\">Criatividade e originalidade <strong>(1,0)<\/strong><\/td>\n<\/tr>\n<tr>\n<td width=\"52\"><strong>02<\/strong><\/td>\n<td width=\"540\">Coes\u00e3o, coer\u00eancia, clareza e concis\u00e3o <strong>(1,0)<\/strong><\/td>\n<\/tr>\n<tr>\n<td width=\"52\"><strong>03<\/strong><\/td>\n<td width=\"540\">Cont\u00e9m introdu\u00e7\u00e3o, objetivo, metodologia e resultados alcan\u00e7ados <strong>(1,0)<\/strong><\/td>\n<\/tr>\n<tr>\n<td colspan=\"2\" width=\"593\">\u25cb<br \/>\n<strong>Dimens\u00e3o extensionista (peso 7,0)<\/strong><\/td>\n<\/tr>\n<tr>\n<td width=\"52\"><strong>04<\/strong><\/td>\n<td width=\"540\">Intera\u00e7\u00e3o dial\u00f3gica \u2013 trocas de conhecimento e transforma\u00e7\u00e3o da pr\u00f3pria institui\u00e7\u00e3o a partir das experi\u00eancias externas <strong>(1,0) *<\/strong><\/td>\n<\/tr>\n<tr>\n<td width=\"52\"><strong>05<\/strong><\/td>\n<td width=\"540\">Protagonismo dos alunos e das comunidades \u2013 forma\u00e7\u00e3o cidad\u00e3 do indiv\u00edduo cr\u00edtico e respons\u00e1vel <strong>(1,0)<\/strong><\/td>\n<\/tr>\n<tr>\n<td width=\"52\"><strong>06<\/strong><\/td>\n<td width=\"540\">P\u00fablico-alvo externo \u2013 envolvimento obrigat\u00f3rio de comunidades externas <strong>(1,0) ***<\/strong><\/td>\n<\/tr>\n<tr>\n<td width=\"52\"><strong>07<\/strong><\/td>\n<td width=\"540\">Interprofissionalidade, interdisciplinaridade e interculturalidade <strong>(1,0)<\/strong><\/td>\n<\/tr>\n<tr>\n<td width=\"52\"><strong>08<\/strong><\/td>\n<td width=\"540\">Integra\u00e7\u00e3o indissoci\u00e1vel entre ensino, pesquisa e extens\u00e3o \u2013 preocupa\u00e7\u00e3o com a dimens\u00e3o \u00e9tica e social da ci\u00eancia <strong>(1,0)<\/strong><\/td>\n<\/tr>\n<tr>\n<td width=\"52\"><strong>09<\/strong><\/td>\n<td width=\"540\">Compromisso com a transforma\u00e7\u00e3o e a justi\u00e7a social e ambiental \u2013 desenvolvimento social, cultural, econ\u00f4mico, sustent\u00e1vel e equitativo <strong>(1,0) **<\/strong><\/td>\n<\/tr>\n<tr>\n<td width=\"52\"><strong>10<\/strong><\/td>\n<td width=\"540\">Respeito \u00e0 diversidade cultural e aos direitos humanos <strong>(1,0)<\/strong><\/td>\n<\/tr>\n<\/tbody>\n<\/table>\n<p>* \u2013 1\u00ba Crit\u00e9rio de desempate<\/p>\n<p>** \u2013 2\u00ba Crit\u00e9rio de desempate<\/p>\n<p>*** \u2013 3\u00ba Crit\u00e9rio de desempate<\/p>\n<p>&nbsp;<\/p>\n<p><a href=\"https:\/\/eventos.uepb.edu.br\/congressouniversitario\/download\/resultado-do-iv-premio-paulo-freire-de-extensao\/\">Resultado do IV Pr\u00eamio Paulo Freire de Extens\u00e3o<\/a><\/p>\n<p>&nbsp;<\/p>\n<p align=\"justify\"><span style=\"font-family: Times New Roman, serif\"><span style=\"font-size: medium\"><span style=\"color: #000000\"><span style=\"font-family: Arial, serif\"><b>NORMAS PARA O E-BOOK \u2013 DI\u00c1LOGOS \u2013 IV PR\u00caMIO PAULO FREIRE DE EXTENS\u00c3O\u00a0<\/b><\/span><\/span><\/span><\/span><\/p>\n<p align=\"justify\"><span style=\"font-family: Times New Roman, serif\"><span style=\"font-size: medium\"><span style=\"color: #000000\"><span style=\"font-family: Arial, serif\">Os artigos dever\u00e3o ser enviados para o e-mail da Pr\u00f3-Reitoria de Extens\u00e3o (<\/span><\/span><span style=\"color: #0000ff\"><span style=\"font-family: Arial, serif\"><u>proex@setor.uepb.edu.br<\/u><\/span><\/span><span style=\"color: #000000\"><span style=\"font-family: Arial, serif\">) at\u00e9 <\/span><\/span><span style=\"color: #000000\"><span style=\"font-family: Arial, serif\"><b>15 (quinze) de fevereiro de 2025<\/b><\/span><\/span><span style=\"color: #000000\"><span style=\"font-family: Arial, serif\">, contendo:\u00a0<\/span><\/span><\/span><\/span><\/p>\n<p align=\"justify\"><span style=\"font-family: Times New Roman, serif\"><span style=\"font-size: medium\"><span style=\"color: #000000\"><span style=\"font-family: Arial, serif\"><b>T\u00edtulo: <\/b><\/span><\/span><span style=\"color: #000000\"><span style=\"font-family: Arial, serif\">centralizado, com letras mai\u00fasculas e em negrito.<\/span><\/span><\/span><\/span><\/p>\n<p align=\"justify\"><span style=\"color: #000000\">\u00a0<\/span><\/p>\n<p align=\"justify\"><span style=\"font-family: Times New Roman, serif\"><span style=\"font-size: medium\"><span style=\"color: #000000\"><span style=\"font-family: Arial, serif\"><b>Autores: <\/b><\/span><\/span><span style=\"color: #000000\"><span style=\"font-family: Arial, serif\">Apenas os(as) discentes que apresentaram o trabalho\u00a0 nas comunica\u00e7\u00f5es orais em rodas de conversa, durante a realiza\u00e7\u00e3o do VIII SEMEX e o(a) coordenador(a) do projetos e participaram efetivamente da reda\u00e7\u00e3o deste texto. Os nomes dos autores devem ser colocados na margem direita da folha. Em nota de rodap\u00e9, a ser inserida no final do sobrenome dos autores, identificar o curso dos(as) alunos(as) e o\u00a0 Departamento ou setor de lota\u00e7\u00e3o do(a) coordenador(a).\u00a0<\/span><\/span><\/span><\/span><\/p>\n<p align=\"justify\"><span style=\"font-family: Times New Roman, serif\"><span style=\"font-size: medium\"><span style=\"color: #000000\"><span style=\"font-family: Arial, serif\"><b>Resumo: <\/b><\/span><\/span><span style=\"color: #000000\"><span style=\"font-family: Arial, serif\">com 1.000 a 1.200 caracteres com espa\u00e7o, em par\u00e1grafo \u00fanico, justificado, em espa\u00e7amento simples, contendo a abordagem principal do texto de forma clara e concisa, com objetivo, metodologia e principais resultados.\u00a0<\/span><\/span><\/span><\/span><\/p>\n<p align=\"justify\"><span style=\"font-family: Times New Roman, serif\"><span style=\"font-size: medium\"><span style=\"color: #000000\"><span style=\"font-family: Arial, serif\"><b>Palavras-chave<\/b><\/span><\/span><span style=\"color: #000000\"><span style=\"font-family: Arial, serif\">: de 3 (tr\u00eas) a 5 (cinco), que representem o tema do artigo e separadas por ponto e v\u00edrgula.<\/span><\/span><\/span><\/span><\/p>\n<p align=\"justify\"><span style=\"color: #000000\">\u00a0<\/span><\/p>\n<p align=\"justify\"><span style=\"font-family: Times New Roman, serif\"><span style=\"font-size: medium\"><span style=\"color: #000000\"><span style=\"font-family: Arial, serif\"><b>Corpo do texto: <\/b><\/span><\/span><span style=\"color: #000000\"><span style=\"font-family: Arial, serif\">sugere-se que o texto seja elaborado com os seguintes t\u00edtulos de sess\u00f5es: introdu\u00e7\u00e3o, objetivos propostos,\u00a0metodologia, estrat\u00e9gias de a\u00e7\u00e3o, material e m\u00e9todos, discuss\u00e3o \/identifica\u00e7\u00e3o das a\u00e7\u00f5es\u00a0desenvolvidas, resultados e contribui\u00e7\u00f5es do projeto \u00e0 comunidade, conclus\u00f5es e refer\u00eancias (bibliogr\u00e1ficas).<\/span><\/span><\/span><\/span><\/p>\n<p align=\"justify\"><span style=\"color: #000000\">\u00a0<\/span><\/p>\n<p align=\"justify\"><span style=\"font-family: Times New Roman, serif\"><span style=\"font-size: medium\"><span style=\"font-family: Arial, serif\"><b>T\u00edtulos de sess\u00f5es<\/b><\/span><span style=\"font-family: Arial, serif\">: recuados \u00e0 esquerda, em negrito, como todas letras mai\u00fasculas.<\/span><\/span><\/span><\/p>\n<p align=\"justify\"><span style=\"font-family: Times New Roman, serif\"><span style=\"font-size: medium\"><span style=\"font-family: Arial, serif\"><b>Subt\u00edtulos de sess\u00f5es:<\/b><\/span><span style=\"font-family: Arial, serif\"> recuados \u00e0 esquerda, em negrito, com a primeira letra mai\u00fascula e as restantes min\u00fasculas.<\/span><\/span><\/span><\/p>\n<p align=\"justify\"><span style=\"font-family: Times New Roman, serif\"><span style=\"font-size: medium\"><span style=\"font-family: Arial, serif\"><b>Figuras, quadros e tabelas:<\/b><\/span><span style=\"font-family: Arial, serif\"> centralizados(as) com t\u00edtulos e fontes tamb\u00e9m centralizadas. As palavras \u201c<\/span><span style=\"font-family: Arial, serif\"><b>Figura 1 &#8211;<\/b><\/span><span style=\"font-family: Arial, serif\">\u201d, \u201c<\/span><span style=\"font-family: Arial, serif\"><b>Quadro 2 &#8211;<\/b><\/span><span style=\"font-family: Arial, serif\">\u201d e \u201c<\/span><span style=\"font-family: Arial, serif\"><b>Tabela 3 &#8211;<\/b><\/span><span style=\"font-family: Arial, serif\"> \u201d, em negrito com primeira letra mai\u00fascula e as restantes min\u00fasculas, seguidas de h\u00edfen. A palavra \u201c<\/span><span style=\"font-family: Arial, serif\"><b>Fonte:<\/b><\/span><span style=\"font-family: Arial, serif\">\u201d, em negrito com primeira letra mai\u00fascula e as restantes min\u00fasculas, seguidas de dois pontos.<\/span><\/span><\/span><\/p>\n<p align=\"justify\"><span style=\"font-family: Times New Roman, serif\"><span style=\"font-size: medium\"><span style=\"color: #000000\"><span style=\"font-family: Arial, serif\"><b>Formata\u00e7\u00e3o: <\/b><\/span><\/span><span style=\"color: #000000\"><span style=\"font-family: Arial, serif\">o artigo completo dever\u00e1 ter entre 12 e 25 p\u00e1ginas (formato doc ou docx), ser digitado com fonte Arial, corpo 12, espa\u00e7amento 1,5, alinhamento justificado. Papel\u00a0no formato A4, as margens esquerda e superior devem ter 3,0 cm, enquanto as demais, 2,0 cm. Par\u00e1grafo com recuo de 1,25 cm na primeira linha.\u00a0<\/span><\/span><\/span><\/span><\/p>\n<p align=\"justify\"><span style=\"font-family: Times New Roman, serif\"><span style=\"font-size: medium\"><span style=\"color: #000000\"><span style=\"font-family: Arial, serif\"><b>Revis\u00e3o: <\/b><\/span><\/span><span style=\"color: #000000\"><span style=\"font-family: Arial, serif\">As revis\u00f5es ortogr\u00e1fica e gramatical s\u00e3o de responsabilidade dos autores.<\/span><\/span><\/span><\/span><\/p>\n<p><a href=\"https:\/\/eventos.uepb.edu.br\/congressouniversitario\/download\/normas-e-esquema-de-formatacao-do-e-book-iv-premio-paulo-freire\/\">Normas e esquema de formata\u00e7\u00e3o do E-book \u2013 IV Pr\u00eamio Paulo Freire<\/a><\/p>\n<p>[\/vc_column_text][\/vc_tta_section][vc_tta_section title=&#8221;Aloca\u00e7\u00e3o de Trabalhos&#8221; tab_id=&#8221;1723056861459-0e2ad0e5-c9e3&#8243;][vc_column_text css=&#8221;&#8221;]Caros e caras participantes, verifiquem na listagem abaixo os links, datas e hor\u00e1rios de suas apresenta\u00e7\u00f5es nas Comunica\u00e7\u00f5es Orais em Rodas de Conversa.<\/p>\n<p>Aten\u00e7\u00e3o! Orientamos a todos e todas que entrem nas salas, preferencialmente, logados(as) com os respectivos e-mails institucionais para que n\u00e3o seja necess\u00e1ria a solicita\u00e7\u00e3o de acesso.<\/p>\n<p>Confira os Link das salas de Comunica\u00e7\u00f5es Orais em Rodas de Conversa <a href=\"https:\/\/eventos.uepb.edu.br\/congressouniversitario\/download\/link-das-salas-de-comunicacoes-orais-em-rodas-de-conversa\/\">Aqui<\/a>[\/vc_column_text][\/vc_tta_section][vc_tta_section title=&#8221;Certificado e ANAIS&#8221; tab_id=&#8221;1723056893961-23202c5a-7142&#8243;][vc_column_text css=&#8221;&#8221;]<\/p>\n<p align=\"justify\"><span style=\"color: #0000ff\"><span style=\"font-family: Calibri, serif\"><b>Certificados e ANAIS<\/b><\/span><\/span><\/p>\n<ul>\n<li>\n<p align=\"justify\"><span style=\"color: #444444\"><span style=\"font-family: Calibri, serif\">Informamos aos participantes do <\/span><\/span><span style=\"font-family: Calibri, serif\"><b>VIII Semin\u00e1rio de Extens\u00e3o -SEMEX<\/b><\/span><span style=\"color: #444444\"><span style=\"font-family: Calibri, serif\"> que os certificados ser\u00e3o enviados para o e-mail dos inscritos que estiveram presentes no evento<\/span><\/span><span style=\"color: #444444\"><span style=\"font-family: Calibri, serif\">. Fa<\/span><\/span><span style=\"color: #444444\"><span style=\"font-family: Calibri, serif\">vor buscar, na caixa de entrada ou no SPAM, pelo assunto: [SUAP] Certificado de Participa\u00e7\u00e3o;<\/span><\/span><\/p>\n<\/li>\n<li>\n<p align=\"justify\"><span style=\"color: #444444\"><span style=\"font-family: Calibri, serif\">O<\/span><\/span><span style=\"color: #444444\"><span style=\"font-family: Calibri, serif\">s<\/span><\/span><span style=\"color: #444444\"><span style=\"font-family: Calibri, serif\"> certificado<\/span><\/span><span style=\"color: #444444\"><span style=\"font-family: Calibri, serif\">s<\/span><\/span><span style=\"color: #444444\"><span style=\"font-family: Calibri, serif\"> de Participa\u00e7\u00e3o no <\/span><\/span><span style=\"color: #444444\"><span style=\"font-family: Calibri, serif\"><b>V<\/b><\/span><\/span><span style=\"font-family: Calibri, serif\"><b>III Semin\u00e1rio de Extens\u00e3o -SEMEX ser\u00e3o<\/b><\/span><b> <\/b><span style=\"color: #444444\"><span style=\"font-family: Calibri, serif\">emitidos com <\/span><\/span><span style=\"color: #444444\"><span style=\"font-family: Calibri, serif\">carga hor\u00e1ria de<\/span><\/span> <span style=\"font-family: Calibri, serif\">30 <\/span><span style=\"color: #444444\"><span style=\"font-family: Calibri, serif\">horas para todos os participantes inscritos e que assinaram as listas de presen\u00e7a;<\/span><\/span><\/p>\n<\/li>\n<li>\n<p align=\"justify\"><span style=\"color: #444444\"><span style=\"font-family: Calibri, serif\">Os certificados de participa\u00e7\u00e3o em <\/span><\/span><span style=\"font-family: Calibri, serif\">Minicurso e Oficina ser\u00e3o <\/span><span style=\"color: #444444\"><span style=\"font-family: Calibri, serif\">emitidos com a <\/span><\/span><span style=\"color: #444444\"><span style=\"font-family: Calibri, serif\">respectiva<\/span><\/span><span style=\"color: #444444\"><span style=\"font-family: Calibri, serif\"> carga hor\u00e1ria <\/span><\/span><span style=\"color: #444444\"><span style=\"font-family: Calibri, serif\">d<\/span><\/span><span style=\"color: #444444\"><span style=\"font-family: Calibri, serif\">a atividade desenvolvida, desde que tenha sido constatada a inscri\u00e7\u00e3o e <\/span><\/span><span style=\"color: #444444\"><span style=\"font-family: Calibri, serif\">aferida a participa\u00e7\u00e3o<\/span><\/span><span style=\"color: #444444\"><span style=\"font-family: Calibri, serif\">, mediante assinatura das listas<\/span><\/span><span style=\"color: #444444\"><span style=\"font-family: Calibri, serif\"> de presen\u00e7a<\/span><\/span><span style=\"color: #444444\"><span style=\"font-family: Calibri, serif\"> (f\u00edsicas ou virtuais);<\/span><\/span><\/p>\n<\/li>\n<li>\n<p align=\"justify\"><span style=\"color: #444444\"><span style=\"font-family: Calibri, serif\">Os certificados de <\/span><\/span><span style=\"font-family: Calibri, serif\">apresenta\u00e7\u00e3o de trabalhos, Comiss\u00e3o Cient\u00edfica e Avaliadora, Palestrante, Debatedor(a) e Moderador(a) de mesa-redonda, Ministrante de atividade ser\u00e3o enviados para o e-mail informado no ato da inscri\u00e7\u00e3o;<\/span><\/p>\n<\/li>\n<li>\n<p align=\"justify\"><span style=\"color: #444444\"><span style=\"font-family: Calibri, serif\">Os ANAIS a medida que forem publicados ser\u00e3o divulgados.<\/span><\/span><\/p>\n<\/li>\n<\/ul>\n<p>&nbsp;<\/p>\n<p>Prezados(as) apresentadores, encontre a seguir os certificados referentes \u00e0s suas apresenta\u00e7\u00f5es nas <b>Comunica\u00e7\u00f5es Orais em Rodas de Conversa<\/b> que ocorreram no \u00e2mbito do <b>VIII Semin\u00e1rio de Extens\u00e3o<\/b>:<\/p>\n<p><a href=\"https:\/\/eventos.uepb.edu.br\/congressouniversitario\/download\/certificados-apresentacao-de-trabalhos-em-rodas-de-conversa\/\">Certificados \u2013 Apresenta\u00e7\u00e3o de Trabalhos em Rodas de Conversa<\/a><\/p>\n<p>Prezados(as) premiados(as), encontre a seguir os certificados referentes aos trabalhos que foram agraciados com as premia\u00e7\u00f5es conferidas no \u00e2mbito do <b>IV Pr\u00eamio Paulo Freire de Extens\u00e3o<\/b>:<\/p>\n<p><a href=\"https:\/\/eventos.uepb.edu.br\/congressouniversitario\/download\/certificados-premio-paulo-freire\/\">Certificados Pr\u00eamio Paulo Freire<\/a>[\/vc_column_text][\/vc_tta_section][\/vc_tta_tour][\/vc_column][\/vc_row]<\/p>\n<\/div>","protected":false},"excerpt":{"rendered":"<p>[vc_row][vc_column][vc_tta_tour][vc_tta_section title=&#8221;Apresenta\u00e7\u00e3o&#8221; tab_id=&#8221;1723051350484-74ca6583-f13f&#8221;][vc_column_text css=&#8221;&#8221;] &nbsp; &nbsp; &nbsp; &nbsp; &nbsp; &nbsp; &nbsp; O VIII SEMIN\u00c1RIO DE EXTENS\u00c3O \u2013 SEMEX tem o prop\u00f3sito de promover, discutir e difundir a Extens\u00e3o Universit\u00e1ria, al\u00e9m de estimular o di\u00e1logo interinstitucional e a troca de experi\u00eancias com as comunidades externas, fortalecendo ainda mais a pr\u00e1tica extensionista. \u00c9 um evento que acontece <a class=\"leiamais\" href=\"https:\/\/eventos.uepb.edu.br\/congressouniversitario\/viii-seminario-de-extensao-semex\/\">Leia Mais&#8230;<\/a><\/p>\n","protected":false},"author":4,"featured_media":0,"parent":0,"menu_order":0,"comment_status":"closed","ping_status":"closed","template":"","meta":{"footnotes":""},"class_list":["post-1253","page","type-page","status-publish","hentry"],"_links":{"self":[{"href":"https:\/\/eventos.uepb.edu.br\/congressouniversitario\/wp-json\/wp\/v2\/pages\/1253","targetHints":{"allow":["GET"]}}],"collection":[{"href":"https:\/\/eventos.uepb.edu.br\/congressouniversitario\/wp-json\/wp\/v2\/pages"}],"about":[{"href":"https:\/\/eventos.uepb.edu.br\/congressouniversitario\/wp-json\/wp\/v2\/types\/page"}],"author":[{"embeddable":true,"href":"https:\/\/eventos.uepb.edu.br\/congressouniversitario\/wp-json\/wp\/v2\/users\/4"}],"replies":[{"embeddable":true,"href":"https:\/\/eventos.uepb.edu.br\/congressouniversitario\/wp-json\/wp\/v2\/comments?post=1253"}],"version-history":[{"count":20,"href":"https:\/\/eventos.uepb.edu.br\/congressouniversitario\/wp-json\/wp\/v2\/pages\/1253\/revisions"}],"predecessor-version":[{"id":2216,"href":"https:\/\/eventos.uepb.edu.br\/congressouniversitario\/wp-json\/wp\/v2\/pages\/1253\/revisions\/2216"}],"wp:attachment":[{"href":"https:\/\/eventos.uepb.edu.br\/congressouniversitario\/wp-json\/wp\/v2\/media?parent=1253"}],"curies":[{"name":"wp","href":"https:\/\/api.w.org\/{rel}","templated":true}]}}