{"id":1249,"date":"2024-08-23T10:24:02","date_gmt":"2024-08-23T13:24:02","guid":{"rendered":"https:\/\/eventos.uepb.edu.br\/congressouniversitario\/?page_id=1249"},"modified":"2024-10-15T14:47:14","modified_gmt":"2024-10-15T17:47:14","slug":"ii-encontro-do-pet-uepb","status":"publish","type":"page","link":"https:\/\/eventos.uepb.edu.br\/congressouniversitario\/ii-encontro-do-pet-uepb\/","title":{"rendered":"II Encontro do PET UEPB"},"content":{"rendered":"<div class=\"wpb-content-wrapper\"><p>[vc_row][vc_column][vc_tta_tour][vc_tta_section title=&#8221;Apresenta\u00e7\u00e3o&#8221; tab_id=&#8221;1723051350484-74ca6583-f13f&#8221;][vc_column_text css=&#8221;&#8221;]<img loading=\"lazy\" decoding=\"async\" class=\"alignleft size-medium wp-image-1500 img-responsive\" src=\"https:\/\/eventos.uepb.edu.br\/congressouniversitario\/wp-content\/uploads\/sites\/7\/2024\/09\/Encontros-Prograd-03-Bruno-Henrique-Oliveira-Timbo-300x156.png\" alt=\"\" width=\"300\" height=\"156\" srcset=\"https:\/\/eventos.uepb.edu.br\/congressouniversitario\/wp-content\/uploads\/sites\/7\/2024\/09\/Encontros-Prograd-03-Bruno-Henrique-Oliveira-Timbo-300x156.png 300w, https:\/\/eventos.uepb.edu.br\/congressouniversitario\/wp-content\/uploads\/sites\/7\/2024\/09\/Encontros-Prograd-03-Bruno-Henrique-Oliveira-Timbo-1536x801.png 1536w, https:\/\/eventos.uepb.edu.br\/congressouniversitario\/wp-content\/uploads\/sites\/7\/2024\/09\/Encontros-Prograd-03-Bruno-Henrique-Oliveira-Timbo-1120x584.png 1120w, https:\/\/eventos.uepb.edu.br\/congressouniversitario\/wp-content\/uploads\/sites\/7\/2024\/09\/Encontros-Prograd-03-Bruno-Henrique-Oliveira-Timbo.png 1772w\" sizes=\"auto, (max-width: 300px) 100vw, 300px\" \/><\/p>\n<p>&nbsp;<\/p>\n<p>&nbsp;<\/p>\n<p>&nbsp;<\/p>\n<p>&nbsp;<\/p>\n<p>&nbsp;<\/p>\n<p>&nbsp;<\/p>\n<p>&nbsp;<\/p>\n<p>O <strong>II ENCONTRO DO PET DA UEPB<\/strong> servir\u00e1 para promover a socializa\u00e7\u00e3o das experi\u00eancias de ensino, pesquisa e extens\u00e3o obtidas pelos discentes e tutoras durante a execu\u00e7\u00e3o do PROGRAMA DE EDUCA\u00c7\u00c3O TUTORIAL \u2013 PET.<\/p>\n<p><strong>Formato:<\/strong> H\u00edbrido<\/p>\n<p><strong>P\u00fablico-alvo:<\/strong> Comunidade Acad\u00eamica<\/p>\n<p><strong>Local:<\/strong><\/p>\n<p><strong>Apresenta\u00e7\u00e3o de Trabalhos:<\/strong> Sala Virtual https:\/\/meet.google.com\/fpp-rcqn-zib (Dia 07\/11 de 19h \u00e0s 22h)<br \/>\n<strong>Stand:<\/strong> Hall da Central Acad\u00eamica Paulo Freire (Dia 07\/11 de 08h \u00e0s 12h e 14h \u00e0s 17h)[\/vc_column_text][\/vc_tta_section][vc_tta_section title=&#8221;Comiss\u00e3o Organizadora&#8221; tab_id=&#8221;1723051372044-4de7e0c8-ac23&#8243;][vc_column_text css=&#8221;&#8221;]<span style=\"color: #ff6600\"><strong>Coordenador:<\/strong><\/span><br \/>\nBruno Henrique Oliveira Timbo, C\u00e2mpus I, Prograd.<\/p>\n<p><span style=\"color: #ff6600\"><strong>Organizadores:<\/strong><\/span><br \/>\nMaria do Socorro Ramos de Queiroz, C\u00e2mpus I, CCBS<br \/>\nSandra Maria Ara\u00fajo de Souza, C\u00e2mpus I, CCSA<br \/>\nBruno Henrique Oliveira Timbo, C\u00e2mpus I, Prograd[\/vc_column_text][\/vc_tta_section][vc_tta_section title=&#8221;Comiss\u00e3o Cient\u00edfica e Avaliadora&#8221; tab_id=&#8221;1723051393227-dd34a073-4930&#8243;][vc_column_text css=&#8221;&#8221;]Em constru\u00e7\u00e3o.[\/vc_column_text][\/vc_tta_section][vc_tta_section title=&#8221;Programa\u00e7\u00e3o&#8221; tab_id=&#8221;1723051406819-7e54b22e-71d5&#8243;][vc_column_text css=&#8221;&#8221;]Em constru\u00e7\u00e3o.[\/vc_column_text][\/vc_tta_section][vc_tta_section title=&#8221;Inscri\u00e7\u00f5es e Credenciamento&#8221; tab_id=&#8221;1723056810590-d369a7e8-5186&#8243;][vc_column_text css=&#8221;&#8221;]<\/p>\n<p class=\"western\" align=\"justify\"><span style=\"color: #2a6099\"><span style=\"font-family: Arial, serif\"><span style=\"font-size: small\">Normas para Inscri\u00e7\u00e3o e Credenciamento<\/span><\/span><\/span><\/p>\n<p class=\"western\" align=\"justify\"><span style=\"font-family: Arial, serif\"><span style=\"font-size: small\">Prazo para inscri\u00e7\u00e3o \u2013 at\u00e9 <\/span><\/span><span style=\"font-family: Arial, serif\"><span style=\"font-size: small\"><b><del>15 DE OUTUBRO DE 2024<\/del>\u00a0 <span style=\"color: #0000ff\">20\u00a0DE OUTUBRO DE 2024<\/span><\/b><\/span><\/span><\/p>\n<p class=\"western\" align=\"justify\"><span style=\"font-family: Arial, serif\"><span style=\"font-size: small\"><b>ATEN\u00c7\u00c3O:<\/b><\/span><\/span><span style=\"font-family: Arial, serif\"><span style=\"font-size: small\"> n\u00e3o haver\u00e1 inscri\u00e7\u00f5es ap\u00f3s essa data e o credenciamento s\u00f3 ser\u00e1 realizado para os inscritos.<\/span><\/span><\/p>\n<p class=\"western\" align=\"justify\"><span style=\"font-family: Arial, serif\"><span style=\"font-size: small\">Siga as normas, inscreva-se e participe conosco!<\/span><\/span><\/p>\n<p class=\"western\" align=\"justify\"><span style=\"color: #2a6099\"><span style=\"font-family: Arial, serif\"><span style=\"font-size: small\">Regras gerais sobre as inscri\u00e7\u00f5es<\/span><\/span><\/span><\/p>\n<p class=\"western\" align=\"justify\"><span style=\"font-family: Arial, serif\"><span style=\"font-size: small\">Todos(as) os(as) participantes dever\u00e3o realizar inscri\u00e7\u00f5es no <strong>II Encontro do PET UEPB<\/strong>.<\/span><\/span><\/p>\n<p class=\"western\" align=\"justify\"><span style=\"font-family: Arial, serif\"><span style=\"font-size: small\">As inscri\u00e7\u00f5es dever\u00e3o ser efetuadas por meio do preenchimento do formul\u00e1rio on-line, observando-se os prazos estabelecidos para cada modalidade de inscri\u00e7\u00e3o.<\/span><\/span><\/p>\n<p class=\"western\" align=\"justify\"><span style=\"font-family: Arial, serif\"><span style=\"font-size: small\">No menu, escolha a op\u00e7\u00e3o \u201cRealizar inscri\u00e7\u00e3o no evento\u201d e preencha as informa\u00e7\u00f5es solicitadas.<\/span><\/span><\/p>\n<p class=\"western\" align=\"justify\"><span style=\"font-family: Arial, serif\"><span style=\"font-size: small\">No item \u201cPerfil\u201d, escolha uma das op\u00e7\u00f5es segundo o seu v\u00ednculo com a UEPB:<\/span><\/span><\/p>\n<p class=\"western\" align=\"justify\">\u2022 <span style=\"font-family: Arial, serif\"><span style=\"font-size: small\">SERVIDOR (docente ou t\u00e9cnico administrativo);<\/span><\/span><\/p>\n<p class=\"western\" align=\"justify\">\u2022 <span style=\"font-family: Arial, serif\"><span style=\"font-size: small\">ALUNO (gradua\u00e7\u00e3o ou p\u00f3s).<\/span><\/span><\/p>\n<p class=\"western\" align=\"justify\">\u2022 <span style=\"font-family: Arial, serif\"><span style=\"font-size: small\">P\u00daBLICO EXTERNO \u2013 refere-se a toda e qualquer pessoa <\/span><\/span><span style=\"font-family: Arial, serif\"><span style=\"font-size: small\"><b>sem v\u00ednculo com a UEPB<\/b><\/span><\/span><span style=\"font-family: Arial, serif\"><span style=\"font-size: small\"> que deseja participar do Evento.<\/span><\/span><\/p>\n<p class=\"western\" align=\"justify\"><span style=\"font-family: Arial, serif\"><span style=\"font-size: small\">Para a finaliza\u00e7\u00e3o da inscri\u00e7\u00e3o, faz-se necess\u00e1rio <\/span><\/span><span style=\"font-family: Arial, serif\"><span style=\"font-size: small\">escolher a op\u00e7\u00e3o MINICURSO: N\u00c3O DESEJO PARTICIPAR DE NENHUMA ATIVIDADE (MINICURSO E\/OU OFICINA) QUERO PARTICIPAR COM OUVINTE DO <strong>II Encontro do PET UEPB<\/strong>.<\/span><\/span><\/p>\n<p class=\"western\" align=\"justify\"><span style=\"font-family: Arial, serif\"><span style=\"font-size: small\"><b>OBS:<\/b><\/span><\/span><span style=\"font-family: Arial, serif\"><span style=\"font-size: small\"> Depois de escolhidas as atividades (minicursos e\/ou oficinas), e finalizada a inscri\u00e7\u00e3o, n\u00e3o ser\u00e1 poss\u00edvel acrescentar nem trocar de atividade, portanto, al\u00e9m do formato, observe dias e hor\u00e1rios dispon\u00edveis.<\/span><\/span><\/p>\n<p class=\"western\" align=\"justify\"><span style=\"font-family: Arial, serif\"><span style=\"font-size: small\">Na aba \u201cPrograma\u00e7\u00e3o\u201d ser\u00e3o disponibilizados os links de acesso \u00e0s atividades remotas e a localiza\u00e7\u00e3o das atividades presenciais.<\/span><\/span><\/p>\n<p class=\"western\" align=\"justify\"><span style=\"font-family: Arial, serif\"><span style=\"font-size: small\"><b>Submiss\u00e3o de Trabalhos<\/b><\/span><\/span><\/p>\n<p class=\"western\" align=\"justify\"><span style=\"font-family: Arial, serif\"><span style=\"font-size: small\">Para submiss\u00e3o de trabalhos \u00e9 necess\u00e1ria a inscri\u00e7\u00e3o no <strong>II Encontro do PET UEPB<\/strong><\/span><\/span><span style=\"color: #ff0000\"><span style=\"font-family: Arial, serif\"><span style=\"font-size: small\">\u00a0<\/span><\/span><\/span><span style=\"font-family: Arial, serif\"><span style=\"font-size: small\">e em seguida acessar a aba \u201cSubmiss\u00e3o de trabalhos\u201d.<\/span><\/span><\/p>\n<p class=\"western\" align=\"justify\"><span style=\"font-family: Arial, serif\"><span style=\"font-size: small\"><b>Credenciamento<\/b><\/span><\/span><\/p>\n<p class=\"western\" align=\"justify\"><span style=\"font-family: Arial, serif\"><span style=\"font-size: small\">O credenciamento s\u00f3 ser\u00e1 efetuado com a apresenta\u00e7\u00e3o de um documento oficial com foto (RG, CNH ou documento oficial expedido por \u00f3rg\u00e3os federais).<\/span><\/span><\/p>\n<p class=\"western\" align=\"justify\"><span style=\"font-family: Arial, serif\"><span style=\"font-size: small\">N\u00e3o ser\u00e1 permitido o credenciamento por terceiros, exceto atrav\u00e9s de procura\u00e7\u00e3o. A entrega do material do evento ser\u00e1 realizada apenas ao participante presente ou ao seu procurador.<\/span><\/span><\/p>\n<p class=\"western\" align=\"justify\"><span style=\"font-family: Arial, serif\"><span style=\"font-size: small\">O credenciamento (entrega do material \u2013 pasta, crach\u00e1, bloco e caneta) ocorrer\u00e1 no local do evento;<\/span><\/span><\/p>\n<p class=\"western\" align=\"justify\"><span style=\"font-family: Arial, serif\"><span style=\"font-size: small\">Haver\u00e1 lista de presen\u00e7a em todas as atividades.<\/span><\/span><\/p>\n<p class=\"western\" align=\"justify\"><span style=\"font-family: Arial, serif\"><span style=\"font-size: small\"><b>Fa\u00e7a Sua Inscri\u00e7\u00e3o<\/b><\/span><\/span><\/p>\n<p class=\"western\" align=\"justify\"><span style=\"font-family: Arial, serif\"><span style=\"font-size: small\">Acesse o link: <a href=\"https:\/\/suap.uepb.edu.br\/eventos\/inscricao\/73\/\">https:\/\/suap.uepb.edu.br\/eventos\/inscricao\/73\/<\/a><\/span><\/span><\/p>\n<p>[\/vc_column_text][\/vc_tta_section][vc_tta_section title=&#8221;Submiss\u00e3o de Trabalhos&#8221; tab_id=&#8221;1723056827084-d333db5f-2eaf&#8221;][vc_column_text css=&#8221;&#8221;]<\/p>\n<p align=\"justify\"><span style=\"color: #444444\"><span style=\"font-size: medium\">O <\/span><\/span><span style=\"color: #444444\"><span style=\"font-size: medium\"><b>I ENCONTRO DO PET DA UEPB<\/b><\/span><\/span><span style=\"color: #444444\"><span style=\"font-size: medium\"> em comunica\u00e7\u00e3o oral servir\u00e1 para o promover a socializa\u00e7\u00e3o das experi\u00eancias obtidas durante no PROGRAMA DE EDUCA\u00c7\u00c3O TUTORIAL \u2013 PET;<\/span><\/span><\/p>\n<ul>\n<li>\n<p align=\"left\"><span style=\"font-size: medium\">Todas as apresenta\u00e7\u00f5es ser\u00e3o avaliadas e concorrer\u00e3o ao Pr\u00eamio Destaque em Educa\u00e7\u00e3o Tutorial da UEPB 2024.<\/span><\/p>\n<\/li>\n<li>\n<p align=\"left\"><span style=\"font-size: medium\">Participar\u00e3o dessa modalidade, os(as) discentes do Programa de Educa\u00e7\u00e3o Tutorial \u2013 PET como apresentador(a) \/autor(a) principal. Os demais integrantes dos projetos participar\u00e3o como coautores.<\/span><\/p>\n<\/li>\n<\/ul>\n<p align=\"left\"><span style=\"color: #ff6600\"><span style=\"font-size: medium\"><b>SUBMISS\u00c3O <\/b><\/span><\/span><\/p>\n<ul>\n<li>\n<p align=\"justify\"><span style=\"font-size: medium\">Para submiss\u00e3o, o(a) apresentador(a)\/autor(a) dever\u00e1 efetuar a inscri\u00e7\u00e3o no Congresso e disponibilizar para a organiza\u00e7\u00e3o do evento um texto:<\/span><\/p>\n<\/li>\n<\/ul>\n<ul>\n<li>\n<p align=\"justify\"><span style=\"font-size: medium\">a) resumo contendo 1000 a 1500 caracteres com espa\u00e7os em formato PDF e anexado ao formul\u00e1rio digital \u2013 (os dados para os ANAIS ser\u00e3o publicados conforme o que for <\/span><span style=\"font-size: medium\">fornecido no arquivo enviado<\/span><span style=\"font-size: medium\">).<\/span><\/p>\n<\/li>\n<li>\n<p align=\"justify\"><span style=\"font-size: medium\">b) O texto do resumo dever\u00e1 apresentar t\u00edtulo (centralizado), autor(es) (alinhado \u00e0 esquerda), identifica\u00e7\u00e3o dos autores (alinhado \u00e0 esquerda), Palavras-chave (m\u00e1ximo de tr\u00eas).<\/span><\/p>\n<\/li>\n<li>\n<p align=\"justify\"><span style=\"font-size: medium\">c) Tamanho do papel: A4 (210 x 297 mm), com orienta\u00e7\u00e3o retrato, margens superior, inferior, esquerda e direita de 20 mm. Fonte: Time New Roman, tamanho 12, margens justificadas e espa\u00e7o simples entre linhas.<\/span><\/p>\n<\/li>\n<\/ul>\n<ul>\n<li>\n<p align=\"justify\"><span style=\"font-size: medium\">As submiss\u00f5es ocorrer\u00e3o exclusivamente por meio d<\/span><span style=\"font-size: medium\">o SUAP<\/span><span style=\"font-size: medium\"> no per\u00edodo que se estende dos dias 15 de setembro a <del>15 de outubro de 2024<\/del>\u00a0 <span style=\"color: #0000ff\"><strong>20<\/strong><strong>\u00a0de outubro de 2024<\/strong><\/span>.<\/span><\/p>\n<\/li>\n<\/ul>\n<p align=\"left\"><span style=\"color: #ff6600\"><span style=\"font-size: medium\"><b>RESUMO EXPANDIDO<\/b><\/span><\/span><\/p>\n<ul>\n<li>\n<p align=\"justify\"><span style=\"font-size: medium\">O resumo expandido ser\u00e1 disponibilizado previamente para a Comiss\u00e3o Cient\u00edfica formada pelos(as) Professores de Componentes Curriculares da UEPB que tamb\u00e9m avaliar\u00e3o as apresenta\u00e7\u00f5es em comunica\u00e7\u00e3o oral que concorrer\u00e3o ao \u201cPr\u00eamio (Destaque em Educa\u00e7\u00e3o Tutorial da UEPB 2024)\u201d;<\/span><\/p>\n<\/li>\n<li>\n<p align=\"justify\"><span style=\"font-size: medium\">Os resumos ser\u00e3o publicados nos Anais do evento conforme os dados <\/span><span style=\"font-size: medium\">fornecidos no arquivo submetido<\/span><span style=\"font-size: medium\">, de inteira responsabilidade dos autores;<\/span><\/p>\n<\/li>\n<li>\n<p align=\"justify\"><span style=\"font-size: medium\">Os resumos ser\u00e3o escritos com o m\u00ednimo de 1000 e o m\u00e1ximo de 1.500 caracteres com espa\u00e7o em que constar\u00e3o introdu\u00e7\u00e3o, objetivos propostos e discuss\u00e3o das a\u00e7\u00f5es desenvolvidas, metodologia, estrat\u00e9gias de a\u00e7\u00e3o, material e m\u00e9todos, identifica\u00e7\u00e3o das a\u00e7\u00f5es desenvolvidas, resultados e contribui\u00e7\u00f5es;<\/span><\/p>\n<\/li>\n<li>\n<p align=\"justify\"><span style=\"font-size: medium\">T\u00edtulo com no m\u00e1ximo 250 caracteres;<\/span><\/p>\n<\/li>\n<li>\n<p align=\"justify\"><span style=\"font-size: medium\">Nome dos autores e institui\u00e7\u00e3o a que est\u00e3o vinculados: aluno que submeteu o trabalho como autor(a), colaboradores(as) e professor(a) tutor(a) do Programa de Educa\u00e7\u00e3o Tutorial \u2013 PET, como coautores(as), nesta ordem.<\/span><\/p>\n<\/li>\n<li>\n<p align=\"justify\"><span style=\"font-size: medium\">\u00c1rea: dever\u00e1 ser indicada dentre uma das listadas a seguir<\/span><\/p>\n<ul>\n<li style=\"list-style-type: none\">\n<ul>\n<li>\n<p align=\"justify\"><span style=\"font-size: medium\">Ci\u00eancias da Sa\u00fade<\/span><\/p>\n<\/li>\n<li>\n<p align=\"justify\"><span style=\"font-size: medium\">Ci\u00eancias Humanas<\/span><\/p>\n<\/li>\n<li>\n<p align=\"justify\"><span style=\"font-size: medium\">Ci\u00eancias Sociais Aplicadas<\/span><\/p>\n<\/li>\n<\/ul>\n<\/li>\n<\/ul>\n<\/li>\n<\/ul>\n<ul>\n<li>\n<p align=\"justify\"><span style=\"font-size: medium\">Os resumos dever\u00e3o vir acompanhados de tr\u00eas palavras-chave, separadas entre si por ponto e v\u00edrgula;<\/span><\/p>\n<\/li>\n<li>\n<p align=\"justify\"><span style=\"font-size: medium\">N\u00e3o ser\u00e1 permitido inserir imagens, gr\u00e1ficos, tabelas ou refer\u00eancias no corpo do texto do resumo.<\/span><\/p>\n<\/li>\n<\/ul>\n<p><span style=\"color: #0000ff\">LINK PARA INSCRI\u00c7\u00c3O E SUBMISS\u00c3O DE TRABALHO:<\/span> <a href=\"https:\/\/suap.uepb.edu.br\/eventos\/inscricao\/73\/\">https:\/\/suap.uepb.edu.br\/eventos\/inscricao\/73\/<\/a>[\/vc_column_text][\/vc_tta_section][vc_tta_section title=&#8221;Apresenta\u00e7\u00e3o e Avalia\u00e7\u00e3o de Trabalhos&#8221; tab_id=&#8221;1723056843092-3b78113b-6dca&#8221;][vc_column_text css=&#8221;&#8221;]<\/p>\n<p style=\"text-align: left\" align=\"center\"><span style=\"font-size: medium;color: #ff6600\"><b>CRIT\u00c9RIOS PARA AVALIA\u00c7\u00c3O DOS RESUMOS<\/b><\/span><\/p>\n<p align=\"justify\"><span style=\"font-size: medium\"><b>Relev\u00e2ncia do tema:<\/b><\/span><\/p>\n<ul>\n<li>\n<p align=\"justify\"><span style=\"font-size: medium\">Import\u00e2ncia do assunto e as contribui\u00e7\u00f5es do trabalho para a \u00e1rea de conhecimento.<\/span><\/p>\n<\/li>\n<\/ul>\n<p align=\"justify\"><span style=\"font-size: medium\"><b>Qualidade t\u00e9cnico-cient\u00edfica: <\/b><\/span><\/p>\n<ul>\n<li>\n<p align=\"justify\"><span style=\"font-size: medium\">conceitos corretos, profundidade da abordagem te\u00f3rica, rigor cient\u00edfico e cita\u00e7\u00e3o de refer\u00eancias bibliogr\u00e1ficas fundamentais para o tema.<\/span><\/p>\n<\/li>\n<\/ul>\n<p align=\"justify\"><span style=\"font-size: medium\"><b>Apresenta\u00e7\u00e3o:<\/b><\/span><\/p>\n<ul>\n<li>\n<p align=\"justify\"><span style=\"font-size: medium\">clareza e objetividade do texto, corre\u00e7\u00e3o gramatical e ortogr\u00e1fica e adequa\u00e7\u00e3o \u00e0s normas de formata\u00e7\u00e3o. <\/span><\/p>\n<\/li>\n<li>\n<p align=\"justify\"><span style=\"font-size: medium\">Articula\u00e7\u00e3o da exposi\u00e7\u00e3o Oral;<\/span><\/p>\n<\/li>\n<\/ul>\n<p align=\"justify\"><span style=\"font-size: medium\"><b>Estrutura: <\/b><\/span><\/p>\n<ul>\n<li>\n<p align=\"justify\"><span style=\"font-size: medium\">qualidade da estrutura l\u00f3gica do trabalho, ou seja, a organiza\u00e7\u00e3o dos t\u00f3picos que o comp\u00f5em.<\/span><\/p>\n<\/li>\n<\/ul>\n<p>[\/vc_column_text][\/vc_tta_section][vc_tta_section title=&#8221;Aloca\u00e7\u00e3o de Trabalhos&#8221; tab_id=&#8221;1723056861459-0e2ad0e5-c9e3&#8243;][vc_column_text css=&#8221;&#8221;]As informa\u00e7\u00f5es referentes ao local e hor\u00e1rio de apresenta\u00e7\u00e3o de trabalhos ser\u00e3o disponibilizadas ap\u00f3s o encerramento das inscri\u00e7\u00f5es.[\/vc_column_text][\/vc_tta_section][vc_tta_section title=&#8221;Premia\u00e7\u00e3o&#8221; tab_id=&#8221;1723056880150-d9a0f853-f4df&#8221;][vc_column_text css=&#8221;&#8221;]Em constru\u00e7\u00e3o.[\/vc_column_text][\/vc_tta_section][vc_tta_section title=&#8221;Certificado e ANAIS&#8221; tab_id=&#8221;1723056893961-23202c5a-7142&#8243;][vc_column_text css=&#8221;&#8221;]<\/p>\n<ul>\n<li>\n<p class=\"western\" align=\"justify\"><span style=\"font-family: Arial, serif\"><span style=\"font-size: small\">Informamos aos participantes do <strong>II Encontro do PET UEPB<\/strong><\/span><\/span><span style=\"font-family: Arial, serif\"><span style=\"font-size: small\">\u00a0que\u00a0os certificados ser\u00e3o enviados para o e-mail dos inscritos que estiveram presentes no evento, favor buscar, na caixa de entrada ou no SPAM, pelo assunto: [SUAP] Certificado de Participa\u00e7\u00e3o;<\/span><\/span><\/p>\n<\/li>\n<li>\n<p class=\"western\" align=\"justify\"><span style=\"font-family: Arial, serif\"><span style=\"font-size: small\">O certificado de Participa\u00e7\u00e3o no <strong>II Encontro do PET UEPB<\/strong><\/span><\/span><span style=\"font-family: Arial, serif\"><span style=\"font-size: small\"> ser\u00e1 emitido com <strong>20<\/strong><\/span><\/span><span style=\"font-family: Arial, serif\"><span style=\"font-size: small\"><strong>\u00a0horas<\/strong> para todos os participantes inscritos e que assinaram as listas de presen\u00e7a;<\/span><\/span><\/p>\n<\/li>\n<li>\n<p class=\"western\" align=\"justify\"><span style=\"font-family: Arial, serif\"><span style=\"font-size: small\">Os certificados de <\/span><\/span><span style=\"font-family: Arial, serif\"><span style=\"font-size: small\">apresenta\u00e7\u00e3o de trabalhos, Comiss\u00e3o Cient\u00edfica e Avaliadora, e Ministrante de atividade <\/span><\/span><span style=\"font-family: Arial, serif\"><span style=\"font-size: small\">ser\u00e3o\/foram enviados para o e-mail informado no ato da inscri\u00e7\u00e3o; <\/span><\/span><\/p>\n<\/li>\n<li>\n<p class=\"western\" align=\"justify\"><span style=\"font-family: Arial, serif\"><span style=\"font-size: small\">Os\u00a0ANAIS\u00a0a medida que forem publicados ser\u00e3o divulgados.<\/span><\/span><\/p>\n<\/li>\n<\/ul>\n<p>[\/vc_column_text][\/vc_tta_section][\/vc_tta_tour][\/vc_column][\/vc_row]<\/p>\n<\/div>","protected":false},"excerpt":{"rendered":"<p>[vc_row][vc_column][vc_tta_tour][vc_tta_section title=&#8221;Apresenta\u00e7\u00e3o&#8221; tab_id=&#8221;1723051350484-74ca6583-f13f&#8221;][vc_column_text css=&#8221;&#8221;] &nbsp; &nbsp; &nbsp; &nbsp; &nbsp; &nbsp; &nbsp; O II ENCONTRO DO PET DA UEPB servir\u00e1 para promover a socializa\u00e7\u00e3o das experi\u00eancias de ensino, pesquisa e extens\u00e3o obtidas pelos discentes e tutoras durante a execu\u00e7\u00e3o do PROGRAMA DE EDUCA\u00c7\u00c3O TUTORIAL \u2013 PET. Formato: H\u00edbrido P\u00fablico-alvo: Comunidade Acad\u00eamica Local: Apresenta\u00e7\u00e3o de Trabalhos: Sala <a class=\"leiamais\" href=\"https:\/\/eventos.uepb.edu.br\/congressouniversitario\/ii-encontro-do-pet-uepb\/\">Leia Mais&#8230;<\/a><\/p>\n","protected":false},"author":4,"featured_media":0,"parent":0,"menu_order":0,"comment_status":"closed","ping_status":"closed","template":"","meta":{"footnotes":""},"class_list":["post-1249","page","type-page","status-publish","hentry"],"_links":{"self":[{"href":"https:\/\/eventos.uepb.edu.br\/congressouniversitario\/wp-json\/wp\/v2\/pages\/1249","targetHints":{"allow":["GET"]}}],"collection":[{"href":"https:\/\/eventos.uepb.edu.br\/congressouniversitario\/wp-json\/wp\/v2\/pages"}],"about":[{"href":"https:\/\/eventos.uepb.edu.br\/congressouniversitario\/wp-json\/wp\/v2\/types\/page"}],"author":[{"embeddable":true,"href":"https:\/\/eventos.uepb.edu.br\/congressouniversitario\/wp-json\/wp\/v2\/users\/4"}],"replies":[{"embeddable":true,"href":"https:\/\/eventos.uepb.edu.br\/congressouniversitario\/wp-json\/wp\/v2\/comments?post=1249"}],"version-history":[{"count":16,"href":"https:\/\/eventos.uepb.edu.br\/congressouniversitario\/wp-json\/wp\/v2\/pages\/1249\/revisions"}],"predecessor-version":[{"id":2085,"href":"https:\/\/eventos.uepb.edu.br\/congressouniversitario\/wp-json\/wp\/v2\/pages\/1249\/revisions\/2085"}],"wp:attachment":[{"href":"https:\/\/eventos.uepb.edu.br\/congressouniversitario\/wp-json\/wp\/v2\/media?parent=1249"}],"curies":[{"name":"wp","href":"https:\/\/api.w.org\/{rel}","templated":true}]}}